{"id":22074,"date":"2026-06-23T17:31:22","date_gmt":"2026-06-23T23:31:22","guid":{"rendered":"https:\/\/pontiusrealty.com\/maisons-et-appartements-a-vendre-a-san-vicente\/"},"modified":"2026-09-02T18:20:36","modified_gmt":"2026-09-03T00:20:36","slug":"san-vicente","status":"publish","type":"page","link":"https:\/\/pontiusrealty.com\/fr\/san-vicente\/","title":{"rendered":"Maisons et appartements \u00e0 vendre \u00e0 San Vicente"},"content":{"rendered":"\t\t<div data-elementor-type=\"wp-page\" data-elementor-id=\"22074\" class=\"elementor elementor-22074 elementor-19552\" data-elementor-post-type=\"page\">\n\t\t\t\t<div class=\"elementor-element elementor-element-ec7ae23 e-flex e-con-boxed e-con e-parent\" data-id=\"ec7ae23\" data-element_type=\"container\" data-e-type=\"container\" data-settings=\"{&quot;background_background&quot;:&quot;classic&quot;}\">\n\t\t\t\t\t<div class=\"e-con-inner\">\n\t\t<div class=\"elementor-element elementor-element-85f319b e-con-full e-flex e-con e-child\" data-id=\"85f319b\" data-element_type=\"container\" data-e-type=\"container\" data-settings=\"{&quot;background_background&quot;:&quot;classic&quot;}\">\n\t\t\t\t<div class=\"elementor-element elementor-element-923878f elementor-widget elementor-widget-houzez_elementor_section_title\" data-id=\"923878f\" data-element_type=\"widget\" data-e-type=\"widget\" data-widget_type=\"houzez_elementor_section_title.default\">\n\t\t\t\t<div class=\"elementor-widget-container\">\n\t\t\t\t\t            <div class=\"houzez_section_title_wrap section-title-module\">\n                                    <h2 class=\"houzez_section_title\">San Vicente<\/h2>\n                \n                            <\/div>\n            \t\t\t\t<\/div>\n\t\t\t\t<\/div>\n\t\t\t\t<\/div>\n\t\t<div class=\"elementor-element elementor-element-5719a2f e-flex e-con-boxed e-con e-child\" data-id=\"5719a2f\" data-element_type=\"container\" data-e-type=\"container\">\n\t\t\t\t\t<div class=\"e-con-inner\">\n\t\t\t\t<div class=\"elementor-element elementor-element-9332d05 elementor-widget__width-inherit elementor-widget elementor-widget-text-editor\" data-id=\"9332d05\" data-element_type=\"widget\" data-e-type=\"widget\" data-widget_type=\"text-editor.default\">\n\t\t\t\t\t\t\t\t\t<p data-start=\"183\" data-end=\"508\">San Vicente est une communaut\u00e9 situ\u00e9e au c\u0153ur de la baie de Banderas, avec un acc\u00e8s rapide \u00e0 Nuevo Vallarta, Bucer\u00edas et Puerto Vallarta. Son emplacement pratique, ainsi que la pr\u00e9sence de nombreuses \u00e9coles, supermarch\u00e9s, restaurants et services, en font une excellente option pour ceux qui recherchent un quotidien confortable et fonctionnel. <\/p><p data-start=\"510\" data-end=\"726\">Avec son ambiance familiale et sa communaut\u00e9 bien \u00e9tablie, San Vicente offre une alternative int\u00e9ressante pour vivre \u00e0 proximit\u00e9 des principales zones de la r\u00e9gion tout en profitant d\u2019un style de vie plus calme et authentique.<\/p>\t\t\t\t\t\t\t\t<\/div>\n\t\t\t\t\t<\/div>\n\t\t\t\t<\/div>\n\t\t\t\t\t<\/div>\n\t\t\t\t<\/div>\n\t\t<div class=\"elementor-element elementor-element-cad1603 e-flex e-con-boxed e-con e-parent\" data-id=\"cad1603\" data-element_type=\"container\" data-e-type=\"container\" data-settings=\"{&quot;background_background&quot;:&quot;classic&quot;}\">\n\t\t\t\t\t<div class=\"e-con-inner\">\n\t\t\t\t<div class=\"elementor-element elementor-element-5686936 elementor-widget elementor-widget-fmc-widget-fmcsearchresults\" data-id=\"5686936\" data-element_type=\"widget\" data-e-type=\"widget\" data-widget_type=\"fmc-widget-fmcsearchresults.default\">\n\t\t\t\t<div class=\"elementor-widget-container\">\n\t\t\t\t\t<div class=\"flexmls_connect__search_results_v2 flexmls-v2-widget flexmls-body-font\">\n\t\n\t\n\t\t<div class=\"flexmls-map-wrapper\" style=\"display:none;\">\n\t<script type=\"text\/javascript\">window.fmcMapConfigs=window.fmcMapConfigs||[];window.fmcMapConfigs.push({id:\"idx-map-1\",locations:[{\"latitude\":\"20.74329\",\"longitude\":\"-105.282709\",\"listprice\":\"$378,000\",\"rawprice\":\"378000\",\"address1\":\"226 Providencia A 38, Primavera Residencial\",\"address2\":\"Riviera Nayarit, NA\",\"link\":\"https:\\\/\\\/pontiusrealty.com\\\/fr\\\/\\\/idx\\\/226-Providencia-A-38-Primavera-Residencial-Riviera-Nayarit-NA-mls_42831?pg=1&#038;OrderBy=-ListPrice&#038;p=n&#038;n=y&#038;m=20101117190901935008000000&#038;search_referral_url=https%3A%2F%2Fpontiusrealty.com%2Ffr%2Fwp-json%2Fwp%2Fv2%2Fpages%2F22074%2F\",\"image\":\"https:\\\/\\\/cdn.photos.sparkplatform.com\\\/pvr\\\/20260327185135285715000000.jpg\",\"imagealt\":\"AG_rf16_1\",\"bedrooms\":\"3\",\"bathrooms\":\"3\"},{\"latitude\":\"20.752238\",\"longitude\":\"-105.283441\",\"listprice\":\"$167,000\",\"rawprice\":\"167000\",\"address1\":\"26 Isla Menorca, Altavela\",\"address2\":\"Riviera Nayarit, NA\",\"link\":\"https:\\\/\\\/pontiusrealty.com\\\/fr\\\/\\\/idx\\\/26-Isla-Menorca-Altavela-Riviera-Nayarit-NA-mls_44529?pg=1&#038;OrderBy=-ListPrice&#038;p=y&#038;n=y&#038;m=20101117190901935008000000&#038;search_referral_url=https%3A%2F%2Fpontiusrealty.com%2Ffr%2Fwp-json%2Fwp%2Fv2%2Fpages%2F22074%2F\",\"image\":\"https:\\\/\\\/cdn.photos.sparkplatform.com\\\/pvr\\\/20260804221146845438000000.jpg\",\"imagealt\":\"Altavela Coto Menorca\",\"bedrooms\":\"3\",\"bathrooms\":\"3\"},{\"latitude\":\"20.753514\",\"longitude\":\"-105.28398\",\"listprice\":\"$165,000\",\"rawprice\":\"165000\",\"address1\":\"7 Isla Isquia Calle 7, Altavela 2- Isla Isquia 7\",\"address2\":\"Riviera Nayarit, NA\",\"link\":\"https:\\\/\\\/pontiusrealty.com\\\/fr\\\/\\\/idx\\\/7-Isla-Isquia-Calle-7-Altavela-2-Isla-Isquia-7-Riviera-Nayarit-NA-mls_44207?pg=1&#038;OrderBy=-ListPrice&#038;p=y&#038;n=y&#038;m=20101117190901935008000000&#038;search_referral_url=https%3A%2F%2Fpontiusrealty.com%2Ffr%2Fwp-json%2Fwp%2Fv2%2Fpages%2F22074%2F\",\"image\":\"https:\\\/\\\/cdn.photos.sparkplatform.com\\\/pvr\\\/20260629214612015992000000.jpg\",\"imagealt\":\"DSC05361\",\"bedrooms\":\"3\",\"bathrooms\":\"3\"},{\"latitude\":\"20.746973\",\"longitude\":\"-105.256734\",\"listprice\":\"$165,000\",\"rawprice\":\"165000\",\"address1\":\"150-02 Carr. Mezcales - San Vicente, VILLA 2 NATURA\",\"address2\":\"Riviera Nayarit, NA\",\"link\":\"https:\\\/\\\/pontiusrealty.com\\\/fr\\\/\\\/idx\\\/150-02-Carr-Mezcales-San-Vicente-VILLA-2-NATURA-Riviera-Nayarit-NA-mls_42335?pg=1&#038;OrderBy=-ListPrice&#038;p=y&#038;n=y&#038;m=20101117190901935008000000&#038;search_referral_url=https%3A%2F%2Fpontiusrealty.com%2Ffr%2Fwp-json%2Fwp%2Fv2%2Fpages%2F22074%2F\",\"image\":\"https:\\\/\\\/cdn.photos.sparkplatform.com\\\/pvr\\\/20260217060159066957000000.jpg\",\"imagealt\":\"1 (3)\",\"bedrooms\":\"3\",\"bathrooms\":\"3\"},{\"latitude\":\"20.74943\",\"longitude\":\"-105.283983\",\"listprice\":\"$156,162\",\"rawprice\":\"156162\",\"address1\":\"60-6 Isla Malta, Malta 6\",\"address2\":\"Riviera Nayarit, NA\",\"link\":\"https:\\\/\\\/pontiusrealty.com\\\/fr\\\/\\\/idx\\\/60-6-Isla-Malta-Malta-6-Riviera-Nayarit-NA-mls_41864?pg=1&#038;OrderBy=-ListPrice&#038;p=y&#038;n=y&#038;m=20101117190901935008000000&#038;search_referral_url=https%3A%2F%2Fpontiusrealty.com%2Ffr%2Fwp-json%2Fwp%2Fv2%2Fpages%2F22074%2F\",\"image\":\"https:\\\/\\\/cdn.photos.sparkplatform.com\\\/pvr\\\/20260127020203815942000000.jpg\",\"imagealt\":\"Fachada Principal\",\"bedrooms\":\"3\",\"bathrooms\":\"3\"},{\"latitude\":\"20.740441\",\"longitude\":\"-105.255347\",\"listprice\":\"$137,000\",\"rawprice\":\"137000\",\"address1\":\"CotoZafiro Catalina la Grande 13, CASA ZAFIRO SAN VICENTE\",\"address2\":\"Riviera Nayarit, NA\",\"link\":\"https:\\\/\\\/pontiusrealty.com\\\/fr\\\/\\\/idx\\\/CotoZafiro-Catalina-la-Grande-13-CASA-ZAFIRO-SAN-VICENTE-Riviera-Nayarit-NA-mls_44448?pg=1&#038;OrderBy=-ListPrice&#038;p=y&#038;n=y&#038;m=20101117190901935008000000&#038;search_referral_url=https%3A%2F%2Fpontiusrealty.com%2Ffr%2Fwp-json%2Fwp%2Fv2%2Fpages%2F22074%2F\",\"image\":\"https:\\\/\\\/cdn.photos.sparkplatform.com\\\/pvr\\\/20260723021651377974000000.jpg\",\"imagealt\":\"FACHADA 1\",\"bedrooms\":\"3\",\"bathrooms\":\"2\"},{\"latitude\":\"20.747006\",\"longitude\":\"-105.283122\",\"listprice\":\"$120,620\",\"rawprice\":\"120620\",\"address1\":\"36 MAPA 36, CASA SERGIO\",\"address2\":\"Riviera Nayarit, NA\",\"link\":\"https:\\\/\\\/pontiusrealty.com\\\/fr\\\/\\\/idx\\\/36-MAPA-36-CASA-SERGIO-Riviera-Nayarit-NA-mls_43294?pg=1&#038;OrderBy=-ListPrice&#038;p=y&#038;n=y&#038;m=20101117190901935008000000&#038;search_referral_url=https%3A%2F%2Fpontiusrealty.com%2Ffr%2Fwp-json%2Fwp%2Fv2%2Fpages%2F22074%2F\",\"image\":\"https:\\\/\\\/cdn.photos.sparkplatform.com\\\/pvr\\\/20260423194332911059000000.jpg\",\"imagealt\":\"Fachada\",\"bedrooms\":\"3\",\"bathrooms\":\"3\"},{\"latitude\":\"20.748711\",\"longitude\":\"-105.263812\",\"listprice\":\"$88,173\",\"rawprice\":\"88173\",\"address1\":\"320 Avenida Federaciones, MZ-C Lote 1 COTO LLUVIA\",\"address2\":\"Riviera Nayarit, NA\",\"link\":\"https:\\\/\\\/pontiusrealty.com\\\/fr\\\/\\\/idx\\\/320-Avenida-Federaciones-MZ-C-Lote-1-COTO-LLUVIA-Riviera-Nayarit-NA-mls_42950?pg=1&#038;OrderBy=-ListPrice&#038;p=y&#038;n=y&#038;m=20101117190901935008000000&#038;search_referral_url=https%3A%2F%2Fpontiusrealty.com%2Ffr%2Fwp-json%2Fwp%2Fv2%2Fpages%2F22074%2F\",\"image\":\"https:\\\/\\\/cdn.photos.sparkplatform.com\\\/pvr\\\/20260401015224136042000000.jpg\",\"imagealt\":\"WhatsApp Image 2026-03-27 at 7.02.34 PM\",\"bedrooms\":\"********\",\"bathrooms\":\"********\"},{\"latitude\":\"20.748687\",\"longitude\":\"-105.263832\",\"listprice\":\"$87,841\",\"rawprice\":\"87841\",\"address1\":\"320 Avenida Federaciones, MZ-B Lote 3 COTO LLUVIA\",\"address2\":\"Riviera Nayarit, NA\",\"link\":\"https:\\\/\\\/pontiusrealty.com\\\/fr\\\/\\\/idx\\\/320-Avenida-Federaciones-MZ-B-Lote-3-COTO-LLUVIA-Riviera-Nayarit-NA-mls_42949?pg=1&#038;OrderBy=-ListPrice&#038;p=y&#038;n=y&#038;m=20101117190901935008000000&#038;search_referral_url=https%3A%2F%2Fpontiusrealty.com%2Ffr%2Fwp-json%2Fwp%2Fv2%2Fpages%2F22074%2F\",\"image\":\"https:\\\/\\\/cdn.photos.sparkplatform.com\\\/pvr\\\/20260331045246945064000000.jpg\",\"imagealt\":\"WhatsApp Image 2026-03-27 at 7.02.34 PM\",\"bedrooms\":\"********\",\"bathrooms\":\"********\"},{\"latitude\":\"20.748661\",\"longitude\":\"-105.263863\",\"listprice\":\"$86,992\",\"rawprice\":\"86992\",\"address1\":\"320 Avenida Federaciones, MZ-C Lote 3 COTO LLUVIA\",\"address2\":\"Riviera Nayarit, NA\",\"link\":\"https:\\\/\\\/pontiusrealty.com\\\/fr\\\/\\\/idx\\\/320-Avenida-Federaciones-MZ-C-Lote-3-COTO-LLUVIA-Riviera-Nayarit-NA-mls_42948?pg=1&#038;OrderBy=-ListPrice&#038;p=y&#038;n=y&#038;m=20101117190901935008000000&#038;search_referral_url=https%3A%2F%2Fpontiusrealty.com%2Ffr%2Fwp-json%2Fwp%2Fv2%2Fpages%2F22074%2F\",\"image\":\"https:\\\/\\\/cdn.photos.sparkplatform.com\\\/pvr\\\/20260401014824077466000000.jpg\",\"imagealt\":\"WhatsApp Image 2026-03-27 at 7.02.34 PM\",\"bedrooms\":\"********\",\"bathrooms\":\"********\"}]});<\/script>\t\t<div id=\"idx-map-1\" class=\"flex-map\" style=\"height:350px\"><\/div>\n\t\t<\/div>\n\n\t<div class=\"flexmls-actions-wrapper\">\n\t\t\t\t\t\t<div class=\"flexmls-btn flexmls-btn-secondary flexmls-btn-sm close-map-button\">Open Map\n\t\t\t\t<script type=\"text\/javascript\">\n\t\t\tjQuery( function ( $ ) {\n\t\t\t\tvar lazyLoad = true,\n\t\t\t\t    lazyConfig = {\"maps_url\":\"https:\\\/\\\/maps.googleapis.com\\\/maps\\\/api\\\/js?key=AIzaSyAjwoltPLVQY8t9XnTeMMIc0XbU07ungH8&libraries=marker&loading=async&callback=fmcGmapsReady\",\"map_js_url\":\"https:\\\/\\\/pontiusrealty.com\\\/wp-content\\\/plugins\\\/flexmls-idx\\\/assets\\\/js\\\/map.js\"};\n\n\t\t\t\t$( document ).on( 'click', '.close-map-button', function ( e ) {\n\t\t\t\t\te.preventDefault();\n\t\t\t\t\tvar $button = $( this );\n\t\t\t\t\tvar $widget = $button.closest( '.flexmls_connect__search_results_v2' );\n\t\t\t\t\tvar $map = $widget.find( '.flexmls-map-wrapper' ).first();\n\n\t\t\t\t\tif ( $map.is( ':visible' ) ) {\n\t\t\t\t\t\t$map.slideUp();\n\t\t\t\t\t\t$button.text( 'Open Map' );\n\t\t\t\t\t} else {\n\t\t\t\t\t\tif ( lazyLoad && ! window.fmcGmapsLoaded && lazyConfig ) {\n\t\t\t\t\t\t\tif ( typeof window.fmcGmapsWhenReady === 'undefined' ) {\n\t\t\t\t\t\t\t\twindow.fmcGmapsQueue = [];\n\t\t\t\t\t\t\t\twindow.fmcGmapsWhenReady = function ( f ) {\n\t\t\t\t\t\t\t\t\tif ( window.fmcGmapsLoaded ) { f(); } else { window.fmcGmapsQueue.push( f ); }\n\t\t\t\t\t\t\t\t};\n\t\t\t\t\t\t\t\twindow.fmcGmapsReady = function () {\n\t\t\t\t\t\t\t\t\twindow.fmcGmapsLoaded = true;\n\t\t\t\t\t\t\t\t\twindow.fmcGmapsQueue.forEach( function ( f ) { f(); } );\n\t\t\t\t\t\t\t\t\twindow.fmcGmapsQueue = [];\n\t\t\t\t\t\t\t\t\tif ( window.fmcGmapsLazyCallback ) {\n\t\t\t\t\t\t\t\t\t\twindow.fmcGmapsLazyCallback();\n\t\t\t\t\t\t\t\t\t\twindow.fmcGmapsLazyCallback = null;\n\t\t\t\t\t\t\t\t\t}\n\t\t\t\t\t\t\t\t};\n\t\t\t\t\t\t\t}\n\t\t\t\t\t\t\twindow.fmcGmapsLazyCallback = function () {\n\t\t\t\t\t\t\t\tvar s = document.createElement( 'script' );\n\t\t\t\t\t\t\t\ts.src = lazyConfig.map_js_url;\n\t\t\t\t\t\t\t\ts.async = true;\n\t\t\t\t\t\t\t\tdocument.head.appendChild( s );\n\t\t\t\t\t\t\t};\n\t\t\t\t\t\t\tvar g = document.createElement( 'script' );\n\t\t\t\t\t\t\tg.src = lazyConfig.maps_url;\n\t\t\t\t\t\t\tg.async = true;\n\t\t\t\t\t\t\tdocument.head.appendChild( g );\n\t\t\t\t\t\t\tlazyLoad = false;\n\t\t\t\t\t\t}\n\t\t\t\t\t\t$map.slideDown( 400, function () {\n\t\t\t\t\t\t\tif ( ! $map.data( 'first-open' ) ) {\n\t\t\t\t\t\t\t\tvar mapEl = $map.find( '[id^=\"idx-map-\"]' ).get( 0 );\n\t\t\t\t\t\t\t\tvar mapId = mapEl ? mapEl.id : null;\n\t\t\t\t\t\t\t\tif ( mapId && window.idxMaps && window.idxMaps[ mapId ] && window.idxBoundsById && window.idxBoundsById[ mapId ] ) {\n\t\t\t\t\t\t\t\t\twindow.idxMaps[ mapId ].fitBounds( window.idxBoundsById[ mapId ] );\n\t\t\t\t\t\t\t\t} else if ( window.idxMap && window.idxBounds ) {\n\t\t\t\t\t\t\t\t\twindow.idxMap.fitBounds( window.idxBounds );\n\t\t\t\t\t\t\t\t}\n\t\t\t\t\t\t\t\t$map.data( 'first-open', 1 );\n\t\t\t\t\t\t\t}\n\t\t\t\t\t\t} );\n\t\t\t\t\t\t$button.text( 'Close Map' );\n\t\t\t\t\t}\n\t\t\t\t} );\n\n\t\t\t\t$( '.flexmls-map-wrapper' ).each( function () {\n\t\t\t\t\tif ( $( this ).is( ':visible' ) ) {\n\t\t\t\t\t\t$( this ).data( 'first-open', 1 );\n\t\t\t\t\t}\n\t\t\t\t} );\n\t\t\t} );\n\t\t<\/script>\n\t\t\t\t<\/div>\n\t<\/div>\n\t<div class=\"flexmls-count-and-filters-wrapper\">\n\t\t<div class=\"flexmls-count-wrapper\">\n\t\t\t<span class=\"flexmls-matches-count\">20 Matches Found<\/span>\n\t\t<\/div>\n\n\t\t<div class=\"flexmls-filters-wrapper\">\n\t\t\t<div class=\"listings-per-page-wrapper\">\n\t<label for=\"listings_per_page\">Listings Per Page<\/label>\n\t<select id=\"listings_per_page\" name=\"listings_per_page\" class=\"listingsperpage\">\n\t\t<option value=''><\/option>\n\t\t<option value=\"5\" >5<\/option><option value=\"10\" selected=\"selected\">10<\/option><option value=\"15\" >15<\/option><option value=\"20\" >20<\/option><option value=\"25\" >25<\/option>\t<\/select>\n<\/div>\n\n<div class=\"sort-by-wrapper\">\n\t<label for=\"sort-by-filter-\">Sort by<\/label>\n\t<select name='OrderBy' id=\"sort-by-filter-\" class='flex_orderby'>\n\t\t<option value='' disabled>Sort by<\/option>\n\t\t<option value=\"-ListPrice\" selected=\"selected\">List price (High to Low)<\/option><option value=\"ListPrice\" >List price (Low to High)<\/option><option value=\"-BedsTotal\" ># Bedrooms<\/option><option value=\"-BathsTotal\" ># Bathrooms<\/option><option value=\"-YearBuilt\" >Year Built<\/option><option value=\"-BuildingAreaTotal\" >Square Footage<\/option><option value=\"-ModificationTimestamp\" >Recently Updated<\/option>\t<\/select>\n<\/div>\n\t\t<\/div>\n\t<\/div>\n\n\t\n<div class=\"flexmls-listings-list-wrapper flexmls-widthchange-wrapper\">\n\t\t\t\t\t\t\t\t\t\t\t\t<div\n\t\t\t\tclass=\"flexmls-listing flexmls_connect__sr_result\"\n\t\t\t\ttitle=\"226 Providencia A 38, Primavera Residencial, Riviera Nayarit, NA - MLS# 42831\"\n\t\t\t\tlink=\"https:\/\/pontiusrealty.com\/fr\/\/idx\/226-Providencia-A-38-Primavera-Residencial-Riviera-Nayarit-NA-mls_42831?SubdivisionName=San+Vicente%2A&#038;pg=1&#038;OrderBy=-ListPrice&#038;m=20101117190901935008000000&#038;search_referral_url=https%3A%2F%2Fpontiusrealty.com%2Ffr%2Fwp-json%2Fwp%2Fv2%2Fpages%2F22074%2F\"\n\t\t\t>\n\t\t\t\t\t\t\t\t<div class=\"flexmls-image-wrapper\">\n\t\t\t\t\t<a\n\t\t\t\t\t\thref=\"https:\/\/pontiusrealty.com\/fr\/\/idx\/226-Providencia-A-38-Primavera-Residencial-Riviera-Nayarit-NA-mls_42831?SubdivisionName=San+Vicente%2A&#038;pg=1&#038;OrderBy=-ListPrice&#038;m=20101117190901935008000000&#038;search_referral_url=https%3A%2F%2Fpontiusrealty.com%2Ffr%2Fwp-json%2Fwp%2Fv2%2Fpages%2F22074%2F\"\n\t\t\t\t\t\tclass=\"flexmls-listing-photo-link flexmls-listing-photo-action--detail\"\n\t\t\t\t\t>\n\t\t\t\t\t\t<img\n\t\t\t\t\t\t\tclass=\"flexmls-listing-card__photo\"\n\t\t\t\t\t\t\tsrc=\"https:\/\/cdn.resize.sparkplatform.com\/pvr\/640x480\/true\/20260327185135285715000000-o.jpg\"\n\t\t\t\t\t\t\tsrcset=\"https:\/\/cdn.photos.sparkplatform.com\/pvr\/20260327185135285715000000.jpg 300w, https:\/\/cdn.resize.sparkplatform.com\/pvr\/640x480\/true\/20260327185135285715000000-o.jpg 640w, https:\/\/cdn.resize.sparkplatform.com\/pvr\/1280x1024\/true\/20260327185135285715000000-o.jpg 1280w\"\n\t\t\t\t\t\t\tsizes=\"auto, (min-width: 900px) 380px, (min-width: 600px) 48vw, min(480px, 100vw)\"\n\t\t\t\t\t\t\talt=\"Property photo for 226 Providencia A 38, Primavera Residencial, Riviera Nayarit, NA\"\n\t\t\t\t\t\t\tloading=\"lazy\" \t\t\t\t\t\t\tdecoding=\"async\"\n\t\t\t\t\t\t\twidth=\"640\"\n\t\t\t\t\t\t\theight=\"400\"\n\t\t\t\t\t\t\/>\n\t\t\t\t\t<\/a>\n\t\t\t\t\t\n\t\t\t\t\t\t\t\t\t\t\t\t\t\t\t\t\t\t\t\t\t\t\t\t<span class=\"flexmls-price\">$378,000<\/span>\n\t\t\t\t\t<div class=\"flexmls-portal-links\">\n\t\t\t\t\t\t\t\t\t\t\t<\/div>\n\t\t\t\t<\/div>\n\t\t\t\t<a href=\"https:\/\/pontiusrealty.com\/fr\/\/idx\/226-Providencia-A-38-Primavera-Residencial-Riviera-Nayarit-NA-mls_42831?SubdivisionName=San+Vicente%2A&#038;pg=1&#038;OrderBy=-ListPrice&#038;m=20101117190901935008000000&#038;search_referral_url=https%3A%2F%2Fpontiusrealty.com%2Ffr%2Fwp-json%2Fwp%2Fv2%2Fpages%2F22074%2F\" class=\"flexmls-content-wrapper flexmls-listing-content-link\">\n\t\t\t\t\t<div class=\"flexmls-address\">\n\t\t\t\t\t\t226 Providencia A 38, Primavera Residencial, Riviera Nayarit, NA\t\t\t\t\t<\/div>\n\t\t\t\t\t<div class=\"flexmls-quick-details\">\n\t\t\t\t\t\t\t\t\t\t\t\t\t<span class=\"flexmls-status flexmls-status-active\">Active<\/span>\n\t\t\t\t\t\t\t\t\t\t\t\t\t\t\t\t\t\t\t<div class=\"flexmls-details\">\n\t\t\t\t\t\t\t\t\t\t\t\t\t\t\t\t\t<span class=\"flexmls-detail\">3BD<\/span>\n\t\t\t\t\t\t\t\t\n\t\t\t\t\t\t\t\t\t\t\t\t\t\t\t\t\t<span class=\"flexmls-detail\">3BA<\/span>\n\t\t\t\t\t\t\t\t\n\t\t\t\t\t\t\t\t\t\t\t\t\t\t\t\t\t\t\t\t\t\t\t\t\t<span class=\"flexmls-detail\">1,668SF<\/span>\n\t\t\t\t\t\t\t\t\t\t\t\t\t\t\t<\/div>\n\t\t\t\t\t\t\t\t\t\t\t<\/div>\n\t\t\t\t\t\t\t\t\t\t\t\t\t\t\t<div class=\"flexmls-last-modified-and-idx-wrapper\">\n\t\t\t\t\t\t\t\t\t\t\t\t\t<div class=\"flexmls-last-modified-and-label-wrapper\">\n\t\t\t\t\t\t\t\t<span class=\"flexmls-bold-label\">Last Modified:<\/span> 8:38pm, March 27, 2026\t\t\t\t\t\t\t<\/div>\n\t\t\t\t\t\t\t\t\t\t\t\t\t\t\t\t\t\t\t<img decoding=\"async\" class=\"flexmls-idx-compliance-badge\" alt=\"IDX\" src=\"https:\/\/cdn.photos.sparkplatform.com\/pvr\/20161019233658090414000000.jpg\">\n\t\t\t\t\t\t\t\t\t\t\t<\/div>\n\n\t\t\t\t\t\n\t\t\t\t\t\t\t\t\t\t\n\t\t\t\t<\/a>\n\t\t\t<\/div>\n\n\t\t\t\t\t\t\t\t\t\t\t<div\n\t\t\t\tclass=\"flexmls-listing flexmls_connect__sr_result\"\n\t\t\t\ttitle=\"26 Isla Menorca, Altavela, Riviera Nayarit, NA - MLS# 44529\"\n\t\t\t\tlink=\"https:\/\/pontiusrealty.com\/fr\/\/idx\/26-Isla-Menorca-Altavela-Riviera-Nayarit-NA-mls_44529?SubdivisionName=San+Vicente%2A&#038;pg=1&#038;OrderBy=-ListPrice&#038;m=20101117190901935008000000&#038;search_referral_url=https%3A%2F%2Fpontiusrealty.com%2Ffr%2Fwp-json%2Fwp%2Fv2%2Fpages%2F22074%2F\"\n\t\t\t>\n\t\t\t\t\t\t\t\t<div class=\"flexmls-image-wrapper\">\n\t\t\t\t\t<a\n\t\t\t\t\t\thref=\"https:\/\/pontiusrealty.com\/fr\/\/idx\/26-Isla-Menorca-Altavela-Riviera-Nayarit-NA-mls_44529?SubdivisionName=San+Vicente%2A&#038;pg=1&#038;OrderBy=-ListPrice&#038;m=20101117190901935008000000&#038;search_referral_url=https%3A%2F%2Fpontiusrealty.com%2Ffr%2Fwp-json%2Fwp%2Fv2%2Fpages%2F22074%2F\"\n\t\t\t\t\t\tclass=\"flexmls-listing-photo-link flexmls-listing-photo-action--detail\"\n\t\t\t\t\t>\n\t\t\t\t\t\t<img\n\t\t\t\t\t\t\tclass=\"flexmls-listing-card__photo\"\n\t\t\t\t\t\t\tsrc=\"https:\/\/cdn.resize.sparkplatform.com\/pvr\/640x480\/true\/20260804221146845438000000-o.jpg\"\n\t\t\t\t\t\t\tsrcset=\"https:\/\/cdn.photos.sparkplatform.com\/pvr\/20260804221146845438000000.jpg 300w, https:\/\/cdn.resize.sparkplatform.com\/pvr\/640x480\/true\/20260804221146845438000000-o.jpg 640w, https:\/\/cdn.resize.sparkplatform.com\/pvr\/1280x1024\/true\/20260804221146845438000000-o.jpg 1280w\"\n\t\t\t\t\t\t\tsizes=\"auto, (min-width: 900px) 380px, (min-width: 600px) 48vw, min(480px, 100vw)\"\n\t\t\t\t\t\t\talt=\"Property photo for 26 Isla Menorca, Altavela, Riviera Nayarit, NA\"\n\t\t\t\t\t\t\tloading=\"lazy\" \t\t\t\t\t\t\tdecoding=\"async\"\n\t\t\t\t\t\t\twidth=\"640\"\n\t\t\t\t\t\t\theight=\"400\"\n\t\t\t\t\t\t\/>\n\t\t\t\t\t<\/a>\n\t\t\t\t\t\n\t\t\t\t\t\t\t\t\t\t\t\t\t\t\t\t\t\t\t\t\t\t\t\t<span class=\"flexmls-price\">$167,000<\/span>\n\t\t\t\t\t<div class=\"flexmls-portal-links\">\n\t\t\t\t\t\t\t\t\t\t\t<\/div>\n\t\t\t\t<\/div>\n\t\t\t\t<a href=\"https:\/\/pontiusrealty.com\/fr\/\/idx\/26-Isla-Menorca-Altavela-Riviera-Nayarit-NA-mls_44529?SubdivisionName=San+Vicente%2A&#038;pg=1&#038;OrderBy=-ListPrice&#038;m=20101117190901935008000000&#038;search_referral_url=https%3A%2F%2Fpontiusrealty.com%2Ffr%2Fwp-json%2Fwp%2Fv2%2Fpages%2F22074%2F\" class=\"flexmls-content-wrapper flexmls-listing-content-link\">\n\t\t\t\t\t<div class=\"flexmls-address\">\n\t\t\t\t\t\t26 Isla Menorca, Altavela, Riviera Nayarit, NA\t\t\t\t\t<\/div>\n\t\t\t\t\t<div class=\"flexmls-quick-details\">\n\t\t\t\t\t\t\t\t\t\t\t\t\t<span class=\"flexmls-status flexmls-status-active\">Active<\/span>\n\t\t\t\t\t\t\t\t\t\t\t\t\t\t\t\t\t\t\t<div class=\"flexmls-details\">\n\t\t\t\t\t\t\t\t\t\t\t\t\t\t\t\t\t<span class=\"flexmls-detail\">3BD<\/span>\n\t\t\t\t\t\t\t\t\n\t\t\t\t\t\t\t\t\t\t\t\t\t\t\t\t\t<span class=\"flexmls-detail\">3BA<\/span>\n\t\t\t\t\t\t\t\t\n\t\t\t\t\t\t\t\t\t\t\t\t\t\t\t\t\t\t\t\t\t\t\t\t\t<span class=\"flexmls-detail\">886SF<\/span>\n\t\t\t\t\t\t\t\t\t\t\t\t\t\t\t<\/div>\n\t\t\t\t\t\t\t\t\t\t\t<\/div>\n\t\t\t\t\t\t\t\t\t\t\t\t\t\t\t<div class=\"flexmls-last-modified-and-idx-wrapper\">\n\t\t\t\t\t\t\t\t\t\t\t\t\t<div class=\"flexmls-last-modified-and-label-wrapper\">\n\t\t\t\t\t\t\t\t<span class=\"flexmls-bold-label\">Last Modified:<\/span> 7:34pm, August 11, 2026\t\t\t\t\t\t\t<\/div>\n\t\t\t\t\t\t\t\t\t\t\t\t\t\t\t\t\t\t\t<img decoding=\"async\" class=\"flexmls-idx-compliance-badge\" alt=\"IDX\" src=\"https:\/\/cdn.photos.sparkplatform.com\/pvr\/20161019233658090414000000.jpg\">\n\t\t\t\t\t\t\t\t\t\t\t<\/div>\n\n\t\t\t\t\t\n\t\t\t\t\t\t\t\t\t\t\n\t\t\t\t<\/a>\n\t\t\t<\/div>\n\n\t\t\t\t\t\t\t\t\t\t\t<div\n\t\t\t\tclass=\"flexmls-listing flexmls_connect__sr_result\"\n\t\t\t\ttitle=\"7 Isla Isquia Calle 7, Altavela 2- Isla Isquia 7, Riviera Nayarit, NA - MLS# 44207\"\n\t\t\t\tlink=\"https:\/\/pontiusrealty.com\/fr\/\/idx\/7-Isla-Isquia-Calle-7-Altavela-2-Isla-Isquia-7-Riviera-Nayarit-NA-mls_44207?SubdivisionName=San+Vicente%2A&#038;pg=1&#038;OrderBy=-ListPrice&#038;m=20101117190901935008000000&#038;search_referral_url=https%3A%2F%2Fpontiusrealty.com%2Ffr%2Fwp-json%2Fwp%2Fv2%2Fpages%2F22074%2F\"\n\t\t\t>\n\t\t\t\t\t\t\t\t<div class=\"flexmls-image-wrapper\">\n\t\t\t\t\t<a\n\t\t\t\t\t\thref=\"https:\/\/pontiusrealty.com\/fr\/\/idx\/7-Isla-Isquia-Calle-7-Altavela-2-Isla-Isquia-7-Riviera-Nayarit-NA-mls_44207?SubdivisionName=San+Vicente%2A&#038;pg=1&#038;OrderBy=-ListPrice&#038;m=20101117190901935008000000&#038;search_referral_url=https%3A%2F%2Fpontiusrealty.com%2Ffr%2Fwp-json%2Fwp%2Fv2%2Fpages%2F22074%2F\"\n\t\t\t\t\t\tclass=\"flexmls-listing-photo-link flexmls-listing-photo-action--detail\"\n\t\t\t\t\t>\n\t\t\t\t\t\t<img\n\t\t\t\t\t\t\tclass=\"flexmls-listing-card__photo\"\n\t\t\t\t\t\t\tsrc=\"https:\/\/cdn.resize.sparkplatform.com\/pvr\/640x480\/true\/20260629214612015992000000-o.jpg\"\n\t\t\t\t\t\t\tsrcset=\"https:\/\/cdn.photos.sparkplatform.com\/pvr\/20260629214612015992000000.jpg 300w, https:\/\/cdn.resize.sparkplatform.com\/pvr\/640x480\/true\/20260629214612015992000000-o.jpg 640w, https:\/\/cdn.resize.sparkplatform.com\/pvr\/1280x1024\/true\/20260629214612015992000000-o.jpg 1280w\"\n\t\t\t\t\t\t\tsizes=\"auto, (min-width: 900px) 380px, (min-width: 600px) 48vw, min(480px, 100vw)\"\n\t\t\t\t\t\t\talt=\"Property photo for 7 Isla Isquia Calle 7, Altavela 2- Isla Isquia 7, Riviera Nayarit, NA\"\n\t\t\t\t\t\t\tloading=\"lazy\" \t\t\t\t\t\t\tdecoding=\"async\"\n\t\t\t\t\t\t\twidth=\"640\"\n\t\t\t\t\t\t\theight=\"400\"\n\t\t\t\t\t\t\/>\n\t\t\t\t\t<\/a>\n\t\t\t\t\t\n\t\t\t\t\t\t\t\t\t\t\t\t\t\t\t\t\t\t\t\t\t\t\t\t<span class=\"flexmls-price\">$165,000<\/span>\n\t\t\t\t\t<div class=\"flexmls-portal-links\">\n\t\t\t\t\t\t\t\t\t\t\t<\/div>\n\t\t\t\t<\/div>\n\t\t\t\t<a href=\"https:\/\/pontiusrealty.com\/fr\/\/idx\/7-Isla-Isquia-Calle-7-Altavela-2-Isla-Isquia-7-Riviera-Nayarit-NA-mls_44207?SubdivisionName=San+Vicente%2A&#038;pg=1&#038;OrderBy=-ListPrice&#038;m=20101117190901935008000000&#038;search_referral_url=https%3A%2F%2Fpontiusrealty.com%2Ffr%2Fwp-json%2Fwp%2Fv2%2Fpages%2F22074%2F\" class=\"flexmls-content-wrapper flexmls-listing-content-link\">\n\t\t\t\t\t<div class=\"flexmls-address\">\n\t\t\t\t\t\t7 Isla Isquia Calle 7, Altavela 2- Isla Isquia 7, Riviera Nayarit, NA\t\t\t\t\t<\/div>\n\t\t\t\t\t<div class=\"flexmls-quick-details\">\n\t\t\t\t\t\t\t\t\t\t\t\t\t<span class=\"flexmls-status flexmls-status-active\">Active<\/span>\n\t\t\t\t\t\t\t\t\t\t\t\t\t\t\t\t\t\t\t<div class=\"flexmls-details\">\n\t\t\t\t\t\t\t\t\t\t\t\t\t\t\t\t\t<span class=\"flexmls-detail\">3BD<\/span>\n\t\t\t\t\t\t\t\t\n\t\t\t\t\t\t\t\t\t\t\t\t\t\t\t\t\t<span class=\"flexmls-detail\">3BA<\/span>\n\t\t\t\t\t\t\t\t\n\t\t\t\t\t\t\t\t\t\t\t\t\t\t\t\t\t\t\t\t\t\t\t\t\t<span class=\"flexmls-detail\">1,059SF<\/span>\n\t\t\t\t\t\t\t\t\t\t\t\t\t\t\t<\/div>\n\t\t\t\t\t\t\t\t\t\t\t<\/div>\n\t\t\t\t\t\t\t\t\t\t\t\t\t\t\t<div class=\"flexmls-last-modified-and-idx-wrapper\">\n\t\t\t\t\t\t\t\t\t\t\t\t\t<div class=\"flexmls-last-modified-and-label-wrapper\">\n\t\t\t\t\t\t\t\t<span class=\"flexmls-bold-label\">Last Modified:<\/span> 6:25pm, August 13, 2026\t\t\t\t\t\t\t<\/div>\n\t\t\t\t\t\t\t\t\t\t\t\t\t\t\t\t\t\t\t<img decoding=\"async\" class=\"flexmls-idx-compliance-badge\" alt=\"IDX\" src=\"https:\/\/cdn.photos.sparkplatform.com\/pvr\/20161019233658090414000000.jpg\">\n\t\t\t\t\t\t\t\t\t\t\t<\/div>\n\n\t\t\t\t\t\n\t\t\t\t\t\t\t\t\t\t\n\t\t\t\t<\/a>\n\t\t\t<\/div>\n\n\t\t\t\t\t\t\t\t\t\t\t<div\n\t\t\t\tclass=\"flexmls-listing flexmls_connect__sr_result\"\n\t\t\t\ttitle=\"150-02 Carr. Mezcales - San Vicente, VILLA 2 NATURA, Riviera Nayarit, NA - MLS# 42335\"\n\t\t\t\tlink=\"https:\/\/pontiusrealty.com\/fr\/\/idx\/150-02-Carr-Mezcales-San-Vicente-VILLA-2-NATURA-Riviera-Nayarit-NA-mls_42335?SubdivisionName=San+Vicente%2A&#038;pg=1&#038;OrderBy=-ListPrice&#038;m=20101117190901935008000000&#038;search_referral_url=https%3A%2F%2Fpontiusrealty.com%2Ffr%2Fwp-json%2Fwp%2Fv2%2Fpages%2F22074%2F\"\n\t\t\t>\n\t\t\t\t\t\t\t\t<div class=\"flexmls-image-wrapper\">\n\t\t\t\t\t<a\n\t\t\t\t\t\thref=\"https:\/\/pontiusrealty.com\/fr\/\/idx\/150-02-Carr-Mezcales-San-Vicente-VILLA-2-NATURA-Riviera-Nayarit-NA-mls_42335?SubdivisionName=San+Vicente%2A&#038;pg=1&#038;OrderBy=-ListPrice&#038;m=20101117190901935008000000&#038;search_referral_url=https%3A%2F%2Fpontiusrealty.com%2Ffr%2Fwp-json%2Fwp%2Fv2%2Fpages%2F22074%2F\"\n\t\t\t\t\t\tclass=\"flexmls-listing-photo-link flexmls-listing-photo-action--detail\"\n\t\t\t\t\t>\n\t\t\t\t\t\t<img\n\t\t\t\t\t\t\tclass=\"flexmls-listing-card__photo\"\n\t\t\t\t\t\t\tsrc=\"https:\/\/cdn.resize.sparkplatform.com\/pvr\/640x480\/true\/20260217060159066957000000-o.jpg\"\n\t\t\t\t\t\t\tsrcset=\"https:\/\/cdn.photos.sparkplatform.com\/pvr\/20260217060159066957000000.jpg 300w, https:\/\/cdn.resize.sparkplatform.com\/pvr\/640x480\/true\/20260217060159066957000000-o.jpg 640w, https:\/\/cdn.resize.sparkplatform.com\/pvr\/1280x1024\/true\/20260217060159066957000000-o.jpg 1280w\"\n\t\t\t\t\t\t\tsizes=\"auto, (min-width: 900px) 380px, (min-width: 600px) 48vw, min(480px, 100vw)\"\n\t\t\t\t\t\t\talt=\"Property photo for 150-02 Carr. Mezcales - San Vicente, VILLA 2 NATURA, Riviera Nayarit, NA\"\n\t\t\t\t\t\t\tloading=\"lazy\" \t\t\t\t\t\t\tdecoding=\"async\"\n\t\t\t\t\t\t\twidth=\"640\"\n\t\t\t\t\t\t\theight=\"400\"\n\t\t\t\t\t\t\/>\n\t\t\t\t\t<\/a>\n\t\t\t\t\t\n\t\t\t\t\t\t\t\t\t\t\t\t\t\t\t\t\t\t\t\t\t\t\t\t<span class=\"flexmls-price\">$165,000<\/span>\n\t\t\t\t\t<div class=\"flexmls-portal-links\">\n\t\t\t\t\t\t\t\t\t\t\t<\/div>\n\t\t\t\t<\/div>\n\t\t\t\t<a href=\"https:\/\/pontiusrealty.com\/fr\/\/idx\/150-02-Carr-Mezcales-San-Vicente-VILLA-2-NATURA-Riviera-Nayarit-NA-mls_42335?SubdivisionName=San+Vicente%2A&#038;pg=1&#038;OrderBy=-ListPrice&#038;m=20101117190901935008000000&#038;search_referral_url=https%3A%2F%2Fpontiusrealty.com%2Ffr%2Fwp-json%2Fwp%2Fv2%2Fpages%2F22074%2F\" class=\"flexmls-content-wrapper flexmls-listing-content-link\">\n\t\t\t\t\t<div class=\"flexmls-address\">\n\t\t\t\t\t\t150-02 Carr. Mezcales - San Vicente, VILLA 2 NATURA, Riviera Nayarit, NA\t\t\t\t\t<\/div>\n\t\t\t\t\t<div class=\"flexmls-quick-details\">\n\t\t\t\t\t\t\t\t\t\t\t\t\t<span class=\"flexmls-status flexmls-status-active\">Active<\/span>\n\t\t\t\t\t\t\t\t\t\t\t\t\t\t\t\t\t\t\t<div class=\"flexmls-details\">\n\t\t\t\t\t\t\t\t\t\t\t\t\t\t\t\t\t<span class=\"flexmls-detail\">3BD<\/span>\n\t\t\t\t\t\t\t\t\n\t\t\t\t\t\t\t\t\t\t\t\t\t\t\t\t\t<span class=\"flexmls-detail\">3BA<\/span>\n\t\t\t\t\t\t\t\t\n\t\t\t\t\t\t\t\t\t\t\t\t\t\t\t\t\t\t\t\t\t\t\t\t\t<span class=\"flexmls-detail\">1,399SF<\/span>\n\t\t\t\t\t\t\t\t\t\t\t\t\t\t\t<\/div>\n\t\t\t\t\t\t\t\t\t\t\t<\/div>\n\t\t\t\t\t\t\t\t\t\t\t\t\t\t\t<div class=\"flexmls-last-modified-and-idx-wrapper\">\n\t\t\t\t\t\t\t\t\t\t\t\t\t<div class=\"flexmls-last-modified-and-label-wrapper\">\n\t\t\t\t\t\t\t\t<span class=\"flexmls-bold-label\">Last Modified:<\/span> 5:06pm, February 23, 2026\t\t\t\t\t\t\t<\/div>\n\t\t\t\t\t\t\t\t\t\t\t\t\t\t\t\t\t\t\t<img decoding=\"async\" class=\"flexmls-idx-compliance-badge\" alt=\"IDX\" src=\"https:\/\/cdn.photos.sparkplatform.com\/pvr\/20161019233658090414000000.jpg\">\n\t\t\t\t\t\t\t\t\t\t\t<\/div>\n\n\t\t\t\t\t\n\t\t\t\t\t\t\t\t\t\t\n\t\t\t\t<\/a>\n\t\t\t<\/div>\n\n\t\t\t\t\t\t\t\t\t\t\t<div\n\t\t\t\tclass=\"flexmls-listing flexmls_connect__sr_result\"\n\t\t\t\ttitle=\"60-6 Isla Malta, Malta 6, Riviera Nayarit, NA - MLS# 41864\"\n\t\t\t\tlink=\"https:\/\/pontiusrealty.com\/fr\/\/idx\/60-6-Isla-Malta-Malta-6-Riviera-Nayarit-NA-mls_41864?SubdivisionName=San+Vicente%2A&#038;pg=1&#038;OrderBy=-ListPrice&#038;m=20101117190901935008000000&#038;search_referral_url=https%3A%2F%2Fpontiusrealty.com%2Ffr%2Fwp-json%2Fwp%2Fv2%2Fpages%2F22074%2F\"\n\t\t\t>\n\t\t\t\t\t\t\t\t<div class=\"flexmls-image-wrapper\">\n\t\t\t\t\t<a\n\t\t\t\t\t\thref=\"https:\/\/pontiusrealty.com\/fr\/\/idx\/60-6-Isla-Malta-Malta-6-Riviera-Nayarit-NA-mls_41864?SubdivisionName=San+Vicente%2A&#038;pg=1&#038;OrderBy=-ListPrice&#038;m=20101117190901935008000000&#038;search_referral_url=https%3A%2F%2Fpontiusrealty.com%2Ffr%2Fwp-json%2Fwp%2Fv2%2Fpages%2F22074%2F\"\n\t\t\t\t\t\tclass=\"flexmls-listing-photo-link flexmls-listing-photo-action--detail\"\n\t\t\t\t\t>\n\t\t\t\t\t\t<img\n\t\t\t\t\t\t\tclass=\"flexmls-listing-card__photo\"\n\t\t\t\t\t\t\tsrc=\"https:\/\/cdn.resize.sparkplatform.com\/pvr\/640x480\/true\/20260127020203815942000000-o.jpg\"\n\t\t\t\t\t\t\tsrcset=\"https:\/\/cdn.photos.sparkplatform.com\/pvr\/20260127020203815942000000.jpg 300w, https:\/\/cdn.resize.sparkplatform.com\/pvr\/640x480\/true\/20260127020203815942000000-o.jpg 640w, https:\/\/cdn.resize.sparkplatform.com\/pvr\/1280x1024\/true\/20260127020203815942000000-o.jpg 1280w\"\n\t\t\t\t\t\t\tsizes=\"auto, (min-width: 900px) 380px, (min-width: 600px) 48vw, min(480px, 100vw)\"\n\t\t\t\t\t\t\talt=\"Property photo for 60-6 Isla Malta, Malta 6, Riviera Nayarit, NA\"\n\t\t\t\t\t\t\tloading=\"lazy\" \t\t\t\t\t\t\tdecoding=\"async\"\n\t\t\t\t\t\t\twidth=\"640\"\n\t\t\t\t\t\t\theight=\"400\"\n\t\t\t\t\t\t\/>\n\t\t\t\t\t<\/a>\n\t\t\t\t\t\n\t\t\t\t\t\t\t\t\t\t\t\t\t\t\t\t\t\t\t\t\t\t\t\t<span class=\"flexmls-price\">$156,162<\/span>\n\t\t\t\t\t<div class=\"flexmls-portal-links\">\n\t\t\t\t\t\t\t\t\t\t\t<\/div>\n\t\t\t\t<\/div>\n\t\t\t\t<a href=\"https:\/\/pontiusrealty.com\/fr\/\/idx\/60-6-Isla-Malta-Malta-6-Riviera-Nayarit-NA-mls_41864?SubdivisionName=San+Vicente%2A&#038;pg=1&#038;OrderBy=-ListPrice&#038;m=20101117190901935008000000&#038;search_referral_url=https%3A%2F%2Fpontiusrealty.com%2Ffr%2Fwp-json%2Fwp%2Fv2%2Fpages%2F22074%2F\" class=\"flexmls-content-wrapper flexmls-listing-content-link\">\n\t\t\t\t\t<div class=\"flexmls-address\">\n\t\t\t\t\t\t60-6 Isla Malta, Malta 6, Riviera Nayarit, NA\t\t\t\t\t<\/div>\n\t\t\t\t\t<div class=\"flexmls-quick-details\">\n\t\t\t\t\t\t\t\t\t\t\t\t\t<span class=\"flexmls-status flexmls-status-active\">Active<\/span>\n\t\t\t\t\t\t\t\t\t\t\t\t\t\t\t\t\t\t\t<div class=\"flexmls-details\">\n\t\t\t\t\t\t\t\t\t\t\t\t\t\t\t\t\t<span class=\"flexmls-detail\">3BD<\/span>\n\t\t\t\t\t\t\t\t\n\t\t\t\t\t\t\t\t\t\t\t\t\t\t\t\t\t<span class=\"flexmls-detail\">3BA<\/span>\n\t\t\t\t\t\t\t\t\n\t\t\t\t\t\t\t\t\t\t\t\t\t\t\t\t\t\t\t\t\t\t\t\t\t<span class=\"flexmls-detail\">1,059SF<\/span>\n\t\t\t\t\t\t\t\t\t\t\t\t\t\t\t<\/div>\n\t\t\t\t\t\t\t\t\t\t\t<\/div>\n\t\t\t\t\t\t\t\t\t\t\t\t\t\t\t<div class=\"flexmls-last-modified-and-idx-wrapper\">\n\t\t\t\t\t\t\t\t\t\t\t\t\t<div class=\"flexmls-last-modified-and-label-wrapper\">\n\t\t\t\t\t\t\t\t<span class=\"flexmls-bold-label\">Last Modified:<\/span> 7:43am, January 28, 2026\t\t\t\t\t\t\t<\/div>\n\t\t\t\t\t\t\t\t\t\t\t\t\t\t\t\t\t\t\t<img decoding=\"async\" class=\"flexmls-idx-compliance-badge\" alt=\"IDX\" src=\"https:\/\/cdn.photos.sparkplatform.com\/pvr\/20161019233658090414000000.jpg\">\n\t\t\t\t\t\t\t\t\t\t\t<\/div>\n\n\t\t\t\t\t\n\t\t\t\t\t\t\t\t\t\t\n\t\t\t\t<\/a>\n\t\t\t<\/div>\n\n\t\t\t\t\t\t\t\t\t\t\t<div\n\t\t\t\tclass=\"flexmls-listing flexmls_connect__sr_result\"\n\t\t\t\ttitle=\"CotoZafiro Catalina la Grande 13, CASA ZAFIRO SAN VICENTE, Riviera Nayarit, NA - MLS# 44448\"\n\t\t\t\tlink=\"https:\/\/pontiusrealty.com\/fr\/\/idx\/CotoZafiro-Catalina-la-Grande-13-CASA-ZAFIRO-SAN-VICENTE-Riviera-Nayarit-NA-mls_44448?SubdivisionName=San+Vicente%2A&#038;pg=1&#038;OrderBy=-ListPrice&#038;m=20101117190901935008000000&#038;search_referral_url=https%3A%2F%2Fpontiusrealty.com%2Ffr%2Fwp-json%2Fwp%2Fv2%2Fpages%2F22074%2F\"\n\t\t\t>\n\t\t\t\t\t\t\t\t<div class=\"flexmls-image-wrapper\">\n\t\t\t\t\t<a\n\t\t\t\t\t\thref=\"https:\/\/pontiusrealty.com\/fr\/\/idx\/CotoZafiro-Catalina-la-Grande-13-CASA-ZAFIRO-SAN-VICENTE-Riviera-Nayarit-NA-mls_44448?SubdivisionName=San+Vicente%2A&#038;pg=1&#038;OrderBy=-ListPrice&#038;m=20101117190901935008000000&#038;search_referral_url=https%3A%2F%2Fpontiusrealty.com%2Ffr%2Fwp-json%2Fwp%2Fv2%2Fpages%2F22074%2F\"\n\t\t\t\t\t\tclass=\"flexmls-listing-photo-link flexmls-listing-photo-action--detail\"\n\t\t\t\t\t>\n\t\t\t\t\t\t<img\n\t\t\t\t\t\t\tclass=\"flexmls-listing-card__photo\"\n\t\t\t\t\t\t\tsrc=\"https:\/\/cdn.resize.sparkplatform.com\/pvr\/640x480\/true\/20260723021651377974000000-o.jpg\"\n\t\t\t\t\t\t\tsrcset=\"https:\/\/cdn.photos.sparkplatform.com\/pvr\/20260723021651377974000000.jpg 300w, https:\/\/cdn.resize.sparkplatform.com\/pvr\/640x480\/true\/20260723021651377974000000-o.jpg 640w, https:\/\/cdn.resize.sparkplatform.com\/pvr\/1280x1024\/true\/20260723021651377974000000-o.jpg 1280w\"\n\t\t\t\t\t\t\tsizes=\"auto, (min-width: 900px) 380px, (min-width: 600px) 48vw, min(480px, 100vw)\"\n\t\t\t\t\t\t\talt=\"Property photo for CotoZafiro Catalina la Grande 13, CASA ZAFIRO SAN VICENTE, Riviera Nayarit, NA\"\n\t\t\t\t\t\t\tloading=\"lazy\" \t\t\t\t\t\t\tdecoding=\"async\"\n\t\t\t\t\t\t\twidth=\"640\"\n\t\t\t\t\t\t\theight=\"400\"\n\t\t\t\t\t\t\/>\n\t\t\t\t\t<\/a>\n\t\t\t\t\t\n\t\t\t\t\t\t\t\t\t\t\t\t\t\t\t\t\t\t\t\t\t\t\t\t<span class=\"flexmls-price\">$137,000<\/span>\n\t\t\t\t\t<div class=\"flexmls-portal-links\">\n\t\t\t\t\t\t\t\t\t\t\t<\/div>\n\t\t\t\t<\/div>\n\t\t\t\t<a href=\"https:\/\/pontiusrealty.com\/fr\/\/idx\/CotoZafiro-Catalina-la-Grande-13-CASA-ZAFIRO-SAN-VICENTE-Riviera-Nayarit-NA-mls_44448?SubdivisionName=San+Vicente%2A&#038;pg=1&#038;OrderBy=-ListPrice&#038;m=20101117190901935008000000&#038;search_referral_url=https%3A%2F%2Fpontiusrealty.com%2Ffr%2Fwp-json%2Fwp%2Fv2%2Fpages%2F22074%2F\" class=\"flexmls-content-wrapper flexmls-listing-content-link\">\n\t\t\t\t\t<div class=\"flexmls-address\">\n\t\t\t\t\t\tCotoZafiro Catalina la Grande 13, CASA ZAFIRO SAN VICENTE, Riviera Nayarit, NA\t\t\t\t\t<\/div>\n\t\t\t\t\t<div class=\"flexmls-quick-details\">\n\t\t\t\t\t\t\t\t\t\t\t\t\t<span class=\"flexmls-status flexmls-status-active\">Active<\/span>\n\t\t\t\t\t\t\t\t\t\t\t\t\t\t\t\t\t\t\t<div class=\"flexmls-details\">\n\t\t\t\t\t\t\t\t\t\t\t\t\t\t\t\t\t<span class=\"flexmls-detail\">3BD<\/span>\n\t\t\t\t\t\t\t\t\n\t\t\t\t\t\t\t\t\t\t\t\t\t\t\t\t\t<span class=\"flexmls-detail\">2BA<\/span>\n\t\t\t\t\t\t\t\t\n\t\t\t\t\t\t\t\t\t\t\t\t\t\t\t\t\t\t\t\t\t\t\t\t\t<span class=\"flexmls-detail\">895SF<\/span>\n\t\t\t\t\t\t\t\t\t\t\t\t\t\t\t<\/div>\n\t\t\t\t\t\t\t\t\t\t\t<\/div>\n\t\t\t\t\t\t\t\t\t\t\t\t\t\t\t<div class=\"flexmls-last-modified-and-idx-wrapper\">\n\t\t\t\t\t\t\t\t\t\t\t\t\t<div class=\"flexmls-last-modified-and-label-wrapper\">\n\t\t\t\t\t\t\t\t<span class=\"flexmls-bold-label\">Last Modified:<\/span> 7:31pm, July 23, 2026\t\t\t\t\t\t\t<\/div>\n\t\t\t\t\t\t\t\t\t\t\t\t\t\t\t\t\t\t\t<img decoding=\"async\" class=\"flexmls-idx-compliance-badge\" alt=\"IDX\" src=\"https:\/\/cdn.photos.sparkplatform.com\/pvr\/20161019233658090414000000.jpg\">\n\t\t\t\t\t\t\t\t\t\t\t<\/div>\n\n\t\t\t\t\t\n\t\t\t\t\t\t\t\t\t\t\n\t\t\t\t<\/a>\n\t\t\t<\/div>\n\n\t\t\t\t\t\t\t\t\t\t\t<div\n\t\t\t\tclass=\"flexmls-listing flexmls_connect__sr_result\"\n\t\t\t\ttitle=\"36 MAPA 36, CASA SERGIO, Riviera Nayarit, NA - MLS# 43294\"\n\t\t\t\tlink=\"https:\/\/pontiusrealty.com\/fr\/\/idx\/36-MAPA-36-CASA-SERGIO-Riviera-Nayarit-NA-mls_43294?SubdivisionName=San+Vicente%2A&#038;pg=1&#038;OrderBy=-ListPrice&#038;m=20101117190901935008000000&#038;search_referral_url=https%3A%2F%2Fpontiusrealty.com%2Ffr%2Fwp-json%2Fwp%2Fv2%2Fpages%2F22074%2F\"\n\t\t\t>\n\t\t\t\t\t\t\t\t<div class=\"flexmls-image-wrapper\">\n\t\t\t\t\t<a\n\t\t\t\t\t\thref=\"https:\/\/pontiusrealty.com\/fr\/\/idx\/36-MAPA-36-CASA-SERGIO-Riviera-Nayarit-NA-mls_43294?SubdivisionName=San+Vicente%2A&#038;pg=1&#038;OrderBy=-ListPrice&#038;m=20101117190901935008000000&#038;search_referral_url=https%3A%2F%2Fpontiusrealty.com%2Ffr%2Fwp-json%2Fwp%2Fv2%2Fpages%2F22074%2F\"\n\t\t\t\t\t\tclass=\"flexmls-listing-photo-link flexmls-listing-photo-action--detail\"\n\t\t\t\t\t>\n\t\t\t\t\t\t<img\n\t\t\t\t\t\t\tclass=\"flexmls-listing-card__photo\"\n\t\t\t\t\t\t\tsrc=\"https:\/\/cdn.resize.sparkplatform.com\/pvr\/640x480\/true\/20260423194332911059000000-o.jpg\"\n\t\t\t\t\t\t\tsrcset=\"https:\/\/cdn.photos.sparkplatform.com\/pvr\/20260423194332911059000000.jpg 300w, https:\/\/cdn.resize.sparkplatform.com\/pvr\/640x480\/true\/20260423194332911059000000-o.jpg 640w, https:\/\/cdn.resize.sparkplatform.com\/pvr\/1280x1024\/true\/20260423194332911059000000-o.jpg 1280w\"\n\t\t\t\t\t\t\tsizes=\"auto, (min-width: 900px) 380px, (min-width: 600px) 48vw, min(480px, 100vw)\"\n\t\t\t\t\t\t\talt=\"Property photo for 36 MAPA 36, CASA SERGIO, Riviera Nayarit, NA\"\n\t\t\t\t\t\t\tloading=\"lazy\" \t\t\t\t\t\t\tdecoding=\"async\"\n\t\t\t\t\t\t\twidth=\"640\"\n\t\t\t\t\t\t\theight=\"400\"\n\t\t\t\t\t\t\/>\n\t\t\t\t\t<\/a>\n\t\t\t\t\t\n\t\t\t\t\t\t\t\t\t\t\t\t\t\t\t\t\t\t\t\t\t\t\t\t<span class=\"flexmls-price\">$120,620<\/span>\n\t\t\t\t\t<div class=\"flexmls-portal-links\">\n\t\t\t\t\t\t\t\t\t\t\t<\/div>\n\t\t\t\t<\/div>\n\t\t\t\t<a href=\"https:\/\/pontiusrealty.com\/fr\/\/idx\/36-MAPA-36-CASA-SERGIO-Riviera-Nayarit-NA-mls_43294?SubdivisionName=San+Vicente%2A&#038;pg=1&#038;OrderBy=-ListPrice&#038;m=20101117190901935008000000&#038;search_referral_url=https%3A%2F%2Fpontiusrealty.com%2Ffr%2Fwp-json%2Fwp%2Fv2%2Fpages%2F22074%2F\" class=\"flexmls-content-wrapper flexmls-listing-content-link\">\n\t\t\t\t\t<div class=\"flexmls-address\">\n\t\t\t\t\t\t36 MAPA 36, CASA SERGIO, Riviera Nayarit, NA\t\t\t\t\t<\/div>\n\t\t\t\t\t<div class=\"flexmls-quick-details\">\n\t\t\t\t\t\t\t\t\t\t\t\t\t<span class=\"flexmls-status flexmls-status-active\">Active<\/span>\n\t\t\t\t\t\t\t\t\t\t\t\t\t\t\t\t\t\t\t<div class=\"flexmls-details\">\n\t\t\t\t\t\t\t\t\t\t\t\t\t\t\t\t\t<span class=\"flexmls-detail\">3BD<\/span>\n\t\t\t\t\t\t\t\t\n\t\t\t\t\t\t\t\t\t\t\t\t\t\t\t\t\t<span class=\"flexmls-detail\">3BA<\/span>\n\t\t\t\t\t\t\t\t\n\t\t\t\t\t\t\t\t\t\t\t\t\t\t\t\t\t\t\t\t\t\t\t\t\t<span class=\"flexmls-detail\">852SF<\/span>\n\t\t\t\t\t\t\t\t\t\t\t\t\t\t\t<\/div>\n\t\t\t\t\t\t\t\t\t\t\t<\/div>\n\t\t\t\t\t\t\t\t\t\t\t\t\t\t\t<div class=\"flexmls-last-modified-and-idx-wrapper\">\n\t\t\t\t\t\t\t\t\t\t\t\t\t<div class=\"flexmls-last-modified-and-label-wrapper\">\n\t\t\t\t\t\t\t\t<span class=\"flexmls-bold-label\">Last Modified:<\/span> 11:02pm, August 14, 2026\t\t\t\t\t\t\t<\/div>\n\t\t\t\t\t\t\t\t\t\t\t\t\t\t\t\t\t\t\t<img decoding=\"async\" class=\"flexmls-idx-compliance-badge\" alt=\"IDX\" src=\"https:\/\/cdn.photos.sparkplatform.com\/pvr\/20161019233658090414000000.jpg\">\n\t\t\t\t\t\t\t\t\t\t\t<\/div>\n\n\t\t\t\t\t\n\t\t\t\t\t\t\t\t\t\t\n\t\t\t\t<\/a>\n\t\t\t<\/div>\n\n\t\t\t\t\t\t\t\t\t\t\t<div\n\t\t\t\tclass=\"flexmls-listing flexmls_connect__sr_result\"\n\t\t\t\ttitle=\"320 Avenida Federaciones, MZ-C Lote 1 COTO LLUVIA, Riviera Nayarit, NA - MLS# 42950\"\n\t\t\t\tlink=\"https:\/\/pontiusrealty.com\/fr\/\/idx\/320-Avenida-Federaciones-MZ-C-Lote-1-COTO-LLUVIA-Riviera-Nayarit-NA-mls_42950?SubdivisionName=San+Vicente%2A&#038;pg=1&#038;OrderBy=-ListPrice&#038;m=20101117190901935008000000&#038;search_referral_url=https%3A%2F%2Fpontiusrealty.com%2Ffr%2Fwp-json%2Fwp%2Fv2%2Fpages%2F22074%2F\"\n\t\t\t>\n\t\t\t\t\t\t\t\t<div class=\"flexmls-image-wrapper\">\n\t\t\t\t\t<a\n\t\t\t\t\t\thref=\"https:\/\/pontiusrealty.com\/fr\/\/idx\/320-Avenida-Federaciones-MZ-C-Lote-1-COTO-LLUVIA-Riviera-Nayarit-NA-mls_42950?SubdivisionName=San+Vicente%2A&#038;pg=1&#038;OrderBy=-ListPrice&#038;m=20101117190901935008000000&#038;search_referral_url=https%3A%2F%2Fpontiusrealty.com%2Ffr%2Fwp-json%2Fwp%2Fv2%2Fpages%2F22074%2F\"\n\t\t\t\t\t\tclass=\"flexmls-listing-photo-link flexmls-listing-photo-action--detail\"\n\t\t\t\t\t>\n\t\t\t\t\t\t<img\n\t\t\t\t\t\t\tclass=\"flexmls-listing-card__photo\"\n\t\t\t\t\t\t\tsrc=\"https:\/\/cdn.resize.sparkplatform.com\/pvr\/640x480\/true\/20260401015224136042000000-o.jpg\"\n\t\t\t\t\t\t\tsrcset=\"https:\/\/cdn.photos.sparkplatform.com\/pvr\/20260401015224136042000000.jpg 300w, https:\/\/cdn.resize.sparkplatform.com\/pvr\/640x480\/true\/20260401015224136042000000-o.jpg 640w, https:\/\/cdn.resize.sparkplatform.com\/pvr\/1280x1024\/true\/20260401015224136042000000-o.jpg 1280w\"\n\t\t\t\t\t\t\tsizes=\"auto, (min-width: 900px) 380px, (min-width: 600px) 48vw, min(480px, 100vw)\"\n\t\t\t\t\t\t\talt=\"Property photo for 320 Avenida Federaciones, MZ-C Lote 1 COTO LLUVIA, Riviera Nayarit, NA\"\n\t\t\t\t\t\t\tloading=\"lazy\" \t\t\t\t\t\t\tdecoding=\"async\"\n\t\t\t\t\t\t\twidth=\"640\"\n\t\t\t\t\t\t\theight=\"400\"\n\t\t\t\t\t\t\/>\n\t\t\t\t\t<\/a>\n\t\t\t\t\t\n\t\t\t\t\t\t\t\t\t\t\t\t\t\t\t\t\t\t\t\t\t\t\t\t<span class=\"flexmls-price\">$88,173<\/span>\n\t\t\t\t\t<div class=\"flexmls-portal-links\">\n\t\t\t\t\t\t\t\t\t\t\t<\/div>\n\t\t\t\t<\/div>\n\t\t\t\t<a href=\"https:\/\/pontiusrealty.com\/fr\/\/idx\/320-Avenida-Federaciones-MZ-C-Lote-1-COTO-LLUVIA-Riviera-Nayarit-NA-mls_42950?SubdivisionName=San+Vicente%2A&#038;pg=1&#038;OrderBy=-ListPrice&#038;m=20101117190901935008000000&#038;search_referral_url=https%3A%2F%2Fpontiusrealty.com%2Ffr%2Fwp-json%2Fwp%2Fv2%2Fpages%2F22074%2F\" class=\"flexmls-content-wrapper flexmls-listing-content-link\">\n\t\t\t\t\t<div class=\"flexmls-address\">\n\t\t\t\t\t\t320 Avenida Federaciones, MZ-C Lote 1 COTO LLUVIA, Riviera Nayarit, NA\t\t\t\t\t<\/div>\n\t\t\t\t\t<div class=\"flexmls-quick-details\">\n\t\t\t\t\t\t\t\t\t\t\t\t\t<span class=\"flexmls-status flexmls-status-active\">Active<\/span>\n\t\t\t\t\t\t\t\t\t\t\t\t\t\t\t\t\t<\/div>\n\t\t\t\t\t\t\t\t\t\t\t\t\t\t\t<div class=\"flexmls-last-modified-and-idx-wrapper\">\n\t\t\t\t\t\t\t\t\t\t\t\t\t<div class=\"flexmls-last-modified-and-label-wrapper\">\n\t\t\t\t\t\t\t\t<span class=\"flexmls-bold-label\">Last Modified:<\/span> 6:51pm, September 3, 2026\t\t\t\t\t\t\t<\/div>\n\t\t\t\t\t\t\t\t\t\t\t\t\t\t\t\t\t\t\t<img decoding=\"async\" class=\"flexmls-idx-compliance-badge\" alt=\"IDX\" src=\"https:\/\/cdn.photos.sparkplatform.com\/pvr\/20161019233658090414000000.jpg\">\n\t\t\t\t\t\t\t\t\t\t\t<\/div>\n\n\t\t\t\t\t\n\t\t\t\t\t\t\t\t\t\t\n\t\t\t\t<\/a>\n\t\t\t<\/div>\n\n\t\t\t\t\t\t\t\t\t\t\t<div\n\t\t\t\tclass=\"flexmls-listing flexmls_connect__sr_result\"\n\t\t\t\ttitle=\"320 Avenida Federaciones, MZ-B Lote 3 COTO LLUVIA, Riviera Nayarit, NA - MLS# 42949\"\n\t\t\t\tlink=\"https:\/\/pontiusrealty.com\/fr\/\/idx\/320-Avenida-Federaciones-MZ-B-Lote-3-COTO-LLUVIA-Riviera-Nayarit-NA-mls_42949?SubdivisionName=San+Vicente%2A&#038;pg=1&#038;OrderBy=-ListPrice&#038;m=20101117190901935008000000&#038;search_referral_url=https%3A%2F%2Fpontiusrealty.com%2Ffr%2Fwp-json%2Fwp%2Fv2%2Fpages%2F22074%2F\"\n\t\t\t>\n\t\t\t\t\t\t\t\t<div class=\"flexmls-image-wrapper\">\n\t\t\t\t\t<a\n\t\t\t\t\t\thref=\"https:\/\/pontiusrealty.com\/fr\/\/idx\/320-Avenida-Federaciones-MZ-B-Lote-3-COTO-LLUVIA-Riviera-Nayarit-NA-mls_42949?SubdivisionName=San+Vicente%2A&#038;pg=1&#038;OrderBy=-ListPrice&#038;m=20101117190901935008000000&#038;search_referral_url=https%3A%2F%2Fpontiusrealty.com%2Ffr%2Fwp-json%2Fwp%2Fv2%2Fpages%2F22074%2F\"\n\t\t\t\t\t\tclass=\"flexmls-listing-photo-link flexmls-listing-photo-action--detail\"\n\t\t\t\t\t>\n\t\t\t\t\t\t<img\n\t\t\t\t\t\t\tclass=\"flexmls-listing-card__photo\"\n\t\t\t\t\t\t\tsrc=\"https:\/\/cdn.resize.sparkplatform.com\/pvr\/640x480\/true\/20260331045246945064000000-o.jpg\"\n\t\t\t\t\t\t\tsrcset=\"https:\/\/cdn.photos.sparkplatform.com\/pvr\/20260331045246945064000000.jpg 300w, https:\/\/cdn.resize.sparkplatform.com\/pvr\/640x480\/true\/20260331045246945064000000-o.jpg 640w, https:\/\/cdn.resize.sparkplatform.com\/pvr\/1280x1024\/true\/20260331045246945064000000-o.jpg 1280w\"\n\t\t\t\t\t\t\tsizes=\"auto, (min-width: 900px) 380px, (min-width: 600px) 48vw, min(480px, 100vw)\"\n\t\t\t\t\t\t\talt=\"Property photo for 320 Avenida Federaciones, MZ-B Lote 3 COTO LLUVIA, Riviera Nayarit, NA\"\n\t\t\t\t\t\t\tloading=\"lazy\" \t\t\t\t\t\t\tdecoding=\"async\"\n\t\t\t\t\t\t\twidth=\"640\"\n\t\t\t\t\t\t\theight=\"400\"\n\t\t\t\t\t\t\/>\n\t\t\t\t\t<\/a>\n\t\t\t\t\t\n\t\t\t\t\t\t\t\t\t\t\t\t\t\t\t\t\t\t\t\t\t\t\t\t<span class=\"flexmls-price\">$87,841<\/span>\n\t\t\t\t\t<div class=\"flexmls-portal-links\">\n\t\t\t\t\t\t\t\t\t\t\t<\/div>\n\t\t\t\t<\/div>\n\t\t\t\t<a href=\"https:\/\/pontiusrealty.com\/fr\/\/idx\/320-Avenida-Federaciones-MZ-B-Lote-3-COTO-LLUVIA-Riviera-Nayarit-NA-mls_42949?SubdivisionName=San+Vicente%2A&#038;pg=1&#038;OrderBy=-ListPrice&#038;m=20101117190901935008000000&#038;search_referral_url=https%3A%2F%2Fpontiusrealty.com%2Ffr%2Fwp-json%2Fwp%2Fv2%2Fpages%2F22074%2F\" class=\"flexmls-content-wrapper flexmls-listing-content-link\">\n\t\t\t\t\t<div class=\"flexmls-address\">\n\t\t\t\t\t\t320 Avenida Federaciones, MZ-B Lote 3 COTO LLUVIA, Riviera Nayarit, NA\t\t\t\t\t<\/div>\n\t\t\t\t\t<div class=\"flexmls-quick-details\">\n\t\t\t\t\t\t\t\t\t\t\t\t\t<span class=\"flexmls-status flexmls-status-active\">Active<\/span>\n\t\t\t\t\t\t\t\t\t\t\t\t\t\t\t\t\t<\/div>\n\t\t\t\t\t\t\t\t\t\t\t\t\t\t\t<div class=\"flexmls-last-modified-and-idx-wrapper\">\n\t\t\t\t\t\t\t\t\t\t\t\t\t<div class=\"flexmls-last-modified-and-label-wrapper\">\n\t\t\t\t\t\t\t\t<span class=\"flexmls-bold-label\">Last Modified:<\/span> 6:59pm, September 3, 2026\t\t\t\t\t\t\t<\/div>\n\t\t\t\t\t\t\t\t\t\t\t\t\t\t\t\t\t\t\t<img decoding=\"async\" class=\"flexmls-idx-compliance-badge\" alt=\"IDX\" src=\"https:\/\/cdn.photos.sparkplatform.com\/pvr\/20161019233658090414000000.jpg\">\n\t\t\t\t\t\t\t\t\t\t\t<\/div>\n\n\t\t\t\t\t\n\t\t\t\t\t\t\t\t\t\t\n\t\t\t\t<\/a>\n\t\t\t<\/div>\n\n\t\t\t\t\t\t\t\t\t\t\t<div\n\t\t\t\tclass=\"flexmls-listing flexmls_connect__sr_result\"\n\t\t\t\ttitle=\"320 Avenida Federaciones, MZ-C Lote 3 COTO LLUVIA, Riviera Nayarit, NA - MLS# 42948\"\n\t\t\t\tlink=\"https:\/\/pontiusrealty.com\/fr\/\/idx\/320-Avenida-Federaciones-MZ-C-Lote-3-COTO-LLUVIA-Riviera-Nayarit-NA-mls_42948?SubdivisionName=San+Vicente%2A&#038;pg=1&#038;OrderBy=-ListPrice&#038;m=20101117190901935008000000&#038;search_referral_url=https%3A%2F%2Fpontiusrealty.com%2Ffr%2Fwp-json%2Fwp%2Fv2%2Fpages%2F22074%2F\"\n\t\t\t>\n\t\t\t\t\t\t\t\t<div class=\"flexmls-image-wrapper\">\n\t\t\t\t\t<a\n\t\t\t\t\t\thref=\"https:\/\/pontiusrealty.com\/fr\/\/idx\/320-Avenida-Federaciones-MZ-C-Lote-3-COTO-LLUVIA-Riviera-Nayarit-NA-mls_42948?SubdivisionName=San+Vicente%2A&#038;pg=1&#038;OrderBy=-ListPrice&#038;m=20101117190901935008000000&#038;search_referral_url=https%3A%2F%2Fpontiusrealty.com%2Ffr%2Fwp-json%2Fwp%2Fv2%2Fpages%2F22074%2F\"\n\t\t\t\t\t\tclass=\"flexmls-listing-photo-link flexmls-listing-photo-action--detail\"\n\t\t\t\t\t>\n\t\t\t\t\t\t<img\n\t\t\t\t\t\t\tclass=\"flexmls-listing-card__photo\"\n\t\t\t\t\t\t\tsrc=\"https:\/\/cdn.resize.sparkplatform.com\/pvr\/640x480\/true\/20260401014824077466000000-o.jpg\"\n\t\t\t\t\t\t\tsrcset=\"https:\/\/cdn.photos.sparkplatform.com\/pvr\/20260401014824077466000000.jpg 300w, https:\/\/cdn.resize.sparkplatform.com\/pvr\/640x480\/true\/20260401014824077466000000-o.jpg 640w, https:\/\/cdn.resize.sparkplatform.com\/pvr\/1280x1024\/true\/20260401014824077466000000-o.jpg 1280w\"\n\t\t\t\t\t\t\tsizes=\"auto, (min-width: 900px) 380px, (min-width: 600px) 48vw, min(480px, 100vw)\"\n\t\t\t\t\t\t\talt=\"Property photo for 320 Avenida Federaciones, MZ-C Lote 3 COTO LLUVIA, Riviera Nayarit, NA\"\n\t\t\t\t\t\t\tloading=\"lazy\" \t\t\t\t\t\t\tdecoding=\"async\"\n\t\t\t\t\t\t\twidth=\"640\"\n\t\t\t\t\t\t\theight=\"400\"\n\t\t\t\t\t\t\/>\n\t\t\t\t\t<\/a>\n\t\t\t\t\t\n\t\t\t\t\t\t\t\t\t\t\t\t\t\t\t\t\t\t\t\t\t\t\t\t<span class=\"flexmls-price\">$86,992<\/span>\n\t\t\t\t\t<div class=\"flexmls-portal-links\">\n\t\t\t\t\t\t\t\t\t\t\t<\/div>\n\t\t\t\t<\/div>\n\t\t\t\t<a href=\"https:\/\/pontiusrealty.com\/fr\/\/idx\/320-Avenida-Federaciones-MZ-C-Lote-3-COTO-LLUVIA-Riviera-Nayarit-NA-mls_42948?SubdivisionName=San+Vicente%2A&#038;pg=1&#038;OrderBy=-ListPrice&#038;m=20101117190901935008000000&#038;search_referral_url=https%3A%2F%2Fpontiusrealty.com%2Ffr%2Fwp-json%2Fwp%2Fv2%2Fpages%2F22074%2F\" class=\"flexmls-content-wrapper flexmls-listing-content-link\">\n\t\t\t\t\t<div class=\"flexmls-address\">\n\t\t\t\t\t\t320 Avenida Federaciones, MZ-C Lote 3 COTO LLUVIA, Riviera Nayarit, NA\t\t\t\t\t<\/div>\n\t\t\t\t\t<div class=\"flexmls-quick-details\">\n\t\t\t\t\t\t\t\t\t\t\t\t\t<span class=\"flexmls-status flexmls-status-active\">Active<\/span>\n\t\t\t\t\t\t\t\t\t\t\t\t\t\t\t\t\t<\/div>\n\t\t\t\t\t\t\t\t\t\t\t\t\t\t\t<div class=\"flexmls-last-modified-and-idx-wrapper\">\n\t\t\t\t\t\t\t\t\t\t\t\t\t<div class=\"flexmls-last-modified-and-label-wrapper\">\n\t\t\t\t\t\t\t\t<span class=\"flexmls-bold-label\">Last Modified:<\/span> 6:56pm, September 3, 2026\t\t\t\t\t\t\t<\/div>\n\t\t\t\t\t\t\t\t\t\t\t\t\t\t\t\t\t\t\t<img decoding=\"async\" class=\"flexmls-idx-compliance-badge\" alt=\"IDX\" src=\"https:\/\/cdn.photos.sparkplatform.com\/pvr\/20161019233658090414000000.jpg\">\n\t\t\t\t\t\t\t\t\t\t\t<\/div>\n\n\t\t\t\t\t\n\t\t\t\t\t\t\t\t\t\t\n\t\t\t\t<\/a>\n\t\t\t<\/div>\n\n\t\t\t<\/div>\n\n\t\t\t\t\t <div class='flexmls_connect__sr_pagination'>    <span>1<\/span>     <a href='https:\/\/pontiusrealty.com\/fr\/wp-json\/wp\/v2\/pages\/22074\/?pg=2'>2<\/a>      <a href='https:\/\/pontiusrealty.com\/fr\/wp-json\/wp\/v2\/pages\/22074\/?pg=2'>Next<\/a>  <\/div><!-- pagination -->\t\n\t<div class='flexmls_connect__idx_disclosure_text flexmls_connect__disclaimer_text'>\n\t\t'This information is deemed to be reliable, but is not guaranteed. The information herein provided has been made available by the Flexmls IDX System and may not be the listing of the provider'.\t<\/div>\n\t<hr \/>\n\t<div class=\"fbs-branding\" style=\"text-align: center;\">\n\t\t<a href=\"https:\/\/fbsproducts.com\/?utm_source%3Dwp_plugin%26utm_medium%3Dsoftware%26utm_campaign%3Dpowered_by%26utm_content%3Dpowered_by\" target=\"_blank\">Search powered by FBS Products<\/a>\t<\/div>\n<\/div>\n            \t\t\t\t<\/div>\n\t\t\t\t<\/div>\n\t\t\t\t<div class=\"elementor-element elementor-element-2ad1f9a elementor-widget elementor-widget-houzez_elementor_space\" data-id=\"2ad1f9a\" data-element_type=\"widget\" data-e-type=\"widget\" data-widget_type=\"houzez_elementor_space.default\">\n\t\t\t\t<div class=\"elementor-widget-container\">\n\t\t\t\t\t        <div class=\"houzez-spacer\">\n            <div class=\"houzez-spacer-inner\"><\/div>\n        <\/div>\n        \t\t\t\t<\/div>\n\t\t\t\t<\/div>\n\t\t<div class=\"elementor-element elementor-element-42fc628 e-con-full e-flex e-con e-child\" data-id=\"42fc628\" data-element_type=\"container\" data-e-type=\"container\">\n\t\t<div class=\"elementor-element elementor-element-b41b7bf e-con-full fila-asesoria-ciudad e-flex e-con e-child\" data-id=\"b41b7bf\" data-element_type=\"container\" data-e-type=\"container\" data-settings=\"{&quot;background_background&quot;:&quot;classic&quot;}\">\n\t\t<div class=\"elementor-element elementor-element-be2626d e-con-full contenido-ciudad e-flex e-con e-child\" data-id=\"be2626d\" data-element_type=\"container\" data-e-type=\"container\">\n\t\t\t\t<div class=\"elementor-element elementor-element-0ccf41b titulo-ciudad elementor-widget elementor-widget-houzez_elementor_section_title\" data-id=\"0ccf41b\" data-element_type=\"widget\" data-e-type=\"widget\" data-widget_type=\"houzez_elementor_section_title.default\">\n\t\t\t\t<div class=\"elementor-widget-container\">\n\t\t\t\t\t            <div class=\"houzez_section_title_wrap section-title-module\">\n                                    <h2 class=\"houzez_section_title\">Trouvez la propri\u00e9t\u00e9 id\u00e9ale \u00e0 San Vicente.<\/h2>\n                \n                                    <p class=\"houzez_section_subtitle\">Nous vous aidons \u00e0 choisir selon vos objectifs, votre budget et votre style de vie.\n<\/p>\n                            <\/div>\n            \t\t\t\t<\/div>\n\t\t\t\t<\/div>\n\t\t<a class=\"elementor-element elementor-element-b8dc7a2 e-con-full whatsapp-ciudad e-flex e-con e-child\" data-id=\"b8dc7a2\" data-element_type=\"container\" data-e-type=\"container\" href=\"http:\/\/wa.link\/oh440i\">\n\t\t\t\t<div class=\"elementor-element elementor-element-c550bb2 elementor-view-default elementor-widget elementor-widget-icon\" data-id=\"c550bb2\" data-element_type=\"widget\" data-e-type=\"widget\" data-widget_type=\"icon.default\">\n\t\t\t\t\t\t\t<div class=\"elementor-icon-wrapper\">\n\t\t\t<div class=\"elementor-icon\">\n\t\t\t<svg aria-hidden=\"true\" class=\"e-font-icon-svg e-fab-whatsapp\" viewBox=\"0 0 448 512\" xmlns=\"http:\/\/www.w3.org\/2000\/svg\"><path d=\"M380.9 97.1C339 55.1 283.2 32 223.9 32c-122.4 0-222 99.6-222 222 0 39.1 10.2 77.3 29.6 111L0 480l117.7-30.9c32.4 17.7 68.9 27 106.1 27h.1c122.3 0 224.1-99.6 224.1-222 0-59.3-25.2-115-67.1-157zm-157 341.6c-33.2 0-65.7-8.9-94-25.7l-6.7-4-69.8 18.3L72 359.2l-4.4-7c-18.5-29.4-28.2-63.3-28.2-98.2 0-101.7 82.8-184.5 184.6-184.5 49.3 0 95.6 19.2 130.4 54.1 34.8 34.9 56.2 81.2 56.1 130.5 0 101.8-84.9 184.6-186.6 184.6zm101.2-138.2c-5.5-2.8-32.8-16.2-37.9-18-5.1-1.9-8.8-2.8-12.5 2.8-3.7 5.6-14.3 18-17.6 21.8-3.2 3.7-6.5 4.2-12 1.4-32.6-16.3-54-29.1-75.5-66-5.7-9.8 5.7-9.1 16.3-30.3 1.8-3.7.9-6.9-.5-9.7-1.4-2.8-12.5-30.1-17.1-41.2-4.5-10.8-9.1-9.3-12.5-9.5-3.2-.2-6.9-.2-10.6-.2-3.7 0-9.7 1.4-14.8 6.9-5.1 5.6-19.4 19-19.4 46.3 0 27.3 19.9 53.7 22.6 57.4 2.8 3.7 39.1 59.7 94.8 83.8 35.2 15.2 49 16.5 66.6 13.9 10.7-1.6 32.8-13.4 37.4-26.4 4.6-13 4.6-24.1 3.2-26.4-1.3-2.5-5-3.9-10.5-6.6z\"><\/path><\/svg>\t\t\t<\/div>\n\t\t<\/div>\n\t\t\t\t\t\t<\/div>\n\t\t\t\t<div class=\"elementor-element elementor-element-22e1d2f elementor-widget elementor-widget-text-editor\" data-id=\"22e1d2f\" data-element_type=\"widget\" data-e-type=\"widget\" data-widget_type=\"text-editor.default\">\n\t\t\t\t\t\t\t\t\t<strong>Vous pr\u00e9f\u00e9rez \u00e9changer sur WhatsApp ?<\/strong>\n<span>\u00c9crivez-nous directement, nous vous r\u00e9pondrons au plus vite.<\/span>\t\t\t\t\t\t\t\t<\/div>\n\t\t\t\t<\/a>\n\t\t\t\t<\/div>\n\t\t<div class=\"elementor-element elementor-element-cbed2ff e-con-full tarjeta-form-contacto e-flex e-con e-child\" data-id=\"cbed2ff\" data-element_type=\"container\" data-e-type=\"container\" data-settings=\"{&quot;background_background&quot;:&quot;classic&quot;}\">\n\t\t\t\t<div class=\"elementor-element elementor-element-20b7f6b elementor-button-align-stretch elementor-widget elementor-widget-form\" data-id=\"20b7f6b\" data-element_type=\"widget\" data-e-type=\"widget\" data-settings=\"{&quot;step_next_label&quot;:&quot;Suivant&quot;,&quot;step_previous_label&quot;:&quot;Pr\\u00e9c\\u00e9dent&quot;,&quot;button_width&quot;:&quot;100&quot;,&quot;step_type&quot;:&quot;number_text&quot;,&quot;step_icon_shape&quot;:&quot;circle&quot;}\" data-widget_type=\"form.default\">\n\t\t\t\t\t\t\t<form class=\"elementor-form\" method=\"post\" name=\"Formulaire de contact\" aria-label=\"Formulaire de contact\">\n\t\t\t<input type=\"hidden\" name=\"post_id\" value=\"22074\"\/>\n\t\t\t<input type=\"hidden\" name=\"form_id\" value=\"20b7f6b\"\/>\n\t\t\t<input type=\"hidden\" name=\"referer_title\" value=\"Pontius Realty Group\" \/>\n\n\t\t\t\n\t\t\t<div class=\"elementor-form-fields-wrapper elementor-labels-above\">\n\t\t\t\t\t\t\t\t<div class=\"elementor-field-type-text elementor-field-group elementor-column elementor-field-group-nombre elementor-col-100 elementor-field-required\">\n\t\t\t\t\t\t\t\t\t\t\t\t\t<input size=\"1\" type=\"text\" name=\"form_fields[nombre]\" id=\"form-field-nombre\" class=\"elementor-field elementor-size-sm  elementor-field-textual\" placeholder=\"Nom complet\" required=\"required\">\n\t\t\t\t\t\t\t\t\t\t\t<\/div>\n\t\t\t\t\t\t\t\t<div class=\"elementor-field-type-email elementor-field-group elementor-column elementor-field-group-correo elementor-col-100 elementor-field-required\">\n\t\t\t\t\t\t\t\t\t\t\t\t\t<input size=\"1\" type=\"email\" name=\"form_fields[correo]\" id=\"form-field-correo\" class=\"elementor-field elementor-size-sm  elementor-field-textual\" placeholder=\"E-mail\" required=\"required\">\n\t\t\t\t\t\t\t\t\t\t\t<\/div>\n\t\t\t\t\t\t\t\t<div class=\"elementor-field-type-tel elementor-field-group elementor-column elementor-field-group-telefono elementor-col-100 elementor-field-required\">\n\t\t\t\t\t\t\t<input size=\"1\" type=\"tel\" name=\"form_fields[telefono]\" id=\"form-field-telefono\" class=\"elementor-field elementor-size-sm  elementor-field-textual\" placeholder=\"T\u00e9l\u00e9phone \/ WhatsApp\" required=\"required\" pattern=\"[0-9()#&amp;+*-=.]+\" title=\"Only numbers and phone characters (#, -, *, etc) are accepted.\">\n\n\t\t\t\t\t\t<\/div>\n\t\t\t\t\t\t\t\t<div class=\"elementor-field-type-acceptance elementor-field-group elementor-column elementor-field-group-aviso_privacidad elementor-col-100\">\n\t\t\t\t\t\t\t<div class=\"elementor-field-subgroup\">\n\t\t\t<span class=\"elementor-field-option\">\n\t\t\t\t<input type=\"checkbox\" name=\"form_fields[aviso_privacidad]\" id=\"form-field-aviso_privacidad\" class=\"elementor-field elementor-size-sm  elementor-acceptance-field\">\n\t\t\t\t<label for=\"form-field-aviso_privacidad\">J\u2019accepte la <a href=\"https:\/\/pontiusrealty.com\/fr\/avis-de-confidentialite\/\" target=\"_blank\" rel=\"noopener\">Politique de confidentialit\u00e9.<\/a><\/label>\t\t\t<\/span>\n\t\t<\/div>\n\t\t\t\t\t\t<\/div>\n\t\t\t\t\t\t\t\t<div class=\"elementor-field-type-acceptance elementor-field-group elementor-column elementor-field-group-novedades elementor-col-100\">\n\t\t\t\t\t\t\t<div class=\"elementor-field-subgroup\">\n\t\t\t<span class=\"elementor-field-option\">\n\t\t\t\t<input type=\"checkbox\" name=\"form_fields[novedades]\" id=\"form-field-novedades\" class=\"elementor-field elementor-size-sm  elementor-acceptance-field\">\n\t\t\t\t<label for=\"form-field-novedades\">Je souhaite recevoir des offres immobili\u00e8res et des nouveaut\u00e9s.<\/label>\t\t\t<\/span>\n\t\t<\/div>\n\t\t\t\t\t\t<\/div>\n\t\t\t\t\t\t\t\t<div class=\"elementor-field-group elementor-column elementor-field-type-submit elementor-col-100 e-form__buttons\">\n\t\t\t\t\t<button class=\"elementor-button elementor-size-md\" type=\"submit\">\n\t\t\t\t\t\t<span class=\"elementor-button-content-wrapper\">\n\t\t\t\t\t\t\t\t\t\t\t\t\t\t\t\t\t\t\t\t\t\t<span class=\"elementor-button-text\">Parler \u00e0 un conseiller \u2192<\/span>\n\t\t\t\t\t\t\t\t\t\t\t\t\t<\/span>\n\t\t\t\t\t<\/button>\n\t\t\t\t<\/div>\n\t\t\t<\/div>\n\t\t<\/form>\n\t\t\t\t\t\t<\/div>\n\t\t\t\t<\/div>\n\t\t\t\t<\/div>\n\t\t\t\t<\/div>\n\t\t<div class=\"elementor-element elementor-element-6c41f1e e-con-full faq-ciudad e-flex e-con e-child\" data-id=\"6c41f1e\" data-element_type=\"container\" data-e-type=\"container\" data-settings=\"{&quot;background_background&quot;:&quot;classic&quot;}\">\n\t\t\t\t<div class=\"elementor-element elementor-element-55f25be titulo-faq-ciudad elementor-widget elementor-widget-houzez_elementor_section_title\" data-id=\"55f25be\" data-element_type=\"widget\" data-e-type=\"widget\" data-widget_type=\"houzez_elementor_section_title.default\">\n\t\t\t\t<div class=\"elementor-widget-container\">\n\t\t\t\t\t            <div class=\"houzez_section_title_wrap section-title-module\">\n                                    <h2 class=\"houzez_section_title\">Questions fr\u00e9quentes sur Jarretaderas<\/h2>\n                \n                                    <p class=\"houzez_section_subtitle\">Retrouvez les r\u00e9ponses aux questions les plus fr\u00e9quentes avant d\u2019acheter un bien dans le secteur.\n<\/p>\n                            <\/div>\n            \t\t\t\t<\/div>\n\t\t\t\t<\/div>\n\t\t\t\t<div class=\"elementor-element elementor-element-d726ee6 acordeon-faq-ciudad elementor-widget elementor-widget-n-accordion\" data-id=\"d726ee6\" data-element_type=\"widget\" data-e-type=\"widget\" data-settings=\"{&quot;default_state&quot;:&quot;all_collapsed&quot;,&quot;n_accordion_animation_duration&quot;:{&quot;unit&quot;:&quot;ms&quot;,&quot;size&quot;:100,&quot;sizes&quot;:[]},&quot;max_items_expended&quot;:&quot;one&quot;}\" data-widget_type=\"nested-accordion.default\">\n\t\t\t\t\t\t\t<div class=\"e-n-accordion\" aria-label=\"Accordion. Open links with Enter or Space, close with Escape, and navigate with Arrow Keys\">\n\t\t\t\t\t\t<details id=\"e-n-accordion-item-2250\" class=\"e-n-accordion-item\" >\n\t\t\t\t<summary class=\"e-n-accordion-item-title\" data-accordion-index=\"1\" tabindex=\"0\" aria-expanded=\"false\" aria-controls=\"e-n-accordion-item-2250\" >\n\t\t\t\t\t<span class='e-n-accordion-item-title-header'><div class=\"e-n-accordion-item-title-text\"> Qu\u2019est-ce qui distingue San Vicente des autres secteurs de la baie ? <\/div><\/span>\n\t\t\t\t\t\t\t<span class='e-n-accordion-item-title-icon'>\n\t\t\t<span class='e-opened' ><svg aria-hidden=\"true\" class=\"e-font-icon-svg e-fas-angle-up\" viewBox=\"0 0 320 512\" xmlns=\"http:\/\/www.w3.org\/2000\/svg\"><path d=\"M177 159.7l136 136c9.4 9.4 9.4 24.6 0 33.9l-22.6 22.6c-9.4 9.4-24.6 9.4-33.9 0L160 255.9l-96.4 96.4c-9.4 9.4-24.6 9.4-33.9 0L7 329.7c-9.4-9.4-9.4-24.6 0-33.9l136-136c9.4-9.5 24.6-9.5 34-.1z\"><\/path><\/svg><\/span>\n\t\t\t<span class='e-closed'><svg aria-hidden=\"true\" class=\"e-font-icon-svg e-fas-angle-down\" viewBox=\"0 0 320 512\" xmlns=\"http:\/\/www.w3.org\/2000\/svg\"><path d=\"M143 352.3L7 216.3c-9.4-9.4-9.4-24.6 0-33.9l22.6-22.6c9.4-9.4 24.6-9.4 33.9 0l96.4 96.4 96.4-96.4c9.4-9.4 24.6-9.4 33.9 0l22.6 22.6c9.4 9.4 9.4 24.6 0 33.9l-136 136c-9.2 9.4-24.4 9.4-33.8 0z\"><\/path><\/svg><\/span>\n\t\t<\/span>\n\n\t\t\t\t\t\t<\/summary>\n\t\t\t\t<div role=\"region\" aria-labelledby=\"e-n-accordion-item-2250\" class=\"elementor-element elementor-element-79b7976 e-con-full e-flex e-con e-child\" data-id=\"79b7976\" data-element_type=\"container\" data-e-type=\"container\">\n\t\t\t\t<div class=\"elementor-element elementor-element-58ef0f5 elementor-widget elementor-widget-text-editor\" data-id=\"58ef0f5\" data-element_type=\"widget\" data-e-type=\"widget\" data-widget_type=\"text-editor.default\">\n\t\t\t\t\t\t\t\t\t<p>San Vicente se distingue par son caract\u00e8re r\u00e9sidentiel, son d\u00e9veloppement rapide et un mode de vie davantage ax\u00e9 sur le quotidien que sur le tourisme. On y trouve g\u00e9n\u00e9ralement des logements plus spacieux et \u00e0 des prix plus accessibles que dans les secteurs proches de la plage, ainsi que des commerces, des \u00e9coles et des services pour la vie de tous les jours. Sa proximit\u00e9 avec Mezcales, Bucer\u00edas et Nuevo Nayarit en fait une option int\u00e9ressante pour ceux qui souhaitent vivre dans un secteur bien connect\u00e9 ou investir dans une zone offrant un potentiel de d\u00e9veloppement \u00e0 moyen terme.  <\/p>\t\t\t\t\t\t\t\t<\/div>\n\t\t\t\t<\/div>\n\t\t\t\t\t<\/details>\n\t\t\t\t\t\t<details id=\"e-n-accordion-item-2251\" class=\"e-n-accordion-item\" >\n\t\t\t\t<summary class=\"e-n-accordion-item-title\" data-accordion-index=\"2\" tabindex=\"-1\" aria-expanded=\"false\" aria-controls=\"e-n-accordion-item-2251\" >\n\t\t\t\t\t<span class='e-n-accordion-item-title-header'><div class=\"e-n-accordion-item-title-text\"> \u00c0 quelle distance se trouve l\u2019a\u00e9roport ? <\/div><\/span>\n\t\t\t\t\t\t\t<span class='e-n-accordion-item-title-icon'>\n\t\t\t<span class='e-opened' ><svg aria-hidden=\"true\" class=\"e-font-icon-svg e-fas-angle-up\" viewBox=\"0 0 320 512\" xmlns=\"http:\/\/www.w3.org\/2000\/svg\"><path d=\"M177 159.7l136 136c9.4 9.4 9.4 24.6 0 33.9l-22.6 22.6c-9.4 9.4-24.6 9.4-33.9 0L160 255.9l-96.4 96.4c-9.4 9.4-24.6 9.4-33.9 0L7 329.7c-9.4-9.4-9.4-24.6 0-33.9l136-136c9.4-9.5 24.6-9.5 34-.1z\"><\/path><\/svg><\/span>\n\t\t\t<span class='e-closed'><svg aria-hidden=\"true\" class=\"e-font-icon-svg e-fas-angle-down\" viewBox=\"0 0 320 512\" xmlns=\"http:\/\/www.w3.org\/2000\/svg\"><path d=\"M143 352.3L7 216.3c-9.4-9.4-9.4-24.6 0-33.9l22.6-22.6c9.4-9.4 24.6-9.4 33.9 0l96.4 96.4 96.4-96.4c9.4-9.4 24.6-9.4 33.9 0l22.6 22.6c9.4 9.4 9.4 24.6 0 33.9l-136 136c-9.2 9.4-24.4 9.4-33.8 0z\"><\/path><\/svg><\/span>\n\t\t<\/span>\n\n\t\t\t\t\t\t<\/summary>\n\t\t\t\t<div role=\"region\" aria-labelledby=\"e-n-accordion-item-2251\" class=\"elementor-element elementor-element-1a159e1 e-con-full e-flex e-con e-child\" data-id=\"1a159e1\" data-element_type=\"container\" data-e-type=\"container\">\n\t\t\t\t<div class=\"elementor-element elementor-element-744720a elementor-widget elementor-widget-text-editor\" data-id=\"744720a\" data-element_type=\"widget\" data-e-type=\"widget\" data-widget_type=\"text-editor.default\">\n\t\t\t\t\t\t\t\t\t<p class=\"font-claude-response-body break-words whitespace-normal leading-[1.7]\">San Vicente se trouve \u00e0 environ 15 kilom\u00e8tres de l\u2019a\u00e9roport international de Puerto Vallarta. Le trajet prend g\u00e9n\u00e9ralement entre 20 et 25 minutes en voiture, selon la circulation, ce qui permet de profiter d\u2019un environnement r\u00e9sidentiel tout en restant relativement proche de l\u2019a\u00e9roport. <\/p>\t\t\t\t\t\t\t\t<\/div>\n\t\t\t\t<\/div>\n\t\t\t\t\t<\/details>\n\t\t\t\t\t\t<details id=\"e-n-accordion-item-2252\" class=\"e-n-accordion-item\" >\n\t\t\t\t<summary class=\"e-n-accordion-item-title\" data-accordion-index=\"3\" tabindex=\"-1\" aria-expanded=\"false\" aria-controls=\"e-n-accordion-item-2252\" >\n\t\t\t\t\t<span class='e-n-accordion-item-title-header'><div class=\"e-n-accordion-item-title-text\"> San Vicente est-elle un bon secteur pour la location saisonni\u00e8re ? <\/div><\/span>\n\t\t\t\t\t\t\t<span class='e-n-accordion-item-title-icon'>\n\t\t\t<span class='e-opened' ><svg aria-hidden=\"true\" class=\"e-font-icon-svg e-fas-angle-up\" viewBox=\"0 0 320 512\" xmlns=\"http:\/\/www.w3.org\/2000\/svg\"><path d=\"M177 159.7l136 136c9.4 9.4 9.4 24.6 0 33.9l-22.6 22.6c-9.4 9.4-24.6 9.4-33.9 0L160 255.9l-96.4 96.4c-9.4 9.4-24.6 9.4-33.9 0L7 329.7c-9.4-9.4-9.4-24.6 0-33.9l136-136c9.4-9.5 24.6-9.5 34-.1z\"><\/path><\/svg><\/span>\n\t\t\t<span class='e-closed'><svg aria-hidden=\"true\" class=\"e-font-icon-svg e-fas-angle-down\" viewBox=\"0 0 320 512\" xmlns=\"http:\/\/www.w3.org\/2000\/svg\"><path d=\"M143 352.3L7 216.3c-9.4-9.4-9.4-24.6 0-33.9l22.6-22.6c9.4-9.4 24.6-9.4 33.9 0l96.4 96.4 96.4-96.4c9.4-9.4 24.6-9.4 33.9 0l22.6 22.6c9.4 9.4 9.4 24.6 0 33.9l-136 136c-9.2 9.4-24.4 9.4-33.8 0z\"><\/path><\/svg><\/span>\n\t\t<\/span>\n\n\t\t\t\t\t\t<\/summary>\n\t\t\t\t<div role=\"region\" aria-labelledby=\"e-n-accordion-item-2252\" class=\"elementor-element elementor-element-31bd731 e-con-full e-flex e-con e-child\" data-id=\"31bd731\" data-element_type=\"container\" data-e-type=\"container\">\n\t\t\t\t<div class=\"elementor-element elementor-element-e708798 elementor-widget elementor-widget-text-editor\" data-id=\"e708798\" data-element_type=\"widget\" data-e-type=\"widget\" data-widget_type=\"text-editor.default\">\n\t\t\t\t\t\t\t\t\t<p class=\"font-claude-response-body break-words whitespace-normal leading-[1.7]\">San Vicente n\u2019a pas le m\u00eame profil touristique que les secteurs en bord de mer et convient donc g\u00e9n\u00e9ralement mieux aux locations de moyenne ou longue dur\u00e9e. Le secteur peut attirer des familles, des travailleurs et des visiteurs \u00e0 la recherche d\u2019une option plus accessible et bien reli\u00e9e \u00e0 Mezcales, Bucer\u00edas et Nuevo Nayarit. Pour la location saisonni\u00e8re, le potentiel d\u00e9pendra notamment des \u00e9quipements, du stationnement et de la facilit\u00e9 d\u2019acc\u00e8s aux plages.  <\/p>\t\t\t\t\t\t\t\t<\/div>\n\t\t\t\t<\/div>\n\t\t\t\t\t<\/details>\n\t\t\t\t\t\t<details id=\"e-n-accordion-item-2253\" class=\"e-n-accordion-item\" >\n\t\t\t\t<summary class=\"e-n-accordion-item-title\" data-accordion-index=\"4\" tabindex=\"-1\" aria-expanded=\"false\" aria-controls=\"e-n-accordion-item-2253\" >\n\t\t\t\t\t<span class='e-n-accordion-item-title-header'><div class=\"e-n-accordion-item-title-text\"> Quels frais suppl\u00e9mentaires faut-il pr\u00e9voir lors de l\u2019achat ? <\/div><\/span>\n\t\t\t\t\t\t\t<span class='e-n-accordion-item-title-icon'>\n\t\t\t<span class='e-opened' ><svg aria-hidden=\"true\" class=\"e-font-icon-svg e-fas-angle-up\" viewBox=\"0 0 320 512\" xmlns=\"http:\/\/www.w3.org\/2000\/svg\"><path d=\"M177 159.7l136 136c9.4 9.4 9.4 24.6 0 33.9l-22.6 22.6c-9.4 9.4-24.6 9.4-33.9 0L160 255.9l-96.4 96.4c-9.4 9.4-24.6 9.4-33.9 0L7 329.7c-9.4-9.4-9.4-24.6 0-33.9l136-136c9.4-9.5 24.6-9.5 34-.1z\"><\/path><\/svg><\/span>\n\t\t\t<span class='e-closed'><svg aria-hidden=\"true\" class=\"e-font-icon-svg e-fas-angle-down\" viewBox=\"0 0 320 512\" xmlns=\"http:\/\/www.w3.org\/2000\/svg\"><path d=\"M143 352.3L7 216.3c-9.4-9.4-9.4-24.6 0-33.9l22.6-22.6c9.4-9.4 24.6-9.4 33.9 0l96.4 96.4 96.4-96.4c9.4-9.4 24.6-9.4 33.9 0l22.6 22.6c9.4 9.4 9.4 24.6 0 33.9l-136 136c-9.2 9.4-24.4 9.4-33.8 0z\"><\/path><\/svg><\/span>\n\t\t<\/span>\n\n\t\t\t\t\t\t<\/summary>\n\t\t\t\t<div role=\"region\" aria-labelledby=\"e-n-accordion-item-2253\" class=\"elementor-element elementor-element-24e4370 e-con-full e-flex e-con e-child\" data-id=\"24e4370\" data-element_type=\"container\" data-e-type=\"container\">\n\t\t\t\t<div class=\"elementor-element elementor-element-fd02e6f elementor-widget elementor-widget-text-editor\" data-id=\"fd02e6f\" data-element_type=\"widget\" data-e-type=\"widget\" data-widget_type=\"text-editor.default\">\n\t\t\t\t\t\t\t\t\t<p class=\"font-claude-response-body break-words whitespace-normal leading-[1.7]\">Au Mexique, il faut g\u00e9n\u00e9ralement pr\u00e9voir entre 5 % et 8 % du prix du bien pour les frais li\u00e9s \u00e0 l\u2019acquisition. Ceux-ci peuvent notamment inclure l\u2019ISAI (taxe d\u2019acquisition), les frais de notaire, les frais d\u2019enregistrement et les autres co\u00fbts li\u00e9s au transfert de propri\u00e9t\u00e9. Nous vous fournirons une estimation d\u00e9taill\u00e9e avant que vous ne vous engagiez dans l\u2019achat. <\/p>\t\t\t\t\t\t\t\t<\/div>\n\t\t\t\t<\/div>\n\t\t\t\t\t<\/details>\n\t\t\t\t\t\t<details id=\"e-n-accordion-item-2254\" class=\"e-n-accordion-item\" >\n\t\t\t\t<summary class=\"e-n-accordion-item-title\" data-accordion-index=\"5\" tabindex=\"-1\" aria-expanded=\"false\" aria-controls=\"e-n-accordion-item-2254\" >\n\t\t\t\t\t<span class='e-n-accordion-item-title-header'><div class=\"e-n-accordion-item-title-text\"> Puis-je acheter un bien au Mexique en tant qu\u2019\u00e9tranger ? <\/div><\/span>\n\t\t\t\t\t\t\t<span class='e-n-accordion-item-title-icon'>\n\t\t\t<span class='e-opened' ><svg aria-hidden=\"true\" class=\"e-font-icon-svg e-fas-angle-up\" viewBox=\"0 0 320 512\" xmlns=\"http:\/\/www.w3.org\/2000\/svg\"><path d=\"M177 159.7l136 136c9.4 9.4 9.4 24.6 0 33.9l-22.6 22.6c-9.4 9.4-24.6 9.4-33.9 0L160 255.9l-96.4 96.4c-9.4 9.4-24.6 9.4-33.9 0L7 329.7c-9.4-9.4-9.4-24.6 0-33.9l136-136c9.4-9.5 24.6-9.5 34-.1z\"><\/path><\/svg><\/span>\n\t\t\t<span class='e-closed'><svg aria-hidden=\"true\" class=\"e-font-icon-svg e-fas-angle-down\" viewBox=\"0 0 320 512\" xmlns=\"http:\/\/www.w3.org\/2000\/svg\"><path d=\"M143 352.3L7 216.3c-9.4-9.4-9.4-24.6 0-33.9l22.6-22.6c9.4-9.4 24.6-9.4 33.9 0l96.4 96.4 96.4-96.4c9.4-9.4 24.6-9.4 33.9 0l22.6 22.6c9.4 9.4 9.4 24.6 0 33.9l-136 136c-9.2 9.4-24.4 9.4-33.8 0z\"><\/path><\/svg><\/span>\n\t\t<\/span>\n\n\t\t\t\t\t\t<\/summary>\n\t\t\t\t<div role=\"region\" aria-labelledby=\"e-n-accordion-item-2254\" class=\"elementor-element elementor-element-586e012 e-con-full e-flex e-con e-child\" data-id=\"586e012\" data-element_type=\"container\" data-e-type=\"container\">\n\t\t\t\t<div class=\"elementor-element elementor-element-b0af0f9 elementor-widget elementor-widget-text-editor\" data-id=\"b0af0f9\" data-element_type=\"widget\" data-e-type=\"widget\" data-widget_type=\"text-editor.default\">\n\t\t\t\t\t\t\t\t\t<p class=\"font-claude-response-body break-words whitespace-normal leading-[1.7]\">Oui. Les \u00e9trangers peuvent acheter un bien immobilier dans les zones c\u00f4ti\u00e8res du Mexique par l\u2019interm\u00e9diaire d\u2019un fideicomiso, ou trust bancaire. Cette structure juridique permet au propri\u00e9taire d\u2019utiliser, de louer, de vendre et de transmettre le bien. Les frais annuels du fideicomiso sont g\u00e9n\u00e9ralement de l\u2019ordre de 500 \u00e0 700 USD. Nous vous accompagnons \u00e0 chaque \u00e9tape du processus.   <\/p>\t\t\t\t\t\t\t\t<\/div>\n\t\t\t\t<\/div>\n\t\t\t\t\t<\/details>\n\t\t\t\t\t<\/div>\n\t\t\t\t\t\t<\/div>\n\t\t\t\t<div class=\"elementor-element elementor-element-e2af6eb elementor-widget elementor-widget-houzez_elementor_space\" data-id=\"e2af6eb\" data-element_type=\"widget\" data-e-type=\"widget\" data-widget_type=\"houzez_elementor_space.default\">\n\t\t\t\t<div class=\"elementor-widget-container\">\n\t\t\t\t\t        <div class=\"houzez-spacer\">\n            <div class=\"houzez-spacer-inner\"><\/div>\n        <\/div>\n        \t\t\t\t<\/div>\n\t\t\t\t<\/div>\n\t\t\t\t<\/div>\n\t\t\t\t\t<\/div>\n\t\t\t\t<\/div>\n\t\t<div class=\"elementor-element elementor-element-1606a11 e-con-full pontius-zonas-relacionadas e-flex e-con e-parent\" data-id=\"1606a11\" data-element_type=\"container\" data-e-type=\"container\">\n\t\t<div class=\"elementor-element elementor-element-a4f2b2c e-con-full pontius-zonas-relacionadas-inner e-flex e-con e-child\" data-id=\"a4f2b2c\" data-element_type=\"container\" data-e-type=\"container\">\n\t\t\t\t<div class=\"elementor-element elementor-element-1866c07 pontius-zonas-relacionadas-title elementor-widget elementor-widget-heading\" data-id=\"1866c07\" data-element_type=\"widget\" data-e-type=\"widget\" data-widget_type=\"heading.default\">\n\t\t\t\t\t<h2 class=\"elementor-heading-title elementor-size-default\">Secteurs \u00e0 d\u00e9couvrir<\/h2>\t\t\t\t<\/div>\n\t\t\t\t<div class=\"elementor-element elementor-element-4eee909 pontius-zonas-relacionadas-intro elementor-widget elementor-widget-text-editor\" data-id=\"4eee909\" data-element_type=\"widget\" data-e-type=\"widget\" data-widget_type=\"text-editor.default\">\n\t\t\t\t\t\t\t\t\t<p class=\"PDq2pG_selectionAnchorContainer\" data-start=\"708\" data-end=\"763\">D\u00e9couvrez d\u2019autres secteurs qui pourraient \u00e9galement vous int\u00e9resser.<\/p>\t\t\t\t\t\t\t\t<\/div>\n\t\t<div class=\"elementor-element elementor-element-78c973e e-con-full pontius-zonas-relacionadas-grid e-flex e-con e-child\" data-id=\"78c973e\" data-element_type=\"container\" data-e-type=\"container\">\n\t\t<a class=\"elementor-element elementor-element-bc7eef9 e-con-full pontius-zona-card e-flex e-con e-child\" data-id=\"bc7eef9\" data-element_type=\"container\" data-e-type=\"container\" href=\"https:\/\/pontiusrealty.com\/fr\/mezcales\/\">\n\t\t\t\t<div class=\"elementor-element elementor-element-3329842 pontius-zona-card-img elementor-widget elementor-widget-image\" data-id=\"3329842\" data-element_type=\"widget\" data-e-type=\"widget\" data-widget_type=\"image.default\">\n\t\t\t\t\t\t\t\t\t\t\t\t\t\t\t<img fetchpriority=\"high\" decoding=\"async\" width=\"1024\" height=\"576\" src=\"https:\/\/pontiusrealty.com\/wp-content\/uploads\/2026\/06\/ChatGPT-Image-17-jun-2026-04_52_55-p.m.png\" class=\"attachment-large size-large wp-image-22076\" alt=\"Vue de Mezcales dans la baie de Banderas, Nayarit.\" srcset=\"https:\/\/pontiusrealty.com\/wp-content\/uploads\/2026\/06\/ChatGPT-Image-17-jun-2026-04_52_55-p.m.png 1672w, https:\/\/pontiusrealty.com\/wp-content\/uploads\/2026\/06\/ChatGPT-Image-17-jun-2026-04_52_55-p.m-1536x864.png 1536w\" sizes=\"(max-width: 1024px) 100vw, 1024px\" \/>\t\t\t\t\t\t\t\t\t\t\t\t\t\t\t<\/div>\n\t\t<div class=\"elementor-element elementor-element-0549a11 e-con-full pontius-zona-card-body e-flex e-con e-child\" data-id=\"0549a11\" data-element_type=\"container\" data-e-type=\"container\">\n\t\t\t\t<div class=\"elementor-element elementor-element-eea3666 pontius-zona-card-title elementor-widget elementor-widget-heading\" data-id=\"eea3666\" data-element_type=\"widget\" data-e-type=\"widget\" data-widget_type=\"heading.default\">\n\t\t\t\t\t<h3 class=\"elementor-heading-title elementor-size-default\">Mezcales<\/h3>\t\t\t\t<\/div>\n\t\t\t\t<div class=\"elementor-element elementor-element-39ef4db pontius-zona-card-desc elementor-widget elementor-widget-text-editor\" data-id=\"39ef4db\" data-element_type=\"widget\" data-e-type=\"widget\" data-widget_type=\"text-editor.default\">\n\t\t\t\t\t\t\t\t\t<p>Un secteur pratique, bien desservi et dot\u00e9 des services essentiels au quotidien.<\/p>\t\t\t\t\t\t\t\t<\/div>\n\t\t\t\t<div class=\"elementor-element elementor-element-75caabc pontius-zona-card-link elementor-widget elementor-widget-text-editor\" data-id=\"75caabc\" data-element_type=\"widget\" data-e-type=\"widget\" data-widget_type=\"text-editor.default\">\n\t\t\t\t\t\t\t\t\t<p>D\u00e9couvrir Mezcales<\/p>\t\t\t\t\t\t\t\t<\/div>\n\t\t\t\t<\/div>\n\t\t\t\t<\/a>\n\t\t<a class=\"elementor-element elementor-element-53224d1 e-con-full pontius-zona-card e-flex e-con e-child\" data-id=\"53224d1\" data-element_type=\"container\" data-e-type=\"container\" href=\"https:\/\/pontiusrealty.com\/fr\/jarretaderas\/\">\n\t\t\t\t<div class=\"elementor-element elementor-element-c859d31 pontius-zona-card-img elementor-widget elementor-widget-image\" data-id=\"c859d31\" data-element_type=\"widget\" data-e-type=\"widget\" data-widget_type=\"image.default\">\n\t\t\t\t\t\t\t\t\t\t\t\t\t\t\t<img decoding=\"async\" width=\"1024\" height=\"1024\" src=\"https:\/\/pontiusrealty.com\/wp-content\/uploads\/2026\/06\/ChatGPT-Image-18-jun-2026-04_23_34-p.m.png\" class=\"attachment-large size-large wp-image-22029\" alt=\"Vue de Jarretaderas, dans la baie de Banderas, Nayarit.\" srcset=\"https:\/\/pontiusrealty.com\/wp-content\/uploads\/2026\/06\/ChatGPT-Image-18-jun-2026-04_23_34-p.m.png 1254w, https:\/\/pontiusrealty.com\/wp-content\/uploads\/2026\/06\/ChatGPT-Image-18-jun-2026-04_23_34-p.m-780x780.png 780w\" sizes=\"(max-width: 1024px) 100vw, 1024px\" \/>\t\t\t\t\t\t\t\t\t\t\t\t\t\t\t<\/div>\n\t\t<div class=\"elementor-element elementor-element-e573e7d e-con-full pontius-zona-card-body e-flex e-con e-child\" data-id=\"e573e7d\" data-element_type=\"container\" data-e-type=\"container\">\n\t\t\t\t<div class=\"elementor-element elementor-element-88844f0 pontius-zona-card-title elementor-widget elementor-widget-heading\" data-id=\"88844f0\" data-element_type=\"widget\" data-e-type=\"widget\" data-widget_type=\"heading.default\">\n\t\t\t\t\t<h3 class=\"elementor-heading-title elementor-size-default\">Jarretaderas<\/h3>\t\t\t\t<\/div>\n\t\t\t\t<div class=\"elementor-element elementor-element-8e2950f pontius-zona-card-desc elementor-widget elementor-widget-text-editor\" data-id=\"8e2950f\" data-element_type=\"widget\" data-e-type=\"widget\" data-widget_type=\"text-editor.default\">\n\t\t\t\t\t\t\t\t\t<p>Un secteur bien desservi, proche de Nuevo Vallarta et des principaux services.<\/p>\t\t\t\t\t\t\t\t<\/div>\n\t\t\t\t<div class=\"elementor-element elementor-element-8ae0c86 pontius-zona-card-link elementor-widget elementor-widget-text-editor\" data-id=\"8ae0c86\" data-element_type=\"widget\" data-e-type=\"widget\" data-widget_type=\"text-editor.default\">\n\t\t\t\t\t\t\t\t\t<p>D\u00e9couvrir Jarretaderas<\/p>\t\t\t\t\t\t\t\t<\/div>\n\t\t\t\t<\/div>\n\t\t\t\t<\/a>\n\t\t<a class=\"elementor-element elementor-element-7f48eea e-con-full pontius-zona-card e-flex e-con e-child\" data-id=\"7f48eea\" data-element_type=\"container\" data-e-type=\"container\" href=\"https:\/\/pontiusrealty.com\/fr\/bucerias\/\">\n\t\t\t\t<div class=\"elementor-element elementor-element-2b92bba pontius-zona-card-img elementor-widget elementor-widget-image\" data-id=\"2b92bba\" data-element_type=\"widget\" data-e-type=\"widget\" data-widget_type=\"image.default\">\n\t\t\t\t\t\t\t\t\t\t\t\t\t\t\t<img decoding=\"async\" width=\"819\" height=\"1024\" src=\"https:\/\/pontiusrealty.com\/wp-content\/uploads\/2026\/06\/ChatGPT-Image-15-jun-2026-12_43_59-p.m.png\" class=\"attachment-large size-large wp-image-21545\" alt=\"Vue de Bucer\u00edas, Riviera Nayarit, Mexique\" \/>\t\t\t\t\t\t\t\t\t\t\t\t\t\t\t<\/div>\n\t\t<div class=\"elementor-element elementor-element-9f96402 e-con-full pontius-zona-card-body e-flex e-con e-child\" data-id=\"9f96402\" data-element_type=\"container\" data-e-type=\"container\">\n\t\t\t\t<div class=\"elementor-element elementor-element-e87a535 pontius-zona-card-title elementor-widget elementor-widget-heading\" data-id=\"e87a535\" data-element_type=\"widget\" data-e-type=\"widget\" data-widget_type=\"heading.default\">\n\t\t\t\t\t<h3 class=\"elementor-heading-title elementor-size-default\">Bucer\u00edas<\/h3>\t\t\t\t<\/div>\n\t\t\t\t<div class=\"elementor-element elementor-element-5740066 pontius-zona-card-desc elementor-widget elementor-widget-text-editor\" data-id=\"5740066\" data-element_type=\"widget\" data-e-type=\"widget\" data-widget_type=\"text-editor.default\">\n\t\t\t\t\t\t\t\t\t<p>Plages, restaurants et une atmosph\u00e8re d\u00e9tendue avec une vie locale anim\u00e9e.<\/p>\t\t\t\t\t\t\t\t<\/div>\n\t\t\t\t<div class=\"elementor-element elementor-element-3fc11ec pontius-zona-card-link elementor-widget elementor-widget-text-editor\" data-id=\"3fc11ec\" data-element_type=\"widget\" data-e-type=\"widget\" data-widget_type=\"text-editor.default\">\n\t\t\t\t\t\t\t\t\t<p>D\u00e9couvrir Bucer\u00edas<\/p>\t\t\t\t\t\t\t\t<\/div>\n\t\t\t\t<\/div>\n\t\t\t\t<\/a>\n\t\t<a class=\"elementor-element elementor-element-30e6030 e-con-full pontius-zona-card e-flex e-con e-child\" data-id=\"30e6030\" data-element_type=\"container\" data-e-type=\"container\" href=\"https:\/\/pontiusrealty.com\/fr\/nuevo-vallarta\/\">\n\t\t\t\t<div class=\"elementor-element elementor-element-4e83c99 pontius-zona-card-img elementor-widget elementor-widget-image\" data-id=\"4e83c99\" data-element_type=\"widget\" data-e-type=\"widget\" data-widget_type=\"image.default\">\n\t\t\t\t\t\t\t\t\t\t\t\t\t\t\t<img loading=\"lazy\" decoding=\"async\" width=\"1024\" height=\"682\" src=\"https:\/\/pontiusrealty.com\/wp-content\/uploads\/2026\/06\/ChatGPT-Image-15-jun-2026-01_01_50-p.m.png\" class=\"attachment-large size-large wp-image-21543\" alt=\"Biens immobiliers \u00e0 vendre, acheter \u00e0 Nuevo Vallarta\" \/>\t\t\t\t\t\t\t\t\t\t\t\t\t\t\t<\/div>\n\t\t<div class=\"elementor-element elementor-element-a2aad16 e-con-full pontius-zona-card-body e-flex e-con e-child\" data-id=\"a2aad16\" data-element_type=\"container\" data-e-type=\"container\">\n\t\t\t\t<div class=\"elementor-element elementor-element-8c28ad7 pontius-zona-card-title elementor-widget elementor-widget-heading\" data-id=\"8c28ad7\" data-element_type=\"widget\" data-e-type=\"widget\" data-widget_type=\"heading.default\">\n\t\t\t\t\t<h3 class=\"elementor-heading-title elementor-size-default\">Nuevo Vallarta<\/h3>\t\t\t\t<\/div>\n\t\t\t\t<div class=\"elementor-element elementor-element-a0b6f94 pontius-zona-card-desc elementor-widget elementor-widget-text-editor\" data-id=\"a0b6f94\" data-element_type=\"widget\" data-e-type=\"widget\" data-widget_type=\"text-editor.default\">\n\t\t\t\t\t\t\t\t\t<p>De longues plages, des quartiers r\u00e9sidentiels et de nombreux services \u00e0 proximit\u00e9.<\/p>\t\t\t\t\t\t\t\t<\/div>\n\t\t\t\t<div class=\"elementor-element elementor-element-a17914a pontius-zona-card-link elementor-widget elementor-widget-text-editor\" data-id=\"a17914a\" data-element_type=\"widget\" data-e-type=\"widget\" data-widget_type=\"text-editor.default\">\n\t\t\t\t\t\t\t\t\t<p>D\u00e9couvrir Nuevo Vallarta<\/p>\t\t\t\t\t\t\t\t<\/div>\n\t\t\t\t<\/div>\n\t\t\t\t<\/a>\n\t\t\t\t<\/div>\n\t\t\t\t<\/div>\n\t\t\t\t<\/div>\n\t\t\t\t<\/div>\n\t\t","protected":false},"excerpt":{"rendered":"<p>San Vicente San Vicente est une communaut\u00e9 situ\u00e9e au c\u0153ur de la baie de Banderas, avec un acc\u00e8s rapide \u00e0 Nuevo Vallarta, Bucer\u00edas et Puerto Vallarta. Son emplacement pratique, ainsi que la pr\u00e9sence de nombreuses \u00e9coles, supermarch\u00e9s, restaurants et services, en font une excellente option pour ceux qui recherchent un quotidien confortable et fonctionnel. Avec [&hellip;]<\/p>\n","protected":false},"author":1,"featured_media":22075,"parent":0,"menu_order":0,"comment_status":"closed","ping_status":"closed","template":"elementor_header_footer","meta":{"footnotes":""},"class_list":["post-22074","page","type-page","status-publish","has-post-thumbnail","hentry"],"yoast_head":"<!-- This site is optimized with the Yoast SEO plugin v28.4 - https:\/\/yoast.com\/product\/yoast-seo-wordpress\/ -->\n<title>Immobilier \u00e0 San Vicente | Maisons et appartements<\/title>\n<meta name=\"description\" content=\"Maisons et appartements \u00e0 vendre \u00e0 San Vicente, Riviera Nayarit. D\u00e9couvrez des propri\u00e9t\u00e9s id\u00e9alement situ\u00e9es, avec un acc\u00e8s facile \u00e0 Nuevo Vallarta, Bucer\u00edas et Puerto Vallarta.\" \/>\n<meta name=\"robots\" content=\"index, follow, max-snippet:-1, max-image-preview:large, max-video-preview:-1\" \/>\n<meta property=\"og:locale\" content=\"fr_FR\" \/>\n<meta property=\"og:type\" content=\"article\" \/>\n<meta property=\"og:title\" content=\"Immobilier \u00e0 San Vicente | Maisons et appartements\" \/>\n<meta property=\"og:description\" content=\"Maisons et appartements \u00e0 vendre \u00e0 San Vicente, Riviera Nayarit. D\u00e9couvrez des propri\u00e9t\u00e9s id\u00e9alement situ\u00e9es, avec un acc\u00e8s facile \u00e0 Nuevo Vallarta, Bucer\u00edas et Puerto Vallarta.\" \/>\n<meta property=\"og:url\" content=\"https:\/\/pontiusrealty.com\/fr\/san-vicente\/\" \/>\n<meta property=\"og:site_name\" content=\"Pontius Realty Group\" \/>\n<meta property=\"article:modified_time\" content=\"2026-09-03T00:20:36+00:00\" \/>\n<meta property=\"og:image\" content=\"https:\/\/pontiusrealty.com\/wp-content\/uploads\/2026\/06\/ChatGPT-Image-23-jun-2026-11_09_00-a.m.png\" \/>\n\t<meta property=\"og:image:width\" content=\"1672\" \/>\n\t<meta property=\"og:image:height\" content=\"941\" \/>\n\t<meta property=\"og:image:type\" content=\"image\/png\" \/>\n<meta name=\"twitter:card\" content=\"summary_large_image\" \/>\n<meta name=\"twitter:label1\" content=\"Dur\u00e9e de lecture estim\u00e9e\" \/>\n\t<meta name=\"twitter:data1\" content=\"6 minutes\" \/>\n<script type=\"application\/ld+json\" class=\"yoast-schema-graph\">{\"@context\":\"https:\\\/\\\/schema.org\",\"@graph\":[{\"@type\":\"WebPage\",\"@id\":\"https:\\\/\\\/pontiusrealty.com\\\/fr\\\/san-vicente\\\/\",\"url\":\"https:\\\/\\\/pontiusrealty.com\\\/fr\\\/san-vicente\\\/\",\"name\":\"Immobilier \u00e0 San Vicente | Maisons et appartements\",\"isPartOf\":{\"@id\":\"https:\\\/\\\/pontiusrealty.com\\\/fr\\\/#website\"},\"primaryImageOfPage\":{\"@id\":\"https:\\\/\\\/pontiusrealty.com\\\/fr\\\/san-vicente\\\/#primaryimage\"},\"image\":{\"@id\":\"https:\\\/\\\/pontiusrealty.com\\\/fr\\\/san-vicente\\\/#primaryimage\"},\"thumbnailUrl\":\"https:\\\/\\\/pontiusrealty.com\\\/wp-content\\\/uploads\\\/2026\\\/06\\\/ChatGPT-Image-23-jun-2026-11_09_00-a.m.png\",\"datePublished\":\"2026-06-23T23:31:22+00:00\",\"dateModified\":\"2026-09-03T00:20:36+00:00\",\"description\":\"Maisons et appartements \u00e0 vendre \u00e0 San Vicente, Riviera Nayarit. D\u00e9couvrez des propri\u00e9t\u00e9s id\u00e9alement situ\u00e9es, avec un acc\u00e8s facile \u00e0 Nuevo Vallarta, Bucer\u00edas et Puerto Vallarta.\",\"breadcrumb\":{\"@id\":\"https:\\\/\\\/pontiusrealty.com\\\/fr\\\/san-vicente\\\/#breadcrumb\"},\"inLanguage\":\"fr-FR\",\"potentialAction\":[{\"@type\":\"ReadAction\",\"target\":[\"https:\\\/\\\/pontiusrealty.com\\\/fr\\\/san-vicente\\\/\"]}]},{\"@type\":\"ImageObject\",\"inLanguage\":\"fr-FR\",\"@id\":\"https:\\\/\\\/pontiusrealty.com\\\/fr\\\/san-vicente\\\/#primaryimage\",\"url\":\"https:\\\/\\\/pontiusrealty.com\\\/wp-content\\\/uploads\\\/2026\\\/06\\\/ChatGPT-Image-23-jun-2026-11_09_00-a.m.png\",\"contentUrl\":\"https:\\\/\\\/pontiusrealty.com\\\/wp-content\\\/uploads\\\/2026\\\/06\\\/ChatGPT-Image-23-jun-2026-11_09_00-a.m.png\",\"width\":1672,\"height\":941,\"caption\":\"Vue de San Vicente dans la baie de Banderas, Nayarit.\"},{\"@type\":\"BreadcrumbList\",\"@id\":\"https:\\\/\\\/pontiusrealty.com\\\/fr\\\/san-vicente\\\/#breadcrumb\",\"itemListElement\":[{\"@type\":\"ListItem\",\"position\":1,\"name\":\"Inicio\",\"item\":\"https:\\\/\\\/pontiusrealty.com\\\/fr\\\/\"},{\"@type\":\"ListItem\",\"position\":2,\"name\":\"Maisons et appartements \u00e0 vendre \u00e0 San Vicente\"}]},{\"@type\":\"WebSite\",\"@id\":\"https:\\\/\\\/pontiusrealty.com\\\/fr\\\/#website\",\"url\":\"https:\\\/\\\/pontiusrealty.com\\\/fr\\\/\",\"name\":\"Pontius Realty Group\",\"description\":\"Pontius Realty Group: compra, vende o invierte en bienes ra\u00edces en Puerto Vallarta y Bah\u00eda de Banderas. Hogares e inversiones con experiencia, confianza y resultados.\",\"potentialAction\":[{\"@type\":\"SearchAction\",\"target\":{\"@type\":\"EntryPoint\",\"urlTemplate\":\"https:\\\/\\\/pontiusrealty.com\\\/fr\\\/?s={search_term_string}\"},\"query-input\":{\"@type\":\"PropertyValueSpecification\",\"valueRequired\":true,\"valueName\":\"search_term_string\"}}],\"inLanguage\":\"fr-FR\"}]}<\/script>\n<!-- \/ Yoast SEO plugin. -->","yoast_head_json":{"title":"Immobilier \u00e0 San Vicente | Maisons et appartements","description":"Maisons et appartements \u00e0 vendre \u00e0 San Vicente, Riviera Nayarit. D\u00e9couvrez des propri\u00e9t\u00e9s id\u00e9alement situ\u00e9es, avec un acc\u00e8s facile \u00e0 Nuevo Vallarta, Bucer\u00edas et Puerto Vallarta.","robots":{"index":"index","follow":"follow","max-snippet":"max-snippet:-1","max-image-preview":"max-image-preview:large","max-video-preview":"max-video-preview:-1"},"og_locale":"fr_FR","og_type":"article","og_title":"Immobilier \u00e0 San Vicente | Maisons et appartements","og_description":"Maisons et appartements \u00e0 vendre \u00e0 San Vicente, Riviera Nayarit. D\u00e9couvrez des propri\u00e9t\u00e9s id\u00e9alement situ\u00e9es, avec un acc\u00e8s facile \u00e0 Nuevo Vallarta, Bucer\u00edas et Puerto Vallarta.","og_url":"https:\/\/pontiusrealty.com\/fr\/san-vicente\/","og_site_name":"Pontius Realty Group","article_modified_time":"2026-09-03T00:20:36+00:00","og_image":[{"width":1672,"height":941,"url":"https:\/\/pontiusrealty.com\/wp-content\/uploads\/2026\/06\/ChatGPT-Image-23-jun-2026-11_09_00-a.m.png","type":"image\/png"}],"twitter_card":"summary_large_image","twitter_misc":{"Dur\u00e9e de lecture estim\u00e9e":"6 minutes"},"schema":{"@context":"https:\/\/schema.org","@graph":[{"@type":"WebPage","@id":"https:\/\/pontiusrealty.com\/fr\/san-vicente\/","url":"https:\/\/pontiusrealty.com\/fr\/san-vicente\/","name":"Immobilier \u00e0 San Vicente | Maisons et appartements","isPartOf":{"@id":"https:\/\/pontiusrealty.com\/fr\/#website"},"primaryImageOfPage":{"@id":"https:\/\/pontiusrealty.com\/fr\/san-vicente\/#primaryimage"},"image":{"@id":"https:\/\/pontiusrealty.com\/fr\/san-vicente\/#primaryimage"},"thumbnailUrl":"https:\/\/pontiusrealty.com\/wp-content\/uploads\/2026\/06\/ChatGPT-Image-23-jun-2026-11_09_00-a.m.png","datePublished":"2026-06-23T23:31:22+00:00","dateModified":"2026-09-03T00:20:36+00:00","description":"Maisons et appartements \u00e0 vendre \u00e0 San Vicente, Riviera Nayarit. D\u00e9couvrez des propri\u00e9t\u00e9s id\u00e9alement situ\u00e9es, avec un acc\u00e8s facile \u00e0 Nuevo Vallarta, Bucer\u00edas et Puerto Vallarta.","breadcrumb":{"@id":"https:\/\/pontiusrealty.com\/fr\/san-vicente\/#breadcrumb"},"inLanguage":"fr-FR","potentialAction":[{"@type":"ReadAction","target":["https:\/\/pontiusrealty.com\/fr\/san-vicente\/"]}]},{"@type":"ImageObject","inLanguage":"fr-FR","@id":"https:\/\/pontiusrealty.com\/fr\/san-vicente\/#primaryimage","url":"https:\/\/pontiusrealty.com\/wp-content\/uploads\/2026\/06\/ChatGPT-Image-23-jun-2026-11_09_00-a.m.png","contentUrl":"https:\/\/pontiusrealty.com\/wp-content\/uploads\/2026\/06\/ChatGPT-Image-23-jun-2026-11_09_00-a.m.png","width":1672,"height":941,"caption":"Vue de San Vicente dans la baie de Banderas, Nayarit."},{"@type":"BreadcrumbList","@id":"https:\/\/pontiusrealty.com\/fr\/san-vicente\/#breadcrumb","itemListElement":[{"@type":"ListItem","position":1,"name":"Inicio","item":"https:\/\/pontiusrealty.com\/fr\/"},{"@type":"ListItem","position":2,"name":"Maisons et appartements \u00e0 vendre \u00e0 San Vicente"}]},{"@type":"WebSite","@id":"https:\/\/pontiusrealty.com\/fr\/#website","url":"https:\/\/pontiusrealty.com\/fr\/","name":"Pontius Realty Group","description":"Pontius Realty Group: compra, vende o invierte en bienes ra\u00edces en Puerto Vallarta y Bah\u00eda de Banderas. Hogares e inversiones con experiencia, confianza y resultados.","potentialAction":[{"@type":"SearchAction","target":{"@type":"EntryPoint","urlTemplate":"https:\/\/pontiusrealty.com\/fr\/?s={search_term_string}"},"query-input":{"@type":"PropertyValueSpecification","valueRequired":true,"valueName":"search_term_string"}}],"inLanguage":"fr-FR"}]}},"_hostinger_reach_plugin_has_subscription_block":false,"_hostinger_reach_plugin_is_elementor":false,"_links":{"self":[{"href":"https:\/\/pontiusrealty.com\/fr\/wp-json\/wp\/v2\/pages\/22074","targetHints":{"allow":["GET"]}}],"collection":[{"href":"https:\/\/pontiusrealty.com\/fr\/wp-json\/wp\/v2\/pages"}],"about":[{"href":"https:\/\/pontiusrealty.com\/fr\/wp-json\/wp\/v2\/types\/page"}],"author":[{"embeddable":true,"href":"https:\/\/pontiusrealty.com\/fr\/wp-json\/wp\/v2\/users\/1"}],"replies":[{"embeddable":true,"href":"https:\/\/pontiusrealty.com\/fr\/wp-json\/wp\/v2\/comments?post=22074"}],"version-history":[{"count":2,"href":"https:\/\/pontiusrealty.com\/fr\/wp-json\/wp\/v2\/pages\/22074\/revisions"}],"predecessor-version":[{"id":22251,"href":"https:\/\/pontiusrealty.com\/fr\/wp-json\/wp\/v2\/pages\/22074\/revisions\/22251"}],"wp:featuredmedia":[{"embeddable":true,"href":"https:\/\/pontiusrealty.com\/fr\/wp-json\/wp\/v2\/media\/22075"}],"wp:attachment":[{"href":"https:\/\/pontiusrealty.com\/fr\/wp-json\/wp\/v2\/media?parent=22074"}],"curies":[{"name":"wp","href":"https:\/\/api.w.org\/{rel}","templated":true}]}}