{"id":22059,"date":"2026-08-25T23:30:53","date_gmt":"2026-08-26T05:30:53","guid":{"rendered":"https:\/\/pontiusrealty.com\/maisons-et-appartements-a-vendre-dans-le-centre-de-puerto-vallarta\/"},"modified":"2026-09-02T18:46:11","modified_gmt":"2026-09-03T00:46:11","slug":"centre-ville","status":"publish","type":"page","link":"https:\/\/pontiusrealty.com\/fr\/centre-ville\/","title":{"rendered":"Maisons et appartements \u00e0 vendre dans le centre-ville de Puerto Vallarta"},"content":{"rendered":"\t\t<div data-elementor-type=\"wp-page\" data-elementor-id=\"22059\" class=\"elementor elementor-22059 elementor-20705\" data-elementor-post-type=\"page\">\n\t\t\t\t<div class=\"elementor-element elementor-element-ec7ae23 e-flex e-con-boxed e-con e-parent\" data-id=\"ec7ae23\" data-element_type=\"container\" data-e-type=\"container\" data-settings=\"{&quot;background_background&quot;:&quot;classic&quot;}\">\n\t\t\t\t\t<div class=\"e-con-inner\">\n\t\t<div class=\"elementor-element elementor-element-85f319b e-con-full e-flex e-con e-child\" data-id=\"85f319b\" data-element_type=\"container\" data-e-type=\"container\" data-settings=\"{&quot;background_background&quot;:&quot;classic&quot;}\">\n\t\t\t\t<div class=\"elementor-element elementor-element-923878f elementor-widget elementor-widget-houzez_elementor_section_title\" data-id=\"923878f\" data-element_type=\"widget\" data-e-type=\"widget\" data-widget_type=\"houzez_elementor_section_title.default\">\n\t\t\t\t<div class=\"elementor-widget-container\">\n\t\t\t\t\t            <div class=\"houzez_section_title_wrap section-title-module\">\n                                    <h2 class=\"houzez_section_title\">Le centre-ville de Puerto Vallarta<\/h2>\n                \n                            <\/div>\n            \t\t\t\t<\/div>\n\t\t\t\t<\/div>\n\t\t\t\t<\/div>\n\t\t<div class=\"elementor-element elementor-element-5719a2f e-flex e-con-boxed e-con e-child\" data-id=\"5719a2f\" data-element_type=\"container\" data-e-type=\"container\">\n\t\t\t\t\t<div class=\"e-con-inner\">\n\t\t\t\t<div class=\"elementor-element elementor-element-9332d05 elementor-widget__width-inherit elementor-widget elementor-widget-text-editor\" data-id=\"9332d05\" data-element_type=\"widget\" data-e-type=\"widget\" data-widget_type=\"text-editor.default\">\n\t\t\t\t\t\t\t\t\t<p>Le centre-ville de Puerto Vallarta offre une fa\u00e7on plus authentique de vivre la ville et de se rapprocher de son identit\u00e9. On y retrouve des rues charg\u00e9es d\u2019histoire, une architecture traditionnelle, des restaurants, caf\u00e9s, galeries, commerces et toute l\u2019animation du Malec\u00f3n. C\u2019est un secteur id\u00e9al pour ceux qui aiment se d\u00e9placer \u00e0 pied, avoir les services \u00e0 proximit\u00e9 et rester connect\u00e9s \u00e0 la vie quotidienne de Vallarta, avec une offre immobili\u00e8re m\u00ealant appartements, propri\u00e9t\u00e9s traditionnelles et biens de caract\u00e8re.  <\/p>\t\t\t\t\t\t\t\t<\/div>\n\t\t\t\t\t<\/div>\n\t\t\t\t<\/div>\n\t\t\t\t\t<\/div>\n\t\t\t\t<\/div>\n\t\t<div class=\"elementor-element elementor-element-cad1603 e-flex e-con-boxed e-con e-parent\" data-id=\"cad1603\" data-element_type=\"container\" data-e-type=\"container\" data-settings=\"{&quot;background_background&quot;:&quot;classic&quot;}\">\n\t\t\t\t\t<div class=\"e-con-inner\">\n\t\t\t\t<div class=\"elementor-element elementor-element-5686936 elementor-widget elementor-widget-fmc-widget-fmcsearchresults\" data-id=\"5686936\" data-element_type=\"widget\" data-e-type=\"widget\" data-widget_type=\"fmc-widget-fmcsearchresults.default\">\n\t\t\t\t<div class=\"elementor-widget-container\">\n\t\t\t\t\t<div class=\"flexmls_connect__search_results_v2 flexmls-v2-widget flexmls-body-font\">\n\t\n\t\n\t\t<div class=\"flexmls-map-wrapper\" style=\"display:none;\">\n\t<script type=\"text\/javascript\">window.fmcMapConfigs=window.fmcMapConfigs||[];window.fmcMapConfigs.push({id:\"idx-map-1\",locations:[{\"latitude\":\"20.606323\",\"longitude\":\"-105.236509\",\"listprice\":\"$7,400,000\",\"rawprice\":\"7400000\",\"address1\":\"267 Encino 73, HOTEL ENCINO\",\"address2\":\"Puerto Vallarta, JA\",\"link\":\"https:\\\/\\\/pontiusrealty.com\\\/fr\\\/\\\/idx\\\/267-Encino-73-HOTEL-ENCINO-Puerto-Vallarta-JA-mls_40995?pg=1&#038;OrderBy=-ListPrice&#038;p=n&#038;n=y&#038;m=20101117190901935008000000&#038;search_referral_url=https%3A%2F%2Fpontiusrealty.com%2Ffr%2Fwp-json%2Fwp%2Fv2%2Fpages%2F22059%2F\",\"image\":\"https:\\\/\\\/cdn.photos.sparkplatform.com\\\/pvr\\\/20251128183117828203000000.jpg\",\"imagealt\":\"Fachada\",\"bedrooms\":\"********\",\"bathrooms\":\"83\"},{\"latitude\":\"20.609784\",\"longitude\":\"-105.233164\",\"listprice\":\"$2,950,000\",\"rawprice\":\"2950000\",\"address1\":\"539 Calle Matamoros, NAWALLI-PUERTO VALLARTA\",\"address2\":\"Puerto Vallarta, JA\",\"link\":\"https:\\\/\\\/pontiusrealty.com\\\/fr\\\/\\\/idx\\\/539-Calle-Matamoros-NAWALLI-PUERTO-VALLARTA-Puerto-Vallarta-JA-mls_41484?pg=1&#038;OrderBy=-ListPrice&#038;p=y&#038;n=y&#038;m=20101117190901935008000000&#038;search_referral_url=https%3A%2F%2Fpontiusrealty.com%2Ffr%2Fwp-json%2Fwp%2Fv2%2Fpages%2F22059%2F\",\"image\":\"https:\\\/\\\/cdn.photos.sparkplatform.com\\\/pvr\\\/20251227211325095818000000.jpg\",\"imagealt\":\"1\",\"bedrooms\":\"9\",\"bathrooms\":\"11\"},{\"latitude\":\"20.617107\",\"longitude\":\"-105.22804\",\"listprice\":\"$2,699,000\",\"rawprice\":\"2699000\",\"address1\":\"1127 Costa Rica, Villa Cielo\",\"address2\":\"Puerto Vallarta, JA\",\"link\":\"https:\\\/\\\/pontiusrealty.com\\\/fr\\\/\\\/idx\\\/1127-Costa-Rica-Villa-Cielo-Puerto-Vallarta-JA-mls_43670?pg=1&#038;OrderBy=-ListPrice&#038;p=y&#038;n=y&#038;m=20101117190901935008000000&#038;search_referral_url=https%3A%2F%2Fpontiusrealty.com%2Ffr%2Fwp-json%2Fwp%2Fv2%2Fpages%2F22059%2F\",\"image\":\"https:\\\/\\\/cdn.photos.sparkplatform.com\\\/pvr\\\/20260521224902032972000000.jpg\",\"imagealt\":\"vvb10\",\"bedrooms\":\"9\",\"bathrooms\":\"10\"},{\"latitude\":\"20.607152\",\"longitude\":\"-105.234021\",\"listprice\":\"$2,650,000\",\"rawprice\":\"2650000\",\"address1\":\"370 Calle Zaragoza, Casa Catalina\",\"address2\":\"Puerto Vallarta, JA\",\"link\":\"https:\\\/\\\/pontiusrealty.com\\\/fr\\\/\\\/idx\\\/370-Calle-Zaragoza-Casa-Catalina-Puerto-Vallarta-JA-mls_43702?pg=1&#038;OrderBy=-ListPrice&#038;p=y&#038;n=y&#038;m=20101117190901935008000000&#038;search_referral_url=https%3A%2F%2Fpontiusrealty.com%2Ffr%2Fwp-json%2Fwp%2Fv2%2Fpages%2F22059%2F\",\"image\":\"https:\\\/\\\/cdn.photos.sparkplatform.com\\\/pvr\\\/20260529183739951887000000.jpg\",\"imagealt\":\"MID02120\",\"bedrooms\":\"5\",\"bathrooms\":\"8\"},{\"latitude\":\"20.616749\",\"longitude\":\"-105.232489\",\"listprice\":\"$2,200,000\",\"rawprice\":\"2200000\",\"address1\":\"21 Republica de Chile, Casa Caryn\",\"address2\":\"Puerto Vallarta, JA\",\"link\":\"https:\\\/\\\/pontiusrealty.com\\\/fr\\\/\\\/idx\\\/21-Republica-de-Chile-Casa-Caryn-Puerto-Vallarta-JA-mls_37795?pg=1&#038;OrderBy=-ListPrice&#038;p=y&#038;n=y&#038;m=20101117190901935008000000&#038;search_referral_url=https%3A%2F%2Fpontiusrealty.com%2Ffr%2Fwp-json%2Fwp%2Fv2%2Fpages%2F22059%2F\",\"image\":\"https:\\\/\\\/cdn.photos.sparkplatform.com\\\/pvr\\\/20250327173115300248000000.jpg\",\"imagealt\":\"view\",\"bedrooms\":\"4\",\"bathrooms\":\"5\"},{\"latitude\":\"20.614147\",\"longitude\":\"-105.230627\",\"listprice\":\"$1,905,000\",\"rawprice\":\"1905000\",\"address1\":\"978 GUADALUPE SANCHEZ, CASA REY SOL\",\"address2\":\"Puerto Vallarta, JA\",\"link\":\"https:\\\/\\\/pontiusrealty.com\\\/fr\\\/\\\/idx\\\/978-GUADALUPE-SANCHEZ-CASA-REY-SOL-Puerto-Vallarta-JA-mls_41737?pg=1&#038;OrderBy=-ListPrice&#038;p=y&#038;n=y&#038;m=20101117190901935008000000&#038;search_referral_url=https%3A%2F%2Fpontiusrealty.com%2Ffr%2Fwp-json%2Fwp%2Fv2%2Fpages%2F22059%2F\",\"image\":\"https:\\\/\\\/cdn.photos.sparkplatform.com\\\/pvr\\\/20260119024310695177000000.jpg\",\"imagealt\":\"Terraza\",\"bedrooms\":\"12\",\"bathrooms\":\"15\"},{\"latitude\":\"20.622681\",\"longitude\":\"-105.230056\",\"listprice\":\"$1,499,000\",\"rawprice\":\"1499000\",\"address1\":\"1428 Blvd Francisco Medina Ascencio B 1203, V Boulevard B 1203\",\"address2\":\"Puerto Vallarta, JA\",\"link\":\"https:\\\/\\\/pontiusrealty.com\\\/fr\\\/\\\/idx\\\/1428-Blvd-Francisco-Medina-Ascencio-B-1203-V-Boulevard-B-1203-Puerto-Vallarta-JA-mls_38844?pg=1&#038;OrderBy=-ListPrice&#038;p=y&#038;n=y&#038;m=20101117190901935008000000&#038;search_referral_url=https%3A%2F%2Fpontiusrealty.com%2Ffr%2Fwp-json%2Fwp%2Fv2%2Fpages%2F22059%2F\",\"image\":\"https:\\\/\\\/cdn.photos.sparkplatform.com\\\/pvr\\\/20250623011937742818000000.jpg\",\"imagealt\":\"VBV EXTERIOR 8\",\"bedrooms\":\"3\",\"bathrooms\":\"4\"},{\"latitude\":\"20.607577\",\"longitude\":\"-105.233401\",\"listprice\":\"$1,375,000\",\"rawprice\":\"1375000\",\"address1\":\"366 Emilio Carranza, Casa Mar y Cielo\",\"address2\":\"Puerto Vallarta, JA\",\"link\":\"https:\\\/\\\/pontiusrealty.com\\\/fr\\\/\\\/idx\\\/366-Emilio-Carranza-Casa-Mar-y-Cielo-Puerto-Vallarta-JA-mls_23425?pg=1&#038;OrderBy=-ListPrice&#038;p=y&#038;n=y&#038;m=20101117190901935008000000&#038;search_referral_url=https%3A%2F%2Fpontiusrealty.com%2Ffr%2Fwp-json%2Fwp%2Fv2%2Fpages%2F22059%2F\",\"image\":\"https:\\\/\\\/cdn.photos.sparkplatform.com\\\/pvr\\\/20220222220738171228000000.jpg\",\"imagealt\":\"Casa-Maricielo-Downtown-Primary\",\"bedrooms\":\"5\",\"bathrooms\":\"7\"}]});<\/script>\t\t<div id=\"idx-map-1\" class=\"flex-map\" style=\"height:350px\"><\/div>\n\t\t<\/div>\n\n\t<div class=\"flexmls-actions-wrapper\">\n\t\t\t\t\t\t<div class=\"flexmls-btn flexmls-btn-secondary flexmls-btn-sm close-map-button\">Open Map\n\t\t\t\t<script type=\"text\/javascript\">\n\t\t\tjQuery( function ( $ ) {\n\t\t\t\tvar lazyLoad = true,\n\t\t\t\t    lazyConfig = {\"maps_url\":\"https:\\\/\\\/maps.googleapis.com\\\/maps\\\/api\\\/js?key=AIzaSyAjwoltPLVQY8t9XnTeMMIc0XbU07ungH8&libraries=marker&loading=async&callback=fmcGmapsReady\",\"map_js_url\":\"https:\\\/\\\/pontiusrealty.com\\\/wp-content\\\/plugins\\\/flexmls-idx\\\/assets\\\/js\\\/map.js\"};\n\n\t\t\t\t$( document ).on( 'click', '.close-map-button', function ( e ) {\n\t\t\t\t\te.preventDefault();\n\t\t\t\t\tvar $button = $( this );\n\t\t\t\t\tvar $widget = $button.closest( '.flexmls_connect__search_results_v2' );\n\t\t\t\t\tvar $map = $widget.find( '.flexmls-map-wrapper' ).first();\n\n\t\t\t\t\tif ( $map.is( ':visible' ) ) {\n\t\t\t\t\t\t$map.slideUp();\n\t\t\t\t\t\t$button.text( 'Open Map' );\n\t\t\t\t\t} else {\n\t\t\t\t\t\tif ( lazyLoad && ! window.fmcGmapsLoaded && lazyConfig ) {\n\t\t\t\t\t\t\tif ( typeof window.fmcGmapsWhenReady === 'undefined' ) {\n\t\t\t\t\t\t\t\twindow.fmcGmapsQueue = [];\n\t\t\t\t\t\t\t\twindow.fmcGmapsWhenReady = function ( f ) {\n\t\t\t\t\t\t\t\t\tif ( window.fmcGmapsLoaded ) { f(); } else { window.fmcGmapsQueue.push( f ); }\n\t\t\t\t\t\t\t\t};\n\t\t\t\t\t\t\t\twindow.fmcGmapsReady = function () {\n\t\t\t\t\t\t\t\t\twindow.fmcGmapsLoaded = true;\n\t\t\t\t\t\t\t\t\twindow.fmcGmapsQueue.forEach( function ( f ) { f(); } );\n\t\t\t\t\t\t\t\t\twindow.fmcGmapsQueue = [];\n\t\t\t\t\t\t\t\t\tif ( window.fmcGmapsLazyCallback ) {\n\t\t\t\t\t\t\t\t\t\twindow.fmcGmapsLazyCallback();\n\t\t\t\t\t\t\t\t\t\twindow.fmcGmapsLazyCallback = null;\n\t\t\t\t\t\t\t\t\t}\n\t\t\t\t\t\t\t\t};\n\t\t\t\t\t\t\t}\n\t\t\t\t\t\t\twindow.fmcGmapsLazyCallback = function () {\n\t\t\t\t\t\t\t\tvar s = document.createElement( 'script' );\n\t\t\t\t\t\t\t\ts.src = lazyConfig.map_js_url;\n\t\t\t\t\t\t\t\ts.async = true;\n\t\t\t\t\t\t\t\tdocument.head.appendChild( s );\n\t\t\t\t\t\t\t};\n\t\t\t\t\t\t\tvar g = document.createElement( 'script' );\n\t\t\t\t\t\t\tg.src = lazyConfig.maps_url;\n\t\t\t\t\t\t\tg.async = true;\n\t\t\t\t\t\t\tdocument.head.appendChild( g );\n\t\t\t\t\t\t\tlazyLoad = false;\n\t\t\t\t\t\t}\n\t\t\t\t\t\t$map.slideDown( 400, function () {\n\t\t\t\t\t\t\tif ( ! $map.data( 'first-open' ) ) {\n\t\t\t\t\t\t\t\tvar mapEl = $map.find( '[id^=\"idx-map-\"]' ).get( 0 );\n\t\t\t\t\t\t\t\tvar mapId = mapEl ? mapEl.id : null;\n\t\t\t\t\t\t\t\tif ( mapId && window.idxMaps && window.idxMaps[ mapId ] && window.idxBoundsById && window.idxBoundsById[ mapId ] ) {\n\t\t\t\t\t\t\t\t\twindow.idxMaps[ mapId ].fitBounds( window.idxBoundsById[ mapId ] );\n\t\t\t\t\t\t\t\t} else if ( window.idxMap && window.idxBounds ) {\n\t\t\t\t\t\t\t\t\twindow.idxMap.fitBounds( window.idxBounds );\n\t\t\t\t\t\t\t\t}\n\t\t\t\t\t\t\t\t$map.data( 'first-open', 1 );\n\t\t\t\t\t\t\t}\n\t\t\t\t\t\t} );\n\t\t\t\t\t\t$button.text( 'Close Map' );\n\t\t\t\t\t}\n\t\t\t\t} );\n\n\t\t\t\t$( '.flexmls-map-wrapper' ).each( function () {\n\t\t\t\t\tif ( $( this ).is( ':visible' ) ) {\n\t\t\t\t\t\t$( this ).data( 'first-open', 1 );\n\t\t\t\t\t}\n\t\t\t\t} );\n\t\t\t} );\n\t\t<\/script>\n\t\t\t\t<\/div>\n\t<\/div>\n\t<div class=\"flexmls-count-and-filters-wrapper\">\n\t\t<div class=\"flexmls-count-wrapper\">\n\t\t\t<span class=\"flexmls-matches-count\">251 Matches Found<\/span>\n\t\t<\/div>\n\n\t\t<div class=\"flexmls-filters-wrapper\">\n\t\t\t<div class=\"listings-per-page-wrapper\">\n\t<label for=\"listings_per_page\">Listings Per Page<\/label>\n\t<select id=\"listings_per_page\" name=\"listings_per_page\" class=\"listingsperpage\">\n\t\t<option value=''><\/option>\n\t\t<option value=\"5\" >5<\/option><option value=\"10\" selected=\"selected\">10<\/option><option value=\"15\" >15<\/option><option value=\"20\" >20<\/option><option value=\"25\" >25<\/option>\t<\/select>\n<\/div>\n\n<div class=\"sort-by-wrapper\">\n\t<label for=\"sort-by-filter-\">Sort by<\/label>\n\t<select name='OrderBy' id=\"sort-by-filter-\" class='flex_orderby'>\n\t\t<option value='' disabled>Sort by<\/option>\n\t\t<option value=\"-ListPrice\" selected=\"selected\">List price (High to Low)<\/option><option value=\"ListPrice\" >List price (Low to High)<\/option><option value=\"-BedsTotal\" ># Bedrooms<\/option><option value=\"-BathsTotal\" ># Bathrooms<\/option><option value=\"-YearBuilt\" >Year Built<\/option><option value=\"-BuildingAreaTotal\" >Square Footage<\/option><option value=\"-ModificationTimestamp\" >Recently Updated<\/option>\t<\/select>\n<\/div>\n\t\t<\/div>\n\t<\/div>\n\n\t\n<div class=\"flexmls-listings-list-wrapper flexmls-widthchange-wrapper\">\n\t\t\t\t\t\t\t\t\t\t\t\t<div\n\t\t\t\tclass=\"flexmls-listing flexmls_connect__sr_result\"\n\t\t\t\ttitle=\"267 Encino 73, HOTEL ENCINO, Puerto Vallarta, JA - MLS# 40995\"\n\t\t\t\tlink=\"https:\/\/pontiusrealty.com\/fr\/\/idx\/267-Encino-73-HOTEL-ENCINO-Puerto-Vallarta-JA-mls_40995?MLSAreaMinor=Centro+North&#038;pg=1&#038;OrderBy=-ListPrice&#038;m=20101117190901935008000000&#038;search_referral_url=https%3A%2F%2Fpontiusrealty.com%2Ffr%2Fwp-json%2Fwp%2Fv2%2Fpages%2F22059%2F\"\n\t\t\t>\n\t\t\t\t\t\t\t\t<div class=\"flexmls-image-wrapper\">\n\t\t\t\t\t<a\n\t\t\t\t\t\thref=\"https:\/\/pontiusrealty.com\/fr\/\/idx\/267-Encino-73-HOTEL-ENCINO-Puerto-Vallarta-JA-mls_40995?MLSAreaMinor=Centro+North&#038;pg=1&#038;OrderBy=-ListPrice&#038;m=20101117190901935008000000&#038;search_referral_url=https%3A%2F%2Fpontiusrealty.com%2Ffr%2Fwp-json%2Fwp%2Fv2%2Fpages%2F22059%2F\"\n\t\t\t\t\t\tclass=\"flexmls-listing-photo-link flexmls-listing-photo-action--detail\"\n\t\t\t\t\t>\n\t\t\t\t\t\t<img\n\t\t\t\t\t\t\tclass=\"flexmls-listing-card__photo\"\n\t\t\t\t\t\t\tsrc=\"https:\/\/cdn.resize.sparkplatform.com\/pvr\/640x480\/true\/20251128183117828203000000-o.jpg\"\n\t\t\t\t\t\t\tsrcset=\"https:\/\/cdn.photos.sparkplatform.com\/pvr\/20251128183117828203000000.jpg 300w, https:\/\/cdn.resize.sparkplatform.com\/pvr\/640x480\/true\/20251128183117828203000000-o.jpg 640w, https:\/\/cdn.resize.sparkplatform.com\/pvr\/1280x1024\/true\/20251128183117828203000000-o.jpg 1280w\"\n\t\t\t\t\t\t\tsizes=\"auto, (min-width: 900px) 380px, (min-width: 600px) 48vw, min(480px, 100vw)\"\n\t\t\t\t\t\t\talt=\"Property photo for 267 Encino 73, HOTEL ENCINO, Puerto Vallarta, JA\"\n\t\t\t\t\t\t\tloading=\"lazy\" \t\t\t\t\t\t\tdecoding=\"async\"\n\t\t\t\t\t\t\twidth=\"640\"\n\t\t\t\t\t\t\theight=\"400\"\n\t\t\t\t\t\t\/>\n\t\t\t\t\t<\/a>\n\t\t\t\t\t\n\t\t\t\t\t\t\t\t\t\t\t\t\t\t\t\t\t\t\t\t\t\t\t\t<span class=\"flexmls-price\">$7,400,000<\/span>\n\t\t\t\t\t<div class=\"flexmls-portal-links\">\n\t\t\t\t\t\t\t\t\t\t\t<\/div>\n\t\t\t\t<\/div>\n\t\t\t\t<a href=\"https:\/\/pontiusrealty.com\/fr\/\/idx\/267-Encino-73-HOTEL-ENCINO-Puerto-Vallarta-JA-mls_40995?MLSAreaMinor=Centro+North&#038;pg=1&#038;OrderBy=-ListPrice&#038;m=20101117190901935008000000&#038;search_referral_url=https%3A%2F%2Fpontiusrealty.com%2Ffr%2Fwp-json%2Fwp%2Fv2%2Fpages%2F22059%2F\" class=\"flexmls-content-wrapper flexmls-listing-content-link\">\n\t\t\t\t\t<div class=\"flexmls-address\">\n\t\t\t\t\t\t267 Encino 73, HOTEL ENCINO, Puerto Vallarta, JA\t\t\t\t\t<\/div>\n\t\t\t\t\t<div class=\"flexmls-quick-details\">\n\t\t\t\t\t\t\t\t\t\t\t\t\t<span class=\"flexmls-status flexmls-status-active\">Active<\/span>\n\t\t\t\t\t\t\t\t\t\t\t\t\t\t\t\t\t\t\t<div class=\"flexmls-details\">\n\t\t\t\t\t\t\t\t\n\t\t\t\t\t\t\t\t\t\t\t\t\t\t\t\t\t<span class=\"flexmls-detail\">83BA<\/span>\n\t\t\t\t\t\t\t\t\n\t\t\t\t\t\t\t\t\t\t\t\t\t\t\t\t\t\t\t\t\t\t\t\t\t<span class=\"flexmls-detail\">34,647SF<\/span>\n\t\t\t\t\t\t\t\t\t\t\t\t\t\t\t<\/div>\n\t\t\t\t\t\t\t\t\t\t\t<\/div>\n\t\t\t\t\t\t\t\t\t\t\t\t\t\t\t<div class=\"flexmls-last-modified-and-idx-wrapper\">\n\t\t\t\t\t\t\t\t\t\t\t\t\t<div class=\"flexmls-last-modified-and-label-wrapper\">\n\t\t\t\t\t\t\t\t<span class=\"flexmls-bold-label\">Last Modified:<\/span> 10:39pm, April 14, 2026\t\t\t\t\t\t\t<\/div>\n\t\t\t\t\t\t\t\t\t\t\t\t\t\t\t\t\t\t\t<img decoding=\"async\" class=\"flexmls-idx-compliance-badge\" alt=\"IDX\" src=\"https:\/\/cdn.photos.sparkplatform.com\/pvr\/20161019233658090414000000.jpg\">\n\t\t\t\t\t\t\t\t\t\t\t<\/div>\n\n\t\t\t\t\t\n\t\t\t\t\t\t\t\t\t\t\n\t\t\t\t<\/a>\n\t\t\t<\/div>\n\n\t\t\t\t\t\t\t\t\t\t\t<div\n\t\t\t\tclass=\"flexmls-listing flexmls_connect__sr_result\"\n\t\t\t\ttitle=\"539 Calle Matamoros, NAWALLI-PUERTO VALLARTA, Puerto Vallarta, JA - MLS# 41484\"\n\t\t\t\tlink=\"https:\/\/pontiusrealty.com\/fr\/\/idx\/539-Calle-Matamoros-NAWALLI-PUERTO-VALLARTA-Puerto-Vallarta-JA-mls_41484?MLSAreaMinor=Centro+North&#038;pg=1&#038;OrderBy=-ListPrice&#038;m=20101117190901935008000000&#038;search_referral_url=https%3A%2F%2Fpontiusrealty.com%2Ffr%2Fwp-json%2Fwp%2Fv2%2Fpages%2F22059%2F\"\n\t\t\t>\n\t\t\t\t\t\t\t\t<div class=\"flexmls-image-wrapper\">\n\t\t\t\t\t<a\n\t\t\t\t\t\thref=\"https:\/\/pontiusrealty.com\/fr\/\/idx\/539-Calle-Matamoros-NAWALLI-PUERTO-VALLARTA-Puerto-Vallarta-JA-mls_41484?MLSAreaMinor=Centro+North&#038;pg=1&#038;OrderBy=-ListPrice&#038;m=20101117190901935008000000&#038;search_referral_url=https%3A%2F%2Fpontiusrealty.com%2Ffr%2Fwp-json%2Fwp%2Fv2%2Fpages%2F22059%2F\"\n\t\t\t\t\t\tclass=\"flexmls-listing-photo-link flexmls-listing-photo-action--detail\"\n\t\t\t\t\t>\n\t\t\t\t\t\t<img\n\t\t\t\t\t\t\tclass=\"flexmls-listing-card__photo\"\n\t\t\t\t\t\t\tsrc=\"https:\/\/cdn.resize.sparkplatform.com\/pvr\/640x480\/true\/20251227211325095818000000-o.jpg\"\n\t\t\t\t\t\t\tsrcset=\"https:\/\/cdn.photos.sparkplatform.com\/pvr\/20251227211325095818000000.jpg 300w, https:\/\/cdn.resize.sparkplatform.com\/pvr\/640x480\/true\/20251227211325095818000000-o.jpg 640w, https:\/\/cdn.resize.sparkplatform.com\/pvr\/1280x1024\/true\/20251227211325095818000000-o.jpg 1280w\"\n\t\t\t\t\t\t\tsizes=\"auto, (min-width: 900px) 380px, (min-width: 600px) 48vw, min(480px, 100vw)\"\n\t\t\t\t\t\t\talt=\"Property photo for 539 Calle Matamoros, NAWALLI-PUERTO VALLARTA, Puerto Vallarta, JA\"\n\t\t\t\t\t\t\tloading=\"lazy\" \t\t\t\t\t\t\tdecoding=\"async\"\n\t\t\t\t\t\t\twidth=\"640\"\n\t\t\t\t\t\t\theight=\"400\"\n\t\t\t\t\t\t\/>\n\t\t\t\t\t<\/a>\n\t\t\t\t\t\n\t\t\t\t\t\t\t\t\t\t\t\t\t\t\t\t\t\t\t\t\t\t\t\t<span class=\"flexmls-price\">$2,950,000<\/span>\n\t\t\t\t\t<div class=\"flexmls-portal-links\">\n\t\t\t\t\t\t\t\t\t\t\t<\/div>\n\t\t\t\t<\/div>\n\t\t\t\t<a href=\"https:\/\/pontiusrealty.com\/fr\/\/idx\/539-Calle-Matamoros-NAWALLI-PUERTO-VALLARTA-Puerto-Vallarta-JA-mls_41484?MLSAreaMinor=Centro+North&#038;pg=1&#038;OrderBy=-ListPrice&#038;m=20101117190901935008000000&#038;search_referral_url=https%3A%2F%2Fpontiusrealty.com%2Ffr%2Fwp-json%2Fwp%2Fv2%2Fpages%2F22059%2F\" class=\"flexmls-content-wrapper flexmls-listing-content-link\">\n\t\t\t\t\t<div class=\"flexmls-address\">\n\t\t\t\t\t\t539 Calle Matamoros, NAWALLI-PUERTO VALLARTA, Puerto Vallarta, JA\t\t\t\t\t<\/div>\n\t\t\t\t\t<div class=\"flexmls-quick-details\">\n\t\t\t\t\t\t\t\t\t\t\t\t\t<span class=\"flexmls-status flexmls-status-active\">Active<\/span>\n\t\t\t\t\t\t\t\t\t\t\t\t\t\t\t\t\t\t\t<div class=\"flexmls-details\">\n\t\t\t\t\t\t\t\t\t\t\t\t\t\t\t\t\t<span class=\"flexmls-detail\">9BD<\/span>\n\t\t\t\t\t\t\t\t\n\t\t\t\t\t\t\t\t\t\t\t\t\t\t\t\t\t<span class=\"flexmls-detail\">11BA<\/span>\n\t\t\t\t\t\t\t\t\n\t\t\t\t\t\t\t\t\t\t\t\t\t\t\t\t\t\t\t\t\t\t\t\t\t<span class=\"flexmls-detail\">4,400SF<\/span>\n\t\t\t\t\t\t\t\t\t\t\t\t\t\t\t<\/div>\n\t\t\t\t\t\t\t\t\t\t\t<\/div>\n\t\t\t\t\t\t\t\t\t\t\t\t\t\t\t<div class=\"flexmls-last-modified-and-idx-wrapper\">\n\t\t\t\t\t\t\t\t\t\t\t\t\t<div class=\"flexmls-last-modified-and-label-wrapper\">\n\t\t\t\t\t\t\t\t<span class=\"flexmls-bold-label\">Last Modified:<\/span> 4:41pm, July 3, 2026\t\t\t\t\t\t\t<\/div>\n\t\t\t\t\t\t\t\t\t\t\t\t\t\t\t\t\t\t\t<img decoding=\"async\" class=\"flexmls-idx-compliance-badge\" alt=\"IDX\" src=\"https:\/\/cdn.photos.sparkplatform.com\/pvr\/20161019233658090414000000.jpg\">\n\t\t\t\t\t\t\t\t\t\t\t<\/div>\n\n\t\t\t\t\t\n\t\t\t\t\t\t\t\t\t\t\n\t\t\t\t<\/a>\n\t\t\t<\/div>\n\n\t\t\t\t\t\t\t\t\t\t\t<div\n\t\t\t\tclass=\"flexmls-listing flexmls_connect__sr_result\"\n\t\t\t\ttitle=\"1127 Costa Rica, Villa Cielo, Puerto Vallarta, JA - MLS# 43670\"\n\t\t\t\tlink=\"https:\/\/pontiusrealty.com\/fr\/\/idx\/1127-Costa-Rica-Villa-Cielo-Puerto-Vallarta-JA-mls_43670?MLSAreaMinor=Centro+North&#038;pg=1&#038;OrderBy=-ListPrice&#038;m=20101117190901935008000000&#038;search_referral_url=https%3A%2F%2Fpontiusrealty.com%2Ffr%2Fwp-json%2Fwp%2Fv2%2Fpages%2F22059%2F\"\n\t\t\t>\n\t\t\t\t\t\t\t\t<div class=\"flexmls-image-wrapper\">\n\t\t\t\t\t<a\n\t\t\t\t\t\thref=\"https:\/\/pontiusrealty.com\/fr\/\/idx\/1127-Costa-Rica-Villa-Cielo-Puerto-Vallarta-JA-mls_43670?MLSAreaMinor=Centro+North&#038;pg=1&#038;OrderBy=-ListPrice&#038;m=20101117190901935008000000&#038;search_referral_url=https%3A%2F%2Fpontiusrealty.com%2Ffr%2Fwp-json%2Fwp%2Fv2%2Fpages%2F22059%2F\"\n\t\t\t\t\t\tclass=\"flexmls-listing-photo-link flexmls-listing-photo-action--detail\"\n\t\t\t\t\t>\n\t\t\t\t\t\t<img\n\t\t\t\t\t\t\tclass=\"flexmls-listing-card__photo\"\n\t\t\t\t\t\t\tsrc=\"https:\/\/cdn.resize.sparkplatform.com\/pvr\/640x480\/true\/20260521224902032972000000-o.jpg\"\n\t\t\t\t\t\t\tsrcset=\"https:\/\/cdn.photos.sparkplatform.com\/pvr\/20260521224902032972000000.jpg 300w, https:\/\/cdn.resize.sparkplatform.com\/pvr\/640x480\/true\/20260521224902032972000000-o.jpg 640w, https:\/\/cdn.resize.sparkplatform.com\/pvr\/1280x1024\/true\/20260521224902032972000000-o.jpg 1280w\"\n\t\t\t\t\t\t\tsizes=\"auto, (min-width: 900px) 380px, (min-width: 600px) 48vw, min(480px, 100vw)\"\n\t\t\t\t\t\t\talt=\"Property photo for 1127 Costa Rica, Villa Cielo, Puerto Vallarta, JA\"\n\t\t\t\t\t\t\tloading=\"lazy\" \t\t\t\t\t\t\tdecoding=\"async\"\n\t\t\t\t\t\t\twidth=\"640\"\n\t\t\t\t\t\t\theight=\"400\"\n\t\t\t\t\t\t\/>\n\t\t\t\t\t<\/a>\n\t\t\t\t\t\n\t\t\t\t\t\t\t\t\t\t\t\t\t\t\t\t\t\t\t\t\t\t\t\t<span class=\"flexmls-price\">$2,699,000<\/span>\n\t\t\t\t\t<div class=\"flexmls-portal-links\">\n\t\t\t\t\t\t\t\t\t\t\t<\/div>\n\t\t\t\t<\/div>\n\t\t\t\t<a href=\"https:\/\/pontiusrealty.com\/fr\/\/idx\/1127-Costa-Rica-Villa-Cielo-Puerto-Vallarta-JA-mls_43670?MLSAreaMinor=Centro+North&#038;pg=1&#038;OrderBy=-ListPrice&#038;m=20101117190901935008000000&#038;search_referral_url=https%3A%2F%2Fpontiusrealty.com%2Ffr%2Fwp-json%2Fwp%2Fv2%2Fpages%2F22059%2F\" class=\"flexmls-content-wrapper flexmls-listing-content-link\">\n\t\t\t\t\t<div class=\"flexmls-address\">\n\t\t\t\t\t\t1127 Costa Rica, Villa Cielo, Puerto Vallarta, JA\t\t\t\t\t<\/div>\n\t\t\t\t\t<div class=\"flexmls-quick-details\">\n\t\t\t\t\t\t\t\t\t\t\t\t\t<span class=\"flexmls-status flexmls-status-active\">Active<\/span>\n\t\t\t\t\t\t\t\t\t\t\t\t\t\t\t\t\t\t\t<div class=\"flexmls-details\">\n\t\t\t\t\t\t\t\t\t\t\t\t\t\t\t\t\t<span class=\"flexmls-detail\">9BD<\/span>\n\t\t\t\t\t\t\t\t\n\t\t\t\t\t\t\t\t\t\t\t\t\t\t\t\t\t<span class=\"flexmls-detail\">10BA<\/span>\n\t\t\t\t\t\t\t\t\n\t\t\t\t\t\t\t\t\t\t\t\t\t\t\t\t\t\t\t\t\t\t\t\t\t<span class=\"flexmls-detail\">9,280SF<\/span>\n\t\t\t\t\t\t\t\t\t\t\t\t\t\t\t<\/div>\n\t\t\t\t\t\t\t\t\t\t\t<\/div>\n\t\t\t\t\t\t\t\t\t\t\t\t\t\t\t<div class=\"flexmls-last-modified-and-idx-wrapper\">\n\t\t\t\t\t\t\t\t\t\t\t\t\t<div class=\"flexmls-last-modified-and-label-wrapper\">\n\t\t\t\t\t\t\t\t<span class=\"flexmls-bold-label\">Last Modified:<\/span> 5:30pm, May 25, 2026\t\t\t\t\t\t\t<\/div>\n\t\t\t\t\t\t\t\t\t\t\t\t\t\t\t\t\t\t\t<img decoding=\"async\" class=\"flexmls-idx-compliance-badge\" alt=\"IDX\" src=\"https:\/\/cdn.photos.sparkplatform.com\/pvr\/20161019233658090414000000.jpg\">\n\t\t\t\t\t\t\t\t\t\t\t<\/div>\n\n\t\t\t\t\t\n\t\t\t\t\t\t\t\t\t\t\n\t\t\t\t<\/a>\n\t\t\t<\/div>\n\n\t\t\t\t\t\t\t\t\t\t\t<div\n\t\t\t\tclass=\"flexmls-listing flexmls_connect__sr_result\"\n\t\t\t\ttitle=\"370 Calle Zaragoza, Casa Catalina, Puerto Vallarta, JA - MLS# 43702\"\n\t\t\t\tlink=\"https:\/\/pontiusrealty.com\/fr\/\/idx\/370-Calle-Zaragoza-Casa-Catalina-Puerto-Vallarta-JA-mls_43702?MLSAreaMinor=Centro+North&#038;pg=1&#038;OrderBy=-ListPrice&#038;m=20101117190901935008000000&#038;search_referral_url=https%3A%2F%2Fpontiusrealty.com%2Ffr%2Fwp-json%2Fwp%2Fv2%2Fpages%2F22059%2F\"\n\t\t\t>\n\t\t\t\t\t\t\t\t<div class=\"flexmls-image-wrapper\">\n\t\t\t\t\t<a\n\t\t\t\t\t\thref=\"https:\/\/pontiusrealty.com\/fr\/\/idx\/370-Calle-Zaragoza-Casa-Catalina-Puerto-Vallarta-JA-mls_43702?MLSAreaMinor=Centro+North&#038;pg=1&#038;OrderBy=-ListPrice&#038;m=20101117190901935008000000&#038;search_referral_url=https%3A%2F%2Fpontiusrealty.com%2Ffr%2Fwp-json%2Fwp%2Fv2%2Fpages%2F22059%2F\"\n\t\t\t\t\t\tclass=\"flexmls-listing-photo-link flexmls-listing-photo-action--detail\"\n\t\t\t\t\t>\n\t\t\t\t\t\t<img\n\t\t\t\t\t\t\tclass=\"flexmls-listing-card__photo\"\n\t\t\t\t\t\t\tsrc=\"https:\/\/cdn.resize.sparkplatform.com\/pvr\/640x480\/true\/20260529183739951887000000-o.jpg\"\n\t\t\t\t\t\t\tsrcset=\"https:\/\/cdn.photos.sparkplatform.com\/pvr\/20260529183739951887000000.jpg 300w, https:\/\/cdn.resize.sparkplatform.com\/pvr\/640x480\/true\/20260529183739951887000000-o.jpg 640w, https:\/\/cdn.resize.sparkplatform.com\/pvr\/1280x1024\/true\/20260529183739951887000000-o.jpg 1280w\"\n\t\t\t\t\t\t\tsizes=\"auto, (min-width: 900px) 380px, (min-width: 600px) 48vw, min(480px, 100vw)\"\n\t\t\t\t\t\t\talt=\"Property photo for 370 Calle Zaragoza, Casa Catalina, Puerto Vallarta, JA\"\n\t\t\t\t\t\t\tloading=\"lazy\" \t\t\t\t\t\t\tdecoding=\"async\"\n\t\t\t\t\t\t\twidth=\"640\"\n\t\t\t\t\t\t\theight=\"400\"\n\t\t\t\t\t\t\/>\n\t\t\t\t\t<\/a>\n\t\t\t\t\t\n\t\t\t\t\t\t\t\t\t\t\t\t\t\t\t\t\t\t\t\t\t\t\t\t<span class=\"flexmls-price\">$2,650,000<\/span>\n\t\t\t\t\t<div class=\"flexmls-portal-links\">\n\t\t\t\t\t\t\t\t\t\t\t<\/div>\n\t\t\t\t<\/div>\n\t\t\t\t<a href=\"https:\/\/pontiusrealty.com\/fr\/\/idx\/370-Calle-Zaragoza-Casa-Catalina-Puerto-Vallarta-JA-mls_43702?MLSAreaMinor=Centro+North&#038;pg=1&#038;OrderBy=-ListPrice&#038;m=20101117190901935008000000&#038;search_referral_url=https%3A%2F%2Fpontiusrealty.com%2Ffr%2Fwp-json%2Fwp%2Fv2%2Fpages%2F22059%2F\" class=\"flexmls-content-wrapper flexmls-listing-content-link\">\n\t\t\t\t\t<div class=\"flexmls-address\">\n\t\t\t\t\t\t370 Calle Zaragoza, Casa Catalina, Puerto Vallarta, JA\t\t\t\t\t<\/div>\n\t\t\t\t\t<div class=\"flexmls-quick-details\">\n\t\t\t\t\t\t\t\t\t\t\t\t\t<span class=\"flexmls-status flexmls-status-active\">Active<\/span>\n\t\t\t\t\t\t\t\t\t\t\t\t\t\t\t\t\t\t\t<div class=\"flexmls-details\">\n\t\t\t\t\t\t\t\t\t\t\t\t\t\t\t\t\t<span class=\"flexmls-detail\">5BD<\/span>\n\t\t\t\t\t\t\t\t\n\t\t\t\t\t\t\t\t\t\t\t\t\t\t\t\t\t<span class=\"flexmls-detail\">8BA<\/span>\n\t\t\t\t\t\t\t\t\n\t\t\t\t\t\t\t\t\t\t\t\t\t\t\t\t\t\t\t\t\t\t\t\t\t<span class=\"flexmls-detail\">7,930SF<\/span>\n\t\t\t\t\t\t\t\t\t\t\t\t\t\t\t<\/div>\n\t\t\t\t\t\t\t\t\t\t\t<\/div>\n\t\t\t\t\t\t\t\t\t\t\t\t\t\t\t<div class=\"flexmls-last-modified-and-idx-wrapper\">\n\t\t\t\t\t\t\t\t\t\t\t\t\t<div class=\"flexmls-last-modified-and-label-wrapper\">\n\t\t\t\t\t\t\t\t<span class=\"flexmls-bold-label\">Last Modified:<\/span> 4:15pm, June 29, 2026\t\t\t\t\t\t\t<\/div>\n\t\t\t\t\t\t\t\t\t\t\t\t\t\t\t\t\t\t\t<img decoding=\"async\" class=\"flexmls-idx-compliance-badge\" alt=\"IDX\" src=\"https:\/\/cdn.photos.sparkplatform.com\/pvr\/20161019233658090414000000.jpg\">\n\t\t\t\t\t\t\t\t\t\t\t<\/div>\n\n\t\t\t\t\t\n\t\t\t\t\t\t\t\t\t\t\n\t\t\t\t<\/a>\n\t\t\t<\/div>\n\n\t\t\t\t\t\t\t\t\t\t\t<div\n\t\t\t\tclass=\"flexmls-listing flexmls_connect__sr_result\"\n\t\t\t\ttitle=\"21 Republica de Chile, Casa Caryn, Puerto Vallarta, JA - MLS# 37795\"\n\t\t\t\tlink=\"https:\/\/pontiusrealty.com\/fr\/\/idx\/21-Republica-de-Chile-Casa-Caryn-Puerto-Vallarta-JA-mls_37795?MLSAreaMinor=Centro+North&#038;pg=1&#038;OrderBy=-ListPrice&#038;m=20101117190901935008000000&#038;search_referral_url=https%3A%2F%2Fpontiusrealty.com%2Ffr%2Fwp-json%2Fwp%2Fv2%2Fpages%2F22059%2F\"\n\t\t\t>\n\t\t\t\t\t\t\t\t<div class=\"flexmls-image-wrapper\">\n\t\t\t\t\t<a\n\t\t\t\t\t\thref=\"https:\/\/pontiusrealty.com\/fr\/\/idx\/21-Republica-de-Chile-Casa-Caryn-Puerto-Vallarta-JA-mls_37795?MLSAreaMinor=Centro+North&#038;pg=1&#038;OrderBy=-ListPrice&#038;m=20101117190901935008000000&#038;search_referral_url=https%3A%2F%2Fpontiusrealty.com%2Ffr%2Fwp-json%2Fwp%2Fv2%2Fpages%2F22059%2F\"\n\t\t\t\t\t\tclass=\"flexmls-listing-photo-link flexmls-listing-photo-action--detail\"\n\t\t\t\t\t>\n\t\t\t\t\t\t<img\n\t\t\t\t\t\t\tclass=\"flexmls-listing-card__photo\"\n\t\t\t\t\t\t\tsrc=\"https:\/\/cdn.resize.sparkplatform.com\/pvr\/640x480\/true\/20250327173115300248000000-o.jpg\"\n\t\t\t\t\t\t\tsrcset=\"https:\/\/cdn.photos.sparkplatform.com\/pvr\/20250327173115300248000000.jpg 300w, https:\/\/cdn.resize.sparkplatform.com\/pvr\/640x480\/true\/20250327173115300248000000-o.jpg 640w, https:\/\/cdn.resize.sparkplatform.com\/pvr\/1280x1024\/true\/20250327173115300248000000-o.jpg 1280w\"\n\t\t\t\t\t\t\tsizes=\"auto, (min-width: 900px) 380px, (min-width: 600px) 48vw, min(480px, 100vw)\"\n\t\t\t\t\t\t\talt=\"Property photo for 21 Republica de Chile, Casa Caryn, Puerto Vallarta, JA\"\n\t\t\t\t\t\t\tloading=\"lazy\" \t\t\t\t\t\t\tdecoding=\"async\"\n\t\t\t\t\t\t\twidth=\"640\"\n\t\t\t\t\t\t\theight=\"400\"\n\t\t\t\t\t\t\/>\n\t\t\t\t\t<\/a>\n\t\t\t\t\t\n\t\t\t\t\t\t\t\t\t\t\t\t\t\t\t\t\t\t\t\t\t\t\t\t<span class=\"flexmls-price\">$2,200,000<\/span>\n\t\t\t\t\t<div class=\"flexmls-portal-links\">\n\t\t\t\t\t\t\t\t\t\t\t<\/div>\n\t\t\t\t<\/div>\n\t\t\t\t<a href=\"https:\/\/pontiusrealty.com\/fr\/\/idx\/21-Republica-de-Chile-Casa-Caryn-Puerto-Vallarta-JA-mls_37795?MLSAreaMinor=Centro+North&#038;pg=1&#038;OrderBy=-ListPrice&#038;m=20101117190901935008000000&#038;search_referral_url=https%3A%2F%2Fpontiusrealty.com%2Ffr%2Fwp-json%2Fwp%2Fv2%2Fpages%2F22059%2F\" class=\"flexmls-content-wrapper flexmls-listing-content-link\">\n\t\t\t\t\t<div class=\"flexmls-address\">\n\t\t\t\t\t\t21 Republica de Chile, Casa Caryn, Puerto Vallarta, JA\t\t\t\t\t<\/div>\n\t\t\t\t\t<div class=\"flexmls-quick-details\">\n\t\t\t\t\t\t\t\t\t\t\t\t\t<span class=\"flexmls-status flexmls-status-active\">Active<\/span>\n\t\t\t\t\t\t\t\t\t\t\t\t\t\t\t\t\t\t\t<div class=\"flexmls-details\">\n\t\t\t\t\t\t\t\t\t\t\t\t\t\t\t\t\t<span class=\"flexmls-detail\">4BD<\/span>\n\t\t\t\t\t\t\t\t\n\t\t\t\t\t\t\t\t\t\t\t\t\t\t\t\t\t<span class=\"flexmls-detail\">5BA<\/span>\n\t\t\t\t\t\t\t\t\n\t\t\t\t\t\t\t\t\t\t\t\t\t\t\t\t\t\t\t\t\t\t\t\t\t<span class=\"flexmls-detail\">5,950SF<\/span>\n\t\t\t\t\t\t\t\t\t\t\t\t\t\t\t<\/div>\n\t\t\t\t\t\t\t\t\t\t\t<\/div>\n\t\t\t\t\t\t\t\t\t\t\t\t\t\t\t<div class=\"flexmls-last-modified-and-idx-wrapper\">\n\t\t\t\t\t\t\t\t\t\t\t\t\t<div class=\"flexmls-last-modified-and-label-wrapper\">\n\t\t\t\t\t\t\t\t<span class=\"flexmls-bold-label\">Last Modified:<\/span> 10:31pm, March 31, 2026\t\t\t\t\t\t\t<\/div>\n\t\t\t\t\t\t\t\t\t\t\t\t\t\t\t\t\t\t\t<img decoding=\"async\" class=\"flexmls-idx-compliance-badge\" alt=\"IDX\" src=\"https:\/\/cdn.photos.sparkplatform.com\/pvr\/20161019233658090414000000.jpg\">\n\t\t\t\t\t\t\t\t\t\t\t<\/div>\n\n\t\t\t\t\t\n\t\t\t\t\t\t\t\t\t\t\n\t\t\t\t<\/a>\n\t\t\t<\/div>\n\n\t\t\t\t\t\t\t\t\t\t\t<div\n\t\t\t\tclass=\"flexmls-listing flexmls_connect__sr_result\"\n\t\t\t\ttitle=\"978 GUADALUPE SANCHEZ, CASA REY SOL, Puerto Vallarta, JA - MLS# 41737\"\n\t\t\t\tlink=\"https:\/\/pontiusrealty.com\/fr\/\/idx\/978-GUADALUPE-SANCHEZ-CASA-REY-SOL-Puerto-Vallarta-JA-mls_41737?MLSAreaMinor=Centro+North&#038;pg=1&#038;OrderBy=-ListPrice&#038;m=20101117190901935008000000&#038;search_referral_url=https%3A%2F%2Fpontiusrealty.com%2Ffr%2Fwp-json%2Fwp%2Fv2%2Fpages%2F22059%2F\"\n\t\t\t>\n\t\t\t\t\t\t\t\t<div class=\"flexmls-image-wrapper\">\n\t\t\t\t\t<a\n\t\t\t\t\t\thref=\"https:\/\/pontiusrealty.com\/fr\/\/idx\/978-GUADALUPE-SANCHEZ-CASA-REY-SOL-Puerto-Vallarta-JA-mls_41737?MLSAreaMinor=Centro+North&#038;pg=1&#038;OrderBy=-ListPrice&#038;m=20101117190901935008000000&#038;search_referral_url=https%3A%2F%2Fpontiusrealty.com%2Ffr%2Fwp-json%2Fwp%2Fv2%2Fpages%2F22059%2F\"\n\t\t\t\t\t\tclass=\"flexmls-listing-photo-link flexmls-listing-photo-action--detail\"\n\t\t\t\t\t>\n\t\t\t\t\t\t<img\n\t\t\t\t\t\t\tclass=\"flexmls-listing-card__photo\"\n\t\t\t\t\t\t\tsrc=\"https:\/\/cdn.resize.sparkplatform.com\/pvr\/640x480\/true\/20260119024310695177000000-o.jpg\"\n\t\t\t\t\t\t\tsrcset=\"https:\/\/cdn.photos.sparkplatform.com\/pvr\/20260119024310695177000000.jpg 300w, https:\/\/cdn.resize.sparkplatform.com\/pvr\/640x480\/true\/20260119024310695177000000-o.jpg 640w, https:\/\/cdn.resize.sparkplatform.com\/pvr\/1280x1024\/true\/20260119024310695177000000-o.jpg 1280w\"\n\t\t\t\t\t\t\tsizes=\"auto, (min-width: 900px) 380px, (min-width: 600px) 48vw, min(480px, 100vw)\"\n\t\t\t\t\t\t\talt=\"Property photo for 978 GUADALUPE SANCHEZ, CASA REY SOL, Puerto Vallarta, JA\"\n\t\t\t\t\t\t\tloading=\"lazy\" \t\t\t\t\t\t\tdecoding=\"async\"\n\t\t\t\t\t\t\twidth=\"640\"\n\t\t\t\t\t\t\theight=\"400\"\n\t\t\t\t\t\t\/>\n\t\t\t\t\t<\/a>\n\t\t\t\t\t\n\t\t\t\t\t\t\t\t\t\t\t\t\t\t\t\t\t\t\t\t\t\t\t\t<span class=\"flexmls-price\">$1,905,000<\/span>\n\t\t\t\t\t<div class=\"flexmls-portal-links\">\n\t\t\t\t\t\t\t\t\t\t\t<\/div>\n\t\t\t\t<\/div>\n\t\t\t\t<a href=\"https:\/\/pontiusrealty.com\/fr\/\/idx\/978-GUADALUPE-SANCHEZ-CASA-REY-SOL-Puerto-Vallarta-JA-mls_41737?MLSAreaMinor=Centro+North&#038;pg=1&#038;OrderBy=-ListPrice&#038;m=20101117190901935008000000&#038;search_referral_url=https%3A%2F%2Fpontiusrealty.com%2Ffr%2Fwp-json%2Fwp%2Fv2%2Fpages%2F22059%2F\" class=\"flexmls-content-wrapper flexmls-listing-content-link\">\n\t\t\t\t\t<div class=\"flexmls-address\">\n\t\t\t\t\t\t978 GUADALUPE SANCHEZ, CASA REY SOL, Puerto Vallarta, JA\t\t\t\t\t<\/div>\n\t\t\t\t\t<div class=\"flexmls-quick-details\">\n\t\t\t\t\t\t\t\t\t\t\t\t\t<span class=\"flexmls-status flexmls-status-active\">Active<\/span>\n\t\t\t\t\t\t\t\t\t\t\t\t\t\t\t\t\t\t\t<div class=\"flexmls-details\">\n\t\t\t\t\t\t\t\t\t\t\t\t\t\t\t\t\t<span class=\"flexmls-detail\">12BD<\/span>\n\t\t\t\t\t\t\t\t\n\t\t\t\t\t\t\t\t\t\t\t\t\t\t\t\t\t<span class=\"flexmls-detail\">15BA<\/span>\n\t\t\t\t\t\t\t\t\n\t\t\t\t\t\t\t\t\t\t\t\t\t\t\t\t\t\t\t\t\t\t\t\t\t<span class=\"flexmls-detail\">9,400SF<\/span>\n\t\t\t\t\t\t\t\t\t\t\t\t\t\t\t<\/div>\n\t\t\t\t\t\t\t\t\t\t\t<\/div>\n\t\t\t\t\t\t\t\t\t\t\t\t\t\t\t<div class=\"flexmls-last-modified-and-idx-wrapper\">\n\t\t\t\t\t\t\t\t\t\t\t\t\t<div class=\"flexmls-last-modified-and-label-wrapper\">\n\t\t\t\t\t\t\t\t<span class=\"flexmls-bold-label\">Last Modified:<\/span> 2:01am, June 19, 2026\t\t\t\t\t\t\t<\/div>\n\t\t\t\t\t\t\t\t\t\t\t\t\t\t\t\t\t\t\t<img decoding=\"async\" class=\"flexmls-idx-compliance-badge\" alt=\"IDX\" src=\"https:\/\/cdn.photos.sparkplatform.com\/pvr\/20161019233658090414000000.jpg\">\n\t\t\t\t\t\t\t\t\t\t\t<\/div>\n\n\t\t\t\t\t\n\t\t\t\t\t\t\t\t\t\t\n\t\t\t\t<\/a>\n\t\t\t<\/div>\n\n\t\t\t\t\t\t\t\t\t\t\t<div\n\t\t\t\tclass=\"flexmls-listing flexmls_connect__sr_result\"\n\t\t\t\ttitle=\"1428 Blvd Francisco Medina Ascencio B 1203, V Boulevard B 1203, Puerto Vallarta, JA - MLS# 38844\"\n\t\t\t\tlink=\"https:\/\/pontiusrealty.com\/fr\/\/idx\/1428-Blvd-Francisco-Medina-Ascencio-B-1203-V-Boulevard-B-1203-Puerto-Vallarta-JA-mls_38844?MLSAreaMinor=Centro+North&#038;pg=1&#038;OrderBy=-ListPrice&#038;m=20101117190901935008000000&#038;search_referral_url=https%3A%2F%2Fpontiusrealty.com%2Ffr%2Fwp-json%2Fwp%2Fv2%2Fpages%2F22059%2F\"\n\t\t\t>\n\t\t\t\t\t\t\t\t<div class=\"flexmls-image-wrapper\">\n\t\t\t\t\t<a\n\t\t\t\t\t\thref=\"https:\/\/pontiusrealty.com\/fr\/\/idx\/1428-Blvd-Francisco-Medina-Ascencio-B-1203-V-Boulevard-B-1203-Puerto-Vallarta-JA-mls_38844?MLSAreaMinor=Centro+North&#038;pg=1&#038;OrderBy=-ListPrice&#038;m=20101117190901935008000000&#038;search_referral_url=https%3A%2F%2Fpontiusrealty.com%2Ffr%2Fwp-json%2Fwp%2Fv2%2Fpages%2F22059%2F\"\n\t\t\t\t\t\tclass=\"flexmls-listing-photo-link flexmls-listing-photo-action--detail\"\n\t\t\t\t\t>\n\t\t\t\t\t\t<img\n\t\t\t\t\t\t\tclass=\"flexmls-listing-card__photo\"\n\t\t\t\t\t\t\tsrc=\"https:\/\/cdn.resize.sparkplatform.com\/pvr\/640x480\/true\/20250623011937742818000000-o.jpg\"\n\t\t\t\t\t\t\tsrcset=\"https:\/\/cdn.photos.sparkplatform.com\/pvr\/20250623011937742818000000.jpg 300w, https:\/\/cdn.resize.sparkplatform.com\/pvr\/640x480\/true\/20250623011937742818000000-o.jpg 640w, https:\/\/cdn.resize.sparkplatform.com\/pvr\/1280x1024\/true\/20250623011937742818000000-o.jpg 1280w\"\n\t\t\t\t\t\t\tsizes=\"auto, (min-width: 900px) 380px, (min-width: 600px) 48vw, min(480px, 100vw)\"\n\t\t\t\t\t\t\talt=\"Property photo for 1428 Blvd Francisco Medina Ascencio B 1203, V Boulevard B 1203, Puerto Vallarta, JA\"\n\t\t\t\t\t\t\tloading=\"lazy\" \t\t\t\t\t\t\tdecoding=\"async\"\n\t\t\t\t\t\t\twidth=\"640\"\n\t\t\t\t\t\t\theight=\"400\"\n\t\t\t\t\t\t\/>\n\t\t\t\t\t<\/a>\n\t\t\t\t\t\n\t\t\t\t\t\t\t\t\t\t\t\t\t\t\t\t\t\t\t\t\t\t\t\t<span class=\"flexmls-price\">$1,499,000<\/span>\n\t\t\t\t\t<div class=\"flexmls-portal-links\">\n\t\t\t\t\t\t\t\t\t\t\t<\/div>\n\t\t\t\t<\/div>\n\t\t\t\t<a href=\"https:\/\/pontiusrealty.com\/fr\/\/idx\/1428-Blvd-Francisco-Medina-Ascencio-B-1203-V-Boulevard-B-1203-Puerto-Vallarta-JA-mls_38844?MLSAreaMinor=Centro+North&#038;pg=1&#038;OrderBy=-ListPrice&#038;m=20101117190901935008000000&#038;search_referral_url=https%3A%2F%2Fpontiusrealty.com%2Ffr%2Fwp-json%2Fwp%2Fv2%2Fpages%2F22059%2F\" class=\"flexmls-content-wrapper flexmls-listing-content-link\">\n\t\t\t\t\t<div class=\"flexmls-address\">\n\t\t\t\t\t\t1428 Blvd Francisco Medina Ascencio B 1203, V Boulevard B 1203, Puerto Vallarta, JA\t\t\t\t\t<\/div>\n\t\t\t\t\t<div class=\"flexmls-quick-details\">\n\t\t\t\t\t\t\t\t\t\t\t\t\t<span class=\"flexmls-status flexmls-status-active\">Active<\/span>\n\t\t\t\t\t\t\t\t\t\t\t\t\t\t\t\t\t\t\t<div class=\"flexmls-details\">\n\t\t\t\t\t\t\t\t\t\t\t\t\t\t\t\t\t<span class=\"flexmls-detail\">3BD<\/span>\n\t\t\t\t\t\t\t\t\n\t\t\t\t\t\t\t\t\t\t\t\t\t\t\t\t\t<span class=\"flexmls-detail\">4BA<\/span>\n\t\t\t\t\t\t\t\t\n\t\t\t\t\t\t\t\t\t\t\t\t\t\t\t\t\t\t\t\t\t\t\t\t\t<span class=\"flexmls-detail\">3,088SF<\/span>\n\t\t\t\t\t\t\t\t\t\t\t\t\t\t\t<\/div>\n\t\t\t\t\t\t\t\t\t\t\t<\/div>\n\t\t\t\t\t\t\t\t\t\t\t\t\t\t\t<div class=\"flexmls-last-modified-and-idx-wrapper\">\n\t\t\t\t\t\t\t\t\t\t\t\t\t<div class=\"flexmls-last-modified-and-label-wrapper\">\n\t\t\t\t\t\t\t\t<span class=\"flexmls-bold-label\">Last Modified:<\/span> 10:49pm, January 27, 2026\t\t\t\t\t\t\t<\/div>\n\t\t\t\t\t\t\t\t\t\t\t\t\t\t\t\t\t\t\t<img decoding=\"async\" class=\"flexmls-idx-compliance-badge\" alt=\"IDX\" src=\"https:\/\/cdn.photos.sparkplatform.com\/pvr\/20161019233658090414000000.jpg\">\n\t\t\t\t\t\t\t\t\t\t\t<\/div>\n\n\t\t\t\t\t\n\t\t\t\t\t\t\t\t\t\t\n\t\t\t\t<\/a>\n\t\t\t<\/div>\n\n\t\t\t\t\t\t\t\t\t\t\t<div\n\t\t\t\tclass=\"flexmls-listing flexmls_connect__sr_result\"\n\t\t\t\ttitle=\"1428 Blvd Francisco Medina Ascencio A PH 2, V Boulevard A PH 2, Puerto Vallarta, JA - MLS# 38790\"\n\t\t\t\tlink=\"https:\/\/pontiusrealty.com\/fr\/\/idx\/1428-Blvd-Francisco-Medina-Ascencio-A-PH-2-V-Boulevard-A-PH-2-Puerto-Vallarta-JA-mls_38790?MLSAreaMinor=Centro+North&#038;pg=1&#038;OrderBy=-ListPrice&#038;m=20101117190901935008000000&#038;search_referral_url=https%3A%2F%2Fpontiusrealty.com%2Ffr%2Fwp-json%2Fwp%2Fv2%2Fpages%2F22059%2F\"\n\t\t\t>\n\t\t\t\t\t\t\t\t<div class=\"flexmls-image-wrapper\">\n\t\t\t\t\t<a\n\t\t\t\t\t\thref=\"https:\/\/pontiusrealty.com\/fr\/\/idx\/1428-Blvd-Francisco-Medina-Ascencio-A-PH-2-V-Boulevard-A-PH-2-Puerto-Vallarta-JA-mls_38790?MLSAreaMinor=Centro+North&#038;pg=1&#038;OrderBy=-ListPrice&#038;m=20101117190901935008000000&#038;search_referral_url=https%3A%2F%2Fpontiusrealty.com%2Ffr%2Fwp-json%2Fwp%2Fv2%2Fpages%2F22059%2F\"\n\t\t\t\t\t\tclass=\"flexmls-listing-photo-link flexmls-listing-photo-action--detail\"\n\t\t\t\t\t>\n\t\t\t\t\t\t<img\n\t\t\t\t\t\t\tclass=\"flexmls-listing-card__photo\"\n\t\t\t\t\t\t\tsrc=\"https:\/\/cdn.resize.sparkplatform.com\/pvr\/640x480\/true\/20250621045126023966000000-o.jpg\"\n\t\t\t\t\t\t\tsrcset=\"https:\/\/cdn.photos.sparkplatform.com\/pvr\/20250621045126023966000000.jpg 300w, https:\/\/cdn.resize.sparkplatform.com\/pvr\/640x480\/true\/20250621045126023966000000-o.jpg 640w, https:\/\/cdn.resize.sparkplatform.com\/pvr\/1280x1024\/true\/20250621045126023966000000-o.jpg 1280w\"\n\t\t\t\t\t\t\tsizes=\"auto, (min-width: 900px) 380px, (min-width: 600px) 48vw, min(480px, 100vw)\"\n\t\t\t\t\t\t\talt=\"Property photo for 1428 Blvd Francisco Medina Ascencio A PH 2, V Boulevard A PH 2, Puerto Vallarta, JA\"\n\t\t\t\t\t\t\tloading=\"lazy\" \t\t\t\t\t\t\tdecoding=\"async\"\n\t\t\t\t\t\t\twidth=\"640\"\n\t\t\t\t\t\t\theight=\"400\"\n\t\t\t\t\t\t\/>\n\t\t\t\t\t<\/a>\n\t\t\t\t\t\n\t\t\t\t\t\t\t\t\t\t\t\t\t\t\t\t\t\t\t\t\t\t\t\t<span class=\"flexmls-price\">$1,495,000<\/span>\n\t\t\t\t\t<div class=\"flexmls-portal-links\">\n\t\t\t\t\t\t\t\t\t\t\t<\/div>\n\t\t\t\t<\/div>\n\t\t\t\t<a href=\"https:\/\/pontiusrealty.com\/fr\/\/idx\/1428-Blvd-Francisco-Medina-Ascencio-A-PH-2-V-Boulevard-A-PH-2-Puerto-Vallarta-JA-mls_38790?MLSAreaMinor=Centro+North&#038;pg=1&#038;OrderBy=-ListPrice&#038;m=20101117190901935008000000&#038;search_referral_url=https%3A%2F%2Fpontiusrealty.com%2Ffr%2Fwp-json%2Fwp%2Fv2%2Fpages%2F22059%2F\" class=\"flexmls-content-wrapper flexmls-listing-content-link\">\n\t\t\t\t\t<div class=\"flexmls-address\">\n\t\t\t\t\t\t1428 Blvd Francisco Medina Ascencio A PH 2, V Boulevard A PH 2, Puerto Vallarta, JA\t\t\t\t\t<\/div>\n\t\t\t\t\t<div class=\"flexmls-quick-details\">\n\t\t\t\t\t\t\t\t\t\t\t\t\t<span class=\"flexmls-status flexmls-status-active\">Active<\/span>\n\t\t\t\t\t\t\t\t\t\t\t\t\t\t\t\t\t\t\t<div class=\"flexmls-details\">\n\t\t\t\t\t\t\t\t\t\t\t\t\t\t\t\t\t<span class=\"flexmls-detail\">3BD<\/span>\n\t\t\t\t\t\t\t\t\n\t\t\t\t\t\t\t\t\t\t\t\t\t\t\t\t\t<span class=\"flexmls-detail\">4BA<\/span>\n\t\t\t\t\t\t\t\t\n\t\t\t\t\t\t\t\t\t\t\t\t\t\t\t\t\t\t\t\t\t\t\t\t\t<span class=\"flexmls-detail\">3,127SF<\/span>\n\t\t\t\t\t\t\t\t\t\t\t\t\t\t\t<\/div>\n\t\t\t\t\t\t\t\t\t\t\t<\/div>\n\t\t\t\t\t\t\t\t\t\t\t\t\t\t\t<div class=\"flexmls-last-modified-and-idx-wrapper\">\n\t\t\t\t\t\t\t\t\t\t\t\t\t<div class=\"flexmls-last-modified-and-label-wrapper\">\n\t\t\t\t\t\t\t\t<span class=\"flexmls-bold-label\">Last Modified:<\/span> 10:50pm, January 27, 2026\t\t\t\t\t\t\t<\/div>\n\t\t\t\t\t\t\t\t\t\t\t\t\t\t\t\t\t\t\t<img decoding=\"async\" class=\"flexmls-idx-compliance-badge\" alt=\"IDX\" src=\"https:\/\/cdn.photos.sparkplatform.com\/pvr\/20161019233658090414000000.jpg\">\n\t\t\t\t\t\t\t\t\t\t\t<\/div>\n\n\t\t\t\t\t\n\t\t\t\t\t\t\t\t\t\t\n\t\t\t\t<\/a>\n\t\t\t<\/div>\n\n\t\t\t\t\t\t\t\t\t\t\t<div\n\t\t\t\tclass=\"flexmls-listing flexmls_connect__sr_result\"\n\t\t\t\ttitle=\"366 Emilio Carranza, Casa Mar y Cielo, Puerto Vallarta, JA - MLS# 23425\"\n\t\t\t\tlink=\"https:\/\/pontiusrealty.com\/fr\/\/idx\/366-Emilio-Carranza-Casa-Mar-y-Cielo-Puerto-Vallarta-JA-mls_23425?MLSAreaMinor=Centro+North&#038;pg=1&#038;OrderBy=-ListPrice&#038;m=20101117190901935008000000&#038;search_referral_url=https%3A%2F%2Fpontiusrealty.com%2Ffr%2Fwp-json%2Fwp%2Fv2%2Fpages%2F22059%2F\"\n\t\t\t>\n\t\t\t\t\t\t\t\t<div class=\"flexmls-image-wrapper\">\n\t\t\t\t\t<a\n\t\t\t\t\t\thref=\"https:\/\/pontiusrealty.com\/fr\/\/idx\/366-Emilio-Carranza-Casa-Mar-y-Cielo-Puerto-Vallarta-JA-mls_23425?MLSAreaMinor=Centro+North&#038;pg=1&#038;OrderBy=-ListPrice&#038;m=20101117190901935008000000&#038;search_referral_url=https%3A%2F%2Fpontiusrealty.com%2Ffr%2Fwp-json%2Fwp%2Fv2%2Fpages%2F22059%2F\"\n\t\t\t\t\t\tclass=\"flexmls-listing-photo-link flexmls-listing-photo-action--detail\"\n\t\t\t\t\t>\n\t\t\t\t\t\t<img\n\t\t\t\t\t\t\tclass=\"flexmls-listing-card__photo\"\n\t\t\t\t\t\t\tsrc=\"https:\/\/cdn.resize.sparkplatform.com\/pvr\/640x480\/true\/20220222220738171228000000-o.jpg\"\n\t\t\t\t\t\t\tsrcset=\"https:\/\/cdn.photos.sparkplatform.com\/pvr\/20220222220738171228000000.jpg 300w, https:\/\/cdn.resize.sparkplatform.com\/pvr\/640x480\/true\/20220222220738171228000000-o.jpg 640w, https:\/\/cdn.resize.sparkplatform.com\/pvr\/1280x1024\/true\/20220222220738171228000000-o.jpg 1280w\"\n\t\t\t\t\t\t\tsizes=\"auto, (min-width: 900px) 380px, (min-width: 600px) 48vw, min(480px, 100vw)\"\n\t\t\t\t\t\t\talt=\"Property photo for 366 Emilio Carranza, Casa Mar y Cielo, Puerto Vallarta, JA\"\n\t\t\t\t\t\t\tloading=\"lazy\" \t\t\t\t\t\t\tdecoding=\"async\"\n\t\t\t\t\t\t\twidth=\"640\"\n\t\t\t\t\t\t\theight=\"400\"\n\t\t\t\t\t\t\/>\n\t\t\t\t\t<\/a>\n\t\t\t\t\t\n\t\t\t\t\t\t\t\t\t\t\t\t\t\t\t\t\t\t\t\t\t\t\t\t<span class=\"flexmls-price\">$1,375,000<\/span>\n\t\t\t\t\t<div class=\"flexmls-portal-links\">\n\t\t\t\t\t\t\t\t\t\t\t<\/div>\n\t\t\t\t<\/div>\n\t\t\t\t<a href=\"https:\/\/pontiusrealty.com\/fr\/\/idx\/366-Emilio-Carranza-Casa-Mar-y-Cielo-Puerto-Vallarta-JA-mls_23425?MLSAreaMinor=Centro+North&#038;pg=1&#038;OrderBy=-ListPrice&#038;m=20101117190901935008000000&#038;search_referral_url=https%3A%2F%2Fpontiusrealty.com%2Ffr%2Fwp-json%2Fwp%2Fv2%2Fpages%2F22059%2F\" class=\"flexmls-content-wrapper flexmls-listing-content-link\">\n\t\t\t\t\t<div class=\"flexmls-address\">\n\t\t\t\t\t\t366 Emilio Carranza, Casa Mar y Cielo, Puerto Vallarta, JA\t\t\t\t\t<\/div>\n\t\t\t\t\t<div class=\"flexmls-quick-details\">\n\t\t\t\t\t\t\t\t\t\t\t\t\t<span class=\"flexmls-status flexmls-status-pending\">Pending<\/span>\n\t\t\t\t\t\t\t\t\t\t\t\t\t\t\t\t\t\t\t<div class=\"flexmls-details\">\n\t\t\t\t\t\t\t\t\t\t\t\t\t\t\t\t\t<span class=\"flexmls-detail\">5BD<\/span>\n\t\t\t\t\t\t\t\t\n\t\t\t\t\t\t\t\t\t\t\t\t\t\t\t\t\t<span class=\"flexmls-detail\">7BA<\/span>\n\t\t\t\t\t\t\t\t\n\t\t\t\t\t\t\t\t\t\t\t\t\t\t\t\t\t\t\t\t\t\t\t\t\t<span class=\"flexmls-detail\">6,886SF<\/span>\n\t\t\t\t\t\t\t\t\t\t\t\t\t\t\t<\/div>\n\t\t\t\t\t\t\t\t\t\t\t<\/div>\n\t\t\t\t\t\t\t\t\t\t\t\t\t\t\t<div class=\"flexmls-last-modified-and-idx-wrapper\">\n\t\t\t\t\t\t\t\t\t\t\t\t\t<div class=\"flexmls-last-modified-and-label-wrapper\">\n\t\t\t\t\t\t\t\t<span class=\"flexmls-bold-label\">Last Modified:<\/span> 5:37pm, June 10, 2026\t\t\t\t\t\t\t<\/div>\n\t\t\t\t\t\t\t\t\t\t\t\t\t\t\t\t\t\t\t<img decoding=\"async\" class=\"flexmls-idx-compliance-badge\" alt=\"IDX\" src=\"https:\/\/cdn.photos.sparkplatform.com\/pvr\/20161019233658090414000000.jpg\">\n\t\t\t\t\t\t\t\t\t\t\t<\/div>\n\n\t\t\t\t\t\n\t\t\t\t\t\t\t\t\t\t\n\t\t\t\t<\/a>\n\t\t\t<\/div>\n\n\t\t\t\t\t\t\t\t\t\t\t<div\n\t\t\t\tclass=\"flexmls-listing flexmls_connect__sr_result\"\n\t\t\t\ttitle=\"1428 Blvd Francisco Medina Ascencio B PH 2, V Boulevard B PH 2, Puerto Vallarta, JA - MLS# 38846\"\n\t\t\t\tlink=\"https:\/\/pontiusrealty.com\/fr\/\/idx\/1428-Blvd-Francisco-Medina-Ascencio-B-PH-2-V-Boulevard-B-PH-2-Puerto-Vallarta-JA-mls_38846?MLSAreaMinor=Centro+North&#038;pg=1&#038;OrderBy=-ListPrice&#038;m=20101117190901935008000000&#038;search_referral_url=https%3A%2F%2Fpontiusrealty.com%2Ffr%2Fwp-json%2Fwp%2Fv2%2Fpages%2F22059%2F\"\n\t\t\t>\n\t\t\t\t\t\t\t\t<div class=\"flexmls-image-wrapper\">\n\t\t\t\t\t<a\n\t\t\t\t\t\thref=\"https:\/\/pontiusrealty.com\/fr\/\/idx\/1428-Blvd-Francisco-Medina-Ascencio-B-PH-2-V-Boulevard-B-PH-2-Puerto-Vallarta-JA-mls_38846?MLSAreaMinor=Centro+North&#038;pg=1&#038;OrderBy=-ListPrice&#038;m=20101117190901935008000000&#038;search_referral_url=https%3A%2F%2Fpontiusrealty.com%2Ffr%2Fwp-json%2Fwp%2Fv2%2Fpages%2F22059%2F\"\n\t\t\t\t\t\tclass=\"flexmls-listing-photo-link flexmls-listing-photo-action--detail\"\n\t\t\t\t\t>\n\t\t\t\t\t\t<img\n\t\t\t\t\t\t\tclass=\"flexmls-listing-card__photo\"\n\t\t\t\t\t\t\tsrc=\"https:\/\/cdn.resize.sparkplatform.com\/pvr\/640x480\/true\/20250623012055997240000000-o.jpg\"\n\t\t\t\t\t\t\tsrcset=\"https:\/\/cdn.photos.sparkplatform.com\/pvr\/20250623012055997240000000.jpg 300w, https:\/\/cdn.resize.sparkplatform.com\/pvr\/640x480\/true\/20250623012055997240000000-o.jpg 640w, https:\/\/cdn.resize.sparkplatform.com\/pvr\/1280x1024\/true\/20250623012055997240000000-o.jpg 1280w\"\n\t\t\t\t\t\t\tsizes=\"auto, (min-width: 900px) 380px, (min-width: 600px) 48vw, min(480px, 100vw)\"\n\t\t\t\t\t\t\talt=\"Property photo for 1428 Blvd Francisco Medina Ascencio B PH 2, V Boulevard B PH 2, Puerto Vallarta, JA\"\n\t\t\t\t\t\t\tloading=\"lazy\" \t\t\t\t\t\t\tdecoding=\"async\"\n\t\t\t\t\t\t\twidth=\"640\"\n\t\t\t\t\t\t\theight=\"400\"\n\t\t\t\t\t\t\/>\n\t\t\t\t\t<\/a>\n\t\t\t\t\t\n\t\t\t\t\t\t\t\t\t\t\t\t\t\t\t\t\t\t\t\t\t\t\t\t<span class=\"flexmls-price\">$1,249,000<\/span>\n\t\t\t\t\t<div class=\"flexmls-portal-links\">\n\t\t\t\t\t\t\t\t\t\t\t<\/div>\n\t\t\t\t<\/div>\n\t\t\t\t<a href=\"https:\/\/pontiusrealty.com\/fr\/\/idx\/1428-Blvd-Francisco-Medina-Ascencio-B-PH-2-V-Boulevard-B-PH-2-Puerto-Vallarta-JA-mls_38846?MLSAreaMinor=Centro+North&#038;pg=1&#038;OrderBy=-ListPrice&#038;m=20101117190901935008000000&#038;search_referral_url=https%3A%2F%2Fpontiusrealty.com%2Ffr%2Fwp-json%2Fwp%2Fv2%2Fpages%2F22059%2F\" class=\"flexmls-content-wrapper flexmls-listing-content-link\">\n\t\t\t\t\t<div class=\"flexmls-address\">\n\t\t\t\t\t\t1428 Blvd Francisco Medina Ascencio B PH 2, V Boulevard B PH 2, Puerto Vallarta, JA\t\t\t\t\t<\/div>\n\t\t\t\t\t<div class=\"flexmls-quick-details\">\n\t\t\t\t\t\t\t\t\t\t\t\t\t<span class=\"flexmls-status flexmls-status-active\">Active<\/span>\n\t\t\t\t\t\t\t\t\t\t\t\t\t\t\t\t\t\t\t<div class=\"flexmls-details\">\n\t\t\t\t\t\t\t\t\t\t\t\t\t\t\t\t\t<span class=\"flexmls-detail\">3BD<\/span>\n\t\t\t\t\t\t\t\t\n\t\t\t\t\t\t\t\t\t\t\t\t\t\t\t\t\t<span class=\"flexmls-detail\">4BA<\/span>\n\t\t\t\t\t\t\t\t\n\t\t\t\t\t\t\t\t\t\t\t\t\t\t\t\t\t\t\t\t\t\t\t\t\t<span class=\"flexmls-detail\">2,582SF<\/span>\n\t\t\t\t\t\t\t\t\t\t\t\t\t\t\t<\/div>\n\t\t\t\t\t\t\t\t\t\t\t<\/div>\n\t\t\t\t\t\t\t\t\t\t\t\t\t\t\t<div class=\"flexmls-last-modified-and-idx-wrapper\">\n\t\t\t\t\t\t\t\t\t\t\t\t\t<div class=\"flexmls-last-modified-and-label-wrapper\">\n\t\t\t\t\t\t\t\t<span class=\"flexmls-bold-label\">Last Modified:<\/span> 10:49pm, January 27, 2026\t\t\t\t\t\t\t<\/div>\n\t\t\t\t\t\t\t\t\t\t\t\t\t\t\t\t\t\t\t<img decoding=\"async\" class=\"flexmls-idx-compliance-badge\" alt=\"IDX\" src=\"https:\/\/cdn.photos.sparkplatform.com\/pvr\/20161019233658090414000000.jpg\">\n\t\t\t\t\t\t\t\t\t\t\t<\/div>\n\n\t\t\t\t\t\n\t\t\t\t\t\t\t\t\t\t\n\t\t\t\t<\/a>\n\t\t\t<\/div>\n\n\t\t\t<\/div>\n\n\t\t\t\t\t <div class='flexmls_connect__sr_pagination'>    <span>1<\/span>     <a href='https:\/\/pontiusrealty.com\/fr\/wp-json\/wp\/v2\/pages\/22059\/?pg=2'>2<\/a>     <a href='https:\/\/pontiusrealty.com\/fr\/wp-json\/wp\/v2\/pages\/22059\/?pg=3'>3<\/a>     <a href='https:\/\/pontiusrealty.com\/fr\/wp-json\/wp\/v2\/pages\/22059\/?pg=4'>4<\/a>     <a href='https:\/\/pontiusrealty.com\/fr\/wp-json\/wp\/v2\/pages\/22059\/?pg=5'>5<\/a>     <a href='https:\/\/pontiusrealty.com\/fr\/wp-json\/wp\/v2\/pages\/22059\/?pg=6'>6<\/a>      ...     <a href='https:\/\/pontiusrealty.com\/fr\/wp-json\/wp\/v2\/pages\/22059\/?pg=26'>26<\/a>      <a href='https:\/\/pontiusrealty.com\/fr\/wp-json\/wp\/v2\/pages\/22059\/?pg=2'>Next<\/a>  <\/div><!-- pagination -->\t\n\t<div class='flexmls_connect__idx_disclosure_text flexmls_connect__disclaimer_text'>\n\t\t'This information is deemed to be reliable, but is not guaranteed. The information herein provided has been made available by the Flexmls IDX System and may not be the listing of the provider'.\t<\/div>\n\t<hr \/>\n\t<div class=\"fbs-branding\" style=\"text-align: center;\">\n\t\t<a href=\"https:\/\/fbsproducts.com\/?utm_source%3Dwp_plugin%26utm_medium%3Dsoftware%26utm_campaign%3Dpowered_by%26utm_content%3Dpowered_by\" target=\"_blank\">Search powered by FBS Products<\/a>\t<\/div>\n<\/div>\n            \t\t\t\t<\/div>\n\t\t\t\t<\/div>\n\t\t\t\t\t<\/div>\n\t\t\t\t<\/div>\n\t\t<div class=\"elementor-element elementor-element-28b0658 e-con-full e-flex e-con e-child\" data-id=\"28b0658\" data-element_type=\"container\" data-e-type=\"container\">\n\t\t<div class=\"elementor-element elementor-element-8c5277b e-con-full fila-asesoria-ciudad e-flex e-con e-child\" data-id=\"8c5277b\" data-element_type=\"container\" data-e-type=\"container\" data-settings=\"{&quot;background_background&quot;:&quot;classic&quot;}\">\n\t\t<div class=\"elementor-element elementor-element-a261b5a e-con-full contenido-ciudad e-flex e-con e-child\" data-id=\"a261b5a\" data-element_type=\"container\" data-e-type=\"container\">\n\t\t\t\t<div class=\"elementor-element elementor-element-735c659 titulo-ciudad elementor-widget elementor-widget-houzez_elementor_section_title\" data-id=\"735c659\" data-element_type=\"widget\" data-e-type=\"widget\" data-widget_type=\"houzez_elementor_section_title.default\">\n\t\t\t\t<div class=\"elementor-widget-container\">\n\t\t\t\t\t            <div class=\"houzez_section_title_wrap section-title-module\">\n                                    <h2 class=\"houzez_section_title\">Trouvez la propri\u00e9t\u00e9 id\u00e9ale dans le centre-ville de Puerto Vallarta.<\/h2>\n                \n                                    <p class=\"houzez_section_subtitle\">Nous vous aidons \u00e0 choisir selon vos objectifs, votre budget et votre style de vie.\n<\/p>\n                            <\/div>\n            \t\t\t\t<\/div>\n\t\t\t\t<\/div>\n\t\t<a class=\"elementor-element elementor-element-a1f628f e-con-full whatsapp-ciudad e-flex e-con e-child\" data-id=\"a1f628f\" data-element_type=\"container\" data-e-type=\"container\" href=\"http:\/\/wa.link\/nv9kcc\">\n\t\t\t\t<div class=\"elementor-element elementor-element-75176f0 elementor-view-default elementor-widget elementor-widget-icon\" data-id=\"75176f0\" data-element_type=\"widget\" data-e-type=\"widget\" data-widget_type=\"icon.default\">\n\t\t\t\t\t\t\t<div class=\"elementor-icon-wrapper\">\n\t\t\t<div class=\"elementor-icon\">\n\t\t\t<svg aria-hidden=\"true\" class=\"e-font-icon-svg e-fab-whatsapp\" viewBox=\"0 0 448 512\" xmlns=\"http:\/\/www.w3.org\/2000\/svg\"><path d=\"M380.9 97.1C339 55.1 283.2 32 223.9 32c-122.4 0-222 99.6-222 222 0 39.1 10.2 77.3 29.6 111L0 480l117.7-30.9c32.4 17.7 68.9 27 106.1 27h.1c122.3 0 224.1-99.6 224.1-222 0-59.3-25.2-115-67.1-157zm-157 341.6c-33.2 0-65.7-8.9-94-25.7l-6.7-4-69.8 18.3L72 359.2l-4.4-7c-18.5-29.4-28.2-63.3-28.2-98.2 0-101.7 82.8-184.5 184.6-184.5 49.3 0 95.6 19.2 130.4 54.1 34.8 34.9 56.2 81.2 56.1 130.5 0 101.8-84.9 184.6-186.6 184.6zm101.2-138.2c-5.5-2.8-32.8-16.2-37.9-18-5.1-1.9-8.8-2.8-12.5 2.8-3.7 5.6-14.3 18-17.6 21.8-3.2 3.7-6.5 4.2-12 1.4-32.6-16.3-54-29.1-75.5-66-5.7-9.8 5.7-9.1 16.3-30.3 1.8-3.7.9-6.9-.5-9.7-1.4-2.8-12.5-30.1-17.1-41.2-4.5-10.8-9.1-9.3-12.5-9.5-3.2-.2-6.9-.2-10.6-.2-3.7 0-9.7 1.4-14.8 6.9-5.1 5.6-19.4 19-19.4 46.3 0 27.3 19.9 53.7 22.6 57.4 2.8 3.7 39.1 59.7 94.8 83.8 35.2 15.2 49 16.5 66.6 13.9 10.7-1.6 32.8-13.4 37.4-26.4 4.6-13 4.6-24.1 3.2-26.4-1.3-2.5-5-3.9-10.5-6.6z\"><\/path><\/svg>\t\t\t<\/div>\n\t\t<\/div>\n\t\t\t\t\t\t<\/div>\n\t\t\t\t<div class=\"elementor-element elementor-element-862efe5 elementor-widget elementor-widget-text-editor\" data-id=\"862efe5\" data-element_type=\"widget\" data-e-type=\"widget\" data-widget_type=\"text-editor.default\">\n\t\t\t\t\t\t\t\t\t<strong>Vous pr\u00e9f\u00e9rez \u00e9changer sur WhatsApp ?<\/strong>\n<span>\u00c9crivez-nous directement, nous vous r\u00e9pondrons au plus vite.<\/span>\t\t\t\t\t\t\t\t<\/div>\n\t\t\t\t<\/a>\n\t\t\t\t<\/div>\n\t\t<div class=\"elementor-element elementor-element-899b11e e-con-full tarjeta-form-contacto e-flex e-con e-child\" data-id=\"899b11e\" data-element_type=\"container\" data-e-type=\"container\" data-settings=\"{&quot;background_background&quot;:&quot;classic&quot;}\">\n\t\t\t\t<div class=\"elementor-element elementor-element-ba37b41 elementor-button-align-stretch elementor-widget elementor-widget-form\" data-id=\"ba37b41\" data-element_type=\"widget\" data-e-type=\"widget\" data-settings=\"{&quot;step_next_label&quot;:&quot;Suivant&quot;,&quot;step_previous_label&quot;:&quot;Pr\\u00e9c\\u00e9dent&quot;,&quot;button_width&quot;:&quot;100&quot;,&quot;step_type&quot;:&quot;number_text&quot;,&quot;step_icon_shape&quot;:&quot;circle&quot;}\" data-widget_type=\"form.default\">\n\t\t\t\t\t\t\t<form class=\"elementor-form\" method=\"post\" name=\"Formulaire de contact\" aria-label=\"Formulaire de contact\">\n\t\t\t<input type=\"hidden\" name=\"post_id\" value=\"22059\"\/>\n\t\t\t<input type=\"hidden\" name=\"form_id\" value=\"ba37b41\"\/>\n\t\t\t<input type=\"hidden\" name=\"referer_title\" value=\"Pontius Realty Group\" \/>\n\n\t\t\t\n\t\t\t<div class=\"elementor-form-fields-wrapper elementor-labels-above\">\n\t\t\t\t\t\t\t\t<div class=\"elementor-field-type-text elementor-field-group elementor-column elementor-field-group-nombre elementor-col-100 elementor-field-required\">\n\t\t\t\t\t\t\t\t\t\t\t\t\t<input size=\"1\" type=\"text\" name=\"form_fields[nombre]\" id=\"form-field-nombre\" class=\"elementor-field elementor-size-sm  elementor-field-textual\" placeholder=\"Nom complet\" required=\"required\">\n\t\t\t\t\t\t\t\t\t\t\t<\/div>\n\t\t\t\t\t\t\t\t<div class=\"elementor-field-type-email elementor-field-group elementor-column elementor-field-group-correo elementor-col-100 elementor-field-required\">\n\t\t\t\t\t\t\t\t\t\t\t\t\t<input size=\"1\" type=\"email\" name=\"form_fields[correo]\" id=\"form-field-correo\" class=\"elementor-field elementor-size-sm  elementor-field-textual\" placeholder=\"E-mail\" required=\"required\">\n\t\t\t\t\t\t\t\t\t\t\t<\/div>\n\t\t\t\t\t\t\t\t<div class=\"elementor-field-type-tel elementor-field-group elementor-column elementor-field-group-telefono elementor-col-100 elementor-field-required\">\n\t\t\t\t\t\t\t<input size=\"1\" type=\"tel\" name=\"form_fields[telefono]\" id=\"form-field-telefono\" class=\"elementor-field elementor-size-sm  elementor-field-textual\" placeholder=\"T\u00e9l\u00e9phone \/ WhatsApp\" required=\"required\" pattern=\"[0-9()#&amp;+*-=.]+\" title=\"Only numbers and phone characters (#, -, *, etc) are accepted.\">\n\n\t\t\t\t\t\t<\/div>\n\t\t\t\t\t\t\t\t<div class=\"elementor-field-type-acceptance elementor-field-group elementor-column elementor-field-group-aviso_privacidad elementor-col-100\">\n\t\t\t\t\t\t\t<div class=\"elementor-field-subgroup\">\n\t\t\t<span class=\"elementor-field-option\">\n\t\t\t\t<input type=\"checkbox\" name=\"form_fields[aviso_privacidad]\" id=\"form-field-aviso_privacidad\" class=\"elementor-field elementor-size-sm  elementor-acceptance-field\">\n\t\t\t\t<label for=\"form-field-aviso_privacidad\">J\u2019accepte la <a href=\"https:\/\/pontiusrealty.com\/fr\/avis-de-confidentialite\/\" target=\"_blank\" rel=\"noopener\">Politique de confidentialit\u00e9.<\/a><\/label>\t\t\t<\/span>\n\t\t<\/div>\n\t\t\t\t\t\t<\/div>\n\t\t\t\t\t\t\t\t<div class=\"elementor-field-type-acceptance elementor-field-group elementor-column elementor-field-group-novedades elementor-col-100\">\n\t\t\t\t\t\t\t<div class=\"elementor-field-subgroup\">\n\t\t\t<span class=\"elementor-field-option\">\n\t\t\t\t<input type=\"checkbox\" name=\"form_fields[novedades]\" id=\"form-field-novedades\" class=\"elementor-field elementor-size-sm  elementor-acceptance-field\">\n\t\t\t\t<label for=\"form-field-novedades\">Je souhaite recevoir des offres immobili\u00e8res et des nouveaut\u00e9s.<\/label>\t\t\t<\/span>\n\t\t<\/div>\n\t\t\t\t\t\t<\/div>\n\t\t\t\t\t\t\t\t<div class=\"elementor-field-group elementor-column elementor-field-type-submit elementor-col-100 e-form__buttons\">\n\t\t\t\t\t<button class=\"elementor-button elementor-size-md\" type=\"submit\">\n\t\t\t\t\t\t<span class=\"elementor-button-content-wrapper\">\n\t\t\t\t\t\t\t\t\t\t\t\t\t\t\t\t\t\t\t\t\t\t<span class=\"elementor-button-text\">Parler \u00e0 un conseiller \u2192<\/span>\n\t\t\t\t\t\t\t\t\t\t\t\t\t<\/span>\n\t\t\t\t\t<\/button>\n\t\t\t\t<\/div>\n\t\t\t<\/div>\n\t\t<\/form>\n\t\t\t\t\t\t<\/div>\n\t\t\t\t<\/div>\n\t\t\t\t<\/div>\n\t\t\t\t<\/div>\n\t\t<div class=\"elementor-element elementor-element-b1c4072 e-con-full faq-ciudad e-flex e-con e-parent\" data-id=\"b1c4072\" data-element_type=\"container\" data-e-type=\"container\" data-settings=\"{&quot;background_background&quot;:&quot;classic&quot;}\">\n\t\t\t\t<div class=\"elementor-element elementor-element-ef5f7dc titulo-faq-ciudad elementor-widget elementor-widget-houzez_elementor_section_title\" data-id=\"ef5f7dc\" data-element_type=\"widget\" data-e-type=\"widget\" data-widget_type=\"houzez_elementor_section_title.default\">\n\t\t\t\t<div class=\"elementor-widget-container\">\n\t\t\t\t\t            <div class=\"houzez_section_title_wrap section-title-module\">\n                                    <h2 class=\"houzez_section_title\">Questions fr\u00e9quentes sur le centre-ville de Puerto Vallarta<\/h2>\n                \n                                    <p class=\"houzez_section_subtitle\">Retrouvez les r\u00e9ponses aux questions les plus fr\u00e9quentes avant d\u2019acheter un bien dans le secteur.\n<\/p>\n                            <\/div>\n            \t\t\t\t<\/div>\n\t\t\t\t<\/div>\n\t\t\t\t<div class=\"elementor-element elementor-element-fff819c acordeon-faq-ciudad elementor-widget elementor-widget-n-accordion\" data-id=\"fff819c\" data-element_type=\"widget\" data-e-type=\"widget\" data-settings=\"{&quot;default_state&quot;:&quot;all_collapsed&quot;,&quot;n_accordion_animation_duration&quot;:{&quot;unit&quot;:&quot;ms&quot;,&quot;size&quot;:100,&quot;sizes&quot;:[]},&quot;max_items_expended&quot;:&quot;one&quot;}\" data-widget_type=\"nested-accordion.default\">\n\t\t\t\t\t\t\t<div class=\"e-n-accordion\" aria-label=\"Accordion. Open links with Enter or Space, close with Escape, and navigate with Arrow Keys\">\n\t\t\t\t\t\t<details id=\"e-n-accordion-item-2680\" class=\"e-n-accordion-item\" >\n\t\t\t\t<summary class=\"e-n-accordion-item-title\" data-accordion-index=\"1\" tabindex=\"0\" aria-expanded=\"false\" aria-controls=\"e-n-accordion-item-2680\" >\n\t\t\t\t\t<span class='e-n-accordion-item-title-header'><div class=\"e-n-accordion-item-title-text\"> Qu\u2019est-ce qui distingue le centre-ville de Puerto Vallarta des autres secteurs de la baie ? <\/div><\/span>\n\t\t\t\t\t\t\t<span class='e-n-accordion-item-title-icon'>\n\t\t\t<span class='e-opened' ><svg aria-hidden=\"true\" class=\"e-font-icon-svg e-fas-angle-up\" viewBox=\"0 0 320 512\" xmlns=\"http:\/\/www.w3.org\/2000\/svg\"><path d=\"M177 159.7l136 136c9.4 9.4 9.4 24.6 0 33.9l-22.6 22.6c-9.4 9.4-24.6 9.4-33.9 0L160 255.9l-96.4 96.4c-9.4 9.4-24.6 9.4-33.9 0L7 329.7c-9.4-9.4-9.4-24.6 0-33.9l136-136c9.4-9.5 24.6-9.5 34-.1z\"><\/path><\/svg><\/span>\n\t\t\t<span class='e-closed'><svg aria-hidden=\"true\" class=\"e-font-icon-svg e-fas-angle-down\" viewBox=\"0 0 320 512\" xmlns=\"http:\/\/www.w3.org\/2000\/svg\"><path d=\"M143 352.3L7 216.3c-9.4-9.4-9.4-24.6 0-33.9l22.6-22.6c9.4-9.4 24.6-9.4 33.9 0l96.4 96.4 96.4-96.4c9.4-9.4 24.6-9.4 33.9 0l22.6 22.6c9.4 9.4 9.4 24.6 0 33.9l-136 136c-9.2 9.4-24.4 9.4-33.8 0z\"><\/path><\/svg><\/span>\n\t\t<\/span>\n\n\t\t\t\t\t\t<\/summary>\n\t\t\t\t<div role=\"region\" aria-labelledby=\"e-n-accordion-item-2680\" class=\"elementor-element elementor-element-ab3c817 e-con-full e-flex e-con e-child\" data-id=\"ab3c817\" data-element_type=\"container\" data-e-type=\"container\">\n\t\t\t\t<div class=\"elementor-element elementor-element-62fe94a elementor-widget elementor-widget-text-editor\" data-id=\"62fe94a\" data-element_type=\"widget\" data-e-type=\"widget\" data-widget_type=\"text-editor.default\">\n\t\t\t\t\t\t\t\t\t<p class=\"font-claude-response-body break-words whitespace-normal leading-[1.7]\">Le centre-ville de Puerto Vallarta se distingue par son lien \u00e9troit avec l\u2019histoire et la vie traditionnelle de la ville. Sa proximit\u00e9 avec le Malec\u00f3n, ses rues \u00e0 l\u2019architecture caract\u00e9ristique, ses commerces locaux, restaurants, galeries et services cr\u00e9ent une atmosph\u00e8re urbaine et agr\u00e9able \u00e0 parcourir \u00e0 pied. Contrairement aux secteurs plus r\u00e9sidentiels ou davantage ax\u00e9s sur les nouveaux d\u00e9veloppements, le centre offre une exp\u00e9rience plus authentique, anim\u00e9e et proche du rythme quotidien de Vallarta.  <\/p>\t\t\t\t\t\t\t\t<\/div>\n\t\t\t\t<\/div>\n\t\t\t\t\t<\/details>\n\t\t\t\t\t\t<details id=\"e-n-accordion-item-2681\" class=\"e-n-accordion-item\" >\n\t\t\t\t<summary class=\"e-n-accordion-item-title\" data-accordion-index=\"2\" tabindex=\"-1\" aria-expanded=\"false\" aria-controls=\"e-n-accordion-item-2681\" >\n\t\t\t\t\t<span class='e-n-accordion-item-title-header'><div class=\"e-n-accordion-item-title-text\"> \u00c0 quelle distance se trouve l\u2019a\u00e9roport ? <\/div><\/span>\n\t\t\t\t\t\t\t<span class='e-n-accordion-item-title-icon'>\n\t\t\t<span class='e-opened' ><svg aria-hidden=\"true\" class=\"e-font-icon-svg e-fas-angle-up\" viewBox=\"0 0 320 512\" xmlns=\"http:\/\/www.w3.org\/2000\/svg\"><path d=\"M177 159.7l136 136c9.4 9.4 9.4 24.6 0 33.9l-22.6 22.6c-9.4 9.4-24.6 9.4-33.9 0L160 255.9l-96.4 96.4c-9.4 9.4-24.6 9.4-33.9 0L7 329.7c-9.4-9.4-9.4-24.6 0-33.9l136-136c9.4-9.5 24.6-9.5 34-.1z\"><\/path><\/svg><\/span>\n\t\t\t<span class='e-closed'><svg aria-hidden=\"true\" class=\"e-font-icon-svg e-fas-angle-down\" viewBox=\"0 0 320 512\" xmlns=\"http:\/\/www.w3.org\/2000\/svg\"><path d=\"M143 352.3L7 216.3c-9.4-9.4-9.4-24.6 0-33.9l22.6-22.6c9.4-9.4 24.6-9.4 33.9 0l96.4 96.4 96.4-96.4c9.4-9.4 24.6-9.4 33.9 0l22.6 22.6c9.4 9.4 9.4 24.6 0 33.9l-136 136c-9.2 9.4-24.4 9.4-33.8 0z\"><\/path><\/svg><\/span>\n\t\t<\/span>\n\n\t\t\t\t\t\t<\/summary>\n\t\t\t\t<div role=\"region\" aria-labelledby=\"e-n-accordion-item-2681\" class=\"elementor-element elementor-element-ec409cf e-con-full e-flex e-con e-child\" data-id=\"ec409cf\" data-element_type=\"container\" data-e-type=\"container\">\n\t\t\t\t<div class=\"elementor-element elementor-element-2a90eaa elementor-widget elementor-widget-text-editor\" data-id=\"2a90eaa\" data-element_type=\"widget\" data-e-type=\"widget\" data-widget_type=\"text-editor.default\">\n\t\t\t\t\t\t\t\t\t<p class=\"PDq2pG_selectionAnchorContainer\" data-start=\"0\" data-end=\"190\">Le centre-ville de Puerto Vallarta se trouve \u00e0 environ 8 \u00e0 10 km de l\u2019a\u00e9roport international de Puerto Vallarta (PVR). Le trajet en voiture prend g\u00e9n\u00e9ralement entre 15 et 25 minutes, selon la circulation et l\u2019emplacement exact dans le centre. <\/p>\t\t\t\t\t\t\t\t<\/div>\n\t\t\t\t<\/div>\n\t\t\t\t\t<\/details>\n\t\t\t\t\t\t<details id=\"e-n-accordion-item-2682\" class=\"e-n-accordion-item\" >\n\t\t\t\t<summary class=\"e-n-accordion-item-title\" data-accordion-index=\"3\" tabindex=\"-1\" aria-expanded=\"false\" aria-controls=\"e-n-accordion-item-2682\" >\n\t\t\t\t\t<span class='e-n-accordion-item-title-header'><div class=\"e-n-accordion-item-title-text\"> Quels frais suppl\u00e9mentaires faut-il pr\u00e9voir lors de l\u2019achat ? <\/div><\/span>\n\t\t\t\t\t\t\t<span class='e-n-accordion-item-title-icon'>\n\t\t\t<span class='e-opened' ><svg aria-hidden=\"true\" class=\"e-font-icon-svg e-fas-angle-up\" viewBox=\"0 0 320 512\" xmlns=\"http:\/\/www.w3.org\/2000\/svg\"><path d=\"M177 159.7l136 136c9.4 9.4 9.4 24.6 0 33.9l-22.6 22.6c-9.4 9.4-24.6 9.4-33.9 0L160 255.9l-96.4 96.4c-9.4 9.4-24.6 9.4-33.9 0L7 329.7c-9.4-9.4-9.4-24.6 0-33.9l136-136c9.4-9.5 24.6-9.5 34-.1z\"><\/path><\/svg><\/span>\n\t\t\t<span class='e-closed'><svg aria-hidden=\"true\" class=\"e-font-icon-svg e-fas-angle-down\" viewBox=\"0 0 320 512\" xmlns=\"http:\/\/www.w3.org\/2000\/svg\"><path d=\"M143 352.3L7 216.3c-9.4-9.4-9.4-24.6 0-33.9l22.6-22.6c9.4-9.4 24.6-9.4 33.9 0l96.4 96.4 96.4-96.4c9.4-9.4 24.6-9.4 33.9 0l22.6 22.6c9.4 9.4 9.4 24.6 0 33.9l-136 136c-9.2 9.4-24.4 9.4-33.8 0z\"><\/path><\/svg><\/span>\n\t\t<\/span>\n\n\t\t\t\t\t\t<\/summary>\n\t\t\t\t<div role=\"region\" aria-labelledby=\"e-n-accordion-item-2682\" class=\"elementor-element elementor-element-d0f436d e-con-full e-flex e-con e-child\" data-id=\"d0f436d\" data-element_type=\"container\" data-e-type=\"container\">\n\t\t\t\t<div class=\"elementor-element elementor-element-07bbe6e elementor-widget elementor-widget-text-editor\" data-id=\"07bbe6e\" data-element_type=\"widget\" data-e-type=\"widget\" data-widget_type=\"text-editor.default\">\n\t\t\t\t\t\t\t\t\t<p class=\"font-claude-response-body break-words whitespace-normal leading-[1.7]\">Au Mexique, il faut g\u00e9n\u00e9ralement pr\u00e9voir entre 5 % et 8 % du prix du bien pour les frais li\u00e9s \u00e0 l\u2019acquisition. Ceux-ci peuvent notamment inclure l\u2019ISAI (taxe d\u2019acquisition), les frais de notaire, les frais d\u2019enregistrement et les autres co\u00fbts li\u00e9s au transfert de propri\u00e9t\u00e9. Nous vous fournirons une estimation d\u00e9taill\u00e9e avant que vous ne vous engagiez dans l\u2019achat. <\/p>\t\t\t\t\t\t\t\t<\/div>\n\t\t\t\t<\/div>\n\t\t\t\t\t<\/details>\n\t\t\t\t\t\t<details id=\"e-n-accordion-item-2683\" class=\"e-n-accordion-item\" >\n\t\t\t\t<summary class=\"e-n-accordion-item-title\" data-accordion-index=\"4\" tabindex=\"-1\" aria-expanded=\"false\" aria-controls=\"e-n-accordion-item-2683\" >\n\t\t\t\t\t<span class='e-n-accordion-item-title-header'><div class=\"e-n-accordion-item-title-text\"> Puis-je acheter un bien au Mexique en tant qu\u2019\u00e9tranger ? <\/div><\/span>\n\t\t\t\t\t\t\t<span class='e-n-accordion-item-title-icon'>\n\t\t\t<span class='e-opened' ><svg aria-hidden=\"true\" class=\"e-font-icon-svg e-fas-angle-up\" viewBox=\"0 0 320 512\" xmlns=\"http:\/\/www.w3.org\/2000\/svg\"><path d=\"M177 159.7l136 136c9.4 9.4 9.4 24.6 0 33.9l-22.6 22.6c-9.4 9.4-24.6 9.4-33.9 0L160 255.9l-96.4 96.4c-9.4 9.4-24.6 9.4-33.9 0L7 329.7c-9.4-9.4-9.4-24.6 0-33.9l136-136c9.4-9.5 24.6-9.5 34-.1z\"><\/path><\/svg><\/span>\n\t\t\t<span class='e-closed'><svg aria-hidden=\"true\" class=\"e-font-icon-svg e-fas-angle-down\" viewBox=\"0 0 320 512\" xmlns=\"http:\/\/www.w3.org\/2000\/svg\"><path d=\"M143 352.3L7 216.3c-9.4-9.4-9.4-24.6 0-33.9l22.6-22.6c9.4-9.4 24.6-9.4 33.9 0l96.4 96.4 96.4-96.4c9.4-9.4 24.6-9.4 33.9 0l22.6 22.6c9.4 9.4 9.4 24.6 0 33.9l-136 136c-9.2 9.4-24.4 9.4-33.8 0z\"><\/path><\/svg><\/span>\n\t\t<\/span>\n\n\t\t\t\t\t\t<\/summary>\n\t\t\t\t<div role=\"region\" aria-labelledby=\"e-n-accordion-item-2683\" class=\"elementor-element elementor-element-beba162 e-con-full e-flex e-con e-child\" data-id=\"beba162\" data-element_type=\"container\" data-e-type=\"container\">\n\t\t\t\t<div class=\"elementor-element elementor-element-ff06262 elementor-widget elementor-widget-text-editor\" data-id=\"ff06262\" data-element_type=\"widget\" data-e-type=\"widget\" data-widget_type=\"text-editor.default\">\n\t\t\t\t\t\t\t\t\t<p class=\"font-claude-response-body break-words whitespace-normal leading-[1.7]\">Oui. Les \u00e9trangers peuvent acheter un bien immobilier dans les zones c\u00f4ti\u00e8res du Mexique par l\u2019interm\u00e9diaire d\u2019un fideicomiso, ou trust bancaire. Cette structure juridique permet au propri\u00e9taire d\u2019utiliser, de louer, de vendre et de transmettre le bien. Les frais annuels du fideicomiso sont g\u00e9n\u00e9ralement de l\u2019ordre de 500 \u00e0 700 USD. Nous vous accompagnons \u00e0 chaque \u00e9tape du processus.   <\/p>\t\t\t\t\t\t\t\t<\/div>\n\t\t\t\t<\/div>\n\t\t\t\t\t<\/details>\n\t\t\t\t\t\t<details id=\"e-n-accordion-item-2684\" class=\"e-n-accordion-item\" >\n\t\t\t\t<summary class=\"e-n-accordion-item-title\" data-accordion-index=\"5\" tabindex=\"-1\" aria-expanded=\"false\" aria-controls=\"e-n-accordion-item-2684\" >\n\t\t\t\t\t<span class='e-n-accordion-item-title-header'><div class=\"e-n-accordion-item-title-text\"> Le centre-ville de Puerto Vallarta est-il un bon secteur pour la location saisonni\u00e8re ? <\/div><\/span>\n\t\t\t\t\t\t\t<span class='e-n-accordion-item-title-icon'>\n\t\t\t<span class='e-opened' ><svg aria-hidden=\"true\" class=\"e-font-icon-svg e-fas-angle-up\" viewBox=\"0 0 320 512\" xmlns=\"http:\/\/www.w3.org\/2000\/svg\"><path d=\"M177 159.7l136 136c9.4 9.4 9.4 24.6 0 33.9l-22.6 22.6c-9.4 9.4-24.6 9.4-33.9 0L160 255.9l-96.4 96.4c-9.4 9.4-24.6 9.4-33.9 0L7 329.7c-9.4-9.4-9.4-24.6 0-33.9l136-136c9.4-9.5 24.6-9.5 34-.1z\"><\/path><\/svg><\/span>\n\t\t\t<span class='e-closed'><svg aria-hidden=\"true\" class=\"e-font-icon-svg e-fas-angle-down\" viewBox=\"0 0 320 512\" xmlns=\"http:\/\/www.w3.org\/2000\/svg\"><path d=\"M143 352.3L7 216.3c-9.4-9.4-9.4-24.6 0-33.9l22.6-22.6c9.4-9.4 24.6-9.4 33.9 0l96.4 96.4 96.4-96.4c9.4-9.4 24.6-9.4 33.9 0l22.6 22.6c9.4 9.4 9.4 24.6 0 33.9l-136 136c-9.2 9.4-24.4 9.4-33.8 0z\"><\/path><\/svg><\/span>\n\t\t<\/span>\n\n\t\t\t\t\t\t<\/summary>\n\t\t\t\t<div role=\"region\" aria-labelledby=\"e-n-accordion-item-2684\" class=\"elementor-element elementor-element-686a4f3 e-con-full e-flex e-con e-child\" data-id=\"686a4f3\" data-element_type=\"container\" data-e-type=\"container\">\n\t\t\t\t<div class=\"elementor-element elementor-element-9725177 elementor-widget elementor-widget-text-editor\" data-id=\"9725177\" data-element_type=\"widget\" data-e-type=\"widget\" data-widget_type=\"text-editor.default\">\n\t\t\t\t\t\t\t\t\t<p class=\"PDq2pG_selectionAnchorContainer\" data-start=\"0\" data-end=\"197\">Oui. Le centre-ville de Puerto Vallarta est un secteur attractif pour la location saisonni\u00e8re gr\u00e2ce \u00e0 sa proximit\u00e9 avec le Malec\u00f3n, les restaurants, les commerces, les galeries et plusieurs des lieux les plus visit\u00e9s de la ville. <\/p><p data-start=\"199\" data-end=\"497\" data-is-last-node=\"\" data-is-only-node=\"\">De nombreux voyageurs appr\u00e9cient particuli\u00e8rement de pouvoir d\u00e9couvrir le secteur \u00e0 pied et de profiter d\u2019une exp\u00e9rience plus urbaine et authentique de Vallarta. La performance de chaque propri\u00e9t\u00e9 d\u00e9pendra de son emplacement pr\u00e9cis, de ses vues, de ses \u00e9quipements, des frais de copropri\u00e9t\u00e9 et des r\u00e8gles du condominium concernant les locations de courte dur\u00e9e. <\/p>\t\t\t\t\t\t\t\t<\/div>\n\t\t\t\t<\/div>\n\t\t\t\t\t<\/details>\n\t\t\t\t\t<\/div>\n\t\t\t\t\t\t<\/div>\n\t\t\t\t<div class=\"elementor-element elementor-element-d8bbae8 elementor-widget elementor-widget-houzez_elementor_space\" data-id=\"d8bbae8\" data-element_type=\"widget\" data-e-type=\"widget\" data-widget_type=\"houzez_elementor_space.default\">\n\t\t\t\t<div class=\"elementor-widget-container\">\n\t\t\t\t\t        <div class=\"houzez-spacer\">\n            <div class=\"houzez-spacer-inner\"><\/div>\n        <\/div>\n        \t\t\t\t<\/div>\n\t\t\t\t<\/div>\n\t\t\t\t<\/div>\n\t\t<div class=\"elementor-element elementor-element-08945f0 e-con-full pontius-zonas-relacionadas e-flex e-con e-parent\" data-id=\"08945f0\" data-element_type=\"container\" data-e-type=\"container\">\n\t\t<div class=\"elementor-element elementor-element-f280bc7 e-con-full pontius-zonas-relacionadas-inner e-flex e-con e-child\" data-id=\"f280bc7\" data-element_type=\"container\" data-e-type=\"container\">\n\t\t\t\t<div class=\"elementor-element elementor-element-619135d pontius-zonas-relacionadas-title elementor-widget elementor-widget-heading\" data-id=\"619135d\" data-element_type=\"widget\" data-e-type=\"widget\" data-widget_type=\"heading.default\">\n\t\t\t\t\t<h2 class=\"elementor-heading-title elementor-size-default\">Secteurs \u00e0 d\u00e9couvrir<\/h2>\t\t\t\t<\/div>\n\t\t\t\t<div class=\"elementor-element elementor-element-33c3b5a pontius-zonas-relacionadas-intro elementor-widget elementor-widget-text-editor\" data-id=\"33c3b5a\" data-element_type=\"widget\" data-e-type=\"widget\" data-widget_type=\"text-editor.default\">\n\t\t\t\t\t\t\t\t\t<p class=\"PDq2pG_selectionAnchorContainer\" data-start=\"708\" data-end=\"763\">D\u00e9couvrez d\u2019autres secteurs qui pourraient \u00e9galement vous int\u00e9resser.<\/p>\t\t\t\t\t\t\t\t<\/div>\n\t\t<div class=\"elementor-element elementor-element-7dfc8a6 e-con-full pontius-zonas-relacionadas-grid e-flex e-con e-child\" data-id=\"7dfc8a6\" data-element_type=\"container\" data-e-type=\"container\">\n\t\t<a class=\"elementor-element elementor-element-6fc341c e-con-full pontius-zona-card e-flex e-con e-child\" data-id=\"6fc341c\" data-element_type=\"container\" data-e-type=\"container\" href=\"https:\/\/pontiusrealty.com\/fr\/zona-romantica\/\">\n\t\t\t\t<div class=\"elementor-element elementor-element-d753304 pontius-zona-card-img elementor-widget elementor-widget-image\" data-id=\"d753304\" data-element_type=\"widget\" data-e-type=\"widget\" data-widget_type=\"image.default\">\n\t\t\t\t\t\t\t\t\t\t\t\t\t\t\t<img fetchpriority=\"high\" decoding=\"async\" width=\"716\" height=\"1024\" src=\"https:\/\/pontiusrealty.com\/wp-content\/uploads\/2026\/06\/ChatGPT-Image-15-jun-2026-01_31_25-p.m.png\" class=\"attachment-large size-large wp-image-21903\" alt=\"Vue a\u00e9rienne de Puerto Vallarta et de la Bah\u00eda de Banderas\" \/>\t\t\t\t\t\t\t\t\t\t\t\t\t\t\t<\/div>\n\t\t<div class=\"elementor-element elementor-element-4803bc3 e-con-full pontius-zona-card-body e-flex e-con e-child\" data-id=\"4803bc3\" data-element_type=\"container\" data-e-type=\"container\">\n\t\t\t\t<div class=\"elementor-element elementor-element-d33f0e7 pontius-zona-card-title elementor-widget elementor-widget-heading\" data-id=\"d33f0e7\" data-element_type=\"widget\" data-e-type=\"widget\" data-widget_type=\"heading.default\">\n\t\t\t\t\t<h3 class=\"elementor-heading-title elementor-size-default\">Zona Rom\u00e1ntica<\/h3>\t\t\t\t<\/div>\n\t\t\t\t<div class=\"elementor-element elementor-element-e88a8bf pontius-zona-card-desc elementor-widget elementor-widget-text-editor\" data-id=\"e88a8bf\" data-element_type=\"widget\" data-e-type=\"widget\" data-widget_type=\"text-editor.default\">\n\t\t\t\t\t\t\t\t\t<p>La plage, les restaurants et l&#8217;un des quartiers les plus agr\u00e9ables \u00e0 parcourir \u00e0 pied de Puerto Vallarta.<\/p>\t\t\t\t\t\t\t\t<\/div>\n\t\t\t\t<div class=\"elementor-element elementor-element-4d8d60c pontius-zona-card-link elementor-widget elementor-widget-text-editor\" data-id=\"4d8d60c\" data-element_type=\"widget\" data-e-type=\"widget\" data-widget_type=\"text-editor.default\">\n\t\t\t\t\t\t\t\t\t<p>D\u00e9couvrir la Zonea rom\u00e1ntica<\/p>\t\t\t\t\t\t\t\t<\/div>\n\t\t\t\t<\/div>\n\t\t\t\t<\/a>\n\t\t<a class=\"elementor-element elementor-element-7380833 e-con-full pontius-zona-card e-flex e-con e-child\" data-id=\"7380833\" data-element_type=\"container\" data-e-type=\"container\" href=\"https:\/\/pontiusrealty.com\/fr\/versalles\/\">\n\t\t\t\t<div class=\"elementor-element elementor-element-c2b6e91 pontius-zona-card-img elementor-widget elementor-widget-image\" data-id=\"c2b6e91\" data-element_type=\"widget\" data-e-type=\"widget\" data-widget_type=\"image.default\">\n\t\t\t\t\t\t\t\t\t\t\t\t\t\t\t<img decoding=\"async\" width=\"800\" height=\"500\" src=\"https:\/\/pontiusrealty.com\/wp-content\/uploads\/2026\/08\/versalles-puerto-vallarta.jpg\" class=\"attachment-large size-large wp-image-21689\" alt=\"Biens immobiliers \u00e0 vendre, acheter \u00e0 Versalles, Puerto Vallarta\" \/>\t\t\t\t\t\t\t\t\t\t\t\t\t\t\t<\/div>\n\t\t<div class=\"elementor-element elementor-element-3192167 e-con-full pontius-zona-card-body e-flex e-con e-child\" data-id=\"3192167\" data-element_type=\"container\" data-e-type=\"container\">\n\t\t\t\t<div class=\"elementor-element elementor-element-83d3a53 pontius-zona-card-title elementor-widget elementor-widget-heading\" data-id=\"83d3a53\" data-element_type=\"widget\" data-e-type=\"widget\" data-widget_type=\"heading.default\">\n\t\t\t\t\t<h3 class=\"elementor-heading-title elementor-size-default\">Versalles<\/h3>\t\t\t\t<\/div>\n\t\t\t\t<div class=\"elementor-element elementor-element-1a223ee pontius-zona-card-desc elementor-widget elementor-widget-text-editor\" data-id=\"1a223ee\" data-element_type=\"widget\" data-e-type=\"widget\" data-widget_type=\"text-editor.default\">\n\t\t\t\t\t\t\t\t\t<p>Un quartier r\u00e9sidentiel et gastronomique bien connect\u00e9 aux principales zones de Puerto Vallarta.<\/p>\t\t\t\t\t\t\t\t<\/div>\n\t\t\t\t<div class=\"elementor-element elementor-element-53bd73d pontius-zona-card-link elementor-widget elementor-widget-text-editor\" data-id=\"53bd73d\" data-element_type=\"widget\" data-e-type=\"widget\" data-widget_type=\"text-editor.default\">\n\t\t\t\t\t\t\t\t\t<p>D\u00e9couvrir Versalles<\/p>\t\t\t\t\t\t\t\t<\/div>\n\t\t\t\t<\/div>\n\t\t\t\t<\/a>\n\t\t<a class=\"elementor-element elementor-element-ae4a491 e-con-full pontius-zona-card e-flex e-con e-child\" data-id=\"ae4a491\" data-element_type=\"container\" data-e-type=\"container\" href=\"https:\/\/pontiusrealty.com\/fr\/fluvial-vallarta\/\">\n\t\t\t\t<div class=\"elementor-element elementor-element-63d5ba6 pontius-zona-card-img elementor-widget elementor-widget-image\" data-id=\"63d5ba6\" data-element_type=\"widget\" data-e-type=\"widget\" data-widget_type=\"image.default\">\n\t\t\t\t\t\t\t\t\t\t\t\t\t\t\t<img decoding=\"async\" width=\"1024\" height=\"576\" src=\"https:\/\/pontiusrealty.com\/wp-content\/uploads\/2026\/08\/ChatGPT-Image-30-ago-2026-07_20_45-p.m.png\" class=\"attachment-large size-large wp-image-21688\" alt=\"Biens immobiliers \u00e0 vendre, acheter \u00e0 Fluvial, Puerto Vallarta\" srcset=\"https:\/\/pontiusrealty.com\/wp-content\/uploads\/2026\/08\/ChatGPT-Image-30-ago-2026-07_20_45-p.m.png 1672w, https:\/\/pontiusrealty.com\/wp-content\/uploads\/2026\/08\/ChatGPT-Image-30-ago-2026-07_20_45-p.m-1536x864.png 1536w\" sizes=\"(max-width: 1024px) 100vw, 1024px\" \/>\t\t\t\t\t\t\t\t\t\t\t\t\t\t\t<\/div>\n\t\t<div class=\"elementor-element elementor-element-65039ad e-con-full pontius-zona-card-body e-flex e-con e-child\" data-id=\"65039ad\" data-element_type=\"container\" data-e-type=\"container\">\n\t\t\t\t<div class=\"elementor-element elementor-element-3aa0972 pontius-zona-card-title elementor-widget elementor-widget-heading\" data-id=\"3aa0972\" data-element_type=\"widget\" data-e-type=\"widget\" data-widget_type=\"heading.default\">\n\t\t\t\t\t<h3 class=\"elementor-heading-title elementor-size-default\">Fluvial Vallarta<\/h3>\t\t\t\t<\/div>\n\t\t\t\t<div class=\"elementor-element elementor-element-6cb5ca8 pontius-zona-card-desc elementor-widget elementor-widget-text-editor\" data-id=\"6cb5ca8\" data-element_type=\"widget\" data-e-type=\"widget\" data-widget_type=\"text-editor.default\">\n\t\t\t\t\t\t\t\t\t<p>Un quartier r\u00e9sidentiel bien situ\u00e9, avec des commerces, des services et un acc\u00e8s facile aux principaux axes.<\/p>\t\t\t\t\t\t\t\t<\/div>\n\t\t\t\t<div class=\"elementor-element elementor-element-b469706 pontius-zona-card-link elementor-widget elementor-widget-text-editor\" data-id=\"b469706\" data-element_type=\"widget\" data-e-type=\"widget\" data-widget_type=\"text-editor.default\">\n\t\t\t\t\t\t\t\t\t<p>D\u00e9couvrir Fluvial Vallarta<\/p>\t\t\t\t\t\t\t\t<\/div>\n\t\t\t\t<\/div>\n\t\t\t\t<\/a>\n\t\t<a class=\"elementor-element elementor-element-85decbc e-con-full pontius-zona-card e-flex e-con e-child\" data-id=\"85decbc\" data-element_type=\"container\" data-e-type=\"container\" href=\"https:\/\/pontiusrealty.com\/fr\/marina-vallarta\/\">\n\t\t\t\t<div class=\"elementor-element elementor-element-7ca3f33 pontius-zona-card-img elementor-widget elementor-widget-image\" data-id=\"7ca3f33\" data-element_type=\"widget\" data-e-type=\"widget\" data-widget_type=\"image.default\">\n\t\t\t\t\t\t\t\t\t\t\t\t\t\t\t<img loading=\"lazy\" decoding=\"async\" width=\"1024\" height=\"564\" src=\"https:\/\/pontiusrealty.com\/wp-content\/uploads\/2026\/08\/a3897dc0-4021-4ea7-89a5-12391f339371.jpg.webp\" class=\"attachment-large size-large wp-image-21367\" alt=\"Biens immobiliers \u00e0 vendre, acheter \u00e0 La Marina, Puerto Vallarta\" srcset=\"https:\/\/pontiusrealty.com\/wp-content\/uploads\/2026\/08\/a3897dc0-4021-4ea7-89a5-12391f339371.jpg.webp 3840w, https:\/\/pontiusrealty.com\/wp-content\/uploads\/2026\/08\/a3897dc0-4021-4ea7-89a5-12391f339371.jpg-1536x846.webp 1536w, https:\/\/pontiusrealty.com\/wp-content\/uploads\/2026\/08\/a3897dc0-4021-4ea7-89a5-12391f339371.jpg-2048x1128.webp 2048w\" sizes=\"(max-width: 1024px) 100vw, 1024px\" \/>\t\t\t\t\t\t\t\t\t\t\t\t\t\t\t<\/div>\n\t\t<div class=\"elementor-element elementor-element-0f59083 e-con-full pontius-zona-card-body e-flex e-con e-child\" data-id=\"0f59083\" data-element_type=\"container\" data-e-type=\"container\">\n\t\t\t\t<div class=\"elementor-element elementor-element-351960e pontius-zona-card-title elementor-widget elementor-widget-heading\" data-id=\"351960e\" data-element_type=\"widget\" data-e-type=\"widget\" data-widget_type=\"heading.default\">\n\t\t\t\t\t<h3 class=\"elementor-heading-title elementor-size-default\">Marina Vallarta<\/h3>\t\t\t\t<\/div>\n\t\t\t\t<div class=\"elementor-element elementor-element-01388c8 pontius-zona-card-desc elementor-widget elementor-widget-text-editor\" data-id=\"01388c8\" data-element_type=\"widget\" data-e-type=\"widget\" data-widget_type=\"text-editor.default\">\n\t\t\t\t\t\t\t\t\t<p>Port de plaisance, golf, restaurants et lotissements r\u00e9sidentiels dans un cadre paisible.<\/p>\t\t\t\t\t\t\t\t<\/div>\n\t\t\t\t<div class=\"elementor-element elementor-element-57007f3 pontius-zona-card-link elementor-widget elementor-widget-text-editor\" data-id=\"57007f3\" data-element_type=\"widget\" data-e-type=\"widget\" data-widget_type=\"text-editor.default\">\n\t\t\t\t\t\t\t\t\t<p>D\u00e9couvrir Marina Vallarta<\/p>\t\t\t\t\t\t\t\t<\/div>\n\t\t\t\t<\/div>\n\t\t\t\t<\/a>\n\t\t\t\t<\/div>\n\t\t\t\t<\/div>\n\t\t\t\t<\/div>\n\t\t\t\t<\/div>\n\t\t","protected":false},"excerpt":{"rendered":"<p>Le centre-ville de Puerto Vallarta Le centre-ville de Puerto Vallarta offre une fa\u00e7on plus authentique de vivre la ville et de se rapprocher de son identit\u00e9. On y retrouve des rues charg\u00e9es d\u2019histoire, une architecture traditionnelle, des restaurants, caf\u00e9s, galeries, commerces et toute l\u2019animation du Malec\u00f3n. C\u2019est un secteur id\u00e9al pour ceux qui aiment se [&hellip;]<\/p>\n","protected":false},"author":1,"featured_media":21690,"parent":0,"menu_order":0,"comment_status":"closed","ping_status":"closed","template":"elementor_header_footer","meta":{"footnotes":""},"class_list":["post-22059","page","type-page","status-publish","has-post-thumbnail","hentry"],"yoast_head":"<!-- This site is optimized with the Yoast SEO plugin v28.4 - https:\/\/yoast.com\/product\/yoast-seo-wordpress\/ -->\n<title>Immobilier dans le centre de Puerto Vallarta | Maisons et appartements<\/title>\n<meta name=\"description\" content=\"D\u00e9couvrez des maisons et appartements \u00e0 vendre dans le centre de Puerto Vallarta, \u00e0 proximit\u00e9 du Malec\u00f3n, des restaurants, des commerces et des services. Explorez les propri\u00e9t\u00e9s disponibles.\" \/>\n<meta name=\"robots\" content=\"index, follow, max-snippet:-1, max-image-preview:large, max-video-preview:-1\" \/>\n<meta property=\"og:locale\" content=\"fr_FR\" \/>\n<meta property=\"og:type\" content=\"article\" \/>\n<meta property=\"og:title\" content=\"Immobilier dans le centre de Puerto Vallarta | Maisons et appartements\" \/>\n<meta property=\"og:description\" content=\"D\u00e9couvrez des maisons et appartements \u00e0 vendre dans le centre de Puerto Vallarta, \u00e0 proximit\u00e9 du Malec\u00f3n, des restaurants, des commerces et des services. Explorez les propri\u00e9t\u00e9s disponibles.\" \/>\n<meta property=\"og:url\" content=\"https:\/\/pontiusrealty.com\/fr\/centre-ville\/\" \/>\n<meta property=\"og:site_name\" content=\"Pontius Realty Group\" \/>\n<meta property=\"article:modified_time\" content=\"2026-09-03T00:46:11+00:00\" \/>\n<meta property=\"og:image\" content=\"https:\/\/pontiusrealty.com\/wp-content\/uploads\/2026\/08\/96d1f5f2-86ae-4742-8ec0-cf2fa21b5db6.jpg\" \/>\n\t<meta property=\"og:image:width\" content=\"1920\" \/>\n\t<meta property=\"og:image:height\" content=\"1280\" \/>\n\t<meta property=\"og:image:type\" content=\"image\/jpeg\" \/>\n<meta name=\"twitter:card\" content=\"summary_large_image\" \/>\n<meta name=\"twitter:label1\" content=\"Dur\u00e9e de lecture estim\u00e9e\" \/>\n\t<meta name=\"twitter:data1\" content=\"11 minutes\" \/>\n<script type=\"application\/ld+json\" class=\"yoast-schema-graph\">{\"@context\":\"https:\\\/\\\/schema.org\",\"@graph\":[{\"@type\":\"WebPage\",\"@id\":\"https:\\\/\\\/pontiusrealty.com\\\/fr\\\/centre-ville\\\/\",\"url\":\"https:\\\/\\\/pontiusrealty.com\\\/fr\\\/centre-ville\\\/\",\"name\":\"Immobilier dans le centre de Puerto Vallarta | Maisons et appartements\",\"isPartOf\":{\"@id\":\"https:\\\/\\\/pontiusrealty.com\\\/fr\\\/#website\"},\"primaryImageOfPage\":{\"@id\":\"https:\\\/\\\/pontiusrealty.com\\\/fr\\\/centre-ville\\\/#primaryimage\"},\"image\":{\"@id\":\"https:\\\/\\\/pontiusrealty.com\\\/fr\\\/centre-ville\\\/#primaryimage\"},\"thumbnailUrl\":\"https:\\\/\\\/pontiusrealty.com\\\/wp-content\\\/uploads\\\/2026\\\/08\\\/96d1f5f2-86ae-4742-8ec0-cf2fa21b5db6.jpg\",\"datePublished\":\"2026-08-26T05:30:53+00:00\",\"dateModified\":\"2026-09-03T00:46:11+00:00\",\"description\":\"D\u00e9couvrez des maisons et appartements \u00e0 vendre dans le centre de Puerto Vallarta, \u00e0 proximit\u00e9 du Malec\u00f3n, des restaurants, des commerces et des services. Explorez les propri\u00e9t\u00e9s disponibles.\",\"breadcrumb\":{\"@id\":\"https:\\\/\\\/pontiusrealty.com\\\/fr\\\/centre-ville\\\/#breadcrumb\"},\"inLanguage\":\"fr-FR\",\"potentialAction\":[{\"@type\":\"ReadAction\",\"target\":[\"https:\\\/\\\/pontiusrealty.com\\\/fr\\\/centre-ville\\\/\"]}]},{\"@type\":\"ImageObject\",\"inLanguage\":\"fr-FR\",\"@id\":\"https:\\\/\\\/pontiusrealty.com\\\/fr\\\/centre-ville\\\/#primaryimage\",\"url\":\"https:\\\/\\\/pontiusrealty.com\\\/wp-content\\\/uploads\\\/2026\\\/08\\\/96d1f5f2-86ae-4742-8ec0-cf2fa21b5db6.jpg\",\"contentUrl\":\"https:\\\/\\\/pontiusrealty.com\\\/wp-content\\\/uploads\\\/2026\\\/08\\\/96d1f5f2-86ae-4742-8ec0-cf2fa21b5db6.jpg\",\"width\":1920,\"height\":1280,\"caption\":\"Biens immobiliers \u00e0 vendre, acheter au Centre-ville de Puerto Vallarta\"},{\"@type\":\"BreadcrumbList\",\"@id\":\"https:\\\/\\\/pontiusrealty.com\\\/fr\\\/centre-ville\\\/#breadcrumb\",\"itemListElement\":[{\"@type\":\"ListItem\",\"position\":1,\"name\":\"Inicio\",\"item\":\"https:\\\/\\\/pontiusrealty.com\\\/fr\\\/\"},{\"@type\":\"ListItem\",\"position\":2,\"name\":\"Maisons et appartements \u00e0 vendre dans le centre-ville de Puerto Vallarta\"}]},{\"@type\":\"WebSite\",\"@id\":\"https:\\\/\\\/pontiusrealty.com\\\/fr\\\/#website\",\"url\":\"https:\\\/\\\/pontiusrealty.com\\\/fr\\\/\",\"name\":\"Pontius Realty Group\",\"description\":\"Pontius Realty Group: compra, vende o invierte en bienes ra\u00edces en Puerto Vallarta y Bah\u00eda de Banderas. Hogares e inversiones con experiencia, confianza y resultados.\",\"potentialAction\":[{\"@type\":\"SearchAction\",\"target\":{\"@type\":\"EntryPoint\",\"urlTemplate\":\"https:\\\/\\\/pontiusrealty.com\\\/fr\\\/?s={search_term_string}\"},\"query-input\":{\"@type\":\"PropertyValueSpecification\",\"valueRequired\":true,\"valueName\":\"search_term_string\"}}],\"inLanguage\":\"fr-FR\"}]}<\/script>\n<!-- \/ Yoast SEO plugin. -->","yoast_head_json":{"title":"Immobilier dans le centre de Puerto Vallarta | Maisons et appartements","description":"D\u00e9couvrez des maisons et appartements \u00e0 vendre dans le centre de Puerto Vallarta, \u00e0 proximit\u00e9 du Malec\u00f3n, des restaurants, des commerces et des services. Explorez les propri\u00e9t\u00e9s disponibles.","robots":{"index":"index","follow":"follow","max-snippet":"max-snippet:-1","max-image-preview":"max-image-preview:large","max-video-preview":"max-video-preview:-1"},"og_locale":"fr_FR","og_type":"article","og_title":"Immobilier dans le centre de Puerto Vallarta | Maisons et appartements","og_description":"D\u00e9couvrez des maisons et appartements \u00e0 vendre dans le centre de Puerto Vallarta, \u00e0 proximit\u00e9 du Malec\u00f3n, des restaurants, des commerces et des services. Explorez les propri\u00e9t\u00e9s disponibles.","og_url":"https:\/\/pontiusrealty.com\/fr\/centre-ville\/","og_site_name":"Pontius Realty Group","article_modified_time":"2026-09-03T00:46:11+00:00","og_image":[{"width":1920,"height":1280,"url":"https:\/\/pontiusrealty.com\/wp-content\/uploads\/2026\/08\/96d1f5f2-86ae-4742-8ec0-cf2fa21b5db6.jpg","type":"image\/jpeg"}],"twitter_card":"summary_large_image","twitter_misc":{"Dur\u00e9e de lecture estim\u00e9e":"11 minutes"},"schema":{"@context":"https:\/\/schema.org","@graph":[{"@type":"WebPage","@id":"https:\/\/pontiusrealty.com\/fr\/centre-ville\/","url":"https:\/\/pontiusrealty.com\/fr\/centre-ville\/","name":"Immobilier dans le centre de Puerto Vallarta | Maisons et appartements","isPartOf":{"@id":"https:\/\/pontiusrealty.com\/fr\/#website"},"primaryImageOfPage":{"@id":"https:\/\/pontiusrealty.com\/fr\/centre-ville\/#primaryimage"},"image":{"@id":"https:\/\/pontiusrealty.com\/fr\/centre-ville\/#primaryimage"},"thumbnailUrl":"https:\/\/pontiusrealty.com\/wp-content\/uploads\/2026\/08\/96d1f5f2-86ae-4742-8ec0-cf2fa21b5db6.jpg","datePublished":"2026-08-26T05:30:53+00:00","dateModified":"2026-09-03T00:46:11+00:00","description":"D\u00e9couvrez des maisons et appartements \u00e0 vendre dans le centre de Puerto Vallarta, \u00e0 proximit\u00e9 du Malec\u00f3n, des restaurants, des commerces et des services. Explorez les propri\u00e9t\u00e9s disponibles.","breadcrumb":{"@id":"https:\/\/pontiusrealty.com\/fr\/centre-ville\/#breadcrumb"},"inLanguage":"fr-FR","potentialAction":[{"@type":"ReadAction","target":["https:\/\/pontiusrealty.com\/fr\/centre-ville\/"]}]},{"@type":"ImageObject","inLanguage":"fr-FR","@id":"https:\/\/pontiusrealty.com\/fr\/centre-ville\/#primaryimage","url":"https:\/\/pontiusrealty.com\/wp-content\/uploads\/2026\/08\/96d1f5f2-86ae-4742-8ec0-cf2fa21b5db6.jpg","contentUrl":"https:\/\/pontiusrealty.com\/wp-content\/uploads\/2026\/08\/96d1f5f2-86ae-4742-8ec0-cf2fa21b5db6.jpg","width":1920,"height":1280,"caption":"Biens immobiliers \u00e0 vendre, acheter au Centre-ville de Puerto Vallarta"},{"@type":"BreadcrumbList","@id":"https:\/\/pontiusrealty.com\/fr\/centre-ville\/#breadcrumb","itemListElement":[{"@type":"ListItem","position":1,"name":"Inicio","item":"https:\/\/pontiusrealty.com\/fr\/"},{"@type":"ListItem","position":2,"name":"Maisons et appartements \u00e0 vendre dans le centre-ville de Puerto Vallarta"}]},{"@type":"WebSite","@id":"https:\/\/pontiusrealty.com\/fr\/#website","url":"https:\/\/pontiusrealty.com\/fr\/","name":"Pontius Realty Group","description":"Pontius Realty Group: compra, vende o invierte en bienes ra\u00edces en Puerto Vallarta y Bah\u00eda de Banderas. Hogares e inversiones con experiencia, confianza y resultados.","potentialAction":[{"@type":"SearchAction","target":{"@type":"EntryPoint","urlTemplate":"https:\/\/pontiusrealty.com\/fr\/?s={search_term_string}"},"query-input":{"@type":"PropertyValueSpecification","valueRequired":true,"valueName":"search_term_string"}}],"inLanguage":"fr-FR"}]}},"_hostinger_reach_plugin_has_subscription_block":false,"_hostinger_reach_plugin_is_elementor":false,"_links":{"self":[{"href":"https:\/\/pontiusrealty.com\/fr\/wp-json\/wp\/v2\/pages\/22059","targetHints":{"allow":["GET"]}}],"collection":[{"href":"https:\/\/pontiusrealty.com\/fr\/wp-json\/wp\/v2\/pages"}],"about":[{"href":"https:\/\/pontiusrealty.com\/fr\/wp-json\/wp\/v2\/types\/page"}],"author":[{"embeddable":true,"href":"https:\/\/pontiusrealty.com\/fr\/wp-json\/wp\/v2\/users\/1"}],"replies":[{"embeddable":true,"href":"https:\/\/pontiusrealty.com\/fr\/wp-json\/wp\/v2\/comments?post=22059"}],"version-history":[{"count":4,"href":"https:\/\/pontiusrealty.com\/fr\/wp-json\/wp\/v2\/pages\/22059\/revisions"}],"predecessor-version":[{"id":22263,"href":"https:\/\/pontiusrealty.com\/fr\/wp-json\/wp\/v2\/pages\/22059\/revisions\/22263"}],"wp:featuredmedia":[{"embeddable":true,"href":"https:\/\/pontiusrealty.com\/fr\/wp-json\/wp\/v2\/media\/21690"}],"wp:attachment":[{"href":"https:\/\/pontiusrealty.com\/fr\/wp-json\/wp\/v2\/media?parent=22059"}],"curies":[{"name":"wp","href":"https:\/\/api.w.org\/{rel}","templated":true}]}}