{"id":22010,"date":"2026-03-12T22:13:01","date_gmt":"2026-03-13T04:13:01","guid":{"rendered":"https:\/\/pontiusrealty.com\/maisons-et-appartements-a-vendre-a-bucerias\/"},"modified":"2026-09-02T16:17:28","modified_gmt":"2026-09-02T22:17:28","slug":"bucerias","status":"publish","type":"page","link":"https:\/\/pontiusrealty.com\/fr\/bucerias\/","title":{"rendered":"Maisons et appartements \u00e0 vendre \u00e0 Bucer\u00edas"},"content":{"rendered":"\t\t<div data-elementor-type=\"wp-page\" data-elementor-id=\"22010\" class=\"elementor elementor-22010 elementor-18970\" data-elementor-post-type=\"page\">\n\t\t\t\t<div class=\"elementor-element elementor-element-ec7ae23 e-flex e-con-boxed e-con e-parent\" data-id=\"ec7ae23\" data-element_type=\"container\" data-e-type=\"container\" data-settings=\"{&quot;background_background&quot;:&quot;classic&quot;}\">\n\t\t\t\t\t<div class=\"e-con-inner\">\n\t\t<div class=\"elementor-element elementor-element-85f319b e-con-full e-flex e-con e-child\" data-id=\"85f319b\" data-element_type=\"container\" data-e-type=\"container\" data-settings=\"{&quot;background_background&quot;:&quot;classic&quot;}\">\n\t\t\t\t<div class=\"elementor-element elementor-element-923878f elementor-widget elementor-widget-houzez_elementor_section_title\" data-id=\"923878f\" data-element_type=\"widget\" data-e-type=\"widget\" data-widget_type=\"houzez_elementor_section_title.default\">\n\t\t\t\t<div class=\"elementor-widget-container\">\n\t\t\t\t\t            <div class=\"houzez_section_title_wrap section-title-module\">\n                                    <h2 class=\"houzez_section_title\">Bucerias<\/h2>\n                \n                            <\/div>\n            \t\t\t\t<\/div>\n\t\t\t\t<\/div>\n\t\t\t\t<\/div>\n\t\t<div class=\"elementor-element elementor-element-5719a2f e-flex e-con-boxed e-con e-child\" data-id=\"5719a2f\" data-element_type=\"container\" data-e-type=\"container\">\n\t\t\t\t\t<div class=\"e-con-inner\">\n\t\t\t\t<div class=\"elementor-element elementor-element-9332d05 elementor-widget__width-inherit elementor-widget elementor-widget-text-editor\" data-id=\"9332d05\" data-element_type=\"widget\" data-e-type=\"widget\" data-widget_type=\"text-editor.default\">\n\t\t\t\t\t\t\t\t\t<p>Bucer\u00edas est un charmant village c\u00f4tier de la Riviera Nayarit, r\u00e9put\u00e9 pour sa longue plage de sable dor\u00e9, ses restaurants en bord de mer et son atmosph\u00e8re d\u00e9tendue. Son m\u00e9lange de tradition mexicaine, de communaut\u00e9 internationale et son excellent emplacement \u00e0 proximit\u00e9 de Puerto Vallarta en font l\u2019un des endroits les plus attrayants de la baie de Banderas pour vivre, passer ses vacances ou investir. <\/p>\t\t\t\t\t\t\t\t<\/div>\n\t\t\t\t\t<\/div>\n\t\t\t\t<\/div>\n\t\t\t\t\t<\/div>\n\t\t\t\t<\/div>\n\t\t<div class=\"elementor-element elementor-element-cad1603 e-flex e-con-boxed e-con e-parent\" data-id=\"cad1603\" data-element_type=\"container\" data-e-type=\"container\" data-settings=\"{&quot;background_background&quot;:&quot;classic&quot;}\">\n\t\t\t\t\t<div class=\"e-con-inner\">\n\t\t\t\t<div class=\"elementor-element elementor-element-5686936 elementor-widget elementor-widget-fmc-widget-fmcsearchresults\" data-id=\"5686936\" data-element_type=\"widget\" data-e-type=\"widget\" data-widget_type=\"fmc-widget-fmcsearchresults.default\">\n\t\t\t\t<div class=\"elementor-widget-container\">\n\t\t\t\t\t<div class=\"flexmls_connect__search_results_v2 flexmls-v2-widget flexmls-body-font\">\n\t\n\t\n\t\t<div class=\"flexmls-map-wrapper\" style=\"display:none;\">\n\t<script type=\"text\/javascript\">window.fmcMapConfigs=window.fmcMapConfigs||[];window.fmcMapConfigs.push({id:\"idx-map-1\",locations:[{\"latitude\":\"20.754304\",\"longitude\":\"-105.338791\",\"listprice\":\"$2,600,000\",\"rawprice\":\"2600000\",\"address1\":\"21 Lazaro Cardenas 4G, Udara\",\"address2\":\"Riviera Nayarit, NA\",\"link\":\"https:\\\/\\\/pontiusrealty.com\\\/fr\\\/\\\/idx\\\/21-Lazaro-Cardenas-4G-Udara-Riviera-Nayarit-NA-mls_44692?pg=1&#038;OrderBy=-ListPrice&#038;p=n&#038;n=y&#038;m=20101117190901935008000000&#038;search_referral_url=https%3A%2F%2Fpontiusrealty.com%2Ffr%2Fwp-json%2Fwp%2Fv2%2Fpages%2F22010%2F\",\"image\":\"https:\\\/\\\/cdn.photos.sparkplatform.com\\\/pvr\\\/20260820181533970094000000.jpg\",\"imagealt\":\"Udara 4G\",\"bedrooms\":\"5\",\"bathrooms\":\"5\"},{\"latitude\":\"20.74951\",\"longitude\":\"-105.328623\",\"listprice\":\"$2,500,000\",\"rawprice\":\"2500000\",\"address1\":\"132 Francisco I. Madero, Aventura Pacifico\",\"address2\":\"Riviera Nayarit, NA\",\"link\":\"https:\\\/\\\/pontiusrealty.com\\\/fr\\\/\\\/idx\\\/132-Francisco-I-Madero-Aventura-Pacifico-Riviera-Nayarit-NA-mls_42471?pg=1&#038;OrderBy=-ListPrice&#038;p=y&#038;n=y&#038;m=20101117190901935008000000&#038;search_referral_url=https%3A%2F%2Fpontiusrealty.com%2Ffr%2Fwp-json%2Fwp%2Fv2%2Fpages%2F22010%2F\",\"image\":\"https:\\\/\\\/cdn.photos.sparkplatform.com\\\/pvr\\\/20260302183017798940000000.jpg\",\"imagealt\":\"Bucerias Areas-6\",\"bedrooms\":\"14\",\"bathrooms\":\"7\"},{\"latitude\":\"20.757955\",\"longitude\":\"-105.343384\",\"listprice\":\"$2,390,000\",\"rawprice\":\"2390000\",\"address1\":\"19 Del Pacifico Ave. PH 803, Pacific Tower\",\"address2\":\"Riviera Nayarit, NA\",\"link\":\"https:\\\/\\\/pontiusrealty.com\\\/fr\\\/\\\/idx\\\/19-Del-Pacifico-Ave-PH-803-Pacific-Tower-Riviera-Nayarit-NA-mls_44122?pg=1&#038;OrderBy=-ListPrice&#038;p=y&#038;n=y&#038;m=20101117190901935008000000&#038;search_referral_url=https%3A%2F%2Fpontiusrealty.com%2Ffr%2Fwp-json%2Fwp%2Fv2%2Fpages%2F22010%2F\",\"image\":\"https:\\\/\\\/cdn.photos.sparkplatform.com\\\/pvr\\\/20260620025012011472000000.jpg\",\"imagealt\":\"PACIFIC TOWER\",\"bedrooms\":\"3\",\"bathrooms\":\"3\"},{\"latitude\":\"20.752799\",\"longitude\":\"-105.332426\",\"listprice\":\"$2,250,000\",\"rawprice\":\"2250000\",\"address1\":\"14 Carmen Serdan y Fco I Madero 14, Quinta del Pacifico\",\"address2\":\"Riviera Nayarit, NA\",\"link\":\"https:\\\/\\\/pontiusrealty.com\\\/fr\\\/\\\/idx\\\/14-Carmen-Serdan-y-Fco-I-Madero-14-Quinta-del-Pacifico-Riviera-Nayarit-NA-mls_41487?pg=1&#038;OrderBy=-ListPrice&#038;p=y&#038;n=y&#038;m=20101117190901935008000000&#038;search_referral_url=https%3A%2F%2Fpontiusrealty.com%2Ffr%2Fwp-json%2Fwp%2Fv2%2Fpages%2F22010%2F\",\"image\":\"https:\\\/\\\/cdn.photos.sparkplatform.com\\\/pvr\\\/20251231160530364389000000.jpg\",\"imagealt\":\"SAVE_20251231_091343\",\"bedrooms\":\"5\",\"bathrooms\":\"5\"},{\"latitude\":\"20.753196\",\"longitude\":\"-105.334316\",\"listprice\":\"$1,947,000\",\"rawprice\":\"1947000\",\"address1\":\"55 Francisco I Madero, Villa Magnolia\",\"address2\":\"Riviera Nayarit, NA\",\"link\":\"https:\\\/\\\/pontiusrealty.com\\\/fr\\\/\\\/idx\\\/55-Francisco-I-Madero-Villa-Magnolia-Riviera-Nayarit-NA-mls_42509?pg=1&#038;OrderBy=-ListPrice&#038;p=y&#038;n=y&#038;m=20101117190901935008000000&#038;search_referral_url=https%3A%2F%2Fpontiusrealty.com%2Ffr%2Fwp-json%2Fwp%2Fv2%2Fpages%2F22010%2F\",\"image\":\"https:\\\/\\\/cdn.photos.sparkplatform.com\\\/pvr\\\/20260305194457442212000000.jpg\",\"imagealt\":\"Faccade\",\"bedrooms\":\"5\",\"bathrooms\":\"5\"},{\"latitude\":\"20.757963\",\"longitude\":\"-105.343418\",\"listprice\":\"$1,880,000\",\"rawprice\":\"1880000\",\"address1\":\"19 Del Pacifico Ave. 802, Pacific Tower\",\"address2\":\"Riviera Nayarit, NA\",\"link\":\"https:\\\/\\\/pontiusrealty.com\\\/fr\\\/\\\/idx\\\/19-Del-Pacifico-Ave-802-Pacific-Tower-Riviera-Nayarit-NA-mls_44121?pg=1&#038;OrderBy=-ListPrice&#038;p=y&#038;n=y&#038;m=20101117190901935008000000&#038;search_referral_url=https%3A%2F%2Fpontiusrealty.com%2Ffr%2Fwp-json%2Fwp%2Fv2%2Fpages%2F22010%2F\",\"image\":\"https:\\\/\\\/cdn.photos.sparkplatform.com\\\/pvr\\\/20260620024624790965000000.jpg\",\"imagealt\":\"PACIFIC TOWER\",\"bedrooms\":\"3\",\"bathrooms\":\"3\"},{\"latitude\":\"20.754126\",\"longitude\":\"-105.338823\",\"listprice\":\"$1,800,000\",\"rawprice\":\"1800000\",\"address1\":\"21 LAZARO CARDENAS PH D, UDARA\",\"address2\":\"Riviera Nayarit, NA\",\"link\":\"https:\\\/\\\/pontiusrealty.com\\\/fr\\\/\\\/idx\\\/21-LAZARO-CARDENAS-PH-D-UDARA-Riviera-Nayarit-NA-mls_30080?pg=1&#038;OrderBy=-ListPrice&#038;p=y&#038;n=y&#038;m=20101117190901935008000000&#038;search_referral_url=https%3A%2F%2Fpontiusrealty.com%2Ffr%2Fwp-json%2Fwp%2Fv2%2Fpages%2F22010%2F\",\"image\":\"https:\\\/\\\/cdn.photos.sparkplatform.com\\\/pvr\\\/20231223131724929326000000.jpg\",\"imagealt\":\"BEACH SIDE 1\",\"bedrooms\":\"4\",\"bathrooms\":\"4\"},{\"latitude\":\"20.751865\",\"longitude\":\"-105.334667\",\"listprice\":\"$1,650,000\",\"rawprice\":\"1650000\",\"address1\":\"86 Lazaro Cardenas 2B, Boracay\",\"address2\":\"Riviera Nayarit, NA\",\"link\":\"https:\\\/\\\/pontiusrealty.com\\\/fr\\\/\\\/idx\\\/86-Lazaro-Cardenas-2B-Boracay-Riviera-Nayarit-NA-mls_43837?pg=1&#038;OrderBy=-ListPrice&#038;p=y&#038;n=y&#038;m=20101117190901935008000000&#038;search_referral_url=https%3A%2F%2Fpontiusrealty.com%2Ffr%2Fwp-json%2Fwp%2Fv2%2Fpages%2F22010%2F\",\"image\":\"https:\\\/\\\/cdn.photos.sparkplatform.com\\\/pvr\\\/20260602190629134284000000.jpg\",\"imagealt\":\"Boracay_Bucerias 2020-12-31 at 12.18.26\",\"bedrooms\":\"3\",\"bathrooms\":\"3\"},{\"latitude\":\"20.755552\",\"longitude\":\"-105.340008\",\"listprice\":\"$1,629,351\",\"rawprice\":\"1629351\",\"address1\":\"12 Dr. Abraham Gonz\\u00e1lez 602, BahiBan 602\",\"address2\":\"Riviera Nayarit, NA\",\"link\":\"https:\\\/\\\/pontiusrealty.com\\\/fr\\\/\\\/idx\\\/12-Dr-Abraham-Gonz-lez-602-BahiBan-602-Riviera-Nayarit-NA-mls_44026?pg=1&#038;OrderBy=-ListPrice&#038;p=y&#038;n=y&#038;m=20101117190901935008000000&#038;search_referral_url=https%3A%2F%2Fpontiusrealty.com%2Ffr%2Fwp-json%2Fwp%2Fv2%2Fpages%2F22010%2F\",\"image\":\"https:\\\/\\\/cdn.photos.sparkplatform.com\\\/pvr\\\/20260613134718852612000000.jpg\",\"imagealt\":\"IMG_7766\",\"bedrooms\":\"3\",\"bathrooms\":\"4\"},{\"latitude\":\"20.761422\",\"longitude\":\"-105.351937\",\"listprice\":\"$1,550,000\",\"rawprice\":\"1550000\",\"address1\":\"5 Playa Destiladeras 301, BANTAY\",\"address2\":\"Riviera Nayarit, NA\",\"link\":\"https:\\\/\\\/pontiusrealty.com\\\/fr\\\/\\\/idx\\\/5-Playa-Destiladeras-301-BANTAY-Riviera-Nayarit-NA-mls_44711?pg=1&#038;OrderBy=-ListPrice&#038;p=y&#038;n=y&#038;m=20101117190901935008000000&#038;search_referral_url=https%3A%2F%2Fpontiusrealty.com%2Ffr%2Fwp-json%2Fwp%2Fv2%2Fpages%2F22010%2F\",\"image\":\"https:\\\/\\\/cdn.photos.sparkplatform.com\\\/pvr\\\/20260813161134495824000000.jpg\",\"imagealt\":\"DSC08774\",\"bedrooms\":\"4\",\"bathrooms\":\"4\"}]});<\/script>\t\t<div id=\"idx-map-1\" class=\"flex-map\" style=\"height:350px\"><\/div>\n\t\t<\/div>\n\n\t<div class=\"flexmls-actions-wrapper\">\n\t\t\t\t\t\t<div class=\"flexmls-btn flexmls-btn-secondary flexmls-btn-sm close-map-button\">Open Map\n\t\t\t\t<script type=\"text\/javascript\">\n\t\t\tjQuery( function ( $ ) {\n\t\t\t\tvar lazyLoad = true,\n\t\t\t\t    lazyConfig = {\"maps_url\":\"https:\\\/\\\/maps.googleapis.com\\\/maps\\\/api\\\/js?key=AIzaSyAjwoltPLVQY8t9XnTeMMIc0XbU07ungH8&libraries=marker&loading=async&callback=fmcGmapsReady\",\"map_js_url\":\"https:\\\/\\\/pontiusrealty.com\\\/wp-content\\\/plugins\\\/flexmls-idx\\\/assets\\\/js\\\/map.js\"};\n\n\t\t\t\t$( document ).on( 'click', '.close-map-button', function ( e ) {\n\t\t\t\t\te.preventDefault();\n\t\t\t\t\tvar $button = $( this );\n\t\t\t\t\tvar $widget = $button.closest( '.flexmls_connect__search_results_v2' );\n\t\t\t\t\tvar $map = $widget.find( '.flexmls-map-wrapper' ).first();\n\n\t\t\t\t\tif ( $map.is( ':visible' ) ) {\n\t\t\t\t\t\t$map.slideUp();\n\t\t\t\t\t\t$button.text( 'Open Map' );\n\t\t\t\t\t} else {\n\t\t\t\t\t\tif ( lazyLoad && ! window.fmcGmapsLoaded && lazyConfig ) {\n\t\t\t\t\t\t\tif ( typeof window.fmcGmapsWhenReady === 'undefined' ) {\n\t\t\t\t\t\t\t\twindow.fmcGmapsQueue = [];\n\t\t\t\t\t\t\t\twindow.fmcGmapsWhenReady = function ( f ) {\n\t\t\t\t\t\t\t\t\tif ( window.fmcGmapsLoaded ) { f(); } else { window.fmcGmapsQueue.push( f ); }\n\t\t\t\t\t\t\t\t};\n\t\t\t\t\t\t\t\twindow.fmcGmapsReady = function () {\n\t\t\t\t\t\t\t\t\twindow.fmcGmapsLoaded = true;\n\t\t\t\t\t\t\t\t\twindow.fmcGmapsQueue.forEach( function ( f ) { f(); } );\n\t\t\t\t\t\t\t\t\twindow.fmcGmapsQueue = [];\n\t\t\t\t\t\t\t\t\tif ( window.fmcGmapsLazyCallback ) {\n\t\t\t\t\t\t\t\t\t\twindow.fmcGmapsLazyCallback();\n\t\t\t\t\t\t\t\t\t\twindow.fmcGmapsLazyCallback = null;\n\t\t\t\t\t\t\t\t\t}\n\t\t\t\t\t\t\t\t};\n\t\t\t\t\t\t\t}\n\t\t\t\t\t\t\twindow.fmcGmapsLazyCallback = function () {\n\t\t\t\t\t\t\t\tvar s = document.createElement( 'script' );\n\t\t\t\t\t\t\t\ts.src = lazyConfig.map_js_url;\n\t\t\t\t\t\t\t\ts.async = true;\n\t\t\t\t\t\t\t\tdocument.head.appendChild( s );\n\t\t\t\t\t\t\t};\n\t\t\t\t\t\t\tvar g = document.createElement( 'script' );\n\t\t\t\t\t\t\tg.src = lazyConfig.maps_url;\n\t\t\t\t\t\t\tg.async = true;\n\t\t\t\t\t\t\tdocument.head.appendChild( g );\n\t\t\t\t\t\t\tlazyLoad = false;\n\t\t\t\t\t\t}\n\t\t\t\t\t\t$map.slideDown( 400, function () {\n\t\t\t\t\t\t\tif ( ! $map.data( 'first-open' ) ) {\n\t\t\t\t\t\t\t\tvar mapEl = $map.find( '[id^=\"idx-map-\"]' ).get( 0 );\n\t\t\t\t\t\t\t\tvar mapId = mapEl ? mapEl.id : null;\n\t\t\t\t\t\t\t\tif ( mapId && window.idxMaps && window.idxMaps[ mapId ] && window.idxBoundsById && window.idxBoundsById[ mapId ] ) {\n\t\t\t\t\t\t\t\t\twindow.idxMaps[ mapId ].fitBounds( window.idxBoundsById[ mapId ] );\n\t\t\t\t\t\t\t\t} else if ( window.idxMap && window.idxBounds ) {\n\t\t\t\t\t\t\t\t\twindow.idxMap.fitBounds( window.idxBounds );\n\t\t\t\t\t\t\t\t}\n\t\t\t\t\t\t\t\t$map.data( 'first-open', 1 );\n\t\t\t\t\t\t\t}\n\t\t\t\t\t\t} );\n\t\t\t\t\t\t$button.text( 'Close Map' );\n\t\t\t\t\t}\n\t\t\t\t} );\n\n\t\t\t\t$( '.flexmls-map-wrapper' ).each( function () {\n\t\t\t\t\tif ( $( this ).is( ':visible' ) ) {\n\t\t\t\t\t\t$( this ).data( 'first-open', 1 );\n\t\t\t\t\t}\n\t\t\t\t} );\n\t\t\t} );\n\t\t<\/script>\n\t\t\t\t<\/div>\n\t<\/div>\n\t<div class=\"flexmls-count-and-filters-wrapper\">\n\t\t<div class=\"flexmls-count-wrapper\">\n\t\t\t<span class=\"flexmls-matches-count\">418 Matches Found<\/span>\n\t\t<\/div>\n\n\t\t<div class=\"flexmls-filters-wrapper\">\n\t\t\t<div class=\"listings-per-page-wrapper\">\n\t<label for=\"listings_per_page\">Listings Per Page<\/label>\n\t<select id=\"listings_per_page\" name=\"listings_per_page\" class=\"listingsperpage\">\n\t\t<option value=''><\/option>\n\t\t<option value=\"5\" >5<\/option><option value=\"10\" selected=\"selected\">10<\/option><option value=\"15\" >15<\/option><option value=\"20\" >20<\/option><option value=\"25\" >25<\/option>\t<\/select>\n<\/div>\n\n<div class=\"sort-by-wrapper\">\n\t<label for=\"sort-by-filter-\">Sort by<\/label>\n\t<select name='OrderBy' id=\"sort-by-filter-\" class='flex_orderby'>\n\t\t<option value='' disabled>Sort by<\/option>\n\t\t<option value=\"-ListPrice\" selected=\"selected\">List price (High to Low)<\/option><option value=\"ListPrice\" >List price (Low to High)<\/option><option value=\"-BedsTotal\" ># Bedrooms<\/option><option value=\"-BathsTotal\" ># Bathrooms<\/option><option value=\"-YearBuilt\" >Year Built<\/option><option value=\"-BuildingAreaTotal\" >Square Footage<\/option><option value=\"-ModificationTimestamp\" >Recently Updated<\/option>\t<\/select>\n<\/div>\n\t\t<\/div>\n\t<\/div>\n\n\t\n<div class=\"flexmls-listings-list-wrapper flexmls-widthchange-wrapper\">\n\t\t\t\t\t\t\t\t\t\t\t\t<div\n\t\t\t\tclass=\"flexmls-listing flexmls_connect__sr_result\"\n\t\t\t\ttitle=\"21 Lazaro Cardenas 4G, Udara, Riviera Nayarit, NA - MLS# 44692\"\n\t\t\t\tlink=\"https:\/\/pontiusrealty.com\/fr\/\/idx\/21-Lazaro-Cardenas-4G-Udara-Riviera-Nayarit-NA-mls_44692?MLSAreaMinor=Bucerias&#038;pg=1&#038;OrderBy=-ListPrice&#038;m=20101117190901935008000000&#038;search_referral_url=https%3A%2F%2Fpontiusrealty.com%2Ffr%2Fwp-json%2Fwp%2Fv2%2Fpages%2F22010%2F\"\n\t\t\t>\n\t\t\t\t\t\t\t\t<div class=\"flexmls-image-wrapper\">\n\t\t\t\t\t<a\n\t\t\t\t\t\thref=\"https:\/\/pontiusrealty.com\/fr\/\/idx\/21-Lazaro-Cardenas-4G-Udara-Riviera-Nayarit-NA-mls_44692?MLSAreaMinor=Bucerias&#038;pg=1&#038;OrderBy=-ListPrice&#038;m=20101117190901935008000000&#038;search_referral_url=https%3A%2F%2Fpontiusrealty.com%2Ffr%2Fwp-json%2Fwp%2Fv2%2Fpages%2F22010%2F\"\n\t\t\t\t\t\tclass=\"flexmls-listing-photo-link flexmls-listing-photo-action--detail\"\n\t\t\t\t\t>\n\t\t\t\t\t\t<img\n\t\t\t\t\t\t\tclass=\"flexmls-listing-card__photo\"\n\t\t\t\t\t\t\tsrc=\"https:\/\/cdn.resize.sparkplatform.com\/pvr\/640x480\/true\/20260820181533970094000000-o.jpg\"\n\t\t\t\t\t\t\tsrcset=\"https:\/\/cdn.photos.sparkplatform.com\/pvr\/20260820181533970094000000.jpg 300w, https:\/\/cdn.resize.sparkplatform.com\/pvr\/640x480\/true\/20260820181533970094000000-o.jpg 640w, https:\/\/cdn.resize.sparkplatform.com\/pvr\/1280x1024\/true\/20260820181533970094000000-o.jpg 1280w\"\n\t\t\t\t\t\t\tsizes=\"auto, (min-width: 900px) 380px, (min-width: 600px) 48vw, min(480px, 100vw)\"\n\t\t\t\t\t\t\talt=\"Property photo for 21 Lazaro Cardenas 4G, Udara, Riviera Nayarit, NA\"\n\t\t\t\t\t\t\tloading=\"lazy\" \t\t\t\t\t\t\tdecoding=\"async\"\n\t\t\t\t\t\t\twidth=\"640\"\n\t\t\t\t\t\t\theight=\"400\"\n\t\t\t\t\t\t\/>\n\t\t\t\t\t<\/a>\n\t\t\t\t\t\n\t\t\t\t\t\t\t\t\t\t\t\t\t\t\t\t\t\t\t\t\t\t\t\t<span class=\"flexmls-price\">$2,600,000<\/span>\n\t\t\t\t\t<div class=\"flexmls-portal-links\">\n\t\t\t\t\t\t\t\t\t\t\t<\/div>\n\t\t\t\t<\/div>\n\t\t\t\t<a href=\"https:\/\/pontiusrealty.com\/fr\/\/idx\/21-Lazaro-Cardenas-4G-Udara-Riviera-Nayarit-NA-mls_44692?MLSAreaMinor=Bucerias&#038;pg=1&#038;OrderBy=-ListPrice&#038;m=20101117190901935008000000&#038;search_referral_url=https%3A%2F%2Fpontiusrealty.com%2Ffr%2Fwp-json%2Fwp%2Fv2%2Fpages%2F22010%2F\" class=\"flexmls-content-wrapper flexmls-listing-content-link\">\n\t\t\t\t\t<div class=\"flexmls-address\">\n\t\t\t\t\t\t21 Lazaro Cardenas 4G, Udara, Riviera Nayarit, NA\t\t\t\t\t<\/div>\n\t\t\t\t\t<div class=\"flexmls-quick-details\">\n\t\t\t\t\t\t\t\t\t\t\t\t\t<span class=\"flexmls-status flexmls-status-active\">Active<\/span>\n\t\t\t\t\t\t\t\t\t\t\t\t\t\t\t\t\t\t\t<div class=\"flexmls-details\">\n\t\t\t\t\t\t\t\t\t\t\t\t\t\t\t\t\t<span class=\"flexmls-detail\">5BD<\/span>\n\t\t\t\t\t\t\t\t\n\t\t\t\t\t\t\t\t\t\t\t\t\t\t\t\t\t<span class=\"flexmls-detail\">5BA<\/span>\n\t\t\t\t\t\t\t\t\n\t\t\t\t\t\t\t\t\t\t\t\t\t\t\t\t\t\t\t\t\t\t\t\t\t<span class=\"flexmls-detail\">3,153SF<\/span>\n\t\t\t\t\t\t\t\t\t\t\t\t\t\t\t<\/div>\n\t\t\t\t\t\t\t\t\t\t\t<\/div>\n\t\t\t\t\t\t\t\t\t\t\t\t\t\t\t<div class=\"flexmls-last-modified-and-idx-wrapper\">\n\t\t\t\t\t\t\t\t\t\t\t\t\t<div class=\"flexmls-last-modified-and-label-wrapper\">\n\t\t\t\t\t\t\t\t<span class=\"flexmls-bold-label\">Last Modified:<\/span> 6:42pm, August 20, 2026\t\t\t\t\t\t\t<\/div>\n\t\t\t\t\t\t\t\t\t\t\t\t\t\t\t\t\t\t\t<img decoding=\"async\" class=\"flexmls-idx-compliance-badge\" alt=\"IDX\" src=\"https:\/\/cdn.photos.sparkplatform.com\/pvr\/20161019233658090414000000.jpg\">\n\t\t\t\t\t\t\t\t\t\t\t<\/div>\n\n\t\t\t\t\t\n\t\t\t\t\t\t\t\t\t\t\n\t\t\t\t<\/a>\n\t\t\t<\/div>\n\n\t\t\t\t\t\t\t\t\t\t\t<div\n\t\t\t\tclass=\"flexmls-listing flexmls_connect__sr_result\"\n\t\t\t\ttitle=\"132 Francisco I. Madero, Aventura Pacifico, Riviera Nayarit, NA - MLS# 42471\"\n\t\t\t\tlink=\"https:\/\/pontiusrealty.com\/fr\/\/idx\/132-Francisco-I-Madero-Aventura-Pacifico-Riviera-Nayarit-NA-mls_42471?MLSAreaMinor=Bucerias&#038;pg=1&#038;OrderBy=-ListPrice&#038;m=20101117190901935008000000&#038;search_referral_url=https%3A%2F%2Fpontiusrealty.com%2Ffr%2Fwp-json%2Fwp%2Fv2%2Fpages%2F22010%2F\"\n\t\t\t>\n\t\t\t\t\t\t\t\t<div class=\"flexmls-image-wrapper\">\n\t\t\t\t\t<a\n\t\t\t\t\t\thref=\"https:\/\/pontiusrealty.com\/fr\/\/idx\/132-Francisco-I-Madero-Aventura-Pacifico-Riviera-Nayarit-NA-mls_42471?MLSAreaMinor=Bucerias&#038;pg=1&#038;OrderBy=-ListPrice&#038;m=20101117190901935008000000&#038;search_referral_url=https%3A%2F%2Fpontiusrealty.com%2Ffr%2Fwp-json%2Fwp%2Fv2%2Fpages%2F22010%2F\"\n\t\t\t\t\t\tclass=\"flexmls-listing-photo-link flexmls-listing-photo-action--detail\"\n\t\t\t\t\t>\n\t\t\t\t\t\t<img\n\t\t\t\t\t\t\tclass=\"flexmls-listing-card__photo\"\n\t\t\t\t\t\t\tsrc=\"https:\/\/cdn.resize.sparkplatform.com\/pvr\/640x480\/true\/20260302183017798940000000-o.jpg\"\n\t\t\t\t\t\t\tsrcset=\"https:\/\/cdn.photos.sparkplatform.com\/pvr\/20260302183017798940000000.jpg 300w, https:\/\/cdn.resize.sparkplatform.com\/pvr\/640x480\/true\/20260302183017798940000000-o.jpg 640w, https:\/\/cdn.resize.sparkplatform.com\/pvr\/1280x1024\/true\/20260302183017798940000000-o.jpg 1280w\"\n\t\t\t\t\t\t\tsizes=\"auto, (min-width: 900px) 380px, (min-width: 600px) 48vw, min(480px, 100vw)\"\n\t\t\t\t\t\t\talt=\"Property photo for 132 Francisco I. Madero, Aventura Pacifico, Riviera Nayarit, NA\"\n\t\t\t\t\t\t\tloading=\"lazy\" \t\t\t\t\t\t\tdecoding=\"async\"\n\t\t\t\t\t\t\twidth=\"640\"\n\t\t\t\t\t\t\theight=\"400\"\n\t\t\t\t\t\t\/>\n\t\t\t\t\t<\/a>\n\t\t\t\t\t\n\t\t\t\t\t\t\t\t\t\t\t\t\t\t\t\t\t\t\t\t\t\t\t\t<span class=\"flexmls-price\">$2,500,000<\/span>\n\t\t\t\t\t<div class=\"flexmls-portal-links\">\n\t\t\t\t\t\t\t\t\t\t\t<\/div>\n\t\t\t\t<\/div>\n\t\t\t\t<a href=\"https:\/\/pontiusrealty.com\/fr\/\/idx\/132-Francisco-I-Madero-Aventura-Pacifico-Riviera-Nayarit-NA-mls_42471?MLSAreaMinor=Bucerias&#038;pg=1&#038;OrderBy=-ListPrice&#038;m=20101117190901935008000000&#038;search_referral_url=https%3A%2F%2Fpontiusrealty.com%2Ffr%2Fwp-json%2Fwp%2Fv2%2Fpages%2F22010%2F\" class=\"flexmls-content-wrapper flexmls-listing-content-link\">\n\t\t\t\t\t<div class=\"flexmls-address\">\n\t\t\t\t\t\t132 Francisco I. Madero, Aventura Pacifico, Riviera Nayarit, NA\t\t\t\t\t<\/div>\n\t\t\t\t\t<div class=\"flexmls-quick-details\">\n\t\t\t\t\t\t\t\t\t\t\t\t\t<span class=\"flexmls-status flexmls-status-active\">Active<\/span>\n\t\t\t\t\t\t\t\t\t\t\t\t\t\t\t\t\t\t\t<div class=\"flexmls-details\">\n\t\t\t\t\t\t\t\t\t\t\t\t\t\t\t\t\t<span class=\"flexmls-detail\">14BD<\/span>\n\t\t\t\t\t\t\t\t\n\t\t\t\t\t\t\t\t\t\t\t\t\t\t\t\t\t<span class=\"flexmls-detail\">7BA<\/span>\n\t\t\t\t\t\t\t\t\n\t\t\t\t\t\t\t\t\t\t\t\t\t\t\t\t\t\t\t\t\t\t\t\t\t<span class=\"flexmls-detail\">5,305SF<\/span>\n\t\t\t\t\t\t\t\t\t\t\t\t\t\t\t<\/div>\n\t\t\t\t\t\t\t\t\t\t\t<\/div>\n\t\t\t\t\t\t\t\t\t\t\t\t\t\t\t<div class=\"flexmls-last-modified-and-idx-wrapper\">\n\t\t\t\t\t\t\t\t\t\t\t\t\t<div class=\"flexmls-last-modified-and-label-wrapper\">\n\t\t\t\t\t\t\t\t<span class=\"flexmls-bold-label\">Last Modified:<\/span> 6:01pm, March 7, 2026\t\t\t\t\t\t\t<\/div>\n\t\t\t\t\t\t\t\t\t\t\t\t\t\t\t\t\t\t\t<img decoding=\"async\" class=\"flexmls-idx-compliance-badge\" alt=\"IDX\" src=\"https:\/\/cdn.photos.sparkplatform.com\/pvr\/20161019233658090414000000.jpg\">\n\t\t\t\t\t\t\t\t\t\t\t<\/div>\n\n\t\t\t\t\t\n\t\t\t\t\t\t\t\t\t\t\n\t\t\t\t<\/a>\n\t\t\t<\/div>\n\n\t\t\t\t\t\t\t\t\t\t\t<div\n\t\t\t\tclass=\"flexmls-listing flexmls_connect__sr_result\"\n\t\t\t\ttitle=\"19 Del Pacifico Ave. PH 803, Pacific Tower, Riviera Nayarit, NA - MLS# 44122\"\n\t\t\t\tlink=\"https:\/\/pontiusrealty.com\/fr\/\/idx\/19-Del-Pacifico-Ave-PH-803-Pacific-Tower-Riviera-Nayarit-NA-mls_44122?MLSAreaMinor=Bucerias&#038;pg=1&#038;OrderBy=-ListPrice&#038;m=20101117190901935008000000&#038;search_referral_url=https%3A%2F%2Fpontiusrealty.com%2Ffr%2Fwp-json%2Fwp%2Fv2%2Fpages%2F22010%2F\"\n\t\t\t>\n\t\t\t\t\t\t\t\t<div class=\"flexmls-image-wrapper\">\n\t\t\t\t\t<a\n\t\t\t\t\t\thref=\"https:\/\/pontiusrealty.com\/fr\/\/idx\/19-Del-Pacifico-Ave-PH-803-Pacific-Tower-Riviera-Nayarit-NA-mls_44122?MLSAreaMinor=Bucerias&#038;pg=1&#038;OrderBy=-ListPrice&#038;m=20101117190901935008000000&#038;search_referral_url=https%3A%2F%2Fpontiusrealty.com%2Ffr%2Fwp-json%2Fwp%2Fv2%2Fpages%2F22010%2F\"\n\t\t\t\t\t\tclass=\"flexmls-listing-photo-link flexmls-listing-photo-action--detail\"\n\t\t\t\t\t>\n\t\t\t\t\t\t<img\n\t\t\t\t\t\t\tclass=\"flexmls-listing-card__photo\"\n\t\t\t\t\t\t\tsrc=\"https:\/\/cdn.resize.sparkplatform.com\/pvr\/640x480\/true\/20260620025012011472000000-o.jpg\"\n\t\t\t\t\t\t\tsrcset=\"https:\/\/cdn.photos.sparkplatform.com\/pvr\/20260620025012011472000000.jpg 300w, https:\/\/cdn.resize.sparkplatform.com\/pvr\/640x480\/true\/20260620025012011472000000-o.jpg 640w, https:\/\/cdn.resize.sparkplatform.com\/pvr\/1280x1024\/true\/20260620025012011472000000-o.jpg 1280w\"\n\t\t\t\t\t\t\tsizes=\"auto, (min-width: 900px) 380px, (min-width: 600px) 48vw, min(480px, 100vw)\"\n\t\t\t\t\t\t\talt=\"Enjoy morning breezes and look out into the beatiful bay.\"\n\t\t\t\t\t\t\tloading=\"lazy\" \t\t\t\t\t\t\tdecoding=\"async\"\n\t\t\t\t\t\t\twidth=\"640\"\n\t\t\t\t\t\t\theight=\"400\"\n\t\t\t\t\t\t\/>\n\t\t\t\t\t<\/a>\n\t\t\t\t\t\n\t\t\t\t\t\t\t\t\t\t\t\t\t\t\t\t\t\t\t\t\t\t\t\t<span class=\"flexmls-price\">$2,390,000<\/span>\n\t\t\t\t\t<div class=\"flexmls-portal-links\">\n\t\t\t\t\t\t\t\t\t\t\t<\/div>\n\t\t\t\t<\/div>\n\t\t\t\t<a href=\"https:\/\/pontiusrealty.com\/fr\/\/idx\/19-Del-Pacifico-Ave-PH-803-Pacific-Tower-Riviera-Nayarit-NA-mls_44122?MLSAreaMinor=Bucerias&#038;pg=1&#038;OrderBy=-ListPrice&#038;m=20101117190901935008000000&#038;search_referral_url=https%3A%2F%2Fpontiusrealty.com%2Ffr%2Fwp-json%2Fwp%2Fv2%2Fpages%2F22010%2F\" class=\"flexmls-content-wrapper flexmls-listing-content-link\">\n\t\t\t\t\t<div class=\"flexmls-address\">\n\t\t\t\t\t\t19 Del Pacifico Ave. PH 803, Pacific Tower, Riviera Nayarit, NA\t\t\t\t\t<\/div>\n\t\t\t\t\t<div class=\"flexmls-quick-details\">\n\t\t\t\t\t\t\t\t\t\t\t\t\t<span class=\"flexmls-status flexmls-status-active\">Active<\/span>\n\t\t\t\t\t\t\t\t\t\t\t\t\t\t\t\t\t\t\t<div class=\"flexmls-details\">\n\t\t\t\t\t\t\t\t\t\t\t\t\t\t\t\t\t<span class=\"flexmls-detail\">3BD<\/span>\n\t\t\t\t\t\t\t\t\n\t\t\t\t\t\t\t\t\t\t\t\t\t\t\t\t\t<span class=\"flexmls-detail\">3BA<\/span>\n\t\t\t\t\t\t\t\t\n\t\t\t\t\t\t\t\t\t\t\t\t\t\t\t\t\t\t\t\t\t\t\t\t\t<span class=\"flexmls-detail\">2,572SF<\/span>\n\t\t\t\t\t\t\t\t\t\t\t\t\t\t\t<\/div>\n\t\t\t\t\t\t\t\t\t\t\t<\/div>\n\t\t\t\t\t\t\t\t\t\t\t\t\t\t\t<div class=\"flexmls-last-modified-and-idx-wrapper\">\n\t\t\t\t\t\t\t\t\t\t\t\t\t<div class=\"flexmls-last-modified-and-label-wrapper\">\n\t\t\t\t\t\t\t\t<span class=\"flexmls-bold-label\">Last Modified:<\/span> 3:20pm, August 24, 2026\t\t\t\t\t\t\t<\/div>\n\t\t\t\t\t\t\t\t\t\t\t\t\t\t\t\t\t\t\t<img decoding=\"async\" class=\"flexmls-idx-compliance-badge\" alt=\"IDX\" src=\"https:\/\/cdn.photos.sparkplatform.com\/pvr\/20161019233658090414000000.jpg\">\n\t\t\t\t\t\t\t\t\t\t\t<\/div>\n\n\t\t\t\t\t\n\t\t\t\t\t\t\t\t\t\t\n\t\t\t\t<\/a>\n\t\t\t<\/div>\n\n\t\t\t\t\t\t\t\t\t\t\t<div\n\t\t\t\tclass=\"flexmls-listing flexmls_connect__sr_result\"\n\t\t\t\ttitle=\"14 Carmen Serdan y Fco I Madero 14, Quinta del Pacifico, Riviera Nayarit, NA - MLS# 41487\"\n\t\t\t\tlink=\"https:\/\/pontiusrealty.com\/fr\/\/idx\/14-Carmen-Serdan-y-Fco-I-Madero-14-Quinta-del-Pacifico-Riviera-Nayarit-NA-mls_41487?MLSAreaMinor=Bucerias&#038;pg=1&#038;OrderBy=-ListPrice&#038;m=20101117190901935008000000&#038;search_referral_url=https%3A%2F%2Fpontiusrealty.com%2Ffr%2Fwp-json%2Fwp%2Fv2%2Fpages%2F22010%2F\"\n\t\t\t>\n\t\t\t\t\t\t\t\t<div class=\"flexmls-image-wrapper\">\n\t\t\t\t\t<a\n\t\t\t\t\t\thref=\"https:\/\/pontiusrealty.com\/fr\/\/idx\/14-Carmen-Serdan-y-Fco-I-Madero-14-Quinta-del-Pacifico-Riviera-Nayarit-NA-mls_41487?MLSAreaMinor=Bucerias&#038;pg=1&#038;OrderBy=-ListPrice&#038;m=20101117190901935008000000&#038;search_referral_url=https%3A%2F%2Fpontiusrealty.com%2Ffr%2Fwp-json%2Fwp%2Fv2%2Fpages%2F22010%2F\"\n\t\t\t\t\t\tclass=\"flexmls-listing-photo-link flexmls-listing-photo-action--detail\"\n\t\t\t\t\t>\n\t\t\t\t\t\t<img\n\t\t\t\t\t\t\tclass=\"flexmls-listing-card__photo\"\n\t\t\t\t\t\t\tsrc=\"https:\/\/cdn.resize.sparkplatform.com\/pvr\/640x480\/true\/20251231160530364389000000-o.jpg\"\n\t\t\t\t\t\t\tsrcset=\"https:\/\/cdn.photos.sparkplatform.com\/pvr\/20251231160530364389000000.jpg 300w, https:\/\/cdn.resize.sparkplatform.com\/pvr\/640x480\/true\/20251231160530364389000000-o.jpg 640w, https:\/\/cdn.resize.sparkplatform.com\/pvr\/1280x1024\/true\/20251231160530364389000000-o.jpg 1280w\"\n\t\t\t\t\t\t\tsizes=\"auto, (min-width: 900px) 380px, (min-width: 600px) 48vw, min(480px, 100vw)\"\n\t\t\t\t\t\t\talt=\"Property photo for 14 Carmen Serdan y Fco I Madero 14, Quinta del Pacifico, Riviera Nayarit, NA\"\n\t\t\t\t\t\t\tloading=\"lazy\" \t\t\t\t\t\t\tdecoding=\"async\"\n\t\t\t\t\t\t\twidth=\"640\"\n\t\t\t\t\t\t\theight=\"400\"\n\t\t\t\t\t\t\/>\n\t\t\t\t\t<\/a>\n\t\t\t\t\t\n\t\t\t\t\t\t\t\t\t\t\t\t\t\t\t\t\t\t\t\t\t\t\t\t<span class=\"flexmls-price\">$2,250,000<\/span>\n\t\t\t\t\t<div class=\"flexmls-portal-links\">\n\t\t\t\t\t\t\t\t\t\t\t<\/div>\n\t\t\t\t<\/div>\n\t\t\t\t<a href=\"https:\/\/pontiusrealty.com\/fr\/\/idx\/14-Carmen-Serdan-y-Fco-I-Madero-14-Quinta-del-Pacifico-Riviera-Nayarit-NA-mls_41487?MLSAreaMinor=Bucerias&#038;pg=1&#038;OrderBy=-ListPrice&#038;m=20101117190901935008000000&#038;search_referral_url=https%3A%2F%2Fpontiusrealty.com%2Ffr%2Fwp-json%2Fwp%2Fv2%2Fpages%2F22010%2F\" class=\"flexmls-content-wrapper flexmls-listing-content-link\">\n\t\t\t\t\t<div class=\"flexmls-address\">\n\t\t\t\t\t\t14 Carmen Serdan y Fco I Madero 14, Quinta del Pacifico, Riviera Nayarit, NA\t\t\t\t\t<\/div>\n\t\t\t\t\t<div class=\"flexmls-quick-details\">\n\t\t\t\t\t\t\t\t\t\t\t\t\t<span class=\"flexmls-status flexmls-status-active\">Active<\/span>\n\t\t\t\t\t\t\t\t\t\t\t\t\t\t\t\t\t\t\t<div class=\"flexmls-details\">\n\t\t\t\t\t\t\t\t\t\t\t\t\t\t\t\t\t<span class=\"flexmls-detail\">5BD<\/span>\n\t\t\t\t\t\t\t\t\n\t\t\t\t\t\t\t\t\t\t\t\t\t\t\t\t\t<span class=\"flexmls-detail\">5BA<\/span>\n\t\t\t\t\t\t\t\t\n\t\t\t\t\t\t\t\t\t\t\t\t\t\t\t\t\t\t\t\t\t\t\t\t\t<span class=\"flexmls-detail\">5,692SF<\/span>\n\t\t\t\t\t\t\t\t\t\t\t\t\t\t\t<\/div>\n\t\t\t\t\t\t\t\t\t\t\t<\/div>\n\t\t\t\t\t\t\t\t\t\t\t\t\t\t\t<div class=\"flexmls-last-modified-and-idx-wrapper\">\n\t\t\t\t\t\t\t\t\t\t\t\t\t<div class=\"flexmls-last-modified-and-label-wrapper\">\n\t\t\t\t\t\t\t\t<span class=\"flexmls-bold-label\">Last Modified:<\/span> 6:11pm, August 19, 2026\t\t\t\t\t\t\t<\/div>\n\t\t\t\t\t\t\t\t\t\t\t\t\t\t\t\t\t\t\t<img decoding=\"async\" class=\"flexmls-idx-compliance-badge\" alt=\"IDX\" src=\"https:\/\/cdn.photos.sparkplatform.com\/pvr\/20161019233658090414000000.jpg\">\n\t\t\t\t\t\t\t\t\t\t\t<\/div>\n\n\t\t\t\t\t\n\t\t\t\t\t\t\t\t\t\t\n\t\t\t\t<\/a>\n\t\t\t<\/div>\n\n\t\t\t\t\t\t\t\t\t\t\t<div\n\t\t\t\tclass=\"flexmls-listing flexmls_connect__sr_result\"\n\t\t\t\ttitle=\"55 Francisco I Madero, Villa Magnolia, Riviera Nayarit, NA - MLS# 42509\"\n\t\t\t\tlink=\"https:\/\/pontiusrealty.com\/fr\/\/idx\/55-Francisco-I-Madero-Villa-Magnolia-Riviera-Nayarit-NA-mls_42509?MLSAreaMinor=Bucerias&#038;pg=1&#038;OrderBy=-ListPrice&#038;m=20101117190901935008000000&#038;search_referral_url=https%3A%2F%2Fpontiusrealty.com%2Ffr%2Fwp-json%2Fwp%2Fv2%2Fpages%2F22010%2F\"\n\t\t\t>\n\t\t\t\t\t\t\t\t<div class=\"flexmls-image-wrapper\">\n\t\t\t\t\t<a\n\t\t\t\t\t\thref=\"https:\/\/pontiusrealty.com\/fr\/\/idx\/55-Francisco-I-Madero-Villa-Magnolia-Riviera-Nayarit-NA-mls_42509?MLSAreaMinor=Bucerias&#038;pg=1&#038;OrderBy=-ListPrice&#038;m=20101117190901935008000000&#038;search_referral_url=https%3A%2F%2Fpontiusrealty.com%2Ffr%2Fwp-json%2Fwp%2Fv2%2Fpages%2F22010%2F\"\n\t\t\t\t\t\tclass=\"flexmls-listing-photo-link flexmls-listing-photo-action--detail\"\n\t\t\t\t\t>\n\t\t\t\t\t\t<img\n\t\t\t\t\t\t\tclass=\"flexmls-listing-card__photo\"\n\t\t\t\t\t\t\tsrc=\"https:\/\/cdn.resize.sparkplatform.com\/pvr\/640x480\/true\/20260305194457442212000000-o.jpg\"\n\t\t\t\t\t\t\tsrcset=\"https:\/\/cdn.photos.sparkplatform.com\/pvr\/20260305194457442212000000.jpg 300w, https:\/\/cdn.resize.sparkplatform.com\/pvr\/640x480\/true\/20260305194457442212000000-o.jpg 640w, https:\/\/cdn.resize.sparkplatform.com\/pvr\/1280x1024\/true\/20260305194457442212000000-o.jpg 1280w\"\n\t\t\t\t\t\t\tsizes=\"auto, (min-width: 900px) 380px, (min-width: 600px) 48vw, min(480px, 100vw)\"\n\t\t\t\t\t\t\talt=\"Property photo for 55 Francisco I Madero, Villa Magnolia, Riviera Nayarit, NA\"\n\t\t\t\t\t\t\tloading=\"lazy\" \t\t\t\t\t\t\tdecoding=\"async\"\n\t\t\t\t\t\t\twidth=\"640\"\n\t\t\t\t\t\t\theight=\"400\"\n\t\t\t\t\t\t\/>\n\t\t\t\t\t<\/a>\n\t\t\t\t\t\n\t\t\t\t\t\t\t\t\t\t\t\t\t\t\t\t\t\t\t\t\t\t\t\t<span class=\"flexmls-price\">$1,947,000<\/span>\n\t\t\t\t\t<div class=\"flexmls-portal-links\">\n\t\t\t\t\t\t\t\t\t\t\t<\/div>\n\t\t\t\t<\/div>\n\t\t\t\t<a href=\"https:\/\/pontiusrealty.com\/fr\/\/idx\/55-Francisco-I-Madero-Villa-Magnolia-Riviera-Nayarit-NA-mls_42509?MLSAreaMinor=Bucerias&#038;pg=1&#038;OrderBy=-ListPrice&#038;m=20101117190901935008000000&#038;search_referral_url=https%3A%2F%2Fpontiusrealty.com%2Ffr%2Fwp-json%2Fwp%2Fv2%2Fpages%2F22010%2F\" class=\"flexmls-content-wrapper flexmls-listing-content-link\">\n\t\t\t\t\t<div class=\"flexmls-address\">\n\t\t\t\t\t\t55 Francisco I Madero, Villa Magnolia, Riviera Nayarit, NA\t\t\t\t\t<\/div>\n\t\t\t\t\t<div class=\"flexmls-quick-details\">\n\t\t\t\t\t\t\t\t\t\t\t\t\t<span class=\"flexmls-status flexmls-status-active\">Active<\/span>\n\t\t\t\t\t\t\t\t\t\t\t\t\t\t\t\t\t\t\t<div class=\"flexmls-details\">\n\t\t\t\t\t\t\t\t\t\t\t\t\t\t\t\t\t<span class=\"flexmls-detail\">5BD<\/span>\n\t\t\t\t\t\t\t\t\n\t\t\t\t\t\t\t\t\t\t\t\t\t\t\t\t\t<span class=\"flexmls-detail\">5BA<\/span>\n\t\t\t\t\t\t\t\t\n\t\t\t\t\t\t\t\t\t\t\t\t\t\t\t\t\t\t\t\t\t\t\t\t\t<span class=\"flexmls-detail\">4,878SF<\/span>\n\t\t\t\t\t\t\t\t\t\t\t\t\t\t\t<\/div>\n\t\t\t\t\t\t\t\t\t\t\t<\/div>\n\t\t\t\t\t\t\t\t\t\t\t\t\t\t\t<div class=\"flexmls-last-modified-and-idx-wrapper\">\n\t\t\t\t\t\t\t\t\t\t\t\t\t<div class=\"flexmls-last-modified-and-label-wrapper\">\n\t\t\t\t\t\t\t\t<span class=\"flexmls-bold-label\">Last Modified:<\/span> 10:13pm, March 20, 2026\t\t\t\t\t\t\t<\/div>\n\t\t\t\t\t\t\t\t\t\t\t\t\t\t\t\t\t\t\t<img decoding=\"async\" class=\"flexmls-idx-compliance-badge\" alt=\"IDX\" src=\"https:\/\/cdn.photos.sparkplatform.com\/pvr\/20161019233658090414000000.jpg\">\n\t\t\t\t\t\t\t\t\t\t\t<\/div>\n\n\t\t\t\t\t\n\t\t\t\t\t\t\t\t\t\t\n\t\t\t\t<\/a>\n\t\t\t<\/div>\n\n\t\t\t\t\t\t\t\t\t\t\t<div\n\t\t\t\tclass=\"flexmls-listing flexmls_connect__sr_result\"\n\t\t\t\ttitle=\"19 Del Pacifico Ave. 802, Pacific Tower, Riviera Nayarit, NA - MLS# 44121\"\n\t\t\t\tlink=\"https:\/\/pontiusrealty.com\/fr\/\/idx\/19-Del-Pacifico-Ave-802-Pacific-Tower-Riviera-Nayarit-NA-mls_44121?MLSAreaMinor=Bucerias&#038;pg=1&#038;OrderBy=-ListPrice&#038;m=20101117190901935008000000&#038;search_referral_url=https%3A%2F%2Fpontiusrealty.com%2Ffr%2Fwp-json%2Fwp%2Fv2%2Fpages%2F22010%2F\"\n\t\t\t>\n\t\t\t\t\t\t\t\t<div class=\"flexmls-image-wrapper\">\n\t\t\t\t\t<a\n\t\t\t\t\t\thref=\"https:\/\/pontiusrealty.com\/fr\/\/idx\/19-Del-Pacifico-Ave-802-Pacific-Tower-Riviera-Nayarit-NA-mls_44121?MLSAreaMinor=Bucerias&#038;pg=1&#038;OrderBy=-ListPrice&#038;m=20101117190901935008000000&#038;search_referral_url=https%3A%2F%2Fpontiusrealty.com%2Ffr%2Fwp-json%2Fwp%2Fv2%2Fpages%2F22010%2F\"\n\t\t\t\t\t\tclass=\"flexmls-listing-photo-link flexmls-listing-photo-action--detail\"\n\t\t\t\t\t>\n\t\t\t\t\t\t<img\n\t\t\t\t\t\t\tclass=\"flexmls-listing-card__photo\"\n\t\t\t\t\t\t\tsrc=\"https:\/\/cdn.resize.sparkplatform.com\/pvr\/640x480\/true\/20260620024624790965000000-o.jpg\"\n\t\t\t\t\t\t\tsrcset=\"https:\/\/cdn.photos.sparkplatform.com\/pvr\/20260620024624790965000000.jpg 300w, https:\/\/cdn.resize.sparkplatform.com\/pvr\/640x480\/true\/20260620024624790965000000-o.jpg 640w, https:\/\/cdn.resize.sparkplatform.com\/pvr\/1280x1024\/true\/20260620024624790965000000-o.jpg 1280w\"\n\t\t\t\t\t\t\tsizes=\"auto, (min-width: 900px) 380px, (min-width: 600px) 48vw, min(480px, 100vw)\"\n\t\t\t\t\t\t\talt=\"Enjoy morning breezes and look out into the beatiful bay.\"\n\t\t\t\t\t\t\tloading=\"lazy\" \t\t\t\t\t\t\tdecoding=\"async\"\n\t\t\t\t\t\t\twidth=\"640\"\n\t\t\t\t\t\t\theight=\"400\"\n\t\t\t\t\t\t\/>\n\t\t\t\t\t<\/a>\n\t\t\t\t\t\n\t\t\t\t\t\t\t\t\t\t\t\t\t\t\t\t\t\t\t\t\t\t\t\t<span class=\"flexmls-price\">$1,880,000<\/span>\n\t\t\t\t\t<div class=\"flexmls-portal-links\">\n\t\t\t\t\t\t\t\t\t\t\t<\/div>\n\t\t\t\t<\/div>\n\t\t\t\t<a href=\"https:\/\/pontiusrealty.com\/fr\/\/idx\/19-Del-Pacifico-Ave-802-Pacific-Tower-Riviera-Nayarit-NA-mls_44121?MLSAreaMinor=Bucerias&#038;pg=1&#038;OrderBy=-ListPrice&#038;m=20101117190901935008000000&#038;search_referral_url=https%3A%2F%2Fpontiusrealty.com%2Ffr%2Fwp-json%2Fwp%2Fv2%2Fpages%2F22010%2F\" class=\"flexmls-content-wrapper flexmls-listing-content-link\">\n\t\t\t\t\t<div class=\"flexmls-address\">\n\t\t\t\t\t\t19 Del Pacifico Ave. 802, Pacific Tower, Riviera Nayarit, NA\t\t\t\t\t<\/div>\n\t\t\t\t\t<div class=\"flexmls-quick-details\">\n\t\t\t\t\t\t\t\t\t\t\t\t\t<span class=\"flexmls-status flexmls-status-active\">Active<\/span>\n\t\t\t\t\t\t\t\t\t\t\t\t\t\t\t\t\t\t\t<div class=\"flexmls-details\">\n\t\t\t\t\t\t\t\t\t\t\t\t\t\t\t\t\t<span class=\"flexmls-detail\">3BD<\/span>\n\t\t\t\t\t\t\t\t\n\t\t\t\t\t\t\t\t\t\t\t\t\t\t\t\t\t<span class=\"flexmls-detail\">3BA<\/span>\n\t\t\t\t\t\t\t\t\n\t\t\t\t\t\t\t\t\t\t\t\t\t\t\t\t\t\t\t\t\t\t\t\t\t<span class=\"flexmls-detail\">2,023SF<\/span>\n\t\t\t\t\t\t\t\t\t\t\t\t\t\t\t<\/div>\n\t\t\t\t\t\t\t\t\t\t\t<\/div>\n\t\t\t\t\t\t\t\t\t\t\t\t\t\t\t<div class=\"flexmls-last-modified-and-idx-wrapper\">\n\t\t\t\t\t\t\t\t\t\t\t\t\t<div class=\"flexmls-last-modified-and-label-wrapper\">\n\t\t\t\t\t\t\t\t<span class=\"flexmls-bold-label\">Last Modified:<\/span> 3:20pm, August 24, 2026\t\t\t\t\t\t\t<\/div>\n\t\t\t\t\t\t\t\t\t\t\t\t\t\t\t\t\t\t\t<img decoding=\"async\" class=\"flexmls-idx-compliance-badge\" alt=\"IDX\" src=\"https:\/\/cdn.photos.sparkplatform.com\/pvr\/20161019233658090414000000.jpg\">\n\t\t\t\t\t\t\t\t\t\t\t<\/div>\n\n\t\t\t\t\t\n\t\t\t\t\t\t\t\t\t\t\n\t\t\t\t<\/a>\n\t\t\t<\/div>\n\n\t\t\t\t\t\t\t\t\t\t\t<div\n\t\t\t\tclass=\"flexmls-listing flexmls_connect__sr_result\"\n\t\t\t\ttitle=\"21 LAZARO CARDENAS PH D, UDARA, Riviera Nayarit, NA - MLS# 30080\"\n\t\t\t\tlink=\"https:\/\/pontiusrealty.com\/fr\/\/idx\/21-LAZARO-CARDENAS-PH-D-UDARA-Riviera-Nayarit-NA-mls_30080?MLSAreaMinor=Bucerias&#038;pg=1&#038;OrderBy=-ListPrice&#038;m=20101117190901935008000000&#038;search_referral_url=https%3A%2F%2Fpontiusrealty.com%2Ffr%2Fwp-json%2Fwp%2Fv2%2Fpages%2F22010%2F\"\n\t\t\t>\n\t\t\t\t\t\t\t\t<div class=\"flexmls-image-wrapper\">\n\t\t\t\t\t<a\n\t\t\t\t\t\thref=\"https:\/\/pontiusrealty.com\/fr\/\/idx\/21-LAZARO-CARDENAS-PH-D-UDARA-Riviera-Nayarit-NA-mls_30080?MLSAreaMinor=Bucerias&#038;pg=1&#038;OrderBy=-ListPrice&#038;m=20101117190901935008000000&#038;search_referral_url=https%3A%2F%2Fpontiusrealty.com%2Ffr%2Fwp-json%2Fwp%2Fv2%2Fpages%2F22010%2F\"\n\t\t\t\t\t\tclass=\"flexmls-listing-photo-link flexmls-listing-photo-action--detail\"\n\t\t\t\t\t>\n\t\t\t\t\t\t<img\n\t\t\t\t\t\t\tclass=\"flexmls-listing-card__photo\"\n\t\t\t\t\t\t\tsrc=\"https:\/\/cdn.resize.sparkplatform.com\/pvr\/640x480\/true\/20231223131724929326000000-o.jpg\"\n\t\t\t\t\t\t\tsrcset=\"https:\/\/cdn.photos.sparkplatform.com\/pvr\/20231223131724929326000000.jpg 300w, https:\/\/cdn.resize.sparkplatform.com\/pvr\/640x480\/true\/20231223131724929326000000-o.jpg 640w, https:\/\/cdn.resize.sparkplatform.com\/pvr\/1280x1024\/true\/20231223131724929326000000-o.jpg 1280w\"\n\t\t\t\t\t\t\tsizes=\"auto, (min-width: 900px) 380px, (min-width: 600px) 48vw, min(480px, 100vw)\"\n\t\t\t\t\t\t\talt=\"Property photo for 21 LAZARO CARDENAS PH D, UDARA, Riviera Nayarit, NA\"\n\t\t\t\t\t\t\tloading=\"lazy\" \t\t\t\t\t\t\tdecoding=\"async\"\n\t\t\t\t\t\t\twidth=\"640\"\n\t\t\t\t\t\t\theight=\"400\"\n\t\t\t\t\t\t\/>\n\t\t\t\t\t<\/a>\n\t\t\t\t\t\n\t\t\t\t\t\t\t\t\t\t\t\t\t\t\t\t\t\t\t\t\t\t\t\t<span class=\"flexmls-price\">$1,800,000<\/span>\n\t\t\t\t\t<div class=\"flexmls-portal-links\">\n\t\t\t\t\t\t\t\t\t\t\t<\/div>\n\t\t\t\t<\/div>\n\t\t\t\t<a href=\"https:\/\/pontiusrealty.com\/fr\/\/idx\/21-LAZARO-CARDENAS-PH-D-UDARA-Riviera-Nayarit-NA-mls_30080?MLSAreaMinor=Bucerias&#038;pg=1&#038;OrderBy=-ListPrice&#038;m=20101117190901935008000000&#038;search_referral_url=https%3A%2F%2Fpontiusrealty.com%2Ffr%2Fwp-json%2Fwp%2Fv2%2Fpages%2F22010%2F\" class=\"flexmls-content-wrapper flexmls-listing-content-link\">\n\t\t\t\t\t<div class=\"flexmls-address\">\n\t\t\t\t\t\t21 LAZARO CARDENAS PH D, UDARA, Riviera Nayarit, NA\t\t\t\t\t<\/div>\n\t\t\t\t\t<div class=\"flexmls-quick-details\">\n\t\t\t\t\t\t\t\t\t\t\t\t\t<span class=\"flexmls-status flexmls-status-pending\">Pending<\/span>\n\t\t\t\t\t\t\t\t\t\t\t\t\t\t\t\t\t\t\t<div class=\"flexmls-details\">\n\t\t\t\t\t\t\t\t\t\t\t\t\t\t\t\t\t<span class=\"flexmls-detail\">4BD<\/span>\n\t\t\t\t\t\t\t\t\n\t\t\t\t\t\t\t\t\t\t\t\t\t\t\t\t\t<span class=\"flexmls-detail\">4BA<\/span>\n\t\t\t\t\t\t\t\t\n\t\t\t\t\t\t\t\t\t\t\t\t\t\t\t\t\t\t\t\t\t\t\t\t\t<span class=\"flexmls-detail\">3,443SF<\/span>\n\t\t\t\t\t\t\t\t\t\t\t\t\t\t\t<\/div>\n\t\t\t\t\t\t\t\t\t\t\t<\/div>\n\t\t\t\t\t\t\t\t\t\t\t\t\t\t\t<div class=\"flexmls-last-modified-and-idx-wrapper\">\n\t\t\t\t\t\t\t\t\t\t\t\t\t<div class=\"flexmls-last-modified-and-label-wrapper\">\n\t\t\t\t\t\t\t\t<span class=\"flexmls-bold-label\">Last Modified:<\/span> 4:38am, July 20, 2025\t\t\t\t\t\t\t<\/div>\n\t\t\t\t\t\t\t\t\t\t\t\t\t\t\t\t\t\t\t<img decoding=\"async\" class=\"flexmls-idx-compliance-badge\" alt=\"IDX\" src=\"https:\/\/cdn.photos.sparkplatform.com\/pvr\/20161019233658090414000000.jpg\">\n\t\t\t\t\t\t\t\t\t\t\t<\/div>\n\n\t\t\t\t\t\n\t\t\t\t\t\t\t\t\t\t\n\t\t\t\t<\/a>\n\t\t\t<\/div>\n\n\t\t\t\t\t\t\t\t\t\t\t<div\n\t\t\t\tclass=\"flexmls-listing flexmls_connect__sr_result\"\n\t\t\t\ttitle=\"86 Lazaro Cardenas 2B, Boracay, Riviera Nayarit, NA - MLS# 43837\"\n\t\t\t\tlink=\"https:\/\/pontiusrealty.com\/fr\/\/idx\/86-Lazaro-Cardenas-2B-Boracay-Riviera-Nayarit-NA-mls_43837?MLSAreaMinor=Bucerias&#038;pg=1&#038;OrderBy=-ListPrice&#038;m=20101117190901935008000000&#038;search_referral_url=https%3A%2F%2Fpontiusrealty.com%2Ffr%2Fwp-json%2Fwp%2Fv2%2Fpages%2F22010%2F\"\n\t\t\t>\n\t\t\t\t\t\t\t\t<div class=\"flexmls-image-wrapper\">\n\t\t\t\t\t<a\n\t\t\t\t\t\thref=\"https:\/\/pontiusrealty.com\/fr\/\/idx\/86-Lazaro-Cardenas-2B-Boracay-Riviera-Nayarit-NA-mls_43837?MLSAreaMinor=Bucerias&#038;pg=1&#038;OrderBy=-ListPrice&#038;m=20101117190901935008000000&#038;search_referral_url=https%3A%2F%2Fpontiusrealty.com%2Ffr%2Fwp-json%2Fwp%2Fv2%2Fpages%2F22010%2F\"\n\t\t\t\t\t\tclass=\"flexmls-listing-photo-link flexmls-listing-photo-action--detail\"\n\t\t\t\t\t>\n\t\t\t\t\t\t<img\n\t\t\t\t\t\t\tclass=\"flexmls-listing-card__photo\"\n\t\t\t\t\t\t\tsrc=\"https:\/\/cdn.resize.sparkplatform.com\/pvr\/640x480\/true\/20260602190629134284000000-o.jpg\"\n\t\t\t\t\t\t\tsrcset=\"https:\/\/cdn.photos.sparkplatform.com\/pvr\/20260602190629134284000000.jpg 300w, https:\/\/cdn.resize.sparkplatform.com\/pvr\/640x480\/true\/20260602190629134284000000-o.jpg 640w, https:\/\/cdn.resize.sparkplatform.com\/pvr\/1280x1024\/true\/20260602190629134284000000-o.jpg 1280w\"\n\t\t\t\t\t\t\tsizes=\"auto, (min-width: 900px) 380px, (min-width: 600px) 48vw, min(480px, 100vw)\"\n\t\t\t\t\t\t\talt=\"Property photo for 86 Lazaro Cardenas 2B, Boracay, Riviera Nayarit, NA\"\n\t\t\t\t\t\t\tloading=\"lazy\" \t\t\t\t\t\t\tdecoding=\"async\"\n\t\t\t\t\t\t\twidth=\"640\"\n\t\t\t\t\t\t\theight=\"400\"\n\t\t\t\t\t\t\/>\n\t\t\t\t\t<\/a>\n\t\t\t\t\t\n\t\t\t\t\t\t\t\t\t\t\t\t\t\t\t\t\t\t\t\t\t\t\t\t<span class=\"flexmls-price\">$1,650,000<\/span>\n\t\t\t\t\t<div class=\"flexmls-portal-links\">\n\t\t\t\t\t\t\t\t\t\t\t<\/div>\n\t\t\t\t<\/div>\n\t\t\t\t<a href=\"https:\/\/pontiusrealty.com\/fr\/\/idx\/86-Lazaro-Cardenas-2B-Boracay-Riviera-Nayarit-NA-mls_43837?MLSAreaMinor=Bucerias&#038;pg=1&#038;OrderBy=-ListPrice&#038;m=20101117190901935008000000&#038;search_referral_url=https%3A%2F%2Fpontiusrealty.com%2Ffr%2Fwp-json%2Fwp%2Fv2%2Fpages%2F22010%2F\" class=\"flexmls-content-wrapper flexmls-listing-content-link\">\n\t\t\t\t\t<div class=\"flexmls-address\">\n\t\t\t\t\t\t86 Lazaro Cardenas 2B, Boracay, Riviera Nayarit, NA\t\t\t\t\t<\/div>\n\t\t\t\t\t<div class=\"flexmls-quick-details\">\n\t\t\t\t\t\t\t\t\t\t\t\t\t<span class=\"flexmls-status flexmls-status-active\">Active<\/span>\n\t\t\t\t\t\t\t\t\t\t\t\t\t\t\t\t\t\t\t<div class=\"flexmls-details\">\n\t\t\t\t\t\t\t\t\t\t\t\t\t\t\t\t\t<span class=\"flexmls-detail\">3BD<\/span>\n\t\t\t\t\t\t\t\t\n\t\t\t\t\t\t\t\t\t\t\t\t\t\t\t\t\t<span class=\"flexmls-detail\">3BA<\/span>\n\t\t\t\t\t\t\t\t\n\t\t\t\t\t\t\t\t\t\t\t\t\t\t\t\t\t\t\t\t\t\t\t\t\t<span class=\"flexmls-detail\">2,152SF<\/span>\n\t\t\t\t\t\t\t\t\t\t\t\t\t\t\t<\/div>\n\t\t\t\t\t\t\t\t\t\t\t<\/div>\n\t\t\t\t\t\t\t\t\t\t\t\t\t\t\t<div class=\"flexmls-last-modified-and-idx-wrapper\">\n\t\t\t\t\t\t\t\t\t\t\t\t\t<div class=\"flexmls-last-modified-and-label-wrapper\">\n\t\t\t\t\t\t\t\t<span class=\"flexmls-bold-label\">Last Modified:<\/span> 6:09pm, August 21, 2026\t\t\t\t\t\t\t<\/div>\n\t\t\t\t\t\t\t\t\t\t\t\t\t\t\t\t\t\t\t<img decoding=\"async\" class=\"flexmls-idx-compliance-badge\" alt=\"IDX\" src=\"https:\/\/cdn.photos.sparkplatform.com\/pvr\/20161019233658090414000000.jpg\">\n\t\t\t\t\t\t\t\t\t\t\t<\/div>\n\n\t\t\t\t\t\n\t\t\t\t\t\t\t\t\t\t\n\t\t\t\t<\/a>\n\t\t\t<\/div>\n\n\t\t\t\t\t\t\t\t\t\t\t<div\n\t\t\t\tclass=\"flexmls-listing flexmls_connect__sr_result\"\n\t\t\t\ttitle=\"12 Dr. Abraham Gonz\u00e1lez 602, BahiBan 602, Riviera Nayarit, NA - MLS# 44026\"\n\t\t\t\tlink=\"https:\/\/pontiusrealty.com\/fr\/\/idx\/12-Dr-Abraham-Gonz-lez-602-BahiBan-602-Riviera-Nayarit-NA-mls_44026?MLSAreaMinor=Bucerias&#038;pg=1&#038;OrderBy=-ListPrice&#038;m=20101117190901935008000000&#038;search_referral_url=https%3A%2F%2Fpontiusrealty.com%2Ffr%2Fwp-json%2Fwp%2Fv2%2Fpages%2F22010%2F\"\n\t\t\t>\n\t\t\t\t\t\t\t\t<div class=\"flexmls-image-wrapper\">\n\t\t\t\t\t<a\n\t\t\t\t\t\thref=\"https:\/\/pontiusrealty.com\/fr\/\/idx\/12-Dr-Abraham-Gonz-lez-602-BahiBan-602-Riviera-Nayarit-NA-mls_44026?MLSAreaMinor=Bucerias&#038;pg=1&#038;OrderBy=-ListPrice&#038;m=20101117190901935008000000&#038;search_referral_url=https%3A%2F%2Fpontiusrealty.com%2Ffr%2Fwp-json%2Fwp%2Fv2%2Fpages%2F22010%2F\"\n\t\t\t\t\t\tclass=\"flexmls-listing-photo-link flexmls-listing-photo-action--detail\"\n\t\t\t\t\t>\n\t\t\t\t\t\t<img\n\t\t\t\t\t\t\tclass=\"flexmls-listing-card__photo\"\n\t\t\t\t\t\t\tsrc=\"https:\/\/cdn.resize.sparkplatform.com\/pvr\/640x480\/true\/20260613134718852612000000-o.jpg\"\n\t\t\t\t\t\t\tsrcset=\"https:\/\/cdn.photos.sparkplatform.com\/pvr\/20260613134718852612000000.jpg 300w, https:\/\/cdn.resize.sparkplatform.com\/pvr\/640x480\/true\/20260613134718852612000000-o.jpg 640w, https:\/\/cdn.resize.sparkplatform.com\/pvr\/1280x1024\/true\/20260613134718852612000000-o.jpg 1280w\"\n\t\t\t\t\t\t\tsizes=\"auto, (min-width: 900px) 380px, (min-width: 600px) 48vw, min(480px, 100vw)\"\n\t\t\t\t\t\t\talt=\"Property photo for 12 Dr. Abraham Gonz\u00e1lez 602, BahiBan 602, Riviera Nayarit, NA\"\n\t\t\t\t\t\t\tloading=\"lazy\" \t\t\t\t\t\t\tdecoding=\"async\"\n\t\t\t\t\t\t\twidth=\"640\"\n\t\t\t\t\t\t\theight=\"400\"\n\t\t\t\t\t\t\/>\n\t\t\t\t\t<\/a>\n\t\t\t\t\t\n\t\t\t\t\t\t\t\t\t\t\t\t\t\t\t\t\t\t\t\t\t\t\t\t<span class=\"flexmls-price\">$1,629,351<\/span>\n\t\t\t\t\t<div class=\"flexmls-portal-links\">\n\t\t\t\t\t\t\t\t\t\t\t<\/div>\n\t\t\t\t<\/div>\n\t\t\t\t<a href=\"https:\/\/pontiusrealty.com\/fr\/\/idx\/12-Dr-Abraham-Gonz-lez-602-BahiBan-602-Riviera-Nayarit-NA-mls_44026?MLSAreaMinor=Bucerias&#038;pg=1&#038;OrderBy=-ListPrice&#038;m=20101117190901935008000000&#038;search_referral_url=https%3A%2F%2Fpontiusrealty.com%2Ffr%2Fwp-json%2Fwp%2Fv2%2Fpages%2F22010%2F\" class=\"flexmls-content-wrapper flexmls-listing-content-link\">\n\t\t\t\t\t<div class=\"flexmls-address\">\n\t\t\t\t\t\t12 Dr. Abraham Gonz\u00e1lez 602, BahiBan 602, Riviera Nayarit, NA\t\t\t\t\t<\/div>\n\t\t\t\t\t<div class=\"flexmls-quick-details\">\n\t\t\t\t\t\t\t\t\t\t\t\t\t<span class=\"flexmls-status flexmls-status-active\">Active<\/span>\n\t\t\t\t\t\t\t\t\t\t\t\t\t\t\t\t\t\t\t<div class=\"flexmls-details\">\n\t\t\t\t\t\t\t\t\t\t\t\t\t\t\t\t\t<span class=\"flexmls-detail\">3BD<\/span>\n\t\t\t\t\t\t\t\t\n\t\t\t\t\t\t\t\t\t\t\t\t\t\t\t\t\t<span class=\"flexmls-detail\">4BA<\/span>\n\t\t\t\t\t\t\t\t\n\t\t\t\t\t\t\t\t\t\t\t\t\t\t\t\t\t\t\t\t\t\t\t\t\t<span class=\"flexmls-detail\">2,421SF<\/span>\n\t\t\t\t\t\t\t\t\t\t\t\t\t\t\t<\/div>\n\t\t\t\t\t\t\t\t\t\t\t<\/div>\n\t\t\t\t\t\t\t\t\t\t\t\t\t\t\t<div class=\"flexmls-last-modified-and-idx-wrapper\">\n\t\t\t\t\t\t\t\t\t\t\t\t\t<div class=\"flexmls-last-modified-and-label-wrapper\">\n\t\t\t\t\t\t\t\t<span class=\"flexmls-bold-label\">Last Modified:<\/span> 5:15pm, June 23, 2026\t\t\t\t\t\t\t<\/div>\n\t\t\t\t\t\t\t\t\t\t\t\t\t\t\t\t\t\t\t<img decoding=\"async\" class=\"flexmls-idx-compliance-badge\" alt=\"IDX\" src=\"https:\/\/cdn.photos.sparkplatform.com\/pvr\/20161019233658090414000000.jpg\">\n\t\t\t\t\t\t\t\t\t\t\t<\/div>\n\n\t\t\t\t\t\n\t\t\t\t\t\t\t\t\t\t\n\t\t\t\t<\/a>\n\t\t\t<\/div>\n\n\t\t\t\t\t\t\t\t\t\t\t<div\n\t\t\t\tclass=\"flexmls-listing flexmls_connect__sr_result\"\n\t\t\t\ttitle=\"5 Playa Destiladeras 301, BANTAY, Riviera Nayarit, NA - MLS# 44711\"\n\t\t\t\tlink=\"https:\/\/pontiusrealty.com\/fr\/\/idx\/5-Playa-Destiladeras-301-BANTAY-Riviera-Nayarit-NA-mls_44711?MLSAreaMinor=Bucerias&#038;pg=1&#038;OrderBy=-ListPrice&#038;m=20101117190901935008000000&#038;search_referral_url=https%3A%2F%2Fpontiusrealty.com%2Ffr%2Fwp-json%2Fwp%2Fv2%2Fpages%2F22010%2F\"\n\t\t\t>\n\t\t\t\t\t\t\t\t<div class=\"flexmls-image-wrapper\">\n\t\t\t\t\t<a\n\t\t\t\t\t\thref=\"https:\/\/pontiusrealty.com\/fr\/\/idx\/5-Playa-Destiladeras-301-BANTAY-Riviera-Nayarit-NA-mls_44711?MLSAreaMinor=Bucerias&#038;pg=1&#038;OrderBy=-ListPrice&#038;m=20101117190901935008000000&#038;search_referral_url=https%3A%2F%2Fpontiusrealty.com%2Ffr%2Fwp-json%2Fwp%2Fv2%2Fpages%2F22010%2F\"\n\t\t\t\t\t\tclass=\"flexmls-listing-photo-link flexmls-listing-photo-action--detail\"\n\t\t\t\t\t>\n\t\t\t\t\t\t<img\n\t\t\t\t\t\t\tclass=\"flexmls-listing-card__photo\"\n\t\t\t\t\t\t\tsrc=\"https:\/\/cdn.resize.sparkplatform.com\/pvr\/640x480\/true\/20260813161134495824000000-o.jpg\"\n\t\t\t\t\t\t\tsrcset=\"https:\/\/cdn.photos.sparkplatform.com\/pvr\/20260813161134495824000000.jpg 300w, https:\/\/cdn.resize.sparkplatform.com\/pvr\/640x480\/true\/20260813161134495824000000-o.jpg 640w, https:\/\/cdn.resize.sparkplatform.com\/pvr\/1280x1024\/true\/20260813161134495824000000-o.jpg 1280w\"\n\t\t\t\t\t\t\tsizes=\"auto, (min-width: 900px) 380px, (min-width: 600px) 48vw, min(480px, 100vw)\"\n\t\t\t\t\t\t\talt=\"Property photo for 5 Playa Destiladeras 301, BANTAY, Riviera Nayarit, NA\"\n\t\t\t\t\t\t\tloading=\"lazy\" \t\t\t\t\t\t\tdecoding=\"async\"\n\t\t\t\t\t\t\twidth=\"640\"\n\t\t\t\t\t\t\theight=\"400\"\n\t\t\t\t\t\t\/>\n\t\t\t\t\t<\/a>\n\t\t\t\t\t\n\t\t\t\t\t\t\t\t\t\t\t<span class=\"new-listing-tag\">New Listing<\/span>\n\t\t\t\t\t\t\t\t\t\t\t\t\t\t\t\t\t\t\t\t\t\t\t\t<span class=\"flexmls-price\">$1,550,000<\/span>\n\t\t\t\t\t<div class=\"flexmls-portal-links\">\n\t\t\t\t\t\t\t\t\t\t\t<\/div>\n\t\t\t\t<\/div>\n\t\t\t\t<a href=\"https:\/\/pontiusrealty.com\/fr\/\/idx\/5-Playa-Destiladeras-301-BANTAY-Riviera-Nayarit-NA-mls_44711?MLSAreaMinor=Bucerias&#038;pg=1&#038;OrderBy=-ListPrice&#038;m=20101117190901935008000000&#038;search_referral_url=https%3A%2F%2Fpontiusrealty.com%2Ffr%2Fwp-json%2Fwp%2Fv2%2Fpages%2F22010%2F\" class=\"flexmls-content-wrapper flexmls-listing-content-link\">\n\t\t\t\t\t<div class=\"flexmls-address\">\n\t\t\t\t\t\t5 Playa Destiladeras 301, BANTAY, Riviera Nayarit, NA\t\t\t\t\t<\/div>\n\t\t\t\t\t<div class=\"flexmls-quick-details\">\n\t\t\t\t\t\t\t\t\t\t\t\t\t<span class=\"flexmls-status flexmls-status-active\">Active<\/span>\n\t\t\t\t\t\t\t\t\t\t\t\t\t\t\t\t\t\t\t<div class=\"flexmls-details\">\n\t\t\t\t\t\t\t\t\t\t\t\t\t\t\t\t\t<span class=\"flexmls-detail\">4BD<\/span>\n\t\t\t\t\t\t\t\t\n\t\t\t\t\t\t\t\t\t\t\t\t\t\t\t\t\t<span class=\"flexmls-detail\">4BA<\/span>\n\t\t\t\t\t\t\t\t\n\t\t\t\t\t\t\t\t\t\t\t\t\t\t\t\t\t\t\t\t\t\t\t\t\t<span class=\"flexmls-detail\">2,541SF<\/span>\n\t\t\t\t\t\t\t\t\t\t\t\t\t\t\t<\/div>\n\t\t\t\t\t\t\t\t\t\t\t<\/div>\n\t\t\t\t\t\t\t\t\t\t\t\t\t\t\t<div class=\"flexmls-last-modified-and-idx-wrapper\">\n\t\t\t\t\t\t\t\t\t\t\t\t\t<div class=\"flexmls-last-modified-and-label-wrapper\">\n\t\t\t\t\t\t\t\t<span class=\"flexmls-bold-label\">Last Modified:<\/span> 5:21pm, September 2, 2026\t\t\t\t\t\t\t<\/div>\n\t\t\t\t\t\t\t\t\t\t\t\t\t\t\t\t\t\t\t<img decoding=\"async\" class=\"flexmls-idx-compliance-badge\" alt=\"IDX\" src=\"https:\/\/cdn.photos.sparkplatform.com\/pvr\/20161019233658090414000000.jpg\">\n\t\t\t\t\t\t\t\t\t\t\t<\/div>\n\n\t\t\t\t\t\n\t\t\t\t\t\t\t\t\t\t\n\t\t\t\t<\/a>\n\t\t\t<\/div>\n\n\t\t\t<\/div>\n\n\t\t\t\t\t <div class='flexmls_connect__sr_pagination'>    <span>1<\/span>     <a href='https:\/\/pontiusrealty.com\/fr\/wp-json\/wp\/v2\/pages\/22010\/?pg=2'>2<\/a>     <a href='https:\/\/pontiusrealty.com\/fr\/wp-json\/wp\/v2\/pages\/22010\/?pg=3'>3<\/a>     <a href='https:\/\/pontiusrealty.com\/fr\/wp-json\/wp\/v2\/pages\/22010\/?pg=4'>4<\/a>     <a href='https:\/\/pontiusrealty.com\/fr\/wp-json\/wp\/v2\/pages\/22010\/?pg=5'>5<\/a>     <a href='https:\/\/pontiusrealty.com\/fr\/wp-json\/wp\/v2\/pages\/22010\/?pg=6'>6<\/a>      ...     <a href='https:\/\/pontiusrealty.com\/fr\/wp-json\/wp\/v2\/pages\/22010\/?pg=42'>42<\/a>      <a href='https:\/\/pontiusrealty.com\/fr\/wp-json\/wp\/v2\/pages\/22010\/?pg=2'>Next<\/a>  <\/div><!-- pagination -->\t\n\t<div class='flexmls_connect__idx_disclosure_text flexmls_connect__disclaimer_text'>\n\t\t'This information is deemed to be reliable, but is not guaranteed. The information herein provided has been made available by the Flexmls IDX System and may not be the listing of the provider'.\t<\/div>\n\t<hr \/>\n\t<div class=\"fbs-branding\" style=\"text-align: center;\">\n\t\t<a href=\"https:\/\/fbsproducts.com\/?utm_source%3Dwp_plugin%26utm_medium%3Dsoftware%26utm_campaign%3Dpowered_by%26utm_content%3Dpowered_by\" target=\"_blank\">Search powered by FBS Products<\/a>\t<\/div>\n<\/div>\n            \t\t\t\t<\/div>\n\t\t\t\t<\/div>\n\t\t\t\t<div class=\"elementor-element elementor-element-c5adf18 elementor-widget elementor-widget-houzez_elementor_space\" data-id=\"c5adf18\" data-element_type=\"widget\" data-e-type=\"widget\" data-widget_type=\"houzez_elementor_space.default\">\n\t\t\t\t<div class=\"elementor-widget-container\">\n\t\t\t\t\t        <div class=\"houzez-spacer\">\n            <div class=\"houzez-spacer-inner\"><\/div>\n        <\/div>\n        \t\t\t\t<\/div>\n\t\t\t\t<\/div>\n\t\t<div class=\"elementor-element elementor-element-a665e8c e-con-full e-flex e-con e-child\" data-id=\"a665e8c\" data-element_type=\"container\" data-e-type=\"container\">\n\t\t<div class=\"elementor-element elementor-element-54e675a e-con-full fila-asesoria-ciudad e-flex e-con e-child\" data-id=\"54e675a\" data-element_type=\"container\" data-e-type=\"container\" data-settings=\"{&quot;background_background&quot;:&quot;classic&quot;}\">\n\t\t<div class=\"elementor-element elementor-element-b7ddadc e-con-full contenido-ciudad e-flex e-con e-child\" data-id=\"b7ddadc\" data-element_type=\"container\" data-e-type=\"container\">\n\t\t\t\t<div class=\"elementor-element elementor-element-77aa065 titulo-ciudad elementor-widget elementor-widget-houzez_elementor_section_title\" data-id=\"77aa065\" data-element_type=\"widget\" data-e-type=\"widget\" data-widget_type=\"houzez_elementor_section_title.default\">\n\t\t\t\t<div class=\"elementor-widget-container\">\n\t\t\t\t\t            <div class=\"houzez_section_title_wrap section-title-module\">\n                                    <h2 class=\"houzez_section_title\">Trouvez la propri\u00e9t\u00e9 id\u00e9ale \u00e0 Bucer\u00edas.\n<\/h2>\n                \n                                    <p class=\"houzez_section_subtitle\">Nous vous aidons \u00e0 choisir selon vos objectifs, votre budget et votre style de vie.\n<\/p>\n                            <\/div>\n            \t\t\t\t<\/div>\n\t\t\t\t<\/div>\n\t\t<a class=\"elementor-element elementor-element-c7edff8 e-con-full whatsapp-ciudad e-flex e-con e-child\" data-id=\"c7edff8\" data-element_type=\"container\" data-e-type=\"container\" href=\"https:\/\/wa.link\/830ifz\">\n\t\t\t\t<div class=\"elementor-element elementor-element-86cae7e elementor-view-default elementor-widget elementor-widget-icon\" data-id=\"86cae7e\" data-element_type=\"widget\" data-e-type=\"widget\" data-widget_type=\"icon.default\">\n\t\t\t\t\t\t\t<div class=\"elementor-icon-wrapper\">\n\t\t\t<div class=\"elementor-icon\">\n\t\t\t<svg aria-hidden=\"true\" class=\"e-font-icon-svg e-fab-whatsapp\" viewBox=\"0 0 448 512\" xmlns=\"http:\/\/www.w3.org\/2000\/svg\"><path d=\"M380.9 97.1C339 55.1 283.2 32 223.9 32c-122.4 0-222 99.6-222 222 0 39.1 10.2 77.3 29.6 111L0 480l117.7-30.9c32.4 17.7 68.9 27 106.1 27h.1c122.3 0 224.1-99.6 224.1-222 0-59.3-25.2-115-67.1-157zm-157 341.6c-33.2 0-65.7-8.9-94-25.7l-6.7-4-69.8 18.3L72 359.2l-4.4-7c-18.5-29.4-28.2-63.3-28.2-98.2 0-101.7 82.8-184.5 184.6-184.5 49.3 0 95.6 19.2 130.4 54.1 34.8 34.9 56.2 81.2 56.1 130.5 0 101.8-84.9 184.6-186.6 184.6zm101.2-138.2c-5.5-2.8-32.8-16.2-37.9-18-5.1-1.9-8.8-2.8-12.5 2.8-3.7 5.6-14.3 18-17.6 21.8-3.2 3.7-6.5 4.2-12 1.4-32.6-16.3-54-29.1-75.5-66-5.7-9.8 5.7-9.1 16.3-30.3 1.8-3.7.9-6.9-.5-9.7-1.4-2.8-12.5-30.1-17.1-41.2-4.5-10.8-9.1-9.3-12.5-9.5-3.2-.2-6.9-.2-10.6-.2-3.7 0-9.7 1.4-14.8 6.9-5.1 5.6-19.4 19-19.4 46.3 0 27.3 19.9 53.7 22.6 57.4 2.8 3.7 39.1 59.7 94.8 83.8 35.2 15.2 49 16.5 66.6 13.9 10.7-1.6 32.8-13.4 37.4-26.4 4.6-13 4.6-24.1 3.2-26.4-1.3-2.5-5-3.9-10.5-6.6z\"><\/path><\/svg>\t\t\t<\/div>\n\t\t<\/div>\n\t\t\t\t\t\t<\/div>\n\t\t\t\t<div class=\"elementor-element elementor-element-f078622 elementor-widget elementor-widget-text-editor\" data-id=\"f078622\" data-element_type=\"widget\" data-e-type=\"widget\" data-widget_type=\"text-editor.default\">\n\t\t\t\t\t\t\t\t\t<strong>Vous pr\u00e9f\u00e9rez \u00e9changer sur WhatsApp ?<\/strong>\n<span>\u00c9crivez-nous directement, nous vous r\u00e9pondrons au plus vite.<\/span>\t\t\t\t\t\t\t\t<\/div>\n\t\t\t\t<\/a>\n\t\t\t\t<\/div>\n\t\t<div class=\"elementor-element elementor-element-53c8f5f e-con-full tarjeta-form-contacto e-flex e-con e-child\" data-id=\"53c8f5f\" data-element_type=\"container\" data-e-type=\"container\" data-settings=\"{&quot;background_background&quot;:&quot;classic&quot;}\">\n\t\t\t\t<div class=\"elementor-element elementor-element-1976e4e elementor-button-align-stretch elementor-widget elementor-widget-form\" data-id=\"1976e4e\" data-element_type=\"widget\" data-e-type=\"widget\" data-settings=\"{&quot;step_next_label&quot;:&quot;Suivant&quot;,&quot;step_previous_label&quot;:&quot;Pr\\u00e9c\\u00e9dent&quot;,&quot;button_width&quot;:&quot;100&quot;,&quot;step_type&quot;:&quot;number_text&quot;,&quot;step_icon_shape&quot;:&quot;circle&quot;}\" data-widget_type=\"form.default\">\n\t\t\t\t\t\t\t<form class=\"elementor-form\" method=\"post\" name=\"Formulaire de contact\" aria-label=\"Formulaire de contact\">\n\t\t\t<input type=\"hidden\" name=\"post_id\" value=\"22010\"\/>\n\t\t\t<input type=\"hidden\" name=\"form_id\" value=\"1976e4e\"\/>\n\t\t\t<input type=\"hidden\" name=\"referer_title\" value=\"Pontius Realty Group\" \/>\n\n\t\t\t\n\t\t\t<div class=\"elementor-form-fields-wrapper elementor-labels-above\">\n\t\t\t\t\t\t\t\t<div class=\"elementor-field-type-text elementor-field-group elementor-column elementor-field-group-nombre elementor-col-100 elementor-field-required\">\n\t\t\t\t\t\t\t\t\t\t\t\t\t<input size=\"1\" type=\"text\" name=\"form_fields[nombre]\" id=\"form-field-nombre\" class=\"elementor-field elementor-size-sm  elementor-field-textual\" placeholder=\"Nom complet\" required=\"required\">\n\t\t\t\t\t\t\t\t\t\t\t<\/div>\n\t\t\t\t\t\t\t\t<div class=\"elementor-field-type-email elementor-field-group elementor-column elementor-field-group-correo elementor-col-100 elementor-field-required\">\n\t\t\t\t\t\t\t\t\t\t\t\t\t<input size=\"1\" type=\"email\" name=\"form_fields[correo]\" id=\"form-field-correo\" class=\"elementor-field elementor-size-sm  elementor-field-textual\" placeholder=\"E-mail\" required=\"required\">\n\t\t\t\t\t\t\t\t\t\t\t<\/div>\n\t\t\t\t\t\t\t\t<div class=\"elementor-field-type-tel elementor-field-group elementor-column elementor-field-group-telefono elementor-col-100 elementor-field-required\">\n\t\t\t\t\t\t\t<input size=\"1\" type=\"tel\" name=\"form_fields[telefono]\" id=\"form-field-telefono\" class=\"elementor-field elementor-size-sm  elementor-field-textual\" placeholder=\"T\u00e9l\u00e9phone \/ WhatsApp\" required=\"required\" pattern=\"[0-9()#&amp;+*-=.]+\" title=\"Only numbers and phone characters (#, -, *, etc) are accepted.\">\n\n\t\t\t\t\t\t<\/div>\n\t\t\t\t\t\t\t\t<div class=\"elementor-field-type-acceptance elementor-field-group elementor-column elementor-field-group-aviso_privacidad elementor-col-100\">\n\t\t\t\t\t\t\t<div class=\"elementor-field-subgroup\">\n\t\t\t<span class=\"elementor-field-option\">\n\t\t\t\t<input type=\"checkbox\" name=\"form_fields[aviso_privacidad]\" id=\"form-field-aviso_privacidad\" class=\"elementor-field elementor-size-sm  elementor-acceptance-field\">\n\t\t\t\t<label for=\"form-field-aviso_privacidad\">J\u2019accepte la <a href=\"https:\/\/pontiusrealty.com\/fr\/avis-de-confidentialite\/\" target=\"_blank\" rel=\"noopener\">Politique de confidentialit\u00e9.<\/a><\/label>\t\t\t<\/span>\n\t\t<\/div>\n\t\t\t\t\t\t<\/div>\n\t\t\t\t\t\t\t\t<div class=\"elementor-field-type-acceptance elementor-field-group elementor-column elementor-field-group-novedades elementor-col-100\">\n\t\t\t\t\t\t\t<div class=\"elementor-field-subgroup\">\n\t\t\t<span class=\"elementor-field-option\">\n\t\t\t\t<input type=\"checkbox\" name=\"form_fields[novedades]\" id=\"form-field-novedades\" class=\"elementor-field elementor-size-sm  elementor-acceptance-field\">\n\t\t\t\t<label for=\"form-field-novedades\">Je souhaite recevoir des offres immobili\u00e8res et des nouveaut\u00e9s.<\/label>\t\t\t<\/span>\n\t\t<\/div>\n\t\t\t\t\t\t<\/div>\n\t\t\t\t\t\t\t\t<div class=\"elementor-field-group elementor-column elementor-field-type-submit elementor-col-100 e-form__buttons\">\n\t\t\t\t\t<button class=\"elementor-button elementor-size-md\" type=\"submit\">\n\t\t\t\t\t\t<span class=\"elementor-button-content-wrapper\">\n\t\t\t\t\t\t\t\t\t\t\t\t\t\t\t\t\t\t\t\t\t\t<span class=\"elementor-button-text\">Parler \u00e0 un conseiller \u2192<\/span>\n\t\t\t\t\t\t\t\t\t\t\t\t\t<\/span>\n\t\t\t\t\t<\/button>\n\t\t\t\t<\/div>\n\t\t\t<\/div>\n\t\t<\/form>\n\t\t\t\t\t\t<\/div>\n\t\t\t\t<\/div>\n\t\t\t\t<\/div>\n\t\t\t\t<\/div>\n\t\t<div class=\"elementor-element elementor-element-942764b e-con-full faq-ciudad e-flex e-con e-child\" data-id=\"942764b\" data-element_type=\"container\" data-e-type=\"container\" data-settings=\"{&quot;background_background&quot;:&quot;classic&quot;}\">\n\t\t\t\t<div class=\"elementor-element elementor-element-4cf823a titulo-faq-ciudad elementor-widget elementor-widget-houzez_elementor_section_title\" data-id=\"4cf823a\" data-element_type=\"widget\" data-e-type=\"widget\" data-widget_type=\"houzez_elementor_section_title.default\">\n\t\t\t\t<div class=\"elementor-widget-container\">\n\t\t\t\t\t            <div class=\"houzez_section_title_wrap section-title-module\">\n                                    <h2 class=\"houzez_section_title\">Questions fr\u00e9quentes sur Bucer\u00edas<\/h2>\n                \n                                    <p class=\"houzez_section_subtitle\">Retrouvez les r\u00e9ponses aux questions les plus fr\u00e9quentes avant d\u2019acheter un bien dans le secteur.\n<\/p>\n                            <\/div>\n            \t\t\t\t<\/div>\n\t\t\t\t<\/div>\n\t\t\t\t<div class=\"elementor-element elementor-element-547552f acordeon-faq-ciudad elementor-widget elementor-widget-n-accordion\" data-id=\"547552f\" data-element_type=\"widget\" data-e-type=\"widget\" data-settings=\"{&quot;default_state&quot;:&quot;all_collapsed&quot;,&quot;n_accordion_animation_duration&quot;:{&quot;unit&quot;:&quot;ms&quot;,&quot;size&quot;:100,&quot;sizes&quot;:[]},&quot;max_items_expended&quot;:&quot;one&quot;}\" data-widget_type=\"nested-accordion.default\">\n\t\t\t\t\t\t\t<div class=\"e-n-accordion\" aria-label=\"Accordion. Open links with Enter or Space, close with Escape, and navigate with Arrow Keys\">\n\t\t\t\t\t\t<details id=\"e-n-accordion-item-8850\" class=\"e-n-accordion-item\" >\n\t\t\t\t<summary class=\"e-n-accordion-item-title\" data-accordion-index=\"1\" tabindex=\"0\" aria-expanded=\"false\" aria-controls=\"e-n-accordion-item-8850\" >\n\t\t\t\t\t<span class='e-n-accordion-item-title-header'><div class=\"e-n-accordion-item-title-text\"> Qu\u2019est-ce qui distingue Bucer\u00edas des autres secteurs de la baie ? <\/div><\/span>\n\t\t\t\t\t\t\t<span class='e-n-accordion-item-title-icon'>\n\t\t\t<span class='e-opened' ><svg aria-hidden=\"true\" class=\"e-font-icon-svg e-fas-angle-up\" viewBox=\"0 0 320 512\" xmlns=\"http:\/\/www.w3.org\/2000\/svg\"><path d=\"M177 159.7l136 136c9.4 9.4 9.4 24.6 0 33.9l-22.6 22.6c-9.4 9.4-24.6 9.4-33.9 0L160 255.9l-96.4 96.4c-9.4 9.4-24.6 9.4-33.9 0L7 329.7c-9.4-9.4-9.4-24.6 0-33.9l136-136c9.4-9.5 24.6-9.5 34-.1z\"><\/path><\/svg><\/span>\n\t\t\t<span class='e-closed'><svg aria-hidden=\"true\" class=\"e-font-icon-svg e-fas-angle-down\" viewBox=\"0 0 320 512\" xmlns=\"http:\/\/www.w3.org\/2000\/svg\"><path d=\"M143 352.3L7 216.3c-9.4-9.4-9.4-24.6 0-33.9l22.6-22.6c9.4-9.4 24.6-9.4 33.9 0l96.4 96.4 96.4-96.4c9.4-9.4 24.6-9.4 33.9 0l22.6 22.6c9.4 9.4 9.4 24.6 0 33.9l-136 136c-9.2 9.4-24.4 9.4-33.8 0z\"><\/path><\/svg><\/span>\n\t\t<\/span>\n\n\t\t\t\t\t\t<\/summary>\n\t\t\t\t<div role=\"region\" aria-labelledby=\"e-n-accordion-item-8850\" class=\"elementor-element elementor-element-1bddfb2 e-con-full e-flex e-con e-child\" data-id=\"1bddfb2\" data-element_type=\"container\" data-e-type=\"container\">\n\t\t\t\t<div class=\"elementor-element elementor-element-47aaedb elementor-widget elementor-widget-text-editor\" data-id=\"47aaedb\" data-element_type=\"widget\" data-e-type=\"widget\" data-widget_type=\"text-editor.default\">\n\t\t\t\t\t\t\t\t\t<p>Bucer\u00edas conserve le charme d\u2019un village mexicain, tout en accueillant une communaut\u00e9 internationale tr\u00e8s pr\u00e9sente tout au long de l\u2019ann\u00e9e. Ce m\u00e9lange se refl\u00e8te dans ses restaurants, galeries, march\u00e9s, services et dans son atmosph\u00e8re quotidienne, o\u00f9 se c\u00f4toient habitants locaux, r\u00e9sidents \u00e9trangers et visiteurs r\u00e9guliers. Contrairement aux secteurs plus touristiques ou plus urbains, Bucer\u00edas offre un mode de vie d\u00e9tendu, agr\u00e9able \u00e0 parcourir \u00e0 pied et dot\u00e9 d\u2019une v\u00e9ritable identit\u00e9, tout en restant bien reli\u00e9 aux principaux points de la baie.  <\/p>\t\t\t\t\t\t\t\t<\/div>\n\t\t\t\t<\/div>\n\t\t\t\t\t<\/details>\n\t\t\t\t\t\t<details id=\"e-n-accordion-item-8851\" class=\"e-n-accordion-item\" >\n\t\t\t\t<summary class=\"e-n-accordion-item-title\" data-accordion-index=\"2\" tabindex=\"-1\" aria-expanded=\"false\" aria-controls=\"e-n-accordion-item-8851\" >\n\t\t\t\t\t<span class='e-n-accordion-item-title-header'><div class=\"e-n-accordion-item-title-text\"> \u00c0 quelle distance se trouve l\u2019a\u00e9roport ? <\/div><\/span>\n\t\t\t\t\t\t\t<span class='e-n-accordion-item-title-icon'>\n\t\t\t<span class='e-opened' ><svg aria-hidden=\"true\" class=\"e-font-icon-svg e-fas-angle-up\" viewBox=\"0 0 320 512\" xmlns=\"http:\/\/www.w3.org\/2000\/svg\"><path d=\"M177 159.7l136 136c9.4 9.4 9.4 24.6 0 33.9l-22.6 22.6c-9.4 9.4-24.6 9.4-33.9 0L160 255.9l-96.4 96.4c-9.4 9.4-24.6 9.4-33.9 0L7 329.7c-9.4-9.4-9.4-24.6 0-33.9l136-136c9.4-9.5 24.6-9.5 34-.1z\"><\/path><\/svg><\/span>\n\t\t\t<span class='e-closed'><svg aria-hidden=\"true\" class=\"e-font-icon-svg e-fas-angle-down\" viewBox=\"0 0 320 512\" xmlns=\"http:\/\/www.w3.org\/2000\/svg\"><path d=\"M143 352.3L7 216.3c-9.4-9.4-9.4-24.6 0-33.9l22.6-22.6c9.4-9.4 24.6-9.4 33.9 0l96.4 96.4 96.4-96.4c9.4-9.4 24.6-9.4 33.9 0l22.6 22.6c9.4 9.4 9.4 24.6 0 33.9l-136 136c-9.2 9.4-24.4 9.4-33.8 0z\"><\/path><\/svg><\/span>\n\t\t<\/span>\n\n\t\t\t\t\t\t<\/summary>\n\t\t\t\t<div role=\"region\" aria-labelledby=\"e-n-accordion-item-8851\" class=\"elementor-element elementor-element-c40f2ec e-con-full e-flex e-con e-child\" data-id=\"c40f2ec\" data-element_type=\"container\" data-e-type=\"container\">\n\t\t\t\t<div class=\"elementor-element elementor-element-59dab80 elementor-widget elementor-widget-text-editor\" data-id=\"59dab80\" data-element_type=\"widget\" data-e-type=\"widget\" data-widget_type=\"text-editor.default\">\n\t\t\t\t\t\t\t\t\t<p class=\"font-claude-response-body break-words whitespace-normal leading-[1.7]\">Bucer\u00edas se trouve \u00e0 environ 18 kilom\u00e8tres de l\u2019a\u00e9roport international de Puerto Vallarta. Le trajet prend g\u00e9n\u00e9ralement entre 25 et 30 minutes en voiture, selon la circulation, ce qui facilite les d\u00e9placements des r\u00e9sidents, propri\u00e9taires et visiteurs. <\/p>\t\t\t\t\t\t\t\t<\/div>\n\t\t\t\t<\/div>\n\t\t\t\t\t<\/details>\n\t\t\t\t\t\t<details id=\"e-n-accordion-item-8852\" class=\"e-n-accordion-item\" >\n\t\t\t\t<summary class=\"e-n-accordion-item-title\" data-accordion-index=\"3\" tabindex=\"-1\" aria-expanded=\"false\" aria-controls=\"e-n-accordion-item-8852\" >\n\t\t\t\t\t<span class='e-n-accordion-item-title-header'><div class=\"e-n-accordion-item-title-text\"> Bucer\u00edas est-elle un bon secteur pour la location saisonni\u00e8re ? <\/div><\/span>\n\t\t\t\t\t\t\t<span class='e-n-accordion-item-title-icon'>\n\t\t\t<span class='e-opened' ><svg aria-hidden=\"true\" class=\"e-font-icon-svg e-fas-angle-up\" viewBox=\"0 0 320 512\" xmlns=\"http:\/\/www.w3.org\/2000\/svg\"><path d=\"M177 159.7l136 136c9.4 9.4 9.4 24.6 0 33.9l-22.6 22.6c-9.4 9.4-24.6 9.4-33.9 0L160 255.9l-96.4 96.4c-9.4 9.4-24.6 9.4-33.9 0L7 329.7c-9.4-9.4-9.4-24.6 0-33.9l136-136c9.4-9.5 24.6-9.5 34-.1z\"><\/path><\/svg><\/span>\n\t\t\t<span class='e-closed'><svg aria-hidden=\"true\" class=\"e-font-icon-svg e-fas-angle-down\" viewBox=\"0 0 320 512\" xmlns=\"http:\/\/www.w3.org\/2000\/svg\"><path d=\"M143 352.3L7 216.3c-9.4-9.4-9.4-24.6 0-33.9l22.6-22.6c9.4-9.4 24.6-9.4 33.9 0l96.4 96.4 96.4-96.4c9.4-9.4 24.6-9.4 33.9 0l22.6 22.6c9.4 9.4 9.4 24.6 0 33.9l-136 136c-9.2 9.4-24.4 9.4-33.8 0z\"><\/path><\/svg><\/span>\n\t\t<\/span>\n\n\t\t\t\t\t\t<\/summary>\n\t\t\t\t<div role=\"region\" aria-labelledby=\"e-n-accordion-item-8852\" class=\"elementor-element elementor-element-f164201 e-con-full e-flex e-con e-child\" data-id=\"f164201\" data-element_type=\"container\" data-e-type=\"container\">\n\t\t\t\t<div class=\"elementor-element elementor-element-97f5a26 elementor-widget elementor-widget-text-editor\" data-id=\"97f5a26\" data-element_type=\"widget\" data-e-type=\"widget\" data-widget_type=\"text-editor.default\">\n\t\t\t\t\t\t\t\t\t<p class=\"font-claude-response-body break-words whitespace-normal leading-[1.7]\">Oui. Bucer\u00edas attire aussi bien les voyageurs mexicains que les visiteurs internationaux \u00e0 la recherche de plages, de restaurants et d\u2019une atmosph\u00e8re plus d\u00e9tendue que celle des principales zones h\u00f4teli\u00e8res. Sa communaut\u00e9 internationale, sa proximit\u00e9 avec les autres destinations de la baie et la diversit\u00e9 de ses activit\u00e9s favorisent la demande locative pendant une grande partie de l\u2019ann\u00e9e. La rentabilit\u00e9 d\u00e9pendra de l\u2019emplacement du bien, de ses \u00e9quipements, du r\u00e8glement de copropri\u00e9t\u00e9 et de sa gestion.   <\/p>\t\t\t\t\t\t\t\t<\/div>\n\t\t\t\t<\/div>\n\t\t\t\t\t<\/details>\n\t\t\t\t\t\t<details id=\"e-n-accordion-item-8853\" class=\"e-n-accordion-item\" >\n\t\t\t\t<summary class=\"e-n-accordion-item-title\" data-accordion-index=\"4\" tabindex=\"-1\" aria-expanded=\"false\" aria-controls=\"e-n-accordion-item-8853\" >\n\t\t\t\t\t<span class='e-n-accordion-item-title-header'><div class=\"e-n-accordion-item-title-text\"> Quels frais suppl\u00e9mentaires faut-il pr\u00e9voir lors de l\u2019achat ? <\/div><\/span>\n\t\t\t\t\t\t\t<span class='e-n-accordion-item-title-icon'>\n\t\t\t<span class='e-opened' ><svg aria-hidden=\"true\" class=\"e-font-icon-svg e-fas-angle-up\" viewBox=\"0 0 320 512\" xmlns=\"http:\/\/www.w3.org\/2000\/svg\"><path d=\"M177 159.7l136 136c9.4 9.4 9.4 24.6 0 33.9l-22.6 22.6c-9.4 9.4-24.6 9.4-33.9 0L160 255.9l-96.4 96.4c-9.4 9.4-24.6 9.4-33.9 0L7 329.7c-9.4-9.4-9.4-24.6 0-33.9l136-136c9.4-9.5 24.6-9.5 34-.1z\"><\/path><\/svg><\/span>\n\t\t\t<span class='e-closed'><svg aria-hidden=\"true\" class=\"e-font-icon-svg e-fas-angle-down\" viewBox=\"0 0 320 512\" xmlns=\"http:\/\/www.w3.org\/2000\/svg\"><path d=\"M143 352.3L7 216.3c-9.4-9.4-9.4-24.6 0-33.9l22.6-22.6c9.4-9.4 24.6-9.4 33.9 0l96.4 96.4 96.4-96.4c9.4-9.4 24.6-9.4 33.9 0l22.6 22.6c9.4 9.4 9.4 24.6 0 33.9l-136 136c-9.2 9.4-24.4 9.4-33.8 0z\"><\/path><\/svg><\/span>\n\t\t<\/span>\n\n\t\t\t\t\t\t<\/summary>\n\t\t\t\t<div role=\"region\" aria-labelledby=\"e-n-accordion-item-8853\" class=\"elementor-element elementor-element-bbde1a7 e-con-full e-flex e-con e-child\" data-id=\"bbde1a7\" data-element_type=\"container\" data-e-type=\"container\">\n\t\t\t\t<div class=\"elementor-element elementor-element-57cd595 elementor-widget elementor-widget-text-editor\" data-id=\"57cd595\" data-element_type=\"widget\" data-e-type=\"widget\" data-widget_type=\"text-editor.default\">\n\t\t\t\t\t\t\t\t\t<p class=\"font-claude-response-body break-words whitespace-normal leading-[1.7]\">Au Mexique, il faut g\u00e9n\u00e9ralement pr\u00e9voir entre 5 % et 8 % du prix du bien pour les frais li\u00e9s \u00e0 l\u2019acquisition. Ceux-ci peuvent notamment inclure l\u2019ISAI (taxe d\u2019acquisition), les frais de notaire, les frais d\u2019enregistrement et les autres co\u00fbts li\u00e9s au transfert de propri\u00e9t\u00e9. Nous vous fournirons une estimation d\u00e9taill\u00e9e avant que vous ne vous engagiez dans l\u2019achat. <\/p>\t\t\t\t\t\t\t\t<\/div>\n\t\t\t\t<\/div>\n\t\t\t\t\t<\/details>\n\t\t\t\t\t\t<details id=\"e-n-accordion-item-8854\" class=\"e-n-accordion-item\" >\n\t\t\t\t<summary class=\"e-n-accordion-item-title\" data-accordion-index=\"5\" tabindex=\"-1\" aria-expanded=\"false\" aria-controls=\"e-n-accordion-item-8854\" >\n\t\t\t\t\t<span class='e-n-accordion-item-title-header'><div class=\"e-n-accordion-item-title-text\"> Puis-je acheter un bien au Mexique en tant qu\u2019\u00e9tranger ? <\/div><\/span>\n\t\t\t\t\t\t\t<span class='e-n-accordion-item-title-icon'>\n\t\t\t<span class='e-opened' ><svg aria-hidden=\"true\" class=\"e-font-icon-svg e-fas-angle-up\" viewBox=\"0 0 320 512\" xmlns=\"http:\/\/www.w3.org\/2000\/svg\"><path d=\"M177 159.7l136 136c9.4 9.4 9.4 24.6 0 33.9l-22.6 22.6c-9.4 9.4-24.6 9.4-33.9 0L160 255.9l-96.4 96.4c-9.4 9.4-24.6 9.4-33.9 0L7 329.7c-9.4-9.4-9.4-24.6 0-33.9l136-136c9.4-9.5 24.6-9.5 34-.1z\"><\/path><\/svg><\/span>\n\t\t\t<span class='e-closed'><svg aria-hidden=\"true\" class=\"e-font-icon-svg e-fas-angle-down\" viewBox=\"0 0 320 512\" xmlns=\"http:\/\/www.w3.org\/2000\/svg\"><path d=\"M143 352.3L7 216.3c-9.4-9.4-9.4-24.6 0-33.9l22.6-22.6c9.4-9.4 24.6-9.4 33.9 0l96.4 96.4 96.4-96.4c9.4-9.4 24.6-9.4 33.9 0l22.6 22.6c9.4 9.4 9.4 24.6 0 33.9l-136 136c-9.2 9.4-24.4 9.4-33.8 0z\"><\/path><\/svg><\/span>\n\t\t<\/span>\n\n\t\t\t\t\t\t<\/summary>\n\t\t\t\t<div role=\"region\" aria-labelledby=\"e-n-accordion-item-8854\" class=\"elementor-element elementor-element-de572a0 e-con-full e-flex e-con e-child\" data-id=\"de572a0\" data-element_type=\"container\" data-e-type=\"container\">\n\t\t\t\t<div class=\"elementor-element elementor-element-5b48e16 elementor-widget elementor-widget-text-editor\" data-id=\"5b48e16\" data-element_type=\"widget\" data-e-type=\"widget\" data-widget_type=\"text-editor.default\">\n\t\t\t\t\t\t\t\t\t<p class=\"font-claude-response-body break-words whitespace-normal leading-[1.7]\">Oui. Les \u00e9trangers peuvent acheter un bien immobilier dans les zones c\u00f4ti\u00e8res du Mexique par l\u2019interm\u00e9diaire d\u2019un fideicomiso, ou trust bancaire. Cette structure juridique permet au propri\u00e9taire d\u2019utiliser, de louer, de vendre et de transmettre le bien. Les frais annuels du fideicomiso sont g\u00e9n\u00e9ralement de l\u2019ordre de 500 \u00e0 700 USD. Nous vous accompagnons \u00e0 chaque \u00e9tape du processus.   <\/p>\t\t\t\t\t\t\t\t<\/div>\n\t\t\t\t<\/div>\n\t\t\t\t\t<\/details>\n\t\t\t\t\t<\/div>\n\t\t\t\t\t\t<\/div>\n\t\t\t\t<div class=\"elementor-element elementor-element-870686b elementor-widget elementor-widget-houzez_elementor_space\" data-id=\"870686b\" data-element_type=\"widget\" data-e-type=\"widget\" data-widget_type=\"houzez_elementor_space.default\">\n\t\t\t\t<div class=\"elementor-widget-container\">\n\t\t\t\t\t        <div class=\"houzez-spacer\">\n            <div class=\"houzez-spacer-inner\"><\/div>\n        <\/div>\n        \t\t\t\t<\/div>\n\t\t\t\t<\/div>\n\t\t\t\t<\/div>\n\t\t\t\t\t<\/div>\n\t\t\t\t<\/div>\n\t\t<div class=\"elementor-element elementor-element-d5bceaf e-con-full pontius-zonas-relacionadas e-flex e-con e-parent\" data-id=\"d5bceaf\" data-element_type=\"container\" data-e-type=\"container\">\n\t\t<div class=\"elementor-element elementor-element-30f6e96 e-con-full pontius-zonas-relacionadas-inner e-flex e-con e-child\" data-id=\"30f6e96\" data-element_type=\"container\" data-e-type=\"container\">\n\t\t\t\t<div class=\"elementor-element elementor-element-be4f224 pontius-zonas-relacionadas-title elementor-widget elementor-widget-heading\" data-id=\"be4f224\" data-element_type=\"widget\" data-e-type=\"widget\" data-widget_type=\"heading.default\">\n\t\t\t\t\t<h2 class=\"elementor-heading-title elementor-size-default\">Secteurs \u00e0 d\u00e9couvrir<\/h2>\t\t\t\t<\/div>\n\t\t\t\t<div class=\"elementor-element elementor-element-611bd36 pontius-zonas-relacionadas-intro elementor-widget elementor-widget-text-editor\" data-id=\"611bd36\" data-element_type=\"widget\" data-e-type=\"widget\" data-widget_type=\"text-editor.default\">\n\t\t\t\t\t\t\t\t\t<p class=\"PDq2pG_selectionAnchorContainer\" data-start=\"708\" data-end=\"763\">D\u00e9couvrez d\u2019autres secteurs qui pourraient \u00e9galement vous int\u00e9resser.<\/p>\t\t\t\t\t\t\t\t<\/div>\n\t\t<div class=\"elementor-element elementor-element-c682ec7 e-con-full pontius-zonas-relacionadas-grid e-flex e-con e-child\" data-id=\"c682ec7\" data-element_type=\"container\" data-e-type=\"container\">\n\t\t<a class=\"elementor-element elementor-element-ab6723d e-con-full pontius-zona-card e-flex e-con e-child\" data-id=\"ab6723d\" data-element_type=\"container\" data-e-type=\"container\" href=\"https:\/\/pontiusrealty.com\/fr\/la-cruz-de-huanacaxtle\/\" target=\"_blank\">\n\t\t\t\t<div class=\"elementor-element elementor-element-25e19a7 pontius-zona-card-img elementor-widget elementor-widget-image\" data-id=\"25e19a7\" data-element_type=\"widget\" data-e-type=\"widget\" data-widget_type=\"image.default\">\n\t\t\t\t\t\t\t\t\t\t\t\t\t\t\t<img fetchpriority=\"high\" decoding=\"async\" width=\"1024\" height=\"576\" src=\"https:\/\/pontiusrealty.com\/wp-content\/uploads\/2026\/06\/ChatGPT-Image-15-jun-2026-06_12_24-p.m.png\" class=\"attachment-large size-large wp-image-21546\" alt=\"Vue de La Cruz de Huanacaxtle, Riviera Nayarit, Mexique\" srcset=\"https:\/\/pontiusrealty.com\/wp-content\/uploads\/2026\/06\/ChatGPT-Image-15-jun-2026-06_12_24-p.m.png 1672w, https:\/\/pontiusrealty.com\/wp-content\/uploads\/2026\/06\/ChatGPT-Image-15-jun-2026-06_12_24-p.m-1536x864.png 1536w\" sizes=\"(max-width: 1024px) 100vw, 1024px\" \/>\t\t\t\t\t\t\t\t\t\t\t\t\t\t\t<\/div>\n\t\t<div class=\"elementor-element elementor-element-6dc0bc7 e-con-full pontius-zona-card-body e-flex e-con e-child\" data-id=\"6dc0bc7\" data-element_type=\"container\" data-e-type=\"container\">\n\t\t\t\t<div class=\"elementor-element elementor-element-068f078 pontius-zona-card-title elementor-widget elementor-widget-heading\" data-id=\"068f078\" data-element_type=\"widget\" data-e-type=\"widget\" data-widget_type=\"heading.default\">\n\t\t\t\t\t<h3 class=\"elementor-heading-title elementor-size-default\">La Cruz de Huanacaxtle<\/h3>\t\t\t\t<\/div>\n\t\t\t\t<div class=\"elementor-element elementor-element-52a208d pontius-zona-card-desc elementor-widget elementor-widget-text-editor\" data-id=\"52a208d\" data-element_type=\"widget\" data-e-type=\"widget\" data-widget_type=\"text-editor.default\">\n\t\t\t\t\t\t\t\t\t<p>Une marina, une atmosph\u00e8re paisible et une communaut\u00e9 c\u00f4ti\u00e8re \u00e0 l\u2019identit\u00e9 bien marqu\u00e9e.<\/p>\t\t\t\t\t\t\t\t<\/div>\n\t\t\t\t<div class=\"elementor-element elementor-element-932a7d1 pontius-zona-card-link elementor-widget elementor-widget-text-editor\" data-id=\"932a7d1\" data-element_type=\"widget\" data-e-type=\"widget\" data-widget_type=\"text-editor.default\">\n\t\t\t\t\t\t\t\t\t<p>D\u00e9couvrir La Cruz de Huanacaxtle<\/p>\t\t\t\t\t\t\t\t<\/div>\n\t\t\t\t<\/div>\n\t\t\t\t<\/a>\n\t\t<a class=\"elementor-element elementor-element-1fc1f15 e-con-full pontius-zona-card e-flex e-con e-child\" data-id=\"1fc1f15\" data-element_type=\"container\" data-e-type=\"container\" href=\"https:\/\/pontiusrealty.com\/fr\/punta-mita\/\" target=\"_blank\">\n\t\t\t\t<div class=\"elementor-element elementor-element-e1d2534 pontius-zona-card-img elementor-widget elementor-widget-image\" data-id=\"e1d2534\" data-element_type=\"widget\" data-e-type=\"widget\" data-widget_type=\"image.default\">\n\t\t\t\t\t\t\t\t\t\t\t\t\t\t\t<img decoding=\"async\" width=\"1024\" height=\"588\" src=\"https:\/\/pontiusrealty.com\/wp-content\/uploads\/2026\/06\/ChatGPT-Image-15-jun-2026-02_19_03-p.m.png\" class=\"attachment-large size-large wp-image-21544\" alt=\"Vue de Punta Mita, Riviera Nayarit, Mexique\" srcset=\"https:\/\/pontiusrealty.com\/wp-content\/uploads\/2026\/06\/ChatGPT-Image-15-jun-2026-02_19_03-p.m.png 1655w, https:\/\/pontiusrealty.com\/wp-content\/uploads\/2026\/06\/ChatGPT-Image-15-jun-2026-02_19_03-p.m-1536x882.png 1536w\" sizes=\"(max-width: 1024px) 100vw, 1024px\" \/>\t\t\t\t\t\t\t\t\t\t\t\t\t\t\t<\/div>\n\t\t<div class=\"elementor-element elementor-element-f15c1e0 e-con-full pontius-zona-card-body e-flex e-con e-child\" data-id=\"f15c1e0\" data-element_type=\"container\" data-e-type=\"container\">\n\t\t\t\t<div class=\"elementor-element elementor-element-574632f pontius-zona-card-title elementor-widget elementor-widget-heading\" data-id=\"574632f\" data-element_type=\"widget\" data-e-type=\"widget\" data-widget_type=\"heading.default\">\n\t\t\t\t\t<h3 class=\"elementor-heading-title elementor-size-default\">Punta Mita<\/h3>\t\t\t\t<\/div>\n\t\t\t\t<div class=\"elementor-element elementor-element-8a3d51d pontius-zona-card-desc elementor-widget elementor-widget-text-editor\" data-id=\"8a3d51d\" data-element_type=\"widget\" data-e-type=\"widget\" data-widget_type=\"text-editor.default\">\n\t\t\t\t\t\t\t\t\t<blockquote data-start=\"415\" data-end=\"517\"><p class=\"PDq2pG_selectionAnchorContainer\" data-start=\"417\" data-end=\"517\">Plages, golf et communaut\u00e9s r\u00e9sidentielles exclusives en bord de mer.<\/p><\/blockquote>\t\t\t\t\t\t\t\t<\/div>\n\t\t\t\t<div class=\"elementor-element elementor-element-71a024e pontius-zona-card-link elementor-widget elementor-widget-text-editor\" data-id=\"71a024e\" data-element_type=\"widget\" data-e-type=\"widget\" data-widget_type=\"text-editor.default\">\n\t\t\t\t\t\t\t\t\t<p>D\u00e9couvrir Punta Mita<\/p>\t\t\t\t\t\t\t\t<\/div>\n\t\t\t\t<\/div>\n\t\t\t\t<\/a>\n\t\t<a class=\"elementor-element elementor-element-fe6f72f e-con-full pontius-zona-card e-flex e-con e-child\" data-id=\"fe6f72f\" data-element_type=\"container\" data-e-type=\"container\" href=\"https:\/\/pontiusrealty.com\/fr\/nuevo-vallarta\/\" target=\"_blank\">\n\t\t\t\t<div class=\"elementor-element elementor-element-0e1322f pontius-zona-card-img elementor-widget elementor-widget-image\" data-id=\"0e1322f\" data-element_type=\"widget\" data-e-type=\"widget\" data-widget_type=\"image.default\">\n\t\t\t\t\t\t\t\t\t\t\t\t\t\t\t<img decoding=\"async\" width=\"1024\" height=\"682\" src=\"https:\/\/pontiusrealty.com\/wp-content\/uploads\/2026\/06\/ChatGPT-Image-15-jun-2026-01_01_50-p.m.png\" class=\"attachment-large size-large wp-image-21543\" alt=\"Biens immobiliers \u00e0 vendre, acheter \u00e0 Nuevo Vallarta\" \/>\t\t\t\t\t\t\t\t\t\t\t\t\t\t\t<\/div>\n\t\t<div class=\"elementor-element elementor-element-92eb85c e-con-full pontius-zona-card-body e-flex e-con e-child\" data-id=\"92eb85c\" data-element_type=\"container\" data-e-type=\"container\">\n\t\t\t\t<div class=\"elementor-element elementor-element-e9f2f1a pontius-zona-card-title elementor-widget elementor-widget-heading\" data-id=\"e9f2f1a\" data-element_type=\"widget\" data-e-type=\"widget\" data-widget_type=\"heading.default\">\n\t\t\t\t\t<h3 class=\"elementor-heading-title elementor-size-default\">Nuevo Vallarta<\/h3>\t\t\t\t<\/div>\n\t\t\t\t<div class=\"elementor-element elementor-element-7579ffa pontius-zona-card-desc elementor-widget elementor-widget-text-editor\" data-id=\"7579ffa\" data-element_type=\"widget\" data-e-type=\"widget\" data-widget_type=\"text-editor.default\">\n\t\t\t\t\t\t\t\t\t<blockquote data-start=\"667\" data-end=\"766\"><p class=\"PDq2pG_selectionAnchorContainer\" data-start=\"669\" data-end=\"766\">De longues plages, des quartiers r\u00e9sidentiels et de nombreux services \u00e0 proximit\u00e9.<\/p><\/blockquote>\t\t\t\t\t\t\t\t<\/div>\n\t\t\t\t<div class=\"elementor-element elementor-element-0567acb pontius-zona-card-link elementor-widget elementor-widget-text-editor\" data-id=\"0567acb\" data-element_type=\"widget\" data-e-type=\"widget\" data-widget_type=\"text-editor.default\">\n\t\t\t\t\t\t\t\t\t<p>D\u00e9couvrir Nuevo Vallarta<\/p>\t\t\t\t\t\t\t\t<\/div>\n\t\t\t\t<\/div>\n\t\t\t\t<\/a>\n\t\t<a class=\"elementor-element elementor-element-f5e264c e-con-full pontius-zona-card e-flex e-con e-child\" data-id=\"f5e264c\" data-element_type=\"container\" data-e-type=\"container\" href=\"https:\/\/pontiusrealty.com\/fr\/sayulita\/\" target=\"_blank\">\n\t\t\t\t<div class=\"elementor-element elementor-element-a259c35 pontius-zona-card-img elementor-widget elementor-widget-image\" data-id=\"a259c35\" data-element_type=\"widget\" data-e-type=\"widget\" data-widget_type=\"image.default\">\n\t\t\t\t\t\t\t\t\t\t\t\t\t\t\t<img loading=\"lazy\" decoding=\"async\" width=\"1024\" height=\"683\" src=\"https:\/\/pontiusrealty.com\/wp-content\/uploads\/2026\/06\/ChatGPT-Image-15-jun-2026-04_41_24-p.m.png\" class=\"attachment-large size-large wp-image-22017\" alt=\"Vue de Sayulita, Riviera Nayarit, Mexique.\" \/>\t\t\t\t\t\t\t\t\t\t\t\t\t\t\t<\/div>\n\t\t<div class=\"elementor-element elementor-element-0d8f39c e-con-full pontius-zona-card-body e-flex e-con e-child\" data-id=\"0d8f39c\" data-element_type=\"container\" data-e-type=\"container\">\n\t\t\t\t<div class=\"elementor-element elementor-element-9dfe66d pontius-zona-card-title elementor-widget elementor-widget-heading\" data-id=\"9dfe66d\" data-element_type=\"widget\" data-e-type=\"widget\" data-widget_type=\"heading.default\">\n\t\t\t\t\t<h3 class=\"elementor-heading-title elementor-size-default\">Sayulita<\/h3>\t\t\t\t<\/div>\n\t\t\t\t<div class=\"elementor-element elementor-element-6e77e23 pontius-zona-card-desc elementor-widget elementor-widget-text-editor\" data-id=\"6e77e23\" data-element_type=\"widget\" data-e-type=\"widget\" data-widget_type=\"text-editor.default\">\n\t\t\t\t\t\t\t\t\t<p>Un village c\u00f4tier \u00e0 l\u2019atmosph\u00e8re d\u00e9tendue, r\u00e9put\u00e9 pour le surf et dot\u00e9 d\u2019une forte identit\u00e9 locale.<\/p>\t\t\t\t\t\t\t\t<\/div>\n\t\t\t\t<div class=\"elementor-element elementor-element-3ac0c1e pontius-zona-card-link elementor-widget elementor-widget-text-editor\" data-id=\"3ac0c1e\" data-element_type=\"widget\" data-e-type=\"widget\" data-widget_type=\"text-editor.default\">\n\t\t\t\t\t\t\t\t\t<p>D\u00e9couvrir Sayulita<\/p>\t\t\t\t\t\t\t\t<\/div>\n\t\t\t\t<\/div>\n\t\t\t\t<\/a>\n\t\t\t\t<\/div>\n\t\t\t\t<\/div>\n\t\t\t\t<\/div>\n\t\t\t\t<\/div>\n\t\t","protected":false},"excerpt":{"rendered":"<p>Bucerias Bucer\u00edas est un charmant village c\u00f4tier de la Riviera Nayarit, r\u00e9put\u00e9 pour sa longue plage de sable dor\u00e9, ses restaurants en bord de mer et son atmosph\u00e8re d\u00e9tendue. Son m\u00e9lange de tradition mexicaine, de communaut\u00e9 internationale et son excellent emplacement \u00e0 proximit\u00e9 de Puerto Vallarta en font l\u2019un des endroits les plus attrayants de [&hellip;]<\/p>\n","protected":false},"author":1,"featured_media":21545,"parent":0,"menu_order":0,"comment_status":"closed","ping_status":"closed","template":"elementor_header_footer","meta":{"footnotes":""},"class_list":["post-22010","page","type-page","status-publish","has-post-thumbnail","hentry"],"yoast_head":"<!-- This site is optimized with the Yoast SEO plugin v28.4 - https:\/\/yoast.com\/product\/yoast-seo-wordpress\/ -->\n<title>Immobilier \u00e0 Bucer\u00edas | Maisons et appartements<\/title>\n<meta name=\"description\" content=\"Maisons et appartements \u00e0 vendre \u00e0 Bucer\u00edas, Riviera Nayarit. D\u00e9couvrez des propri\u00e9t\u00e9s proches de la plage, du centre et de l\u2019une des communaut\u00e9s les plus charmantes de la baie de Banderas.\" \/>\n<meta name=\"robots\" content=\"index, follow, max-snippet:-1, max-image-preview:large, max-video-preview:-1\" \/>\n<meta property=\"og:locale\" content=\"fr_FR\" \/>\n<meta property=\"og:type\" content=\"article\" \/>\n<meta property=\"og:title\" content=\"Immobilier \u00e0 Bucer\u00edas | Maisons et appartements\" \/>\n<meta property=\"og:description\" content=\"Maisons et appartements \u00e0 vendre \u00e0 Bucer\u00edas, Riviera Nayarit. D\u00e9couvrez des propri\u00e9t\u00e9s proches de la plage, du centre et de l\u2019une des communaut\u00e9s les plus charmantes de la baie de Banderas.\" \/>\n<meta property=\"og:url\" content=\"https:\/\/pontiusrealty.com\/fr\/bucerias\/\" \/>\n<meta property=\"og:site_name\" content=\"Pontius Realty Group\" \/>\n<meta property=\"article:modified_time\" content=\"2026-09-02T22:17:28+00:00\" \/>\n<meta property=\"og:image\" content=\"https:\/\/pontiusrealty.com\/wp-content\/uploads\/2026\/06\/ChatGPT-Image-15-jun-2026-12_43_59-p.m.png\" \/>\n\t<meta property=\"og:image:width\" content=\"1122\" \/>\n\t<meta property=\"og:image:height\" content=\"1402\" \/>\n\t<meta property=\"og:image:type\" content=\"image\/png\" \/>\n<meta name=\"twitter:card\" content=\"summary_large_image\" \/>\n<meta name=\"twitter:label1\" content=\"Dur\u00e9e de lecture estim\u00e9e\" \/>\n\t<meta name=\"twitter:data1\" content=\"5 minutes\" \/>\n<script type=\"application\/ld+json\" class=\"yoast-schema-graph\">{\"@context\":\"https:\\\/\\\/schema.org\",\"@graph\":[{\"@type\":\"WebPage\",\"@id\":\"https:\\\/\\\/pontiusrealty.com\\\/fr\\\/bucerias\\\/\",\"url\":\"https:\\\/\\\/pontiusrealty.com\\\/fr\\\/bucerias\\\/\",\"name\":\"Immobilier \u00e0 Bucer\u00edas | Maisons et appartements\",\"isPartOf\":{\"@id\":\"https:\\\/\\\/pontiusrealty.com\\\/fr\\\/#website\"},\"primaryImageOfPage\":{\"@id\":\"https:\\\/\\\/pontiusrealty.com\\\/fr\\\/bucerias\\\/#primaryimage\"},\"image\":{\"@id\":\"https:\\\/\\\/pontiusrealty.com\\\/fr\\\/bucerias\\\/#primaryimage\"},\"thumbnailUrl\":\"https:\\\/\\\/pontiusrealty.com\\\/wp-content\\\/uploads\\\/2026\\\/06\\\/ChatGPT-Image-15-jun-2026-12_43_59-p.m.png\",\"datePublished\":\"2026-03-13T04:13:01+00:00\",\"dateModified\":\"2026-09-02T22:17:28+00:00\",\"description\":\"Maisons et appartements \u00e0 vendre \u00e0 Bucer\u00edas, Riviera Nayarit. D\u00e9couvrez des propri\u00e9t\u00e9s proches de la plage, du centre et de l\u2019une des communaut\u00e9s les plus charmantes de la baie de Banderas.\",\"breadcrumb\":{\"@id\":\"https:\\\/\\\/pontiusrealty.com\\\/fr\\\/bucerias\\\/#breadcrumb\"},\"inLanguage\":\"fr-FR\",\"potentialAction\":[{\"@type\":\"ReadAction\",\"target\":[\"https:\\\/\\\/pontiusrealty.com\\\/fr\\\/bucerias\\\/\"]}]},{\"@type\":\"ImageObject\",\"inLanguage\":\"fr-FR\",\"@id\":\"https:\\\/\\\/pontiusrealty.com\\\/fr\\\/bucerias\\\/#primaryimage\",\"url\":\"https:\\\/\\\/pontiusrealty.com\\\/wp-content\\\/uploads\\\/2026\\\/06\\\/ChatGPT-Image-15-jun-2026-12_43_59-p.m.png\",\"contentUrl\":\"https:\\\/\\\/pontiusrealty.com\\\/wp-content\\\/uploads\\\/2026\\\/06\\\/ChatGPT-Image-15-jun-2026-12_43_59-p.m.png\",\"width\":1122,\"height\":1402,\"caption\":\"Vue de Bucer\u00edas, Riviera Nayarit, Mexique\"},{\"@type\":\"BreadcrumbList\",\"@id\":\"https:\\\/\\\/pontiusrealty.com\\\/fr\\\/bucerias\\\/#breadcrumb\",\"itemListElement\":[{\"@type\":\"ListItem\",\"position\":1,\"name\":\"Inicio\",\"item\":\"https:\\\/\\\/pontiusrealty.com\\\/fr\\\/\"},{\"@type\":\"ListItem\",\"position\":2,\"name\":\"Maisons et appartements \u00e0 vendre \u00e0 Bucer\u00edas\"}]},{\"@type\":\"WebSite\",\"@id\":\"https:\\\/\\\/pontiusrealty.com\\\/fr\\\/#website\",\"url\":\"https:\\\/\\\/pontiusrealty.com\\\/fr\\\/\",\"name\":\"Pontius Realty Group\",\"description\":\"Pontius Realty Group: compra, vende o invierte en bienes ra\u00edces en Puerto Vallarta y Bah\u00eda de Banderas. Hogares e inversiones con experiencia, confianza y resultados.\",\"potentialAction\":[{\"@type\":\"SearchAction\",\"target\":{\"@type\":\"EntryPoint\",\"urlTemplate\":\"https:\\\/\\\/pontiusrealty.com\\\/fr\\\/?s={search_term_string}\"},\"query-input\":{\"@type\":\"PropertyValueSpecification\",\"valueRequired\":true,\"valueName\":\"search_term_string\"}}],\"inLanguage\":\"fr-FR\"}]}<\/script>\n<!-- \/ Yoast SEO plugin. -->","yoast_head_json":{"title":"Immobilier \u00e0 Bucer\u00edas | Maisons et appartements","description":"Maisons et appartements \u00e0 vendre \u00e0 Bucer\u00edas, Riviera Nayarit. D\u00e9couvrez des propri\u00e9t\u00e9s proches de la plage, du centre et de l\u2019une des communaut\u00e9s les plus charmantes de la baie de Banderas.","robots":{"index":"index","follow":"follow","max-snippet":"max-snippet:-1","max-image-preview":"max-image-preview:large","max-video-preview":"max-video-preview:-1"},"og_locale":"fr_FR","og_type":"article","og_title":"Immobilier \u00e0 Bucer\u00edas | Maisons et appartements","og_description":"Maisons et appartements \u00e0 vendre \u00e0 Bucer\u00edas, Riviera Nayarit. D\u00e9couvrez des propri\u00e9t\u00e9s proches de la plage, du centre et de l\u2019une des communaut\u00e9s les plus charmantes de la baie de Banderas.","og_url":"https:\/\/pontiusrealty.com\/fr\/bucerias\/","og_site_name":"Pontius Realty Group","article_modified_time":"2026-09-02T22:17:28+00:00","og_image":[{"width":1122,"height":1402,"url":"https:\/\/pontiusrealty.com\/wp-content\/uploads\/2026\/06\/ChatGPT-Image-15-jun-2026-12_43_59-p.m.png","type":"image\/png"}],"twitter_card":"summary_large_image","twitter_misc":{"Dur\u00e9e de lecture estim\u00e9e":"5 minutes"},"schema":{"@context":"https:\/\/schema.org","@graph":[{"@type":"WebPage","@id":"https:\/\/pontiusrealty.com\/fr\/bucerias\/","url":"https:\/\/pontiusrealty.com\/fr\/bucerias\/","name":"Immobilier \u00e0 Bucer\u00edas | Maisons et appartements","isPartOf":{"@id":"https:\/\/pontiusrealty.com\/fr\/#website"},"primaryImageOfPage":{"@id":"https:\/\/pontiusrealty.com\/fr\/bucerias\/#primaryimage"},"image":{"@id":"https:\/\/pontiusrealty.com\/fr\/bucerias\/#primaryimage"},"thumbnailUrl":"https:\/\/pontiusrealty.com\/wp-content\/uploads\/2026\/06\/ChatGPT-Image-15-jun-2026-12_43_59-p.m.png","datePublished":"2026-03-13T04:13:01+00:00","dateModified":"2026-09-02T22:17:28+00:00","description":"Maisons et appartements \u00e0 vendre \u00e0 Bucer\u00edas, Riviera Nayarit. D\u00e9couvrez des propri\u00e9t\u00e9s proches de la plage, du centre et de l\u2019une des communaut\u00e9s les plus charmantes de la baie de Banderas.","breadcrumb":{"@id":"https:\/\/pontiusrealty.com\/fr\/bucerias\/#breadcrumb"},"inLanguage":"fr-FR","potentialAction":[{"@type":"ReadAction","target":["https:\/\/pontiusrealty.com\/fr\/bucerias\/"]}]},{"@type":"ImageObject","inLanguage":"fr-FR","@id":"https:\/\/pontiusrealty.com\/fr\/bucerias\/#primaryimage","url":"https:\/\/pontiusrealty.com\/wp-content\/uploads\/2026\/06\/ChatGPT-Image-15-jun-2026-12_43_59-p.m.png","contentUrl":"https:\/\/pontiusrealty.com\/wp-content\/uploads\/2026\/06\/ChatGPT-Image-15-jun-2026-12_43_59-p.m.png","width":1122,"height":1402,"caption":"Vue de Bucer\u00edas, Riviera Nayarit, Mexique"},{"@type":"BreadcrumbList","@id":"https:\/\/pontiusrealty.com\/fr\/bucerias\/#breadcrumb","itemListElement":[{"@type":"ListItem","position":1,"name":"Inicio","item":"https:\/\/pontiusrealty.com\/fr\/"},{"@type":"ListItem","position":2,"name":"Maisons et appartements \u00e0 vendre \u00e0 Bucer\u00edas"}]},{"@type":"WebSite","@id":"https:\/\/pontiusrealty.com\/fr\/#website","url":"https:\/\/pontiusrealty.com\/fr\/","name":"Pontius Realty Group","description":"Pontius Realty Group: compra, vende o invierte en bienes ra\u00edces en Puerto Vallarta y Bah\u00eda de Banderas. Hogares e inversiones con experiencia, confianza y resultados.","potentialAction":[{"@type":"SearchAction","target":{"@type":"EntryPoint","urlTemplate":"https:\/\/pontiusrealty.com\/fr\/?s={search_term_string}"},"query-input":{"@type":"PropertyValueSpecification","valueRequired":true,"valueName":"search_term_string"}}],"inLanguage":"fr-FR"}]}},"_hostinger_reach_plugin_has_subscription_block":false,"_hostinger_reach_plugin_is_elementor":false,"_links":{"self":[{"href":"https:\/\/pontiusrealty.com\/fr\/wp-json\/wp\/v2\/pages\/22010","targetHints":{"allow":["GET"]}}],"collection":[{"href":"https:\/\/pontiusrealty.com\/fr\/wp-json\/wp\/v2\/pages"}],"about":[{"href":"https:\/\/pontiusrealty.com\/fr\/wp-json\/wp\/v2\/types\/page"}],"author":[{"embeddable":true,"href":"https:\/\/pontiusrealty.com\/fr\/wp-json\/wp\/v2\/users\/1"}],"replies":[{"embeddable":true,"href":"https:\/\/pontiusrealty.com\/fr\/wp-json\/wp\/v2\/comments?post=22010"}],"version-history":[{"count":1,"href":"https:\/\/pontiusrealty.com\/fr\/wp-json\/wp\/v2\/pages\/22010\/revisions"}],"predecessor-version":[{"id":22018,"href":"https:\/\/pontiusrealty.com\/fr\/wp-json\/wp\/v2\/pages\/22010\/revisions\/22018"}],"wp:featuredmedia":[{"embeddable":true,"href":"https:\/\/pontiusrealty.com\/fr\/wp-json\/wp\/v2\/media\/21545"}],"wp:attachment":[{"href":"https:\/\/pontiusrealty.com\/fr\/wp-json\/wp\/v2\/media?parent=22010"}],"curies":[{"name":"wp","href":"https:\/\/api.w.org\/{rel}","templated":true}]}}